{"id":16669,"date":"2022-04-12T18:02:15","date_gmt":"2022-04-12T16:02:15","guid":{"rendered":"https:\/\/italics.art\/?page_id=16669"},"modified":"2024-06-12T21:11:27","modified_gmt":"2024-06-12T19:11:27","slug":"panorama-monopoli","status":"publish","type":"page","link":"https:\/\/italics.art\/en\/panorama\/panorama-monopoli\/","title":{"rendered":"Panorama Monopoli"},"content":{"rendered":"\n<div class=\"wp-block-uagb-columns uagb-columns__wrap uagb-columns__background-none uagb-columns__stack-mobile uagb-columns__valign- uagb-columns__gap-10 align uagb-columns__reverse-mobile uagb-block-df48729e uagb-columns__columns-2 uagb-columns__max_width-custom mb-4 mb-md-5\"><div class=\"uagb-columns__overlay\"><\/div><div class=\"uagb-columns__inner-wrap uagb-columns__columns-2\">\n<div class=\"wp-block-uagb-column uagb-column__wrap uagb-column__background-undefined uagb-block-2a8b1e33 offset-md-1\"><div class=\"uagb-column__overlay\"><\/div>\n<div style=\"height:100px\" aria-hidden=\"true\" class=\"wp-block-spacer\"><\/div>\n\n\n\n<h1 class=\"wp-block-heading\">The city-wide exhibition curated by Vincenzo de Bellis brought ancient, modern and contemporary art to the town of Monopoli.<\/h1>\n<\/div>\n\n\n\n<div class=\"wp-block-uagb-column uagb-column__wrap uagb-column__background-undefined uagb-block-55bc7eab\"><div class=\"uagb-column__overlay\"><\/div><div class=\"wp-block-image mt-0\">\n<figure class=\"alignleft size-large\"><img loading=\"lazy\" decoding=\"async\" width=\"884\" height=\"1024\" src=\"https:\/\/italics.art\/wp-content\/uploads\/2022\/04\/20220412_header-Sito_Tavola-disegno-1-884x1024.png\" alt=\"Panorama Monopoli\" class=\"wp-image-16659\" srcset=\"https:\/\/italics.art\/wp-content\/uploads\/2022\/04\/20220412_header-Sito_Tavola-disegno-1-884x1024.png 884w, https:\/\/italics.art\/wp-content\/uploads\/2022\/04\/20220412_header-Sito_Tavola-disegno-1-259x300.png 259w, https:\/\/italics.art\/wp-content\/uploads\/2022\/04\/20220412_header-Sito_Tavola-disegno-1-129x150.png 129w, https:\/\/italics.art\/wp-content\/uploads\/2022\/04\/20220412_header-Sito_Tavola-disegno-1-768x890.png 768w\" sizes=\"auto, (max-width: 884px) 100vw, 884px\" \/><\/figure>\n<\/div><\/div>\n<\/div><\/div>\n\n\n\n<figure class=\"wp-block-image size-large\"><img loading=\"lazy\" decoding=\"async\" width=\"1024\" height=\"682\" src=\"https:\/\/italics.art\/wp-content\/uploads\/2022\/09\/DSCF6759-1024x682.jpeg\" alt=\"\" class=\"wp-image-18908\" srcset=\"https:\/\/italics.art\/wp-content\/uploads\/2022\/09\/DSCF6759-1024x682.jpeg 1024w, https:\/\/italics.art\/wp-content\/uploads\/2022\/09\/DSCF6759-300x200.jpeg 300w, https:\/\/italics.art\/wp-content\/uploads\/2022\/09\/DSCF6759-150x100.jpeg 150w, https:\/\/italics.art\/wp-content\/uploads\/2022\/09\/DSCF6759-768x512.jpeg 768w\" sizes=\"auto, (max-width: 1024px) 100vw, 1024px\" \/><figcaption class=\"wp-element-caption\">&#8220;Panorama Monopoli&#8221;. Photo: Piero Percoco<\/figcaption><\/figure>\n\n\n\n<div class=\"wp-block-uagb-columns uagb-columns__wrap uagb-columns__background-none uagb-columns__stack-mobile uagb-columns__valign- uagb-columns__gap-10 align uagb-block-0ffbe2f8 uagb-columns__columns-1 uagb-columns__max_width-custom mb-4 mb-md-5\"><div class=\"uagb-columns__overlay\"><\/div><div class=\"uagb-columns__inner-wrap uagb-columns__columns-1\">\n<div class=\"wp-block-uagb-column uagb-column__wrap uagb-column__background-undefined uagb-block-08dafcd3 offset-1 offset-md-5\"><div class=\"uagb-column__overlay\"><\/div>\n<p class=\"has-medium-font-size\">12,000 visitors over four days admired the works of 60 artists spread throughout the city in 16 different exhibition venues. The second edition of the widespread exhibition &#8220;Panorama&#8221; was held in <a href=\"https:\/\/italics.art\/en\/monopoli-bari\/\" target=\"_blank\" rel=\"noreferrer noopener\">Monopoli (Bari)<\/a> from Thursday, Sept. 1 to Sunday, Sept. 4, 2022, curated by Vincenzo de Bellis, Curator and Associate Director of Programs, Visual Arts at the Walker Art Center in Minneapolis, recently appointed as Director, Fairs and Exhibition Platforms of Art Basel.<\/p>\n\n\n\n<p class=\"has-medium-font-size\">\u201cPanorama\u201d, the special story that ITALICS dedicates periodically to some of the most extraordinary places in the Italian landscape, launched its <a href=\"https:\/\/italics.art\/en\/panorama-procida-sept-2021\/\" target=\"_blank\" rel=\"noreferrer noopener\">first edition <\/a>in 2021<a href=\"https:\/\/italics.art\/en\/panorama-procida-sept-2021\/\" target=\"_blank\" rel=\"noreferrer noopener\"> on the wonderful island of Procida<\/a>, offered a new itinerary of ancient and contemporary art and architecture, accompanied by a schedule of informative side events, performances and special projects open to the public.<\/p>\n<\/div>\n<\/div><\/div>\n\n\n<div class=\"wp-block-image\">\n<figure class=\"aligncenter size-large\"><img loading=\"lazy\" decoding=\"async\" width=\"1024\" height=\"684\" src=\"https:\/\/italics.art\/wp-content\/uploads\/2022\/09\/L1000659-1024x684.jpeg\" alt=\"\" class=\"wp-image-18911\" srcset=\"https:\/\/italics.art\/wp-content\/uploads\/2022\/09\/L1000659-1024x684.jpeg 1024w, https:\/\/italics.art\/wp-content\/uploads\/2022\/09\/L1000659-300x200.jpeg 300w, https:\/\/italics.art\/wp-content\/uploads\/2022\/09\/L1000659-150x100.jpeg 150w, https:\/\/italics.art\/wp-content\/uploads\/2022\/09\/L1000659-768x513.jpeg 768w\" sizes=\"auto, (max-width: 1024px) 100vw, 1024px\" \/><figcaption class=\"wp-element-caption\">S. Angelo in Borgo, Monopoli. Photo: Piero Percoco<\/figcaption><\/figure>\n<\/div>\n\n\n<div class=\"wp-block-uagb-columns uagb-columns__wrap uagb-columns__background-none uagb-columns__stack-mobile uagb-columns__valign- uagb-columns__gap-10 align uagb-block-83fcd6ac uagb-columns__columns-1 uagb-columns__max_width-custom mb-4 mb-md-5\"><div class=\"uagb-columns__overlay\"><\/div><div class=\"uagb-columns__inner-wrap uagb-columns__columns-1\">\n<div class=\"wp-block-uagb-column uagb-column__wrap uagb-column__background-undefined uagb-block-d01ee300 offset-1 offset-md-5\"><div class=\"uagb-column__overlay\"><\/div>\n<p class=\"has-medium-font-size\">\u201cPanorama Monopoli\u201d was conceived as a vast choral event inspired by the Greek concept of <em>xenia<\/em>. Each of the selected works made a contribution by offering multiple interpretations of universal themes that have been drivers of creativity for artists from different eras, and have engaged human minds for about seven centuries. For the Greeks, the term <em>xenia<\/em> summed up the meaning of hospitality and the relationship with the foreigner, governed by basic rules of behavior, such as the custom of paying homage to the guest with a \u201cfarewell gift\u201d to testify that he had enjoyed his visit. In a sense, <em>xenia<\/em> is a form of ritualized friendship based on reciprocity.<\/p>\n<\/div>\n<\/div><\/div>\n\n\n<div class=\"wp-block-image\">\n<figure class=\"aligncenter size-large\"><img loading=\"lazy\" decoding=\"async\" width=\"1024\" height=\"683\" src=\"https:\/\/italics.art\/wp-content\/uploads\/2022\/09\/L1000386-1024x683.jpeg\" alt=\"\" class=\"wp-image-18914\" srcset=\"https:\/\/italics.art\/wp-content\/uploads\/2022\/09\/L1000386-1024x683.jpeg 1024w, https:\/\/italics.art\/wp-content\/uploads\/2022\/09\/L1000386-300x200.jpeg 300w, https:\/\/italics.art\/wp-content\/uploads\/2022\/09\/L1000386-150x100.jpeg 150w, https:\/\/italics.art\/wp-content\/uploads\/2022\/09\/L1000386-768x512.jpeg 768w\" sizes=\"auto, (max-width: 1024px) 100vw, 1024px\" \/><figcaption class=\"wp-element-caption\">Porto Antico, Monopoli. Photo: Piero Percoco<\/figcaption><\/figure>\n<\/div>\n\n\n<div class=\"wp-block-uagb-columns uagb-columns__wrap uagb-columns__background-none uagb-columns__stack-mobile uagb-columns__valign- uagb-columns__gap-10 align uagb-block-6023f3af uagb-columns__columns-1 uagb-columns__max_width-custom mb-4 mb-md-5\"><div class=\"uagb-columns__overlay\"><\/div><div class=\"uagb-columns__inner-wrap uagb-columns__columns-1\">\n<div class=\"wp-block-uagb-column uagb-column__wrap uagb-column__background-undefined uagb-block-af25b0ea offset-1 offset-md-5\"><div class=\"uagb-column__overlay\"><\/div>\n<p class=\"has-medium-font-size\">The itinerary of \u201cPanorama Monopoli\u201d was planned to harmoniously work with the architecture and natural landscape, inviting viewers to lose themselves in the formal solutions and different themes. The stagings encouraged multiple dialogues between artists of different generations or eras, alternating with monographic presentations dedicated to contemporary artists.<\/p>\n\n\n\n<p class=\"has-medium-font-size\">The exhibition itinerary encompassed the ancient historic center of the Adriatic town and entails <strong>twenty exhibition venues<\/strong>, including the main churches of the village, such as the <strong>Church and former monastery of Santi Giuseppe e Anna<\/strong>, with its wonderful majolica floor; the nerve centers in the urban fabric, such as <strong>Piazza Palmieri,<\/strong> hosted a performance; <strong>Piazzetta Santa Maria<\/strong> and <strong>Largo Castello<\/strong>, and the more intimate spaces of the <strong>Cloisters, alleys, gates and votive aedicules<\/strong> in the lanes of the historic center housed site-specific installations.<\/p>\n\n\n\n<h5 class=\"wp-block-heading\"><a href=\"https:\/\/italics.art\/wp-content\/uploads\/2022\/08\/Panorama-Monopoli_AgendaMappa.pdf\">DOWNLOAD THE AGENDA AND THE EXHIBITION MAP<\/a><\/h5>\n<\/div>\n<\/div><\/div>\n\n\n<div class=\"wp-block-image\">\n<figure class=\"aligncenter size-large\"><img loading=\"lazy\" decoding=\"async\" width=\"1024\" height=\"682\" src=\"https:\/\/italics.art\/wp-content\/uploads\/2022\/09\/DSCF6770-1024x682.jpeg\" alt=\"\" class=\"wp-image-18920\" srcset=\"https:\/\/italics.art\/wp-content\/uploads\/2022\/09\/DSCF6770-1024x682.jpeg 1024w, https:\/\/italics.art\/wp-content\/uploads\/2022\/09\/DSCF6770-300x200.jpeg 300w, https:\/\/italics.art\/wp-content\/uploads\/2022\/09\/DSCF6770-150x100.jpeg 150w, https:\/\/italics.art\/wp-content\/uploads\/2022\/09\/DSCF6770-768x512.jpeg 768w\" sizes=\"auto, (max-width: 1024px) 100vw, 1024px\" \/><figcaption class=\"wp-element-caption\">Castello Carlo V, Monopoli. Photo: Piero Percoco<\/figcaption><\/figure>\n<\/div>\n\n\n<div class=\"wp-block-uagb-columns uagb-columns__wrap uagb-columns__background-none uagb-columns__stack-mobile uagb-columns__valign- uagb-columns__gap-10 align uagb-block-b2fb7101 uagb-columns__columns-1 uagb-columns__max_width-custom mb-4 mb-md-5\"><div class=\"uagb-columns__overlay\"><\/div><div class=\"uagb-columns__inner-wrap uagb-columns__columns-1\">\n<div class=\"wp-block-uagb-column uagb-column__wrap uagb-column__background-undefined uagb-block-15cecf6a offset-1 offset-md-5\"><div class=\"uagb-column__overlay\"><\/div>\n<p class=\"has-medium-font-size\">Among palaces, churches, squares, votive aedicules hidden in alleys and chiassi, the exhibition presented 70 works from the 15th century to the present, created by 60 international artists from different eras, generations and nationalities: <strong>Mario Air\u00f2 <\/strong>(Pavia, Italy, 1961),<strong> Francesco Arena <\/strong>(Torre Santa Susanna, Brindisi, Italy, 1978),<strong> Stefano Arienti <\/strong>(Asola, Mantua, Italy, 1961), <strong>Gianfranco Baruchello <\/strong>(Livorno, Italy, 1924), <strong>Luca Bertolo <\/strong>(Milan, Italy, 1968),<strong> Paolo Bini <\/strong>(Battipaglia, Salerno, Italy, 1984),<strong> Alighiero Boetti <\/strong>(Turin, Italy, 1940 \u2013 Rome, Italy, 1994), <strong>Pier Paolo Calzolari <\/strong>(Bologna, Italy, 1943), <strong>Duilio Cambellotti<\/strong>&nbsp;(Rome, Italy, 1876 \u2013 1960),<strong> Mariana Castillo Deball <\/strong>(Mexico City, Mexico, 1975),<strong> Adelaide Cioni <\/strong>(Bologna, Italy, 1976),<strong> Pietro Consagra <\/strong>(Mazara del Vallo, Trapani, 1920 \u2013 Milan, Italy, 2005),<strong> Maria Adele Del Vecchio <\/strong>(Caserta, Italy, 1976),<strong> Gaia Di Lorenzo <\/strong>(Rome, Italy, 1991),<strong> Nathalie Djurberg &amp; Hans Berg <\/strong>(Lysekil, Sweden, 1978 \/ R\u00e4ttvik, Sweden, 1978),<strong> Mimosa Echard<\/strong> (Al\u00e8s, France, 1986), <strong>Sam Falls<\/strong> (San Diego, CA, United States, 1984),<strong> Matteo Fato <\/strong>(Pescara, Italy, 1979),<strong> Cesare Fracanzano <\/strong>(Bisceglie, Barletta-Andria-Trani, Italy, 1605 \u2013 Barletta, Barletta-Andria-Trani, Italia, 1651),<strong> Massimo Grimaldi<\/strong> (Taranto, Italy, 1974), <strong>Edi Hila <\/strong>(Shkodra, Albania, 1944), <strong>Judith Hopf <\/strong>(Karlsruhe, Germany, 1969),<strong> Adelita Husni-Bey <\/strong>(Milan, Italy, 1985),<strong> Alfredo Jaar <\/strong>(Santiago del Chile, Chile, 1956),<strong> Ann Veronica Janssens <\/strong>(Folkestone, United Kingdom, 1956), <strong>Runo Lagomarsino <\/strong>(Lund, Sweden, 1977), <strong>Giovanni Lanfranco <\/strong>(Parma, Italy, 1582 \u2013 Rome, Italy, 1647),<strong> Francesco Laurana and Nicola Samor\u00ec <\/strong>(Vrana, Croatia, 1430 \u2013 Avignon, France, 1502 \/ Forl\u00ec, Italy, 1977),<strong> Jieun Lim <\/strong>(Seoul, South Korea, 1983),<strong> Lorenzo Lippi <\/strong>(Florence, Italy, 1606 \u2013 1665), <strong>Carlo Manieri <\/strong>(Taranto, Italy, 1633 \u2013 Rome, Italy, 1702),<strong> Franca Maran\u00f2 <\/strong>(Bari, Italy, 1920 \u2013 Bari, Italy, 2015), <strong>Richard Marquis &amp; Johanna Nitzke Marquis <\/strong>(Bumble Bee, AZ, United States, 1945 \/&nbsp; Northern Wisconsin, WI, United States, 1947),<strong>&nbsp;Mario Merz <\/strong>(Milan, Italy, 1925 \u2013 2003),<strong> Marisa Merz <\/strong>(Turin, Italy, 1926 \u2013 2019),<strong> Luzie Meyer <\/strong>(T\u00fcbingen, Germany, 1990),<strong> Diego Miguel Mirabella <\/strong>(Enna, Italy, 1988),<strong> Fran\u00e7ois Morellet <\/strong>(Cholet, France, 1926 \u2013 2016),<strong> Valerio Nicolai <\/strong>(Gorizia, Italy, 1988), <strong>Alessandro Piangiamore <\/strong>(Enna, Italy, 1976),<strong> Michelangelo Pistoletto <\/strong>(Biella, Italy, 1933),<strong> Gianni Politi <\/strong>(Rome, Italy,1986), <strong>Nathlie Provosty <\/strong>(Cincinnati, OH, United States, 1981),<strong> Giangiacomo Rossetti <\/strong>(Milan, Italy, 1989),<strong> Medardo Rosso <\/strong>(Turin, Italy, 1858 \u2013 Milan, Italy, 1928),<strong> Mimmo Rotella <\/strong>(Catanzaro, Italy, 1918 \u2013 Milan, Italy, 2006), <strong>Antonio Sanfilippo <\/strong>(Partanna, Trapani, Italy, 1923 \u2013 Rome, Italy, 1980), <strong>Alberto Savinio<\/strong> (Athens, Greece, 1891 \u2013 Rome, Italy, 1952),<strong> Aviva Silverman<\/strong> (New York, NY, United States, 1986),<strong> Carl-August-Wilhelm Sommer <\/strong>(Coburg, Germany, 1839 \u2013 1921), <strong>Eugenio Tibaldi<\/strong> (Alba, Cuneo, Italy, 1977), <strong>Patrick Tuttofuoco <\/strong>(Milan, Italy, 1974),<strong> Massimo Vitali <\/strong>(Como, Italy, 1944),<strong> Luca Vitone <\/strong>(Genoa, Italy, 1964),<strong> Stanley Whitney <\/strong>(Philadelphia, PA, United States, 1946),<strong> Antonio Zanchi <\/strong>(Padua, Italy, 1631 \u2013 Venice, Italy, 1722).<\/p>\n\n\n\n<h5 class=\"wp-block-heading\"><a href=\"https:\/\/italics.art\/wp-content\/uploads\/2022\/08\/Panorama-Monopoli_Exhibition-Guide.pdf\" target=\"_blank\" rel=\"noreferrer noopener\">DOWNLOAD THE EXHIBITION GUIDE<\/a><\/h5>\n<\/div>\n<\/div><\/div>\n\n\n\n<figure class=\"wp-block-gallery has-nested-images columns-default is-cropped uag-masonry uagb-block-bc2b14ec wp-block-gallery-1 is-layout-flex wp-block-gallery-is-layout-flex\">\n<figure class=\"wp-block-image size-large\"><img loading=\"lazy\" decoding=\"async\" width=\"768\" height=\"1024\" data-id=\"19067\" src=\"https:\/\/italics.art\/wp-content\/uploads\/2022\/09\/6_Pistoletto_Panorama-Monopoli_Chiesa-SS.Giuseppe-e-Anna_Courtesy-Italics-the-artists-the-galleries.-Photo-\u00a9-Cosmo-Laera-768x1024.jpg\" alt=\"\" class=\"wp-image-19067\" srcset=\"https:\/\/italics.art\/wp-content\/uploads\/2022\/09\/6_Pistoletto_Panorama-Monopoli_Chiesa-SS.Giuseppe-e-Anna_Courtesy-Italics-the-artists-the-galleries.-Photo-\u00a9-Cosmo-Laera-768x1024.jpg 768w, https:\/\/italics.art\/wp-content\/uploads\/2022\/09\/6_Pistoletto_Panorama-Monopoli_Chiesa-SS.Giuseppe-e-Anna_Courtesy-Italics-the-artists-the-galleries.-Photo-\u00a9-Cosmo-Laera-225x300.jpg 225w, https:\/\/italics.art\/wp-content\/uploads\/2022\/09\/6_Pistoletto_Panorama-Monopoli_Chiesa-SS.Giuseppe-e-Anna_Courtesy-Italics-the-artists-the-galleries.-Photo-\u00a9-Cosmo-Laera-113x150.jpg 113w\" sizes=\"auto, (max-width: 768px) 100vw, 768px\" \/><figcaption class=\"wp-element-caption\">Michelangelo Pistoletto, &#8220;Prost&#8221;, 2008. Courtesy the artist and GALLERIA CONTINUA<\/figcaption><\/figure>\n\n\n\n<figure class=\"wp-block-image size-large\"><img loading=\"lazy\" decoding=\"async\" width=\"1024\" height=\"768\" data-id=\"18990\" src=\"https:\/\/italics.art\/wp-content\/uploads\/2022\/09\/4_Alessandro-Piangiamore_Panorama-Monopoli_Chiesa-S.Martino.-Courtesy-Italics-the-galleries-the-artists.-Photo-\u00a9-Cosmo-Laera-1-1024x768.jpg\" alt=\"\" class=\"wp-image-18990\" srcset=\"https:\/\/italics.art\/wp-content\/uploads\/2022\/09\/4_Alessandro-Piangiamore_Panorama-Monopoli_Chiesa-S.Martino.-Courtesy-Italics-the-galleries-the-artists.-Photo-\u00a9-Cosmo-Laera-1-1024x768.jpg 1024w, https:\/\/italics.art\/wp-content\/uploads\/2022\/09\/4_Alessandro-Piangiamore_Panorama-Monopoli_Chiesa-S.Martino.-Courtesy-Italics-the-galleries-the-artists.-Photo-\u00a9-Cosmo-Laera-1-300x225.jpg 300w, https:\/\/italics.art\/wp-content\/uploads\/2022\/09\/4_Alessandro-Piangiamore_Panorama-Monopoli_Chiesa-S.Martino.-Courtesy-Italics-the-galleries-the-artists.-Photo-\u00a9-Cosmo-Laera-1-150x113.jpg 150w, https:\/\/italics.art\/wp-content\/uploads\/2022\/09\/4_Alessandro-Piangiamore_Panorama-Monopoli_Chiesa-S.Martino.-Courtesy-Italics-the-galleries-the-artists.-Photo-\u00a9-Cosmo-Laera-1-768x576.jpg 768w\" sizes=\"auto, (max-width: 1024px) 100vw, 1024px\" \/><figcaption class=\"wp-element-caption\"><br>Alessandro Piangiamore, <em>Il Cacciatore di Polvere<\/em>, 2018-22. Courtesy the artist and Galleria Magazzino<\/figcaption><\/figure>\n\n\n\n<figure class=\"wp-block-image size-large\"><img loading=\"lazy\" decoding=\"async\" width=\"1024\" height=\"768\" data-id=\"18993\" src=\"https:\/\/italics.art\/wp-content\/uploads\/2022\/09\/1_Luzie-Meyer_Panorama-Monopoli_Porta-dellAntico-Porto_Courtesy-Italics-the-artists-the-galleries.-Photo-\u00a9-Cosmo-Laera-1-1024x768.jpg\" alt=\"\" class=\"wp-image-18993\" srcset=\"https:\/\/italics.art\/wp-content\/uploads\/2022\/09\/1_Luzie-Meyer_Panorama-Monopoli_Porta-dellAntico-Porto_Courtesy-Italics-the-artists-the-galleries.-Photo-\u00a9-Cosmo-Laera-1-1024x768.jpg 1024w, https:\/\/italics.art\/wp-content\/uploads\/2022\/09\/1_Luzie-Meyer_Panorama-Monopoli_Porta-dellAntico-Porto_Courtesy-Italics-the-artists-the-galleries.-Photo-\u00a9-Cosmo-Laera-1-300x225.jpg 300w, https:\/\/italics.art\/wp-content\/uploads\/2022\/09\/1_Luzie-Meyer_Panorama-Monopoli_Porta-dellAntico-Porto_Courtesy-Italics-the-artists-the-galleries.-Photo-\u00a9-Cosmo-Laera-1-150x113.jpg 150w, https:\/\/italics.art\/wp-content\/uploads\/2022\/09\/1_Luzie-Meyer_Panorama-Monopoli_Porta-dellAntico-Porto_Courtesy-Italics-the-artists-the-galleries.-Photo-\u00a9-Cosmo-Laera-1-768x576.jpg 768w\" sizes=\"auto, (max-width: 1024px) 100vw, 1024px\" \/><figcaption class=\"wp-element-caption\"><br>Luzie Meyer, <em>A Trap, A Miracle<\/em>, 2022. Courtesy the artist and Fanta-MLN<\/figcaption><\/figure>\n\n\n\n<figure class=\"wp-block-image size-large\"><img loading=\"lazy\" decoding=\"async\" width=\"1009\" height=\"1024\" data-id=\"19006\" src=\"https:\/\/italics.art\/wp-content\/uploads\/2022\/09\/1_Mariana-Castillo-Deball_Panorama-Monopoli_Stalle-Casa-Santa_Courtesy-Italics-the-artists-the-galleries.-Photo-\u00a9-Cosmo-Laera-1009x1024.jpg\" alt=\"\" class=\"wp-image-19006\" srcset=\"https:\/\/italics.art\/wp-content\/uploads\/2022\/09\/1_Mariana-Castillo-Deball_Panorama-Monopoli_Stalle-Casa-Santa_Courtesy-Italics-the-artists-the-galleries.-Photo-\u00a9-Cosmo-Laera-1009x1024.jpg 1009w, https:\/\/italics.art\/wp-content\/uploads\/2022\/09\/1_Mariana-Castillo-Deball_Panorama-Monopoli_Stalle-Casa-Santa_Courtesy-Italics-the-artists-the-galleries.-Photo-\u00a9-Cosmo-Laera-296x300.jpg 296w, https:\/\/italics.art\/wp-content\/uploads\/2022\/09\/1_Mariana-Castillo-Deball_Panorama-Monopoli_Stalle-Casa-Santa_Courtesy-Italics-the-artists-the-galleries.-Photo-\u00a9-Cosmo-Laera-148x150.jpg 148w, https:\/\/italics.art\/wp-content\/uploads\/2022\/09\/1_Mariana-Castillo-Deball_Panorama-Monopoli_Stalle-Casa-Santa_Courtesy-Italics-the-artists-the-galleries.-Photo-\u00a9-Cosmo-Laera-768x780.jpg 768w\" sizes=\"auto, (max-width: 1009px) 100vw, 1009px\" \/><figcaption class=\"wp-element-caption\"><br>Mariana Castillo Deball, <em>Calendar Fall Away 94<\/em>, <em>Calendar Fall Away 102<\/em>, 2022. Courtesy the artist and Pinksummer<\/figcaption><\/figure>\n\n\n\n<figure class=\"wp-block-image size-large\"><img loading=\"lazy\" decoding=\"async\" width=\"1024\" height=\"768\" data-id=\"19009\" src=\"https:\/\/italics.art\/wp-content\/uploads\/2022\/09\/2_Pier-Paolo-Calzolari_Panorama-Monopoli_Stalle-Casa-Santa_Courtesy-Italics-the-artists-the-galleries.-Photo-\u00a9-Cosmo-Laera-1-1024x768.jpg\" alt=\"\" class=\"wp-image-19009\" srcset=\"https:\/\/italics.art\/wp-content\/uploads\/2022\/09\/2_Pier-Paolo-Calzolari_Panorama-Monopoli_Stalle-Casa-Santa_Courtesy-Italics-the-artists-the-galleries.-Photo-\u00a9-Cosmo-Laera-1-1024x768.jpg 1024w, https:\/\/italics.art\/wp-content\/uploads\/2022\/09\/2_Pier-Paolo-Calzolari_Panorama-Monopoli_Stalle-Casa-Santa_Courtesy-Italics-the-artists-the-galleries.-Photo-\u00a9-Cosmo-Laera-1-300x225.jpg 300w, https:\/\/italics.art\/wp-content\/uploads\/2022\/09\/2_Pier-Paolo-Calzolari_Panorama-Monopoli_Stalle-Casa-Santa_Courtesy-Italics-the-artists-the-galleries.-Photo-\u00a9-Cosmo-Laera-1-150x113.jpg 150w, https:\/\/italics.art\/wp-content\/uploads\/2022\/09\/2_Pier-Paolo-Calzolari_Panorama-Monopoli_Stalle-Casa-Santa_Courtesy-Italics-the-artists-the-galleries.-Photo-\u00a9-Cosmo-Laera-1-768x576.jpg 768w\" sizes=\"auto, (max-width: 1024px) 100vw, 1024px\" \/><figcaption class=\"wp-element-caption\"><br>Pier Paolo Calzolari, <em>Il pianto<\/em>, 1972. Courtesy Fondazione Calzolari, F. Balducci and Galleria Giorgio Persano<\/figcaption><\/figure>\n\n\n\n<figure class=\"wp-block-image size-large\"><img loading=\"lazy\" decoding=\"async\" width=\"1024\" height=\"768\" data-id=\"19000\" src=\"https:\/\/italics.art\/wp-content\/uploads\/2022\/09\/6_Nathlie-Provosty_Panorama-Monopoli_Stalle-Casa-Santa_Courtesy-Italics-the-artists-the-galleries.-Photo-\u00a9-Cosmo-Laera-1024x768.jpg\" alt=\"\" class=\"wp-image-19000\" srcset=\"https:\/\/italics.art\/wp-content\/uploads\/2022\/09\/6_Nathlie-Provosty_Panorama-Monopoli_Stalle-Casa-Santa_Courtesy-Italics-the-artists-the-galleries.-Photo-\u00a9-Cosmo-Laera-1024x768.jpg 1024w, https:\/\/italics.art\/wp-content\/uploads\/2022\/09\/6_Nathlie-Provosty_Panorama-Monopoli_Stalle-Casa-Santa_Courtesy-Italics-the-artists-the-galleries.-Photo-\u00a9-Cosmo-Laera-300x225.jpg 300w, https:\/\/italics.art\/wp-content\/uploads\/2022\/09\/6_Nathlie-Provosty_Panorama-Monopoli_Stalle-Casa-Santa_Courtesy-Italics-the-artists-the-galleries.-Photo-\u00a9-Cosmo-Laera-150x113.jpg 150w, https:\/\/italics.art\/wp-content\/uploads\/2022\/09\/6_Nathlie-Provosty_Panorama-Monopoli_Stalle-Casa-Santa_Courtesy-Italics-the-artists-the-galleries.-Photo-\u00a9-Cosmo-Laera-768x576.jpg 768w\" sizes=\"auto, (max-width: 1024px) 100vw, 1024px\" \/><figcaption class=\"wp-element-caption\"><br>Nathlie Provosty, <em>Sard IV (21-29)<\/em>, 2021, <em>Untitled (20-27)<\/em>, 2020. Courtesy the artist and APALAZZOGALLERY<\/figcaption><\/figure>\n\n\n\n<figure class=\"wp-block-image size-large\"><img loading=\"lazy\" decoding=\"async\" width=\"1024\" height=\"872\" data-id=\"19012\" src=\"https:\/\/italics.art\/wp-content\/uploads\/2022\/09\/10_Tuttofuoco-and-Vitali_Panorama-Monopoli_Stalle-Casa-Santa_Courtesy-Italics-the-artists-the-galleries.-Photo-\u00a9-Cosmo-Laera-1-1024x872.jpg\" alt=\"\" class=\"wp-image-19012\" srcset=\"https:\/\/italics.art\/wp-content\/uploads\/2022\/09\/10_Tuttofuoco-and-Vitali_Panorama-Monopoli_Stalle-Casa-Santa_Courtesy-Italics-the-artists-the-galleries.-Photo-\u00a9-Cosmo-Laera-1-1024x872.jpg 1024w, https:\/\/italics.art\/wp-content\/uploads\/2022\/09\/10_Tuttofuoco-and-Vitali_Panorama-Monopoli_Stalle-Casa-Santa_Courtesy-Italics-the-artists-the-galleries.-Photo-\u00a9-Cosmo-Laera-1-300x256.jpg 300w, https:\/\/italics.art\/wp-content\/uploads\/2022\/09\/10_Tuttofuoco-and-Vitali_Panorama-Monopoli_Stalle-Casa-Santa_Courtesy-Italics-the-artists-the-galleries.-Photo-\u00a9-Cosmo-Laera-1-150x128.jpg 150w, https:\/\/italics.art\/wp-content\/uploads\/2022\/09\/10_Tuttofuoco-and-Vitali_Panorama-Monopoli_Stalle-Casa-Santa_Courtesy-Italics-the-artists-the-galleries.-Photo-\u00a9-Cosmo-Laera-1-768x654.jpg 768w\" sizes=\"auto, (max-width: 1024px) 100vw, 1024px\" \/><figcaption class=\"wp-element-caption\"><br>Massimo Vitali, <em>Masso delle Fanciulle Swimmer<\/em>, 2017. Courtesy the artist and Galleria Mazzoleni \/ Patrick Tuttofuoco, <em>No Space<\/em>, <em>No Time<\/em>, 2019. Courtesy the artist and Schiavo Zoppelli Gallery<\/figcaption><\/figure>\n\n\n\n<figure class=\"wp-block-image size-large\"><img loading=\"lazy\" decoding=\"async\" width=\"772\" height=\"1024\" data-id=\"19015\" src=\"https:\/\/italics.art\/wp-content\/uploads\/2022\/09\/1_Gaia-Di-Lorenzo_Panorama-Monopoli_Chiasso-Camerlano_Courtesy-Italics-the-artists-the-galleries.-Photo-\u00a9-Cosmo-Laera-772x1024.jpg\" alt=\"\" class=\"wp-image-19015\" srcset=\"https:\/\/italics.art\/wp-content\/uploads\/2022\/09\/1_Gaia-Di-Lorenzo_Panorama-Monopoli_Chiasso-Camerlano_Courtesy-Italics-the-artists-the-galleries.-Photo-\u00a9-Cosmo-Laera-772x1024.jpg 772w, https:\/\/italics.art\/wp-content\/uploads\/2022\/09\/1_Gaia-Di-Lorenzo_Panorama-Monopoli_Chiasso-Camerlano_Courtesy-Italics-the-artists-the-galleries.-Photo-\u00a9-Cosmo-Laera-226x300.jpg 226w, https:\/\/italics.art\/wp-content\/uploads\/2022\/09\/1_Gaia-Di-Lorenzo_Panorama-Monopoli_Chiasso-Camerlano_Courtesy-Italics-the-artists-the-galleries.-Photo-\u00a9-Cosmo-Laera-113x150.jpg 113w, https:\/\/italics.art\/wp-content\/uploads\/2022\/09\/1_Gaia-Di-Lorenzo_Panorama-Monopoli_Chiasso-Camerlano_Courtesy-Italics-the-artists-the-galleries.-Photo-\u00a9-Cosmo-Laera-768x1018.jpg 768w\" sizes=\"auto, (max-width: 772px) 100vw, 772px\" \/><figcaption class=\"wp-element-caption\"><br>Gaia Di Lorenzo, <em>Temmatemenet\u00e8<\/em>, 2021. Courtesy the artist and ADA<\/figcaption><\/figure>\n\n\n\n<figure class=\"wp-block-image size-large\"><img loading=\"lazy\" decoding=\"async\" width=\"768\" height=\"1024\" data-id=\"19070\" src=\"https:\/\/italics.art\/wp-content\/uploads\/2022\/09\/1_Pistoletto-Fracanzano_Panorama-Monopoli_Chiesa-SS.Giuseppe-e-Anna_Courtesy-Italics-the-artists-the-galleries.-Photo-\u00a9-Cosmo-Laera-768x1024.jpg\" alt=\"\" class=\"wp-image-19070\" srcset=\"https:\/\/italics.art\/wp-content\/uploads\/2022\/09\/1_Pistoletto-Fracanzano_Panorama-Monopoli_Chiesa-SS.Giuseppe-e-Anna_Courtesy-Italics-the-artists-the-galleries.-Photo-\u00a9-Cosmo-Laera-768x1024.jpg 768w, https:\/\/italics.art\/wp-content\/uploads\/2022\/09\/1_Pistoletto-Fracanzano_Panorama-Monopoli_Chiesa-SS.Giuseppe-e-Anna_Courtesy-Italics-the-artists-the-galleries.-Photo-\u00a9-Cosmo-Laera-225x300.jpg 225w, https:\/\/italics.art\/wp-content\/uploads\/2022\/09\/1_Pistoletto-Fracanzano_Panorama-Monopoli_Chiesa-SS.Giuseppe-e-Anna_Courtesy-Italics-the-artists-the-galleries.-Photo-\u00a9-Cosmo-Laera-112x150.jpg 112w\" sizes=\"auto, (max-width: 768px) 100vw, 768px\" \/><figcaption class=\"wp-element-caption\">Cesare Fracanzano, <em>La famiglia del satiro<\/em>, 1645-50. Courtesy Giacometti Old Master Paintings<\/figcaption><\/figure>\n\n\n\n<figure class=\"wp-block-image size-large\"><img loading=\"lazy\" decoding=\"async\" width=\"1024\" height=\"791\" data-id=\"19039\" src=\"https:\/\/italics.art\/wp-content\/uploads\/2022\/09\/2_Panorama-Monopoli_Castello-Carlo-V_Courtesy-Italics-the-artists-the-galleries.-Photo-\u00a9-Cosmo-Laera-1-1024x791.jpg\" alt=\"\" class=\"wp-image-19039\" srcset=\"https:\/\/italics.art\/wp-content\/uploads\/2022\/09\/2_Panorama-Monopoli_Castello-Carlo-V_Courtesy-Italics-the-artists-the-galleries.-Photo-\u00a9-Cosmo-Laera-1-1024x791.jpg 1024w, https:\/\/italics.art\/wp-content\/uploads\/2022\/09\/2_Panorama-Monopoli_Castello-Carlo-V_Courtesy-Italics-the-artists-the-galleries.-Photo-\u00a9-Cosmo-Laera-1-300x232.jpg 300w, https:\/\/italics.art\/wp-content\/uploads\/2022\/09\/2_Panorama-Monopoli_Castello-Carlo-V_Courtesy-Italics-the-artists-the-galleries.-Photo-\u00a9-Cosmo-Laera-1-150x116.jpg 150w, https:\/\/italics.art\/wp-content\/uploads\/2022\/09\/2_Panorama-Monopoli_Castello-Carlo-V_Courtesy-Italics-the-artists-the-galleries.-Photo-\u00a9-Cosmo-Laera-1-768x593.jpg 768w\" sizes=\"auto, (max-width: 1024px) 100vw, 1024px\" \/><figcaption class=\"wp-element-caption\"><br>Paolo Bini, <em>Orizzonte<\/em>, 2022. Courtesy the artist and Galleria Peola Simondi \/ Judith Hopf, <em>Phone User, 1 e 3<\/em>, 2021. Courtesy the artist and kaufmann repetto \/ Edi Hila, <em>People of the Future<\/em>, 1997. Courtesy the artist and Galleria Raffaella Cortese<\/figcaption><\/figure>\n\n\n\n<figure class=\"wp-block-image size-large\"><img loading=\"lazy\" decoding=\"async\" width=\"1024\" height=\"768\" data-id=\"19036\" src=\"https:\/\/italics.art\/wp-content\/uploads\/2022\/09\/10_Luca-Vitone_Panorama-Monopoli_Castello-Carlo-V_Courtesy-Italics-the-artists-the-galleries.-Photo-\u00a9-Cosmo-Laera.jpg.jpg-1024x768.jpg\" alt=\"\" class=\"wp-image-19036\" srcset=\"https:\/\/italics.art\/wp-content\/uploads\/2022\/09\/10_Luca-Vitone_Panorama-Monopoli_Castello-Carlo-V_Courtesy-Italics-the-artists-the-galleries.-Photo-\u00a9-Cosmo-Laera.jpg.jpg-1024x768.jpg 1024w, https:\/\/italics.art\/wp-content\/uploads\/2022\/09\/10_Luca-Vitone_Panorama-Monopoli_Castello-Carlo-V_Courtesy-Italics-the-artists-the-galleries.-Photo-\u00a9-Cosmo-Laera.jpg.jpg-300x225.jpg 300w, https:\/\/italics.art\/wp-content\/uploads\/2022\/09\/10_Luca-Vitone_Panorama-Monopoli_Castello-Carlo-V_Courtesy-Italics-the-artists-the-galleries.-Photo-\u00a9-Cosmo-Laera.jpg.jpg-150x113.jpg 150w, https:\/\/italics.art\/wp-content\/uploads\/2022\/09\/10_Luca-Vitone_Panorama-Monopoli_Castello-Carlo-V_Courtesy-Italics-the-artists-the-galleries.-Photo-\u00a9-Cosmo-Laera.jpg.jpg-768x576.jpg 768w\" sizes=\"auto, (max-width: 1024px) 100vw, 1024px\" \/><figcaption class=\"wp-element-caption\"><br>Luca Vitone, <em>Stanze<\/em>, 2022. Courtesy the artist and Galerie Rolando Anselmi<\/figcaption><\/figure>\n\n\n\n<figure class=\"wp-block-image size-large\"><img loading=\"lazy\" decoding=\"async\" width=\"768\" height=\"1024\" data-id=\"19018\" src=\"https:\/\/italics.art\/wp-content\/uploads\/2022\/09\/9_Lorenzo-Lippi_Panorama-Monopoli_Castello-Carlo-V_Chiesa_Courtesy-Italics-the-artists-the-galleries.-Photo-\u00a9-Cosmo-Laera.jpg-768x1024.jpg\" alt=\"\" class=\"wp-image-19018\" srcset=\"https:\/\/italics.art\/wp-content\/uploads\/2022\/09\/9_Lorenzo-Lippi_Panorama-Monopoli_Castello-Carlo-V_Chiesa_Courtesy-Italics-the-artists-the-galleries.-Photo-\u00a9-Cosmo-Laera.jpg-768x1024.jpg 768w, https:\/\/italics.art\/wp-content\/uploads\/2022\/09\/9_Lorenzo-Lippi_Panorama-Monopoli_Castello-Carlo-V_Chiesa_Courtesy-Italics-the-artists-the-galleries.-Photo-\u00a9-Cosmo-Laera.jpg-225x300.jpg 225w, https:\/\/italics.art\/wp-content\/uploads\/2022\/09\/9_Lorenzo-Lippi_Panorama-Monopoli_Castello-Carlo-V_Chiesa_Courtesy-Italics-the-artists-the-galleries.-Photo-\u00a9-Cosmo-Laera.jpg-113x150.jpg 113w\" sizes=\"auto, (max-width: 768px) 100vw, 768px\" \/><figcaption class=\"wp-element-caption\"><br>Lorenzo Lippi, <em>Madonna con il Bambino e San Giovannino<\/em>, 1606-65. Courtesy Moretti Fine Art<\/figcaption><\/figure>\n\n\n\n<figure class=\"wp-block-image size-large\"><img loading=\"lazy\" decoding=\"async\" width=\"768\" height=\"1024\" data-id=\"19021\" src=\"https:\/\/italics.art\/wp-content\/uploads\/2022\/09\/8_Panorama-Monopoli_Castello-Carlo-V_Chiesa_Courtesy-Italics-the-artists-the-galleries.-Photo-\u00a9-Cosmo-Laera.jpg-768x1024.jpg\" alt=\"\" class=\"wp-image-19021\" srcset=\"https:\/\/italics.art\/wp-content\/uploads\/2022\/09\/8_Panorama-Monopoli_Castello-Carlo-V_Chiesa_Courtesy-Italics-the-artists-the-galleries.-Photo-\u00a9-Cosmo-Laera.jpg-768x1024.jpg 768w, https:\/\/italics.art\/wp-content\/uploads\/2022\/09\/8_Panorama-Monopoli_Castello-Carlo-V_Chiesa_Courtesy-Italics-the-artists-the-galleries.-Photo-\u00a9-Cosmo-Laera.jpg-225x300.jpg 225w, https:\/\/italics.art\/wp-content\/uploads\/2022\/09\/8_Panorama-Monopoli_Castello-Carlo-V_Chiesa_Courtesy-Italics-the-artists-the-galleries.-Photo-\u00a9-Cosmo-Laera.jpg-113x150.jpg 113w\" sizes=\"auto, (max-width: 768px) 100vw, 768px\" \/><figcaption class=\"wp-element-caption\"><br>Francesco Arena, <em>Altalena<\/em>, 2022. Courtesy the artist and Studio Trisorio \/ Marisa Merz, <em>Untitled<\/em>. Courtesy Monica De Cardenas<\/figcaption><\/figure>\n\n\n\n<figure class=\"wp-block-image size-large\"><img loading=\"lazy\" decoding=\"async\" width=\"768\" height=\"1024\" data-id=\"19033\" src=\"https:\/\/italics.art\/wp-content\/uploads\/2022\/09\/11_Judith-Hopf_Panorama-Monopoli_Castello-Carlo-V_Courtesy-Italics-the-artists-the-galleries.-Photo-\u00a9-Cosmo-Laera.jpg-768x1024.jpg\" alt=\"\" class=\"wp-image-19033\" srcset=\"https:\/\/italics.art\/wp-content\/uploads\/2022\/09\/11_Judith-Hopf_Panorama-Monopoli_Castello-Carlo-V_Courtesy-Italics-the-artists-the-galleries.-Photo-\u00a9-Cosmo-Laera.jpg-768x1024.jpg 768w, https:\/\/italics.art\/wp-content\/uploads\/2022\/09\/11_Judith-Hopf_Panorama-Monopoli_Castello-Carlo-V_Courtesy-Italics-the-artists-the-galleries.-Photo-\u00a9-Cosmo-Laera.jpg-225x300.jpg 225w, https:\/\/italics.art\/wp-content\/uploads\/2022\/09\/11_Judith-Hopf_Panorama-Monopoli_Castello-Carlo-V_Courtesy-Italics-the-artists-the-galleries.-Photo-\u00a9-Cosmo-Laera.jpg-113x150.jpg 113w\" sizes=\"auto, (max-width: 768px) 100vw, 768px\" \/><figcaption class=\"wp-element-caption\"><br><br>Judith Hopf, <em>Phone User, 2<\/em>, 2022. Courtesy the artist and kaufmann repetto<\/figcaption><\/figure>\n\n\n\n<figure class=\"wp-block-image size-large\"><img loading=\"lazy\" decoding=\"async\" width=\"768\" height=\"1024\" data-id=\"19045\" src=\"https:\/\/italics.art\/wp-content\/uploads\/2022\/09\/2_Richard-and-Johanna-Nitzke-Marquis_Panorama-Monopoli_Fossato-Largo-Castello_Courtesy-Italics-the-artists-the-galleries.-Photo-\u00a9-Cosmo-Laera-768x1024.jpg\" alt=\"\" class=\"wp-image-19045\" srcset=\"https:\/\/italics.art\/wp-content\/uploads\/2022\/09\/2_Richard-and-Johanna-Nitzke-Marquis_Panorama-Monopoli_Fossato-Largo-Castello_Courtesy-Italics-the-artists-the-galleries.-Photo-\u00a9-Cosmo-Laera-768x1024.jpg 768w, https:\/\/italics.art\/wp-content\/uploads\/2022\/09\/2_Richard-and-Johanna-Nitzke-Marquis_Panorama-Monopoli_Fossato-Largo-Castello_Courtesy-Italics-the-artists-the-galleries.-Photo-\u00a9-Cosmo-Laera-225x300.jpg 225w, https:\/\/italics.art\/wp-content\/uploads\/2022\/09\/2_Richard-and-Johanna-Nitzke-Marquis_Panorama-Monopoli_Fossato-Largo-Castello_Courtesy-Italics-the-artists-the-galleries.-Photo-\u00a9-Cosmo-Laera-113x150.jpg 113w\" sizes=\"auto, (max-width: 768px) 100vw, 768px\" \/><figcaption class=\"wp-element-caption\"><br>Richard Marquis &amp; Johanna Nitzke Marquis, <em>Tubers On Wheels<\/em>, 2007-9. Courtesy the artists and Caterina Tognon<\/figcaption><\/figure>\n\n\n\n<figure class=\"wp-block-image size-large\"><img loading=\"lazy\" decoding=\"async\" width=\"1024\" height=\"768\" data-id=\"19042\" src=\"https:\/\/italics.art\/wp-content\/uploads\/2022\/09\/9_Luca-Bertolo_Panorama-Monopoli_Castello-Carlo-V_Courtesy-Italics-the-artists-the-galleries.-Photo-\u00a9-Cosmo-Laera-1.jpg-1-1024x768.jpg\" alt=\"\" class=\"wp-image-19042\" srcset=\"https:\/\/italics.art\/wp-content\/uploads\/2022\/09\/9_Luca-Bertolo_Panorama-Monopoli_Castello-Carlo-V_Courtesy-Italics-the-artists-the-galleries.-Photo-\u00a9-Cosmo-Laera-1.jpg-1-1024x768.jpg 1024w, https:\/\/italics.art\/wp-content\/uploads\/2022\/09\/9_Luca-Bertolo_Panorama-Monopoli_Castello-Carlo-V_Courtesy-Italics-the-artists-the-galleries.-Photo-\u00a9-Cosmo-Laera-1.jpg-1-300x225.jpg 300w, https:\/\/italics.art\/wp-content\/uploads\/2022\/09\/9_Luca-Bertolo_Panorama-Monopoli_Castello-Carlo-V_Courtesy-Italics-the-artists-the-galleries.-Photo-\u00a9-Cosmo-Laera-1.jpg-1-150x113.jpg 150w, https:\/\/italics.art\/wp-content\/uploads\/2022\/09\/9_Luca-Bertolo_Panorama-Monopoli_Castello-Carlo-V_Courtesy-Italics-the-artists-the-galleries.-Photo-\u00a9-Cosmo-Laera-1.jpg-1-768x576.jpg 768w\" sizes=\"auto, (max-width: 1024px) 100vw, 1024px\" \/><figcaption class=\"wp-element-caption\"><br>Luca Bertolo, <em>Alba mediterranea. La costa vista dal mare<\/em>, 2022. Courtesy the artist and SpazioA<\/figcaption><\/figure>\n\n\n\n<figure class=\"wp-block-image size-large\"><img loading=\"lazy\" decoding=\"async\" width=\"799\" height=\"1024\" data-id=\"19051\" src=\"https:\/\/italics.art\/wp-content\/uploads\/2022\/09\/1_Arienti-Merz_Panorama-Monopoli_Chiesa-S.-Salvatore_Courtesy-Italics-the-artists-the-galleries.-Photo-\u00a9-Cosmo-Laera-799x1024.jpg\" alt=\"\" class=\"wp-image-19051\" srcset=\"https:\/\/italics.art\/wp-content\/uploads\/2022\/09\/1_Arienti-Merz_Panorama-Monopoli_Chiesa-S.-Salvatore_Courtesy-Italics-the-artists-the-galleries.-Photo-\u00a9-Cosmo-Laera-799x1024.jpg 799w, https:\/\/italics.art\/wp-content\/uploads\/2022\/09\/1_Arienti-Merz_Panorama-Monopoli_Chiesa-S.-Salvatore_Courtesy-Italics-the-artists-the-galleries.-Photo-\u00a9-Cosmo-Laera-234x300.jpg 234w, https:\/\/italics.art\/wp-content\/uploads\/2022\/09\/1_Arienti-Merz_Panorama-Monopoli_Chiesa-S.-Salvatore_Courtesy-Italics-the-artists-the-galleries.-Photo-\u00a9-Cosmo-Laera-117x150.jpg 117w, https:\/\/italics.art\/wp-content\/uploads\/2022\/09\/1_Arienti-Merz_Panorama-Monopoli_Chiesa-S.-Salvatore_Courtesy-Italics-the-artists-the-galleries.-Photo-\u00a9-Cosmo-Laera-768x984.jpg 768w\" sizes=\"auto, (max-width: 799px) 100vw, 799px\" \/><figcaption class=\"wp-element-caption\"><br>Stefano Arienti, <em>Santi in giardino<\/em>, 2022. Courtesy the artist and Galleria Massimo Minini \/ Mario Merz, <em>La casa abbandonata<\/em>, 1977-83. Courtesy Tucci Russo<\/figcaption><\/figure>\n\n\n\n<figure class=\"wp-block-image size-large\"><img loading=\"lazy\" decoding=\"async\" width=\"1024\" height=\"768\" data-id=\"19054\" src=\"https:\/\/italics.art\/wp-content\/uploads\/2022\/09\/2_Matteo-Fato_Panorama-Monopoli_Chiestetta-S.-Giovanni_Courtesy-Italics-the-artists-the-galleries.-Photo-\u00a9-Cosmo-Laera-1024x768.jpg\" alt=\"\" class=\"wp-image-19054\" srcset=\"https:\/\/italics.art\/wp-content\/uploads\/2022\/09\/2_Matteo-Fato_Panorama-Monopoli_Chiestetta-S.-Giovanni_Courtesy-Italics-the-artists-the-galleries.-Photo-\u00a9-Cosmo-Laera-1024x768.jpg 1024w, https:\/\/italics.art\/wp-content\/uploads\/2022\/09\/2_Matteo-Fato_Panorama-Monopoli_Chiestetta-S.-Giovanni_Courtesy-Italics-the-artists-the-galleries.-Photo-\u00a9-Cosmo-Laera-300x225.jpg 300w, https:\/\/italics.art\/wp-content\/uploads\/2022\/09\/2_Matteo-Fato_Panorama-Monopoli_Chiestetta-S.-Giovanni_Courtesy-Italics-the-artists-the-galleries.-Photo-\u00a9-Cosmo-Laera-150x113.jpg 150w, https:\/\/italics.art\/wp-content\/uploads\/2022\/09\/2_Matteo-Fato_Panorama-Monopoli_Chiestetta-S.-Giovanni_Courtesy-Italics-the-artists-the-galleries.-Photo-\u00a9-Cosmo-Laera-768x576.jpg 768w\" sizes=\"auto, (max-width: 1024px) 100vw, 1024px\" \/><figcaption class=\"wp-element-caption\">Matteo Fato, <em>senza tempeste, senza naufragio e senza alcun merito nostro<\/em>; <em>souvenir vuol dire venire in aiuto (mia madre e mio padre che fanno una zattera)<\/em>, 2022. Courtesy the artist and Monitor<\/figcaption><\/figure>\n\n\n\n<figure class=\"wp-block-image size-large\"><img loading=\"lazy\" decoding=\"async\" width=\"768\" height=\"1024\" data-id=\"19048\" src=\"https:\/\/italics.art\/wp-content\/uploads\/2022\/09\/2_Pietro-Consagra_Panorama-Monopoli_Vico-Palmitessa_Courtesy-Italics-the-artists-the-galleries.-Photo-\u00a9-Cosmo-Laera-768x1024.jpg\" alt=\"\" class=\"wp-image-19048\" srcset=\"https:\/\/italics.art\/wp-content\/uploads\/2022\/09\/2_Pietro-Consagra_Panorama-Monopoli_Vico-Palmitessa_Courtesy-Italics-the-artists-the-galleries.-Photo-\u00a9-Cosmo-Laera-768x1024.jpg 768w, https:\/\/italics.art\/wp-content\/uploads\/2022\/09\/2_Pietro-Consagra_Panorama-Monopoli_Vico-Palmitessa_Courtesy-Italics-the-artists-the-galleries.-Photo-\u00a9-Cosmo-Laera-225x300.jpg 225w, https:\/\/italics.art\/wp-content\/uploads\/2022\/09\/2_Pietro-Consagra_Panorama-Monopoli_Vico-Palmitessa_Courtesy-Italics-the-artists-the-galleries.-Photo-\u00a9-Cosmo-Laera-113x150.jpg 113w\" sizes=\"auto, (max-width: 768px) 100vw, 768px\" \/><figcaption class=\"wp-element-caption\"><br>Pietro Consagra, <em>Ferro trasparente rosa chiaro<\/em>, 1967. Courtesy Archivio Consagra and Galleria Tommaso Calabro<\/figcaption><\/figure>\n\n\n\n<figure class=\"wp-block-image size-large\"><img loading=\"lazy\" decoding=\"async\" width=\"768\" height=\"1024\" data-id=\"19084\" src=\"https:\/\/italics.art\/wp-content\/uploads\/2022\/09\/5_Mario-Airo\u0300_Panorama-Monopoli_Chiesa-S.Angelo-in-Borgo.-Courtesy-Italics-the-galleries-the-artists.-Photo-\u00a9-Cosmo-Laera-768x1024.jpg\" alt=\"\" class=\"wp-image-19084\" srcset=\"https:\/\/italics.art\/wp-content\/uploads\/2022\/09\/5_Mario-Airo\u0300_Panorama-Monopoli_Chiesa-S.Angelo-in-Borgo.-Courtesy-Italics-the-galleries-the-artists.-Photo-\u00a9-Cosmo-Laera-768x1024.jpg 768w, https:\/\/italics.art\/wp-content\/uploads\/2022\/09\/5_Mario-Airo\u0300_Panorama-Monopoli_Chiesa-S.Angelo-in-Borgo.-Courtesy-Italics-the-galleries-the-artists.-Photo-\u00a9-Cosmo-Laera-225x300.jpg 225w, https:\/\/italics.art\/wp-content\/uploads\/2022\/09\/5_Mario-Airo\u0300_Panorama-Monopoli_Chiesa-S.Angelo-in-Borgo.-Courtesy-Italics-the-galleries-the-artists.-Photo-\u00a9-Cosmo-Laera-113x150.jpg 113w\" sizes=\"auto, (max-width: 768px) 100vw, 768px\" \/><figcaption class=\"wp-element-caption\"><br>Mario Air\u00f2, <em>Incubation place #3<\/em>, 1995\/2018. Courtesy the artist and Vistamare<\/figcaption><\/figure>\n\n\n\n<figure class=\"wp-block-image size-large\"><img loading=\"lazy\" decoding=\"async\" width=\"959\" height=\"1024\" data-id=\"19088\" src=\"https:\/\/italics.art\/wp-content\/uploads\/2022\/09\/4_Gianfranco-Baruchello_Panorama-Monopoli_Chiesa-S.-Maria-della-Zaffara_Courtesy-Italics-the-artists-the-galleries.-Photo-\u00a9-Cosmo-Laera-959x1024.jpg\" alt=\"\" class=\"wp-image-19088\" srcset=\"https:\/\/italics.art\/wp-content\/uploads\/2022\/09\/4_Gianfranco-Baruchello_Panorama-Monopoli_Chiesa-S.-Maria-della-Zaffara_Courtesy-Italics-the-artists-the-galleries.-Photo-\u00a9-Cosmo-Laera-959x1024.jpg 959w, https:\/\/italics.art\/wp-content\/uploads\/2022\/09\/4_Gianfranco-Baruchello_Panorama-Monopoli_Chiesa-S.-Maria-della-Zaffara_Courtesy-Italics-the-artists-the-galleries.-Photo-\u00a9-Cosmo-Laera-281x300.jpg 281w, https:\/\/italics.art\/wp-content\/uploads\/2022\/09\/4_Gianfranco-Baruchello_Panorama-Monopoli_Chiesa-S.-Maria-della-Zaffara_Courtesy-Italics-the-artists-the-galleries.-Photo-\u00a9-Cosmo-Laera-140x150.jpg 140w, https:\/\/italics.art\/wp-content\/uploads\/2022\/09\/4_Gianfranco-Baruchello_Panorama-Monopoli_Chiesa-S.-Maria-della-Zaffara_Courtesy-Italics-the-artists-the-galleries.-Photo-\u00a9-Cosmo-Laera-768x820.jpg 768w\" sizes=\"auto, (max-width: 959px) 100vw, 959px\" \/><figcaption class=\"wp-element-caption\"><br>Gianfranco Baruchello, <em>Hard Technology<\/em>, 1968 <em>Soft Technology<\/em>, 1968. <em>Una casa in fil di ferro<\/em>, 1975. Courtesy MASSIMODECARLO<\/figcaption><\/figure>\n\n\n\n<figure class=\"wp-block-image size-large\"><img decoding=\"async\" data-id=\"19134\" src=\"https:\/\/italics.art\/wp-content\/uploads\/2022\/09\/4_Panorama-Monopoli_Palazzo-Martinelli_Courtesy-Italics-the-artists-the-galleries.-Photo-\u00a9-Cosmo-Laera-988x1024.jpg\" alt=\"\" class=\"wp-image-19134\"\/><figcaption class=\"wp-element-caption\"><br>Giangiacomo Rossetti, <em>Tutti i crocicchi del cielo sarebbero affollati di nostre controfigure<\/em>, 2021. Courtesy the artist and Galleria Federico Vavassori \/ Medardo Rosso, <em>Femme \u00e0 la voilette (Impression de boulevard; Dama dalla veletta)<\/em>, 1928 [1895]. Courtesy Galleria Russo<\/figcaption><\/figure>\n\n\n\n<figure class=\"wp-block-image size-large\"><img loading=\"lazy\" decoding=\"async\" width=\"1024\" height=\"768\" data-id=\"19119\" src=\"https:\/\/italics.art\/wp-content\/uploads\/2022\/09\/30_Panorama-Monopoli_Palazzo-Martinelli_Courtesy-Italics-the-artists-the-galleries.-Photo-\u00a9-Cosmo-Laera-1024x768.jpg\" alt=\"\" class=\"wp-image-19119\" srcset=\"https:\/\/italics.art\/wp-content\/uploads\/2022\/09\/30_Panorama-Monopoli_Palazzo-Martinelli_Courtesy-Italics-the-artists-the-galleries.-Photo-\u00a9-Cosmo-Laera-1024x768.jpg 1024w, https:\/\/italics.art\/wp-content\/uploads\/2022\/09\/30_Panorama-Monopoli_Palazzo-Martinelli_Courtesy-Italics-the-artists-the-galleries.-Photo-\u00a9-Cosmo-Laera-300x225.jpg 300w, https:\/\/italics.art\/wp-content\/uploads\/2022\/09\/30_Panorama-Monopoli_Palazzo-Martinelli_Courtesy-Italics-the-artists-the-galleries.-Photo-\u00a9-Cosmo-Laera-150x113.jpg 150w, https:\/\/italics.art\/wp-content\/uploads\/2022\/09\/30_Panorama-Monopoli_Palazzo-Martinelli_Courtesy-Italics-the-artists-the-galleries.-Photo-\u00a9-Cosmo-Laera-768x576.jpg 768w\" sizes=\"auto, (max-width: 1024px) 100vw, 1024px\" \/><figcaption class=\"wp-element-caption\"><br>Massimo Grimaldi, <em>Smashed Green Guitar Inside a Dismantled Green Tent<\/em>, 2022. <br>Courtesy the artist and ZERO&#8230; \/ Valerio Nicolai, <em>Chiocciole<\/em>, 2022. Courtesy l&#8217;artista e Clima<\/figcaption><\/figure>\n\n\n\n<figure class=\"wp-block-image size-large\"><img loading=\"lazy\" decoding=\"async\" width=\"1024\" height=\"768\" data-id=\"19140\" src=\"https:\/\/italics.art\/wp-content\/uploads\/2022\/09\/34_Panorama-Monopoli_Palazzo-Martinelli_Courtesy-Italics-the-artists-the-galleries.-Photo-\u00a9-Cosmo-Laera-1024x768.jpg\" alt=\"\" class=\"wp-image-19140\" srcset=\"https:\/\/italics.art\/wp-content\/uploads\/2022\/09\/34_Panorama-Monopoli_Palazzo-Martinelli_Courtesy-Italics-the-artists-the-galleries.-Photo-\u00a9-Cosmo-Laera-1024x768.jpg 1024w, https:\/\/italics.art\/wp-content\/uploads\/2022\/09\/34_Panorama-Monopoli_Palazzo-Martinelli_Courtesy-Italics-the-artists-the-galleries.-Photo-\u00a9-Cosmo-Laera-300x225.jpg 300w, https:\/\/italics.art\/wp-content\/uploads\/2022\/09\/34_Panorama-Monopoli_Palazzo-Martinelli_Courtesy-Italics-the-artists-the-galleries.-Photo-\u00a9-Cosmo-Laera-150x113.jpg 150w, https:\/\/italics.art\/wp-content\/uploads\/2022\/09\/34_Panorama-Monopoli_Palazzo-Martinelli_Courtesy-Italics-the-artists-the-galleries.-Photo-\u00a9-Cosmo-Laera-768x576.jpg 768w\" sizes=\"auto, (max-width: 1024px) 100vw, 1024px\" \/><figcaption class=\"wp-element-caption\"><br>Alberto Savinio, <em>Materia in trasformazione<\/em>, 1951. Courtesy Bottegantica \/ <br>Antonio Sanfilippo, <em>La mia occupazione<\/em>, 1952. Courtesy Galleria dello Scudo \/ Mimmo Rotella, <em>Leda col Cigno<\/em>, 1987. Courtesy Cardi Gallery<\/figcaption><\/figure>\n\n\n\n<figure class=\"wp-block-image size-large\"><img loading=\"lazy\" decoding=\"async\" width=\"1024\" height=\"768\" data-id=\"19137\" src=\"https:\/\/italics.art\/wp-content\/uploads\/2022\/09\/33_Panorama-Monopoli_Palazzo-Martinelli_Courtesy-Italics-the-artists-the-galleries.-Photo-\u00a9-Cosmo-Laera-1024x768.jpg\" alt=\"\" class=\"wp-image-19137\" srcset=\"https:\/\/italics.art\/wp-content\/uploads\/2022\/09\/33_Panorama-Monopoli_Palazzo-Martinelli_Courtesy-Italics-the-artists-the-galleries.-Photo-\u00a9-Cosmo-Laera-1024x768.jpg 1024w, https:\/\/italics.art\/wp-content\/uploads\/2022\/09\/33_Panorama-Monopoli_Palazzo-Martinelli_Courtesy-Italics-the-artists-the-galleries.-Photo-\u00a9-Cosmo-Laera-300x225.jpg 300w, https:\/\/italics.art\/wp-content\/uploads\/2022\/09\/33_Panorama-Monopoli_Palazzo-Martinelli_Courtesy-Italics-the-artists-the-galleries.-Photo-\u00a9-Cosmo-Laera-150x113.jpg 150w, https:\/\/italics.art\/wp-content\/uploads\/2022\/09\/33_Panorama-Monopoli_Palazzo-Martinelli_Courtesy-Italics-the-artists-the-galleries.-Photo-\u00a9-Cosmo-Laera-768x576.jpg 768w\" sizes=\"auto, (max-width: 1024px) 100vw, 1024px\" \/><figcaption class=\"wp-element-caption\"><br>Duilio Cambellotti, <em>L\u2019avo<\/em>, 1924. Galleria Carlo Virgilio &amp; C. \/ Antonio Sanfilippo, <em>La mia occupazione<\/em>, 1952. Courtesy Galleria dello Scudo<\/figcaption><\/figure>\n\n\n\n<figure class=\"wp-block-image size-large\"><img decoding=\"async\" data-id=\"19122\" src=\"https:\/\/italics.art\/wp-content\/uploads\/2022\/09\/20_Antonio-Zanchi_Panorama-Monopoli_Palazzo-Martinelli_Courtesy-Italics-the-artists-the-galleries.-Photo-\u00a9-Cosmo-Laera-1024x770.jpg\" alt=\"\" class=\"wp-image-19122\"\/><figcaption class=\"wp-element-caption\"><br>Antonio Zanchi, <em>Davide e Golia<\/em>, 1660-70. Courtesy Galleria Canesso<\/figcaption><\/figure>\n\n\n\n<figure class=\"wp-block-image size-large\"><img loading=\"lazy\" decoding=\"async\" width=\"1024\" height=\"857\" data-id=\"19143\" src=\"https:\/\/italics.art\/wp-content\/uploads\/2022\/09\/19_Stanley-Whitney_Panorama-Monopoli_Palazzo-Martinelli_Courtesy-Italics-the-artists-the-galleries.-Photo-\u00a9-Cosmo-Laera-1024x857.jpg\" alt=\"\" class=\"wp-image-19143\" srcset=\"https:\/\/italics.art\/wp-content\/uploads\/2022\/09\/19_Stanley-Whitney_Panorama-Monopoli_Palazzo-Martinelli_Courtesy-Italics-the-artists-the-galleries.-Photo-\u00a9-Cosmo-Laera-1024x857.jpg 1024w, https:\/\/italics.art\/wp-content\/uploads\/2022\/09\/19_Stanley-Whitney_Panorama-Monopoli_Palazzo-Martinelli_Courtesy-Italics-the-artists-the-galleries.-Photo-\u00a9-Cosmo-Laera-300x251.jpg 300w, https:\/\/italics.art\/wp-content\/uploads\/2022\/09\/19_Stanley-Whitney_Panorama-Monopoli_Palazzo-Martinelli_Courtesy-Italics-the-artists-the-galleries.-Photo-\u00a9-Cosmo-Laera-150x126.jpg 150w, https:\/\/italics.art\/wp-content\/uploads\/2022\/09\/19_Stanley-Whitney_Panorama-Monopoli_Palazzo-Martinelli_Courtesy-Italics-the-artists-the-galleries.-Photo-\u00a9-Cosmo-Laera-768x643.jpg 768w\" sizes=\"auto, (max-width: 1024px) 100vw, 1024px\" \/><figcaption class=\"wp-element-caption\"><br>Stanley Whitney, <em>Howl<\/em>, 2022. Courtesy the artist and Gagosian<\/figcaption><\/figure>\n\n\n\n<figure class=\"wp-block-image size-large\"><img loading=\"lazy\" decoding=\"async\" width=\"768\" height=\"1024\" data-id=\"19149\" src=\"https:\/\/italics.art\/wp-content\/uploads\/2022\/09\/18_Carl-August-Wilhelm-Sommer_Panorama-Monopoli_Palazzo-Martinelli_Courtesy-Italics-the-artists-the-galleries.-Photo-\u00a9-Cosmo-Laera-768x1024.jpg\" alt=\"\" class=\"wp-image-19149\" srcset=\"https:\/\/italics.art\/wp-content\/uploads\/2022\/09\/18_Carl-August-Wilhelm-Sommer_Panorama-Monopoli_Palazzo-Martinelli_Courtesy-Italics-the-artists-the-galleries.-Photo-\u00a9-Cosmo-Laera-768x1024.jpg 768w, https:\/\/italics.art\/wp-content\/uploads\/2022\/09\/18_Carl-August-Wilhelm-Sommer_Panorama-Monopoli_Palazzo-Martinelli_Courtesy-Italics-the-artists-the-galleries.-Photo-\u00a9-Cosmo-Laera-225x300.jpg 225w, https:\/\/italics.art\/wp-content\/uploads\/2022\/09\/18_Carl-August-Wilhelm-Sommer_Panorama-Monopoli_Palazzo-Martinelli_Courtesy-Italics-the-artists-the-galleries.-Photo-\u00a9-Cosmo-Laera-113x150.jpg 113w\" sizes=\"auto, (max-width: 768px) 100vw, 768px\" \/><figcaption class=\"wp-element-caption\"><br>Carl August Wilhelm Sommer, <em>Psiche<\/em>, 1880-90. Courtesy Maurizio Nobile Fine Art<\/figcaption><\/figure>\n\n\n\n<figure class=\"wp-block-image size-large\"><img loading=\"lazy\" decoding=\"async\" width=\"1024\" height=\"768\" data-id=\"19146\" src=\"https:\/\/italics.art\/wp-content\/uploads\/2022\/09\/13_Gianni-Politi_Panorama-Monopoli_Palazzo-Martinelli_Courtesy-Italics-the-artists-the-galleries.-Photo-\u00a9-Cosmo-Laera-1024x768.jpg\" alt=\"\" class=\"wp-image-19146\" srcset=\"https:\/\/italics.art\/wp-content\/uploads\/2022\/09\/13_Gianni-Politi_Panorama-Monopoli_Palazzo-Martinelli_Courtesy-Italics-the-artists-the-galleries.-Photo-\u00a9-Cosmo-Laera-1024x768.jpg 1024w, https:\/\/italics.art\/wp-content\/uploads\/2022\/09\/13_Gianni-Politi_Panorama-Monopoli_Palazzo-Martinelli_Courtesy-Italics-the-artists-the-galleries.-Photo-\u00a9-Cosmo-Laera-300x225.jpg 300w, https:\/\/italics.art\/wp-content\/uploads\/2022\/09\/13_Gianni-Politi_Panorama-Monopoli_Palazzo-Martinelli_Courtesy-Italics-the-artists-the-galleries.-Photo-\u00a9-Cosmo-Laera-150x113.jpg 150w, https:\/\/italics.art\/wp-content\/uploads\/2022\/09\/13_Gianni-Politi_Panorama-Monopoli_Palazzo-Martinelli_Courtesy-Italics-the-artists-the-galleries.-Photo-\u00a9-Cosmo-Laera-768x576.jpg 768w\" sizes=\"auto, (max-width: 1024px) 100vw, 1024px\" \/><figcaption class=\"wp-element-caption\"><br>Gianni Politi, <em>Enter the Wolf King<\/em>; <em>My God is the Sun (after W.T.)<\/em>; <em>Noble Attitude (Pittura)<\/em>; <em>The Wolf King in the Moment of His Ascension<\/em>, 2019. Courtesy the artist and Galleria Lorcan O\u2019Neill<\/figcaption><\/figure>\n\n\n\n<figure class=\"wp-block-image size-large\"><img loading=\"lazy\" decoding=\"async\" width=\"1024\" height=\"768\" data-id=\"19152\" src=\"https:\/\/italics.art\/wp-content\/uploads\/2022\/09\/22_Panorama-Monopoli_Palazzo-Martinelli_Courtesy-Italics-the-artists-the-galleries.-Photo-\u00a9-Cosmo-Laera-1-1024x768.jpg\" alt=\"\" class=\"wp-image-19152\" srcset=\"https:\/\/italics.art\/wp-content\/uploads\/2022\/09\/22_Panorama-Monopoli_Palazzo-Martinelli_Courtesy-Italics-the-artists-the-galleries.-Photo-\u00a9-Cosmo-Laera-1-1024x768.jpg 1024w, https:\/\/italics.art\/wp-content\/uploads\/2022\/09\/22_Panorama-Monopoli_Palazzo-Martinelli_Courtesy-Italics-the-artists-the-galleries.-Photo-\u00a9-Cosmo-Laera-1-300x225.jpg 300w, https:\/\/italics.art\/wp-content\/uploads\/2022\/09\/22_Panorama-Monopoli_Palazzo-Martinelli_Courtesy-Italics-the-artists-the-galleries.-Photo-\u00a9-Cosmo-Laera-1-150x113.jpg 150w, https:\/\/italics.art\/wp-content\/uploads\/2022\/09\/22_Panorama-Monopoli_Palazzo-Martinelli_Courtesy-Italics-the-artists-the-galleries.-Photo-\u00a9-Cosmo-Laera-1-768x576.jpg 768w\" sizes=\"auto, (max-width: 1024px) 100vw, 1024px\" \/><figcaption class=\"wp-element-caption\"><br>Sam Falls, <em>Untitled<\/em>, 2022; <em>Beam 2<\/em>, <em>Fall Line (II)<\/em>, 2019. Courtesy the artist and Galleria Franco Noero \/ Giovanni Lanfranco, <em>Il bacio di Angelica e Medoro<\/em>, 1633-34. Courtesy Alessandra Di Castro<\/figcaption><\/figure>\n\n\n\n<figure class=\"wp-block-image size-large\"><img loading=\"lazy\" decoding=\"async\" width=\"1024\" height=\"768\" data-id=\"19155\" src=\"https:\/\/italics.art\/wp-content\/uploads\/2022\/09\/40_Francesco-Laurana-and-Nicola-Samori\u0300_Panorama-Monopoli_Palazzo-Martinelli_Courtesy-Italics-the-artists-the-galleries.-Photo-\u00a9-Cosmo-Laera-1-1024x768.jpg\" alt=\"\" class=\"wp-image-19155\" srcset=\"https:\/\/italics.art\/wp-content\/uploads\/2022\/09\/40_Francesco-Laurana-and-Nicola-Samori\u0300_Panorama-Monopoli_Palazzo-Martinelli_Courtesy-Italics-the-artists-the-galleries.-Photo-\u00a9-Cosmo-Laera-1-1024x768.jpg 1024w, https:\/\/italics.art\/wp-content\/uploads\/2022\/09\/40_Francesco-Laurana-and-Nicola-Samori\u0300_Panorama-Monopoli_Palazzo-Martinelli_Courtesy-Italics-the-artists-the-galleries.-Photo-\u00a9-Cosmo-Laera-1-300x225.jpg 300w, https:\/\/italics.art\/wp-content\/uploads\/2022\/09\/40_Francesco-Laurana-and-Nicola-Samori\u0300_Panorama-Monopoli_Palazzo-Martinelli_Courtesy-Italics-the-artists-the-galleries.-Photo-\u00a9-Cosmo-Laera-1-150x113.jpg 150w, https:\/\/italics.art\/wp-content\/uploads\/2022\/09\/40_Francesco-Laurana-and-Nicola-Samori\u0300_Panorama-Monopoli_Palazzo-Martinelli_Courtesy-Italics-the-artists-the-galleries.-Photo-\u00a9-Cosmo-Laera-1-768x576.jpg 768w\" sizes=\"auto, (max-width: 1024px) 100vw, 1024px\" \/><figcaption class=\"wp-element-caption\">Francesco Laurana, <em>Donor and architectural decorative elements<\/em>, 1472-74 \/ Nicola Samori\u0300, <em>Vergine della pietra<\/em>, 2022. Courtesy Galleria Porcini<\/figcaption><\/figure>\n\n\n\n<figure class=\"wp-block-image size-large\"><img loading=\"lazy\" decoding=\"async\" width=\"1024\" height=\"768\" data-id=\"19158\" src=\"https:\/\/italics.art\/wp-content\/uploads\/2022\/09\/38_Panorama-Monopoli_Palazzo-Martinelli_Courtesy-Italics-the-artists-the-galleries.-Photo-\u00a9-Cosmo-Laera-1024x768.jpg\" alt=\"\" class=\"wp-image-19158\" srcset=\"https:\/\/italics.art\/wp-content\/uploads\/2022\/09\/38_Panorama-Monopoli_Palazzo-Martinelli_Courtesy-Italics-the-artists-the-galleries.-Photo-\u00a9-Cosmo-Laera-1024x768.jpg 1024w, https:\/\/italics.art\/wp-content\/uploads\/2022\/09\/38_Panorama-Monopoli_Palazzo-Martinelli_Courtesy-Italics-the-artists-the-galleries.-Photo-\u00a9-Cosmo-Laera-300x225.jpg 300w, https:\/\/italics.art\/wp-content\/uploads\/2022\/09\/38_Panorama-Monopoli_Palazzo-Martinelli_Courtesy-Italics-the-artists-the-galleries.-Photo-\u00a9-Cosmo-Laera-150x113.jpg 150w, https:\/\/italics.art\/wp-content\/uploads\/2022\/09\/38_Panorama-Monopoli_Palazzo-Martinelli_Courtesy-Italics-the-artists-the-galleries.-Photo-\u00a9-Cosmo-Laera-768x576.jpg 768w\" sizes=\"auto, (max-width: 1024px) 100vw, 1024px\" \/><figcaption class=\"wp-element-caption\"><br>Alighiero Boetti, <em>Copertine (Anno 1984)<\/em>, 1984. Private Collection, Florence. Courtesy Tornabuoni Arte \/ Mimmo Rotella, <em>Comunicazioni internazionali<\/em>, 1992. Courtesy Cardi Gallery<\/figcaption><\/figure>\n\n\n\n<figure class=\"wp-block-image size-large\"><img decoding=\"async\" data-id=\"19161\" src=\"https:\/\/italics.art\/wp-content\/uploads\/2022\/09\/9_Panorama-Monopoli_Palazzo-Martinelli_Courtesy-Italics-the-artists-the-galleries.-Photo-\u00a9-Cosmo-Laera-1-1024x923.jpg\" alt=\"\" class=\"wp-image-19161\"\/><figcaption class=\"wp-element-caption\"><br><br>Carlo Manieri, Still life, II half of &#8216;600. Courtesy Galleria Carlo Orsi \/ Nathalie Djurberg &amp; Hans Berg, <em>Brown Egg<\/em>, 2013; <em>Piece of Egg Shell &amp; Turquoise Egg<\/em>, 2013. Courtesy the artists and Gi\u00f3 Marconi<\/figcaption><\/figure>\n\n\n\n<figure class=\"wp-block-image size-large\"><img decoding=\"async\" data-id=\"19164\" src=\"https:\/\/italics.art\/wp-content\/uploads\/2022\/09\/1_Aviva-Silverman_Panorama-Monopoli_Palazzo-Martinelli_Courtesy-Italics-the-artists-the-galleries.-Photo-\u00a9-Cosmo-Laera-826x1024.jpg\" alt=\"\" class=\"wp-image-19164\"\/><figcaption class=\"wp-element-caption\"><br>Aviva Silverman, <em>Other People\u2019s Dreams II<\/em>, 2022. Courtesy lthe artist and VEDA<\/figcaption><\/figure>\n\n\n\n<figure class=\"wp-block-image size-large\"><img loading=\"lazy\" decoding=\"async\" width=\"960\" height=\"1024\" data-id=\"19170\" src=\"https:\/\/italics.art\/wp-content\/uploads\/2022\/09\/3_Alfredo-Jaar_Panorama-Monopoli_Complesso-S.-Leonardo_Courtesy-Italics-the-artists-the-galleries.-Photo-\u00a9-Cosmo-Laera-960x1024.jpg\" alt=\"\" class=\"wp-image-19170\" srcset=\"https:\/\/italics.art\/wp-content\/uploads\/2022\/09\/3_Alfredo-Jaar_Panorama-Monopoli_Complesso-S.-Leonardo_Courtesy-Italics-the-artists-the-galleries.-Photo-\u00a9-Cosmo-Laera-960x1024.jpg 960w, https:\/\/italics.art\/wp-content\/uploads\/2022\/09\/3_Alfredo-Jaar_Panorama-Monopoli_Complesso-S.-Leonardo_Courtesy-Italics-the-artists-the-galleries.-Photo-\u00a9-Cosmo-Laera-281x300.jpg 281w, https:\/\/italics.art\/wp-content\/uploads\/2022\/09\/3_Alfredo-Jaar_Panorama-Monopoli_Complesso-S.-Leonardo_Courtesy-Italics-the-artists-the-galleries.-Photo-\u00a9-Cosmo-Laera-141x150.jpg 141w, https:\/\/italics.art\/wp-content\/uploads\/2022\/09\/3_Alfredo-Jaar_Panorama-Monopoli_Complesso-S.-Leonardo_Courtesy-Italics-the-artists-the-galleries.-Photo-\u00a9-Cosmo-Laera-768x819.jpg 768w\" sizes=\"auto, (max-width: 960px) 100vw, 960px\" \/><figcaption class=\"wp-element-caption\"><br>Alfredo Jaar, <em>Spheres of Influence<\/em>, 1990. Courtesy the artist and Galleria Lia Rumma<\/figcaption><\/figure>\n\n\n\n<figure class=\"wp-block-image size-large\"><img loading=\"lazy\" decoding=\"async\" width=\"768\" height=\"1024\" data-id=\"19174\" src=\"https:\/\/italics.art\/wp-content\/uploads\/2022\/09\/5_Diego-Miguel-Mirabella_Panorama-Monopoli_Complesso-S.-Leonardo_Courtesy-Italics-the-artists-the-galleries.-Photo-\u00a9-Cosmo-Laera-768x1024.jpg\" alt=\"\" class=\"wp-image-19174\" srcset=\"https:\/\/italics.art\/wp-content\/uploads\/2022\/09\/5_Diego-Miguel-Mirabella_Panorama-Monopoli_Complesso-S.-Leonardo_Courtesy-Italics-the-artists-the-galleries.-Photo-\u00a9-Cosmo-Laera-768x1024.jpg 768w, https:\/\/italics.art\/wp-content\/uploads\/2022\/09\/5_Diego-Miguel-Mirabella_Panorama-Monopoli_Complesso-S.-Leonardo_Courtesy-Italics-the-artists-the-galleries.-Photo-\u00a9-Cosmo-Laera-225x300.jpg 225w, https:\/\/italics.art\/wp-content\/uploads\/2022\/09\/5_Diego-Miguel-Mirabella_Panorama-Monopoli_Complesso-S.-Leonardo_Courtesy-Italics-the-artists-the-galleries.-Photo-\u00a9-Cosmo-Laera-113x150.jpg 113w\" sizes=\"auto, (max-width: 768px) 100vw, 768px\" \/><figcaption class=\"wp-element-caption\"><br>Diego Miguel Mirabella, <em>El asunto Miguel<\/em>, 2022. Courtesy the artist and Studio SALES di Norberto Ruggeri<\/figcaption><\/figure>\n\n\n\n<figure class=\"wp-block-image size-large\"><img loading=\"lazy\" decoding=\"async\" width=\"768\" height=\"1024\" data-id=\"19177\" src=\"https:\/\/italics.art\/wp-content\/uploads\/2022\/09\/10_Adelita-Husni-Bey_Panorama-Monopoli_Complesso-S.-Leonardo_Courtesy-Italics-the-artists-the-galleries.-Photo-\u00a9-Cosmo-Laera-768x1024.jpg\" alt=\"\" class=\"wp-image-19177\" srcset=\"https:\/\/italics.art\/wp-content\/uploads\/2022\/09\/10_Adelita-Husni-Bey_Panorama-Monopoli_Complesso-S.-Leonardo_Courtesy-Italics-the-artists-the-galleries.-Photo-\u00a9-Cosmo-Laera-768x1024.jpg 768w, https:\/\/italics.art\/wp-content\/uploads\/2022\/09\/10_Adelita-Husni-Bey_Panorama-Monopoli_Complesso-S.-Leonardo_Courtesy-Italics-the-artists-the-galleries.-Photo-\u00a9-Cosmo-Laera-225x300.jpg 225w, https:\/\/italics.art\/wp-content\/uploads\/2022\/09\/10_Adelita-Husni-Bey_Panorama-Monopoli_Complesso-S.-Leonardo_Courtesy-Italics-the-artists-the-galleries.-Photo-\u00a9-Cosmo-Laera-113x150.jpg 113w\" sizes=\"auto, (max-width: 768px) 100vw, 768px\" \/><figcaption class=\"wp-element-caption\"><br>Adelita Husni-Bey, <em>Encounters on Pain<\/em>, 2016-in corso. Courtesy the artist and Laveronica Arte Contemporanea<\/figcaption><\/figure>\n\n\n\n<figure class=\"wp-block-image size-large\"><img loading=\"lazy\" decoding=\"async\" width=\"894\" height=\"1024\" data-id=\"19180\" src=\"https:\/\/italics.art\/wp-content\/uploads\/2022\/09\/15_Franca-Marano\u0300_Panorama-Monopoli_Complesso-S.-Leonardo_Courtesy-Italics-the-artists-the-galleries.-Photo-\u00a9-Cosmo-Laera-894x1024.jpg\" alt=\"\" class=\"wp-image-19180\" srcset=\"https:\/\/italics.art\/wp-content\/uploads\/2022\/09\/15_Franca-Marano\u0300_Panorama-Monopoli_Complesso-S.-Leonardo_Courtesy-Italics-the-artists-the-galleries.-Photo-\u00a9-Cosmo-Laera-894x1024.jpg 894w, https:\/\/italics.art\/wp-content\/uploads\/2022\/09\/15_Franca-Marano\u0300_Panorama-Monopoli_Complesso-S.-Leonardo_Courtesy-Italics-the-artists-the-galleries.-Photo-\u00a9-Cosmo-Laera-262x300.jpg 262w, https:\/\/italics.art\/wp-content\/uploads\/2022\/09\/15_Franca-Marano\u0300_Panorama-Monopoli_Complesso-S.-Leonardo_Courtesy-Italics-the-artists-the-galleries.-Photo-\u00a9-Cosmo-Laera-131x150.jpg 131w, https:\/\/italics.art\/wp-content\/uploads\/2022\/09\/15_Franca-Marano\u0300_Panorama-Monopoli_Complesso-S.-Leonardo_Courtesy-Italics-the-artists-the-galleries.-Photo-\u00a9-Cosmo-Laera-768x879.jpg 768w\" sizes=\"auto, (max-width: 894px) 100vw, 894px\" \/><figcaption class=\"wp-element-caption\"><br>Franca Maran\u00f2, <em>Abiti Mentali<\/em>, 1977. Courtesy Richard Saltoun Gallery<\/figcaption><\/figure>\n\n\n\n<figure class=\"wp-block-image size-large\"><img loading=\"lazy\" decoding=\"async\" width=\"927\" height=\"1024\" data-id=\"19183\" src=\"https:\/\/italics.art\/wp-content\/uploads\/2022\/09\/23_Adele-Cioni_Panorama-Monopoli_Complesso-S.-Leonardo_Courtesy-Italics-the-artists-the-galleries.-Photo-\u00a9-Cosmo-Laera-927x1024.jpg\" alt=\"\" class=\"wp-image-19183\" srcset=\"https:\/\/italics.art\/wp-content\/uploads\/2022\/09\/23_Adele-Cioni_Panorama-Monopoli_Complesso-S.-Leonardo_Courtesy-Italics-the-artists-the-galleries.-Photo-\u00a9-Cosmo-Laera-927x1024.jpg 927w, https:\/\/italics.art\/wp-content\/uploads\/2022\/09\/23_Adele-Cioni_Panorama-Monopoli_Complesso-S.-Leonardo_Courtesy-Italics-the-artists-the-galleries.-Photo-\u00a9-Cosmo-Laera-272x300.jpg 272w, https:\/\/italics.art\/wp-content\/uploads\/2022\/09\/23_Adele-Cioni_Panorama-Monopoli_Complesso-S.-Leonardo_Courtesy-Italics-the-artists-the-galleries.-Photo-\u00a9-Cosmo-Laera-136x150.jpg 136w, https:\/\/italics.art\/wp-content\/uploads\/2022\/09\/23_Adele-Cioni_Panorama-Monopoli_Complesso-S.-Leonardo_Courtesy-Italics-the-artists-the-galleries.-Photo-\u00a9-Cosmo-Laera-768x848.jpg 768w\" sizes=\"auto, (max-width: 927px) 100vw, 927px\" \/><figcaption class=\"wp-element-caption\"><br>Adelaide Cioni, <em>\u00e0 propos de Bacchelli 5<\/em>, 2015. Courtesy the artist and P420<\/figcaption><\/figure>\n\n\n\n<figure class=\"wp-block-image size-large\"><img loading=\"lazy\" decoding=\"async\" width=\"1007\" height=\"1024\" data-id=\"19186\" src=\"https:\/\/italics.art\/wp-content\/uploads\/2022\/09\/24_Jieun-Lim_Panorama-Monopoli_Complesso-S.-Leonardo_Courtesy-Italics-the-artists-the-galleries.-Photo-\u00a9-Cosmo-Laera-1007x1024.jpg\" alt=\"\" class=\"wp-image-19186\" srcset=\"https:\/\/italics.art\/wp-content\/uploads\/2022\/09\/24_Jieun-Lim_Panorama-Monopoli_Complesso-S.-Leonardo_Courtesy-Italics-the-artists-the-galleries.-Photo-\u00a9-Cosmo-Laera-1007x1024.jpg 1007w, https:\/\/italics.art\/wp-content\/uploads\/2022\/09\/24_Jieun-Lim_Panorama-Monopoli_Complesso-S.-Leonardo_Courtesy-Italics-the-artists-the-galleries.-Photo-\u00a9-Cosmo-Laera-295x300.jpg 295w, https:\/\/italics.art\/wp-content\/uploads\/2022\/09\/24_Jieun-Lim_Panorama-Monopoli_Complesso-S.-Leonardo_Courtesy-Italics-the-artists-the-galleries.-Photo-\u00a9-Cosmo-Laera-148x150.jpg 148w, https:\/\/italics.art\/wp-content\/uploads\/2022\/09\/24_Jieun-Lim_Panorama-Monopoli_Complesso-S.-Leonardo_Courtesy-Italics-the-artists-the-galleries.-Photo-\u00a9-Cosmo-Laera-768x781.jpg 768w\" sizes=\"auto, (max-width: 1007px) 100vw, 1007px\" \/><figcaption class=\"wp-element-caption\"><br>Jieun Lim, <em>Dear and Dearest, chapter II<\/em>, 2020. Courtesy the artist and Ermes Ermes<\/figcaption><\/figure>\n\n\n\n<figure class=\"wp-block-image size-large\"><img loading=\"lazy\" decoding=\"async\" width=\"1024\" height=\"768\" data-id=\"19189\" src=\"https:\/\/italics.art\/wp-content\/uploads\/2022\/09\/31_Maria-Adele-Del-Vecchio_Panorama-Monopoli_Complesso-S.-Leonardo_Courtesy-Italics-the-artists-the-galleries.-Photo-\u00a9-Cosmo-Laera-1024x768.jpg\" alt=\"\" class=\"wp-image-19189\" srcset=\"https:\/\/italics.art\/wp-content\/uploads\/2022\/09\/31_Maria-Adele-Del-Vecchio_Panorama-Monopoli_Complesso-S.-Leonardo_Courtesy-Italics-the-artists-the-galleries.-Photo-\u00a9-Cosmo-Laera-1024x768.jpg 1024w, https:\/\/italics.art\/wp-content\/uploads\/2022\/09\/31_Maria-Adele-Del-Vecchio_Panorama-Monopoli_Complesso-S.-Leonardo_Courtesy-Italics-the-artists-the-galleries.-Photo-\u00a9-Cosmo-Laera-300x225.jpg 300w, https:\/\/italics.art\/wp-content\/uploads\/2022\/09\/31_Maria-Adele-Del-Vecchio_Panorama-Monopoli_Complesso-S.-Leonardo_Courtesy-Italics-the-artists-the-galleries.-Photo-\u00a9-Cosmo-Laera-150x113.jpg 150w, https:\/\/italics.art\/wp-content\/uploads\/2022\/09\/31_Maria-Adele-Del-Vecchio_Panorama-Monopoli_Complesso-S.-Leonardo_Courtesy-Italics-the-artists-the-galleries.-Photo-\u00a9-Cosmo-Laera-768x576.jpg 768w\" sizes=\"auto, (max-width: 1024px) 100vw, 1024px\" \/><figcaption class=\"wp-element-caption\"><br>Maria Adele Del Vecchio, <em>En ce temps-l\u00e0<\/em>, 2020-22. Courtesy the artist and Galleria Tiziana Di Caro<\/figcaption><\/figure>\n\n\n\n<figure class=\"wp-block-image size-large\"><img loading=\"lazy\" decoding=\"async\" width=\"768\" height=\"1024\" data-id=\"19192\" src=\"https:\/\/italics.art\/wp-content\/uploads\/2022\/09\/33_Runo-Lagomarsino_Panorama-Monopoli_Complesso-S.-Leonardo_Courtesy-Italics-the-artists-the-galleries.-Photo-\u00a9-Cosmo-Laera-768x1024.jpg\" alt=\"\" class=\"wp-image-19192\" srcset=\"https:\/\/italics.art\/wp-content\/uploads\/2022\/09\/33_Runo-Lagomarsino_Panorama-Monopoli_Complesso-S.-Leonardo_Courtesy-Italics-the-artists-the-galleries.-Photo-\u00a9-Cosmo-Laera-768x1024.jpg 768w, https:\/\/italics.art\/wp-content\/uploads\/2022\/09\/33_Runo-Lagomarsino_Panorama-Monopoli_Complesso-S.-Leonardo_Courtesy-Italics-the-artists-the-galleries.-Photo-\u00a9-Cosmo-Laera-225x300.jpg 225w, https:\/\/italics.art\/wp-content\/uploads\/2022\/09\/33_Runo-Lagomarsino_Panorama-Monopoli_Complesso-S.-Leonardo_Courtesy-Italics-the-artists-the-galleries.-Photo-\u00a9-Cosmo-Laera-113x150.jpg 113w\" sizes=\"auto, (max-width: 768px) 100vw, 768px\" \/><figcaption class=\"wp-element-caption\"><br>Runo Lagomarsino, <em>Europa Point<\/em>, 2019. Courtesy the artist and Francesca Minini<\/figcaption><\/figure>\n\n\n\n<figure class=\"wp-block-image size-large\"><img loading=\"lazy\" decoding=\"async\" width=\"936\" height=\"1024\" data-id=\"19199\" src=\"https:\/\/italics.art\/wp-content\/uploads\/2022\/09\/35_Franc\u0327ois-Morellet_Panorama-Monopoli_Complesso-S.-Leonardo_Courtesy-Italics-the-artists-the-galleries.-Photo-\u00a9-Cosmo-Laera-936x1024.jpg\" alt=\"\" class=\"wp-image-19199\" srcset=\"https:\/\/italics.art\/wp-content\/uploads\/2022\/09\/35_Franc\u0327ois-Morellet_Panorama-Monopoli_Complesso-S.-Leonardo_Courtesy-Italics-the-artists-the-galleries.-Photo-\u00a9-Cosmo-Laera-936x1024.jpg 936w, https:\/\/italics.art\/wp-content\/uploads\/2022\/09\/35_Franc\u0327ois-Morellet_Panorama-Monopoli_Complesso-S.-Leonardo_Courtesy-Italics-the-artists-the-galleries.-Photo-\u00a9-Cosmo-Laera-274x300.jpg 274w, https:\/\/italics.art\/wp-content\/uploads\/2022\/09\/35_Franc\u0327ois-Morellet_Panorama-Monopoli_Complesso-S.-Leonardo_Courtesy-Italics-the-artists-the-galleries.-Photo-\u00a9-Cosmo-Laera-137x150.jpg 137w, https:\/\/italics.art\/wp-content\/uploads\/2022\/09\/35_Franc\u0327ois-Morellet_Panorama-Monopoli_Complesso-S.-Leonardo_Courtesy-Italics-the-artists-the-galleries.-Photo-\u00a9-Cosmo-Laera-768x840.jpg 768w\" sizes=\"auto, (max-width: 936px) 100vw, 936px\" \/><figcaption class=\"wp-element-caption\"><br>Fran\u00e7ois Morellet, <em>\u03c0 piquant neonly n\u00b09 1=6\u00b0<\/em>, 2007; <em>\u03c0 piquant neonly n\u00b010 1=10\u00b0<\/em>, 2008. Courtesy A arte Invernizzi<\/figcaption><\/figure>\n\n\n\n<figure class=\"wp-block-image size-large\"><img loading=\"lazy\" decoding=\"async\" width=\"1024\" height=\"768\" data-id=\"19221\" src=\"https:\/\/italics.art\/wp-content\/uploads\/2022\/09\/2_Ann-Veronica-Janssens_Panorama-Monopoli_Palazzo-Bregante_Courtesy-Italics-the-artists-the-galleries.-Photo-\u00a9-Cosmo-Laera-1024x768.jpg\" alt=\"\" class=\"wp-image-19221\" srcset=\"https:\/\/italics.art\/wp-content\/uploads\/2022\/09\/2_Ann-Veronica-Janssens_Panorama-Monopoli_Palazzo-Bregante_Courtesy-Italics-the-artists-the-galleries.-Photo-\u00a9-Cosmo-Laera-1024x768.jpg 1024w, https:\/\/italics.art\/wp-content\/uploads\/2022\/09\/2_Ann-Veronica-Janssens_Panorama-Monopoli_Palazzo-Bregante_Courtesy-Italics-the-artists-the-galleries.-Photo-\u00a9-Cosmo-Laera-300x225.jpg 300w, https:\/\/italics.art\/wp-content\/uploads\/2022\/09\/2_Ann-Veronica-Janssens_Panorama-Monopoli_Palazzo-Bregante_Courtesy-Italics-the-artists-the-galleries.-Photo-\u00a9-Cosmo-Laera-150x113.jpg 150w, https:\/\/italics.art\/wp-content\/uploads\/2022\/09\/2_Ann-Veronica-Janssens_Panorama-Monopoli_Palazzo-Bregante_Courtesy-Italics-the-artists-the-galleries.-Photo-\u00a9-Cosmo-Laera-768x576.jpg 768w\" sizes=\"auto, (max-width: 1024px) 100vw, 1024px\" \/><figcaption class=\"wp-element-caption\"><br>Ann Veronica Janssens, <em>Blanchette<\/em>, 2007. Courtesy the artist and Alfonso Artiaco<\/figcaption><\/figure>\n<figcaption class=\"blocks-gallery-caption wp-element-caption\">All photo: Cosmo Laera<\/figcaption><\/figure>\n\n\n\n<div class=\"wp-block-uagb-columns uagb-columns__wrap uagb-columns__background-none uagb-columns__stack-mobile uagb-columns__valign- uagb-columns__gap-10 align uagb-block-5f4c3d40 uagb-columns__columns-1 uagb-columns__max_width-custom mb-4 mb-md-5\"><div class=\"uagb-columns__overlay\"><\/div><div class=\"uagb-columns__inner-wrap uagb-columns__columns-1\">\n<div class=\"wp-block-uagb-column uagb-column__wrap uagb-column__background-undefined uagb-block-41e35d07 offset-1 offset-md-5\"><div class=\"uagb-column__overlay\"><\/div>\n<p class=\"has-medium-font-size\"><strong>Seven performances <\/strong>wowed the public, involving people in one-of-a-kind activities and experiences. &nbsp;<\/p>\n\n\n\n<p class=\"has-medium-font-size\">In the full Italics spirit of offering authentic experiences to discover the traditions and soul of the territory that is hosting the multi-venue exhibition, <strong>a symbolic act kicked off Panorama Monopoli: <\/strong>participation in an event held every year in <strong>Cala di Porta Vecchia. <\/strong>At dawn on September 1, in <strong>Cala di Porta Vecchia<\/strong>, <strong>Massimo Vitali<\/strong> offered the public the unique opportunity to take part in a traditional rite widespread among the inhabitants of some municipalities of the Costa dei Trulli and Valle d&#8217;Itria, considered auspicious: a ritual and symbolic collective plunge into the sea, immortalized by his camera as an everlasting testimony of this magical moment and a continuation of the photographic series on Italian beaches.<\/p>\n\n\n\n<p class=\"has-medium-font-size\">Each day at the Complex of San Leonardo, <strong>Franca Maran\u00f2<\/strong>&#8216;s \u201c<strong>Abiti mentali<\/strong>\u201d (1977) were reactivated, while in the afternoon visitors were regaled with tales focusing on the traditions of southern Italy by <strong>Maria Adele Del Vecchio<\/strong> with \u201c<strong>En ce temps-l\u00e0<\/strong>\u201d (2020-22). <strong>Adelita Husni-Bey<\/strong>&#8216;s individual sessions mapped out the pain of each of the participants in &#8220;<strong>Encounters on Pain<\/strong>&#8221; (2016-ongoing). Francesco Arena&#8217;s \u201c<strong>Altalena<\/strong>\u201d (2022), on the other hand, suggested novel, unusual perspectives by swinging between centuries of art in the comparison between <strong>Lorenzo Lippi<\/strong>&#8216;s \u201c<strong>Madonna con il bambino e San Giovannino<\/strong>\u201d (1606-65) and <strong>Marisa Merz<\/strong>&#8216;s work, \u201c<strong>Untitled<\/strong>\u201d (undated) in the Church of San Nicola de Pinna in the underground part of Castello Carlo V. New patterns of aggregation and spontaneous design were generated with informal poker games held by <strong>Eugenio Tibaldi <\/strong>in &#8220;<strong>Cuba casin\u00f2<\/strong>&#8221; in the Cloisters of Palazzo San Martino.<\/p>\n\n\n\n<p class=\"has-medium-font-size\">Finally, <strong>Michelangelo Pistoletto<\/strong> orchestrated a grand collective celebration, with marching bands, the Banda del Giubileo, passing through city alleys and the creation of a &#8220;<strong>Third Paradise<\/strong>&#8221; at Largo Palmieri, where the phrase &#8220;Love Difference&#8221; in different languages turned the square into an open-air dance floor.<\/p>\n<\/div>\n<\/div><\/div>\n\n\n\n<figure class=\"wp-block-gallery has-nested-images columns-default is-cropped uag-masonry uagb-block-523c6f76 wp-block-gallery-2 is-layout-flex wp-block-gallery-is-layout-flex\">\n<figure class=\"wp-block-image size-large\"><img loading=\"lazy\" decoding=\"async\" width=\"1024\" height=\"683\" data-id=\"18937\" src=\"https:\/\/italics.art\/wp-content\/uploads\/2022\/09\/DSCF1734_Performance-Eugenio-Tibaldi_Panorama-Monopoli_Chiostro-S.Martino_Courtesy-ITALICS-the-artists-the-galleries_Photo-\u00a9-Piero-Percoco-and-Mirko-Ostuni-1024x683.jpg\" alt=\"\" class=\"wp-image-18937\" srcset=\"https:\/\/italics.art\/wp-content\/uploads\/2022\/09\/DSCF1734_Performance-Eugenio-Tibaldi_Panorama-Monopoli_Chiostro-S.Martino_Courtesy-ITALICS-the-artists-the-galleries_Photo-\u00a9-Piero-Percoco-and-Mirko-Ostuni-1024x683.jpg 1024w, https:\/\/italics.art\/wp-content\/uploads\/2022\/09\/DSCF1734_Performance-Eugenio-Tibaldi_Panorama-Monopoli_Chiostro-S.Martino_Courtesy-ITALICS-the-artists-the-galleries_Photo-\u00a9-Piero-Percoco-and-Mirko-Ostuni-300x200.jpg 300w, https:\/\/italics.art\/wp-content\/uploads\/2022\/09\/DSCF1734_Performance-Eugenio-Tibaldi_Panorama-Monopoli_Chiostro-S.Martino_Courtesy-ITALICS-the-artists-the-galleries_Photo-\u00a9-Piero-Percoco-and-Mirko-Ostuni-150x100.jpg 150w, https:\/\/italics.art\/wp-content\/uploads\/2022\/09\/DSCF1734_Performance-Eugenio-Tibaldi_Panorama-Monopoli_Chiostro-S.Martino_Courtesy-ITALICS-the-artists-the-galleries_Photo-\u00a9-Piero-Percoco-and-Mirko-Ostuni-768x512.jpg 768w\" sizes=\"auto, (max-width: 1024px) 100vw, 1024px\" \/><figcaption class=\"wp-element-caption\"><br>Eugenio Tibaldi, <em>Cuba Casin\u00f2, 2015<\/em>. Chiostro Palazzo S. Martino. Photo: Piero Percoco<\/figcaption><\/figure>\n\n\n\n<figure class=\"wp-block-image size-large\"><img loading=\"lazy\" decoding=\"async\" width=\"1024\" height=\"683\" data-id=\"18938\" src=\"https:\/\/italics.art\/wp-content\/uploads\/2022\/09\/DSCF1903_Performance-Pistoletto_Panorama-Monopoli_Il-Terzo-Paradiso-Love-Difference_03.09.22_Piazza-Palmieri_Photo-\u00a9-Piero-Percoco-and-Mirko-Ostuni_Courtesy-ITALICS-the-artists-the-galleries-1024x683.jpg\" alt=\"\" class=\"wp-image-18938\" srcset=\"https:\/\/italics.art\/wp-content\/uploads\/2022\/09\/DSCF1903_Performance-Pistoletto_Panorama-Monopoli_Il-Terzo-Paradiso-Love-Difference_03.09.22_Piazza-Palmieri_Photo-\u00a9-Piero-Percoco-and-Mirko-Ostuni_Courtesy-ITALICS-the-artists-the-galleries-1024x683.jpg 1024w, https:\/\/italics.art\/wp-content\/uploads\/2022\/09\/DSCF1903_Performance-Pistoletto_Panorama-Monopoli_Il-Terzo-Paradiso-Love-Difference_03.09.22_Piazza-Palmieri_Photo-\u00a9-Piero-Percoco-and-Mirko-Ostuni_Courtesy-ITALICS-the-artists-the-galleries-300x200.jpg 300w, https:\/\/italics.art\/wp-content\/uploads\/2022\/09\/DSCF1903_Performance-Pistoletto_Panorama-Monopoli_Il-Terzo-Paradiso-Love-Difference_03.09.22_Piazza-Palmieri_Photo-\u00a9-Piero-Percoco-and-Mirko-Ostuni_Courtesy-ITALICS-the-artists-the-galleries-150x100.jpg 150w, https:\/\/italics.art\/wp-content\/uploads\/2022\/09\/DSCF1903_Performance-Pistoletto_Panorama-Monopoli_Il-Terzo-Paradiso-Love-Difference_03.09.22_Piazza-Palmieri_Photo-\u00a9-Piero-Percoco-and-Mirko-Ostuni_Courtesy-ITALICS-the-artists-the-galleries-768x512.jpg 768w\" sizes=\"auto, (max-width: 1024px) 100vw, 1024px\" \/><figcaption class=\"wp-element-caption\">Michelangelo Pistoletto, <em>Terzo Paradiso Love Difference, 2022<\/em>, Largo Palmieri. Photo: Piero Percoco<\/figcaption><\/figure>\n\n\n\n<figure class=\"wp-block-image size-large\"><img loading=\"lazy\" decoding=\"async\" width=\"956\" height=\"1024\" data-id=\"18936\" src=\"https:\/\/italics.art\/wp-content\/uploads\/2022\/09\/3_Performance-Pistoletto_Panorama-Monopoli_Il-Terzo-Paradiso-Love-Difference_03.09.22_Piazza-Palmieri_Photo-\u00a9-Cosmo-Laera_Courtesy-ITALICS-the-artists-the-galleries-956x1024.jpg\" alt=\"\" class=\"wp-image-18936\" srcset=\"https:\/\/italics.art\/wp-content\/uploads\/2022\/09\/3_Performance-Pistoletto_Panorama-Monopoli_Il-Terzo-Paradiso-Love-Difference_03.09.22_Piazza-Palmieri_Photo-\u00a9-Cosmo-Laera_Courtesy-ITALICS-the-artists-the-galleries-956x1024.jpg 956w, https:\/\/italics.art\/wp-content\/uploads\/2022\/09\/3_Performance-Pistoletto_Panorama-Monopoli_Il-Terzo-Paradiso-Love-Difference_03.09.22_Piazza-Palmieri_Photo-\u00a9-Cosmo-Laera_Courtesy-ITALICS-the-artists-the-galleries-280x300.jpg 280w, https:\/\/italics.art\/wp-content\/uploads\/2022\/09\/3_Performance-Pistoletto_Panorama-Monopoli_Il-Terzo-Paradiso-Love-Difference_03.09.22_Piazza-Palmieri_Photo-\u00a9-Cosmo-Laera_Courtesy-ITALICS-the-artists-the-galleries-140x150.jpg 140w, https:\/\/italics.art\/wp-content\/uploads\/2022\/09\/3_Performance-Pistoletto_Panorama-Monopoli_Il-Terzo-Paradiso-Love-Difference_03.09.22_Piazza-Palmieri_Photo-\u00a9-Cosmo-Laera_Courtesy-ITALICS-the-artists-the-galleries-768x823.jpg 768w\" sizes=\"auto, (max-width: 956px) 100vw, 956px\" \/><figcaption class=\"wp-element-caption\"><br>Michelangelo Pistoletto, <em>Terzo Paradiso Love Difference, 2022<\/em>, Largo Palmieri. Photo Cosmo Laera<\/figcaption><\/figure>\n\n\n\n<figure class=\"wp-block-image size-large\"><img loading=\"lazy\" decoding=\"async\" width=\"1024\" height=\"683\" data-id=\"18927\" src=\"https:\/\/italics.art\/wp-content\/uploads\/2022\/09\/L1000407_Panorama-Monopoli_Performance-Vitali-01.09.22_Photo-\u00a9-Piero-Percoco-and-Mirko-Ostuni_Courtesy-ITALICS-the-galleries-the-artists-1024x683.jpg\" alt=\"\" class=\"wp-image-18927\" srcset=\"https:\/\/italics.art\/wp-content\/uploads\/2022\/09\/L1000407_Panorama-Monopoli_Performance-Vitali-01.09.22_Photo-\u00a9-Piero-Percoco-and-Mirko-Ostuni_Courtesy-ITALICS-the-galleries-the-artists-1024x683.jpg 1024w, https:\/\/italics.art\/wp-content\/uploads\/2022\/09\/L1000407_Panorama-Monopoli_Performance-Vitali-01.09.22_Photo-\u00a9-Piero-Percoco-and-Mirko-Ostuni_Courtesy-ITALICS-the-galleries-the-artists-300x200.jpg 300w, https:\/\/italics.art\/wp-content\/uploads\/2022\/09\/L1000407_Panorama-Monopoli_Performance-Vitali-01.09.22_Photo-\u00a9-Piero-Percoco-and-Mirko-Ostuni_Courtesy-ITALICS-the-galleries-the-artists-150x100.jpg 150w, https:\/\/italics.art\/wp-content\/uploads\/2022\/09\/L1000407_Panorama-Monopoli_Performance-Vitali-01.09.22_Photo-\u00a9-Piero-Percoco-and-Mirko-Ostuni_Courtesy-ITALICS-the-galleries-the-artists-768x512.jpg 768w\" sizes=\"auto, (max-width: 1024px) 100vw, 1024px\" \/><figcaption class=\"wp-element-caption\"><br>Massimo Vitali, <em>Cooking Show <\/em>Cala Portavecchia. Photo: Piero Percoco<\/figcaption><\/figure>\n\n\n\n<figure class=\"wp-block-image size-large\"><img loading=\"lazy\" decoding=\"async\" width=\"682\" height=\"1024\" data-id=\"18929\" src=\"https:\/\/italics.art\/wp-content\/uploads\/2022\/09\/DSCF6819_Performance-Maria-Adele-Del-Vecchio_Panorama-Monopoli_Complesso-San-Leonardo_Courtesy-ITALICS-the-artists-the-galleries_Photo-\u00a9-Piero-Percoco-and-Mirko-Ostuni-682x1024.jpeg\" alt=\"\" class=\"wp-image-18929\" srcset=\"https:\/\/italics.art\/wp-content\/uploads\/2022\/09\/DSCF6819_Performance-Maria-Adele-Del-Vecchio_Panorama-Monopoli_Complesso-San-Leonardo_Courtesy-ITALICS-the-artists-the-galleries_Photo-\u00a9-Piero-Percoco-and-Mirko-Ostuni-682x1024.jpeg 682w, https:\/\/italics.art\/wp-content\/uploads\/2022\/09\/DSCF6819_Performance-Maria-Adele-Del-Vecchio_Panorama-Monopoli_Complesso-San-Leonardo_Courtesy-ITALICS-the-artists-the-galleries_Photo-\u00a9-Piero-Percoco-and-Mirko-Ostuni-200x300.jpeg 200w, https:\/\/italics.art\/wp-content\/uploads\/2022\/09\/DSCF6819_Performance-Maria-Adele-Del-Vecchio_Panorama-Monopoli_Complesso-San-Leonardo_Courtesy-ITALICS-the-artists-the-galleries_Photo-\u00a9-Piero-Percoco-and-Mirko-Ostuni-100x150.jpeg 100w, https:\/\/italics.art\/wp-content\/uploads\/2022\/09\/DSCF6819_Performance-Maria-Adele-Del-Vecchio_Panorama-Monopoli_Complesso-San-Leonardo_Courtesy-ITALICS-the-artists-the-galleries_Photo-\u00a9-Piero-Percoco-and-Mirko-Ostuni-768x1152.jpeg 768w, https:\/\/italics.art\/wp-content\/uploads\/2022\/09\/DSCF6819_Performance-Maria-Adele-Del-Vecchio_Panorama-Monopoli_Complesso-San-Leonardo_Courtesy-ITALICS-the-artists-the-galleries_Photo-\u00a9-Piero-Percoco-and-Mirko-Ostuni.jpeg 853w\" sizes=\"auto, (max-width: 682px) 100vw, 682px\" \/><figcaption class=\"wp-element-caption\"><br>Maria Adele Del Vecchio, <em>En ce temps-l\u00e0<\/em>, 2020-22, Complesso S. Leonardo. Photo: Piero Percoco<\/figcaption><\/figure>\n<\/figure>\n\n\n\n<div class=\"wp-block-uagb-columns uagb-columns__wrap uagb-columns__background-none uagb-columns__stack-mobile uagb-columns__valign- uagb-columns__gap-10 align uagb-block-3459807e uagb-columns__columns-2 uagb-columns__max_width-custom mb-4 mb-md-5\"><div class=\"uagb-columns__overlay\"><\/div><div class=\"uagb-columns__inner-wrap uagb-columns__columns-2\">\n<div class=\"wp-block-uagb-column uagb-column__wrap uagb-column__background-undefined uagb-block-1a675818 offset-md-1\"><div class=\"uagb-column__overlay\"><\/div>\n<h3 class=\"wp-block-heading\"><\/h3>\n\n\n\n<figure class=\"wp-block-image size-large\"><img loading=\"lazy\" decoding=\"async\" width=\"1024\" height=\"572\" src=\"https:\/\/italics.art\/wp-content\/uploads\/2022\/04\/20220412_header-newsletter_Tavola-disegno-1-02-1024x572.png\" alt=\"\" class=\"wp-image-16638\" srcset=\"https:\/\/italics.art\/wp-content\/uploads\/2022\/04\/20220412_header-newsletter_Tavola-disegno-1-02-1024x572.png 1024w, https:\/\/italics.art\/wp-content\/uploads\/2022\/04\/20220412_header-newsletter_Tavola-disegno-1-02-300x168.png 300w, https:\/\/italics.art\/wp-content\/uploads\/2022\/04\/20220412_header-newsletter_Tavola-disegno-1-02-150x84.png 150w, https:\/\/italics.art\/wp-content\/uploads\/2022\/04\/20220412_header-newsletter_Tavola-disegno-1-02-768x429.png 768w\" sizes=\"auto, (max-width: 1024px) 100vw, 1024px\" \/><\/figure>\n<\/div>\n\n\n\n<div class=\"wp-block-uagb-column uagb-column__wrap uagb-column__background-undefined uagb-block-8ff1d03f\"><div class=\"uagb-column__overlay\"><\/div>\n<p class=\"has-medium-font-size\">As with the previous edition, ITALICS came up with <strong>two special projects<\/strong> this year as well.<\/p>\n\n\n\n<p class=\"has-medium-font-size\">The first was the awarding of the <strong>Italics d&#8217;Oro<\/strong> to commemorate the career of an artist so fundamental to the local area, <strong>Lisetta Carmi<\/strong> (Genoa, 1924 &#8211; Cisternino (BA), 2022). The prize was <strong>presented on Thursday, September 1, 2022, at the end of the press conference to Gianni Martini<\/strong>, as President of the Lisetta Carmi Estate and Archive. Lisetta Carmi&#8217;s work was featured in an exhibition developed in collaboration with the international photography and art festival PhEST &#8211; See Beyond the Sea, which included a selection of never-before-seen shots taken in 1960 between Puglia and Basilicata.<\/p>\n<\/div>\n<\/div><\/div>\n\n\n\n<figure class=\"wp-block-image size-large\"><img loading=\"lazy\" decoding=\"async\" width=\"1024\" height=\"683\" src=\"https:\/\/italics.art\/wp-content\/uploads\/2022\/09\/DSCF1743-1024x683.jpeg\" alt=\"\" class=\"wp-image-18947\" srcset=\"https:\/\/italics.art\/wp-content\/uploads\/2022\/09\/DSCF1743-1024x683.jpeg 1024w, https:\/\/italics.art\/wp-content\/uploads\/2022\/09\/DSCF1743-300x200.jpeg 300w, https:\/\/italics.art\/wp-content\/uploads\/2022\/09\/DSCF1743-150x100.jpeg 150w, https:\/\/italics.art\/wp-content\/uploads\/2022\/09\/DSCF1743-768x512.jpeg 768w\" sizes=\"auto, (max-width: 1024px) 100vw, 1024px\" \/><figcaption class=\"wp-element-caption\">Panorama Monopoli tote bag conceived by Francesco Arena. Photo: Piero Percoco<\/figcaption><\/figure>\n\n\n\n<div class=\"wp-block-uagb-columns uagb-columns__wrap uagb-columns__background-none uagb-columns__stack-mobile uagb-columns__valign- uagb-columns__gap-10 align uagb-block-d8bba493 uagb-columns__columns-1 uagb-columns__max_width-custom mb-4 mb-md-5\"><div class=\"uagb-columns__overlay\"><\/div><div class=\"uagb-columns__inner-wrap uagb-columns__columns-1\">\n<div class=\"wp-block-uagb-column uagb-column__wrap uagb-column__background-undefined uagb-block-c8f1eb9f offset-1 offset-md-5\"><div class=\"uagb-column__overlay\"><\/div>\n<p class=\"has-medium-font-size\">The second project involved an invitation to artist <strong>Francesco Arena<\/strong> to create symbols that would accompany &#8220;Panorama&#8221; and its visitors during the entire exhibition, but also at the end of the exhibition. These were seen on the tote bags and manufactured by Bonotto and on the t-shirts worn by the <strong>cultural mediators, students and teachers from the Liceo Artistico Luigi Russo<\/strong>, Monopoli, whose efforts were indispensable in guiding visitors in discovering the works on display.<\/p>\n\n\n\n<p class=\"has-medium-font-size\"><\/p>\n<\/div>\n<\/div><\/div>\n\n\n<div class=\"wp-block-image\">\n<figure class=\"aligncenter size-large\"><img loading=\"lazy\" decoding=\"async\" width=\"1024\" height=\"683\" src=\"https:\/\/italics.art\/wp-content\/uploads\/2022\/09\/DSCF1803-1024x683.jpeg\" alt=\"\" class=\"wp-image-18944\" srcset=\"https:\/\/italics.art\/wp-content\/uploads\/2022\/09\/DSCF1803-1024x683.jpeg 1024w, https:\/\/italics.art\/wp-content\/uploads\/2022\/09\/DSCF1803-300x200.jpeg 300w, https:\/\/italics.art\/wp-content\/uploads\/2022\/09\/DSCF1803-150x100.jpeg 150w, https:\/\/italics.art\/wp-content\/uploads\/2022\/09\/DSCF1803-768x512.jpeg 768w\" sizes=\"auto, (max-width: 1024px) 100vw, 1024px\" \/><figcaption class=\"wp-element-caption\">Panorama Monopoli t-shirt by Francesco Arena worn by the cultural mediators from Liceo Artistico Luigi Russo. Photo: Piero Percoco<\/figcaption><\/figure>\n<\/div>\n\n\n<div class=\"wp-block-uagb-columns uagb-columns__wrap uagb-columns__background-none uagb-columns__stack-mobile uagb-columns__valign- uagb-columns__gap-10 align uagb-block-51019295 uagb-columns__columns-2 uagb-columns__max_width-custom mb-4 mb-md-5\"><div class=\"uagb-columns__overlay\"><\/div><div class=\"uagb-columns__inner-wrap uagb-columns__columns-2\">\n<div class=\"wp-block-uagb-column uagb-column__wrap uagb-column__background-undefined uagb-block-d8a14b4a offset-md-1\"><div class=\"uagb-column__overlay\"><\/div>\n<h3 class=\"wp-block-heading\"><a href=\"https:\/\/italics.art\/en\/panorama-monopoli-agenda\/\">Panorama Monopoli<br>Public Program<\/a><\/h3>\n<\/div>\n\n\n\n<div class=\"wp-block-uagb-column uagb-column__wrap uagb-column__background-undefined uagb-block-814c8105\"><div class=\"uagb-column__overlay\"><\/div>\n<p class=\"has-medium-font-size\">The &#8220;Panorama Monopoli&#8221; Public Program was devised in conjunction with Treccani Arte and entitled &#8220;<strong>Puglia e le arti<\/strong>&#8220;. A calendar of three morning appointments at the Porto Antico to hear the views of special guests on the relationship between the region and the languages of contemporaneity. <strong>Massimo Bray<\/strong>, Editorial Director of the Istituto dell\u2019Enciclopedia Italiana, founded by Giovanni Treccani in conversation with Vincenzo de Bellis kicked off the cycle, followed by <strong>Eva Degl&#8217;Innocenti<\/strong>, director of the Museo Archeologico Nazionale, Taranto and the Musei Comunali, Bologna, and <strong>Sergio Rubini<\/strong>, actor, director and screenwriter.<\/p>\n<\/div>\n<\/div><\/div>\n\n\n\n<figure class=\"wp-block-gallery has-nested-images columns-default is-cropped uag-masonry uagb-block-52faa046 wp-block-gallery-3 is-layout-flex wp-block-gallery-is-layout-flex\">\n<figure class=\"wp-block-image size-large\"><img loading=\"lazy\" decoding=\"async\" width=\"1024\" height=\"684\" data-id=\"18965\" src=\"https:\/\/italics.art\/wp-content\/uploads\/2022\/09\/L1000652-1024x684.jpeg\" alt=\"\" class=\"wp-image-18965\" srcset=\"https:\/\/italics.art\/wp-content\/uploads\/2022\/09\/L1000652-1024x684.jpeg 1024w, https:\/\/italics.art\/wp-content\/uploads\/2022\/09\/L1000652-300x200.jpeg 300w, https:\/\/italics.art\/wp-content\/uploads\/2022\/09\/L1000652-150x100.jpeg 150w, https:\/\/italics.art\/wp-content\/uploads\/2022\/09\/L1000652-768x513.jpeg 768w\" sizes=\"auto, (max-width: 1024px) 100vw, 1024px\" \/><\/figure>\n\n\n\n<figure class=\"wp-block-image size-large\"><img loading=\"lazy\" decoding=\"async\" width=\"1024\" height=\"682\" data-id=\"18968\" src=\"https:\/\/italics.art\/wp-content\/uploads\/2022\/09\/DSCF6714-2-1024x682.jpeg\" alt=\"\" class=\"wp-image-18968\" srcset=\"https:\/\/italics.art\/wp-content\/uploads\/2022\/09\/DSCF6714-2-1024x682.jpeg 1024w, https:\/\/italics.art\/wp-content\/uploads\/2022\/09\/DSCF6714-2-300x200.jpeg 300w, https:\/\/italics.art\/wp-content\/uploads\/2022\/09\/DSCF6714-2-150x100.jpeg 150w, https:\/\/italics.art\/wp-content\/uploads\/2022\/09\/DSCF6714-2-768x512.jpeg 768w\" sizes=\"auto, (max-width: 1024px) 100vw, 1024px\" \/><\/figure>\n\n\n\n<figure class=\"wp-block-image size-large\"><img loading=\"lazy\" decoding=\"async\" width=\"682\" height=\"1024\" data-id=\"18958\" src=\"https:\/\/italics.art\/wp-content\/uploads\/2022\/09\/DSCF6638-682x1024.jpeg\" alt=\"\" class=\"wp-image-18958\" srcset=\"https:\/\/italics.art\/wp-content\/uploads\/2022\/09\/DSCF6638-682x1024.jpeg 682w, https:\/\/italics.art\/wp-content\/uploads\/2022\/09\/DSCF6638-200x300.jpeg 200w, https:\/\/italics.art\/wp-content\/uploads\/2022\/09\/DSCF6638-100x150.jpeg 100w, https:\/\/italics.art\/wp-content\/uploads\/2022\/09\/DSCF6638-768x1152.jpeg 768w, https:\/\/italics.art\/wp-content\/uploads\/2022\/09\/DSCF6638-1024x1536.jpeg 1024w\" sizes=\"auto, (max-width: 682px) 100vw, 682px\" \/><\/figure>\n\n\n\n<figure class=\"wp-block-image size-large\"><img loading=\"lazy\" decoding=\"async\" width=\"682\" height=\"1024\" data-id=\"18959\" src=\"https:\/\/italics.art\/wp-content\/uploads\/2022\/09\/DSCF6640-682x1024.jpeg\" alt=\"\" class=\"wp-image-18959\" srcset=\"https:\/\/italics.art\/wp-content\/uploads\/2022\/09\/DSCF6640-682x1024.jpeg 682w, https:\/\/italics.art\/wp-content\/uploads\/2022\/09\/DSCF6640-200x300.jpeg 200w, https:\/\/italics.art\/wp-content\/uploads\/2022\/09\/DSCF6640-100x150.jpeg 100w, https:\/\/italics.art\/wp-content\/uploads\/2022\/09\/DSCF6640-768x1152.jpeg 768w, https:\/\/italics.art\/wp-content\/uploads\/2022\/09\/DSCF6640-1024x1536.jpeg 1024w\" sizes=\"auto, (max-width: 682px) 100vw, 682px\" \/><\/figure>\n\n\n\n<figure class=\"wp-block-image size-large\"><img loading=\"lazy\" decoding=\"async\" width=\"683\" height=\"1024\" data-id=\"18964\" src=\"https:\/\/italics.art\/wp-content\/uploads\/2022\/09\/DSCF66199-683x1024.jpeg\" alt=\"\" class=\"wp-image-18964\" srcset=\"https:\/\/italics.art\/wp-content\/uploads\/2022\/09\/DSCF66199-683x1024.jpeg 683w, https:\/\/italics.art\/wp-content\/uploads\/2022\/09\/DSCF66199-200x300.jpeg 200w, https:\/\/italics.art\/wp-content\/uploads\/2022\/09\/DSCF66199-100x150.jpeg 100w, https:\/\/italics.art\/wp-content\/uploads\/2022\/09\/DSCF66199-768x1152.jpeg 768w, https:\/\/italics.art\/wp-content\/uploads\/2022\/09\/DSCF66199-1024x1536.jpeg 1024w\" sizes=\"auto, (max-width: 683px) 100vw, 683px\" \/><\/figure>\n\n\n\n<figure class=\"wp-block-image size-large\"><img loading=\"lazy\" decoding=\"async\" width=\"1024\" height=\"682\" data-id=\"18952\" src=\"https:\/\/italics.art\/wp-content\/uploads\/2022\/09\/DSCF6696-2-1024x682.jpeg\" alt=\"\" class=\"wp-image-18952\" srcset=\"https:\/\/italics.art\/wp-content\/uploads\/2022\/09\/DSCF6696-2-1024x682.jpeg 1024w, https:\/\/italics.art\/wp-content\/uploads\/2022\/09\/DSCF6696-2-300x200.jpeg 300w, https:\/\/italics.art\/wp-content\/uploads\/2022\/09\/DSCF6696-2-150x100.jpeg 150w, https:\/\/italics.art\/wp-content\/uploads\/2022\/09\/DSCF6696-2-768x512.jpeg 768w\" sizes=\"auto, (max-width: 1024px) 100vw, 1024px\" \/><\/figure>\n\n\n\n<figure class=\"wp-block-image size-large\"><img loading=\"lazy\" decoding=\"async\" width=\"1024\" height=\"682\" data-id=\"18954\" src=\"https:\/\/italics.art\/wp-content\/uploads\/2022\/09\/DSCF6708-2-1-1024x682.jpeg\" alt=\"\" class=\"wp-image-18954\" srcset=\"https:\/\/italics.art\/wp-content\/uploads\/2022\/09\/DSCF6708-2-1-1024x682.jpeg 1024w, https:\/\/italics.art\/wp-content\/uploads\/2022\/09\/DSCF6708-2-1-300x200.jpeg 300w, https:\/\/italics.art\/wp-content\/uploads\/2022\/09\/DSCF6708-2-1-150x100.jpeg 150w, https:\/\/italics.art\/wp-content\/uploads\/2022\/09\/DSCF6708-2-1-768x512.jpeg 768w\" sizes=\"auto, (max-width: 1024px) 100vw, 1024px\" \/><\/figure>\n\n\n\n<figure class=\"wp-block-image size-large\"><img loading=\"lazy\" decoding=\"async\" width=\"682\" height=\"1024\" data-id=\"18971\" src=\"https:\/\/italics.art\/wp-content\/uploads\/2022\/09\/DSCF6715-2-1-682x1024.jpeg\" alt=\"\" class=\"wp-image-18971\" srcset=\"https:\/\/italics.art\/wp-content\/uploads\/2022\/09\/DSCF6715-2-1-682x1024.jpeg 682w, https:\/\/italics.art\/wp-content\/uploads\/2022\/09\/DSCF6715-2-1-200x300.jpeg 200w, https:\/\/italics.art\/wp-content\/uploads\/2022\/09\/DSCF6715-2-1-100x150.jpeg 100w, https:\/\/italics.art\/wp-content\/uploads\/2022\/09\/DSCF6715-2-1-768x1152.jpeg 768w, https:\/\/italics.art\/wp-content\/uploads\/2022\/09\/DSCF6715-2-1.jpeg 853w\" sizes=\"auto, (max-width: 682px) 100vw, 682px\" \/><\/figure>\n<figcaption class=\"blocks-gallery-caption wp-element-caption\">All images: Photo Piero Percoco<\/figcaption><\/figure>\n\n\n\n<div class=\"wp-block-uagb-columns uagb-columns__wrap uagb-columns__background-none uagb-columns__stack-mobile uagb-columns__valign- uagb-columns__gap-10 align uagb-block-5d8d0b3e uagb-columns__columns-1 uagb-columns__max_width-custom mb-4 mb-md-5\"><div class=\"uagb-columns__overlay\"><\/div><div class=\"uagb-columns__inner-wrap uagb-columns__columns-1\">\n<div class=\"wp-block-uagb-column uagb-column__wrap uagb-column__background-undefined uagb-block-f20cc333 offset-1 offset-md-5\"><div class=\"uagb-column__overlay\"><\/div>\n<p class=\"has-medium-font-size\">\u201cPanorama Monopoli\u201d has been reconfirmed as a unique exhibition experience. An exhibition designed as the emanation of <em>ITALICS<\/em>, designed to bring together ancient, modern and contemporary styles, techniques and multiple thoughts in art itineraries that will take the viewer to discover the most authentic and little known aspects of our country, a live continuation of <a href=\"https:\/\/italics.art\/en\/tips\/\" target=\"_blank\" rel=\"noreferrer noopener\">the extraordinary journey<\/a> that began in 2020 on the web pages of this platform.<\/p>\n\n\n\n<p class=\"has-medium-font-size\"><strong>\u201cPanorama Monopoli\u201d was realized under the patronage of the UNESCO<strong>,<\/strong> the Ministry of Culture, the support of the Department of Tourism, Economy of Culture and Valorization of the Territory of the Puglia Region and the Departments of Culture and Tourism of the Municipality of Monopoli<\/strong>.<\/p>\n\n\n\n<p class=\"has-medium-font-size\"><strong><a href=\"https:\/\/www.belmond.com\/\" target=\"_blank\" rel=\"noreferrer noopener\">Belmond<\/a> has joined <em>ITALICS<\/em> as Main Partner to support the Consortium activities and \u201cPanorama Monopoli\u201d. <\/strong>Developing its long and successful hospitality and leisure tradition, Belmond has always devoted attention and care to the heritage and history of the Countries where it operates. The partnership with <em>ITALICS<\/em> will aim to the common objective of promoting Italy and its territory through art, inviting the public to see the culture and beauty spread throughout the country with a different point of view.<\/p>\n\n\n\n<p class=\"has-medium-font-size\">After having supported the first edition in Procida in 2021, <strong><a href=\"https:\/\/www.tods.com\/it-it\/home.html\" target=\"_blank\" rel=\"noreferrer noopener\">Tod\u2019s<\/a><\/strong> <strong>reconfirmed its support as Partner<\/strong> of the second edition of \u201cPanorama\u201d.<br>Tod\u2019s chooses to continue along the path already begun with the desire to give continuity to the cultural projects of <em>ITALICS<\/em> consortium with which it shares an interest in the enhancement of the Italian territory and the important cultural work expressed by the over 60 art galleries involved in the project. <br>This year, Tod\u2019s support is also enriched by a project, in collaboration with young artists, aimed at developing new artworks on the theme \u201cTimeless\u201d<strong><em>.<\/em><\/strong><\/p>\n\n\n\n<p class=\"has-medium-font-size\">The Panorama Monopoli<strong> Public Program<\/strong> was organized in collaboration with<strong> <a href=\"https:\/\/treccaniarte.com\/\" target=\"_blank\" rel=\"noreferrer noopener\">Treccani Arte<\/a><\/strong>.<\/p>\n\n\n\n<p class=\"has-medium-font-size\">Panorama Monopoli was realized <strong>with the special participation of<\/strong> <strong><a href=\"https:\/\/www.iissluigirusso.edu.it\/\" target=\"_blank\" rel=\"noreferrer noopener\">Liceo Artistico Luigi Russo<\/a><\/strong>; thanks to all students, teachers and Headmaster Adolfo Marciano, who contributed to the cultural event. <\/p>\n\n\n\n<p class=\"has-medium-font-size\"><strong>Media Partner: <a href=\"https:\/\/www.ilgiornaledellarte.com\/\" target=\"_blank\" rel=\"noreferrer noopener\">Il Giornale dell\u2019Arte<\/a><\/strong><\/p>\n<\/div>\n<\/div><\/div>\n\n\n\n<figure class=\"wp-block-image size-large is-resized\"><img loading=\"lazy\" decoding=\"async\" width=\"1024\" height=\"683\" src=\"https:\/\/italics.art\/wp-content\/uploads\/2022\/09\/L1000385-1024x683.jpeg\" alt=\"\" class=\"wp-image-18917\" style=\"width:840px;height:560px\" srcset=\"https:\/\/italics.art\/wp-content\/uploads\/2022\/09\/L1000385-1024x683.jpeg 1024w, https:\/\/italics.art\/wp-content\/uploads\/2022\/09\/L1000385-300x200.jpeg 300w, https:\/\/italics.art\/wp-content\/uploads\/2022\/09\/L1000385-150x100.jpeg 150w, https:\/\/italics.art\/wp-content\/uploads\/2022\/09\/L1000385-768x512.jpeg 768w\" sizes=\"auto, (max-width: 1024px) 100vw, 1024px\" \/><figcaption class=\"wp-element-caption\">Porto Antico, Monopoli. Photo: Piero Percoco<\/figcaption><\/figure>\n\n\n\n<div class=\"wp-block-uagb-columns uagb-columns__wrap uagb-columns__background-none uagb-columns__stack-mobile uagb-columns__valign- uagb-columns__gap-10 align uagb-block-d84faf2e uagb-columns__columns-2 uagb-columns__max_width-theme\"><div class=\"uagb-columns__overlay\"><\/div><div class=\"uagb-columns__inner-wrap uagb-columns__columns-2\">\n<div class=\"wp-block-uagb-column uagb-column__wrap uagb-column__background-undefined uagb-block-63c52203\"><div class=\"uagb-column__overlay\"><\/div>\n<h3 class=\"wp-block-heading\" id=\"block-55bfa4fe-33f7-46d6-87c5-b24c10ee0d15\">Featured Artists<\/h3>\n<\/div>\n\n\n\n<div class=\"wp-block-uagb-column uagb-column__wrap uagb-column__background-undefined uagb-block-69d0290c\"><div class=\"uagb-column__overlay\"><\/div>\n<p>Mario Air\u00f2, Francesco Arena, Stefano Arienti, Gianfranco Baruchello, Luca Bertolo, Paolo Bini, Alighiero Boetti, Pier Paolo Calzolari, Duilio Cambellotti, Adelaide Cioni, Pietro Consagra, Mariana Castillo Deball, Maria Adele Del Vecchio, Gaia Di Lorenzo, Nathalie Djurberg &amp; Hans Berg, Mimosa Echard, Sam Falls, Matteo Fato, Cesare Fracanzano, Massimo Grimaldi, Edi Hila, Judith Hopf, Adelita Husni-Bey, Alfredo Jaar, Ann Veronica Janssens, Runo Lagomarsino, Giovanni Lanfranco, Francesco Laurana and Nicola Samor\u00ec, Jieun Lim, Lorenzo Lippi, Carlo Manieri, Franca Maran\u00f2, Richard Marquis &amp; Johanna Nitzke Marquis, Mario Merz, Marisa Merz, Luzie Meyer, Diego Miguel Mirabella, Fran\u00e7ois Morellet, Valerio Nicolai, Alessandro Piangiamore, Michelangelo Pistoletto, Gianni Politi, Nathlie Provosty, Medardo Rosso, Giangiacomo Rossetti, Mimmo Rotella, Antonio Sanfilippo, Alberto Savinio, Aviva Silverman, Carl August Wilhelm Sommer, Eugenio Tibaldi, Patrick Tuttofuoco, Luca Vitone, Massimo Vitali, Stanley Whitney, Antonio Zanchi.<\/p>\n<\/div>\n<\/div><\/div>\n\n\n\n<div class=\"wp-block-uagb-columns uagb-columns__wrap uagb-columns__background-none uagb-columns__stack-mobile uagb-columns__valign- uagb-columns__gap-10 align uagb-block-5425ef82 uagb-columns__columns-2 uagb-columns__max_width-theme\"><div class=\"uagb-columns__overlay\"><\/div><div class=\"uagb-columns__inner-wrap uagb-columns__columns-2\">\n<div class=\"wp-block-uagb-column uagb-column__wrap uagb-column__background-undefined uagb-block-bdecbb67\"><div class=\"uagb-column__overlay\"><\/div>\n<h3 class=\"wp-block-heading\" id=\"block-55bfa4fe-33f7-46d6-87c5-b24c10ee0d15\">Participating Galleries<\/h3>\n<\/div>\n\n\n\n<div class=\"wp-block-uagb-column uagb-column__wrap uagb-column__background-undefined uagb-block-ff197cdd\"><div class=\"uagb-column__overlay\"><\/div>\n<p>A arte Invernizzi; ADA; Galerie Rolando Anselmi, Roma | Berlin; APALAZZOGALLERY; Alfonso Artiaco; Bottegantica; Galleria Tommaso Calabro; Galleria Canesso; Cardi Gallery; Carlo Orsi; Clima; GALLERIA CONTINUA; Galleria Raffaella Cortese; Monica De Cardenas; MASSIMODECARLO; Galleria Tiziana Di Caro; Alessandra Di Castro; Galleria Umberto Di Marino; Ermes Ermes; Fanta-MLN; Gagosian; Galleria dello Scudo; Giacometti Old Master Paintings; Gi\u00f3 Marconi; kaufmann repetto; Laveronica Arte Contemporanea; Galleria Lia Rumma; Magazzino; Martina Simeti; Mazzoleni, London \u2013 Torino; Francesca Minini; Galleria Massimo Minini; Monitor Roma, Lisbona, Pereto; Moretti Fine Art; Maurizio Nobile; Galleria Franco Noero; Galleria Lorcan O&#8217;Neill; P420; Peola Simondi; Giorgio Persano; Pinksummer; Galleria Porcini; Richard Saltoun Gallery; Galleria Russo; Studio SALES di Norberto Ruggeri; Schiavo Zoppelli Gallery; SpazioA; Studio Trisorio; Caterina Tognon Arte Contemporanea; Tornabuoni Arte; TUCCI RUSSO Studio per l&#8217;Arte Contemporanea; Galleria Federico Vavassori; VEDA; Galleria Carlo Virgilio &amp; C.; Vistamare | Milano, Pescara; ZERO&#8230;<\/p>\n<\/div>\n<\/div><\/div>\n\n\n\n<div style=\"height:50px\" aria-hidden=\"true\" class=\"wp-block-spacer\"><\/div>\n\n\n<div class=\"wp-block-image\">\n<figure class=\"aligncenter size-large is-resized\"><img loading=\"lazy\" decoding=\"async\" width=\"819\" height=\"1024\" src=\"https:\/\/italics.art\/wp-content\/uploads\/2022\/04\/Panorama-Monopoli_Locandina_ENG-819x1024.png\" alt=\"Panorama Monopoli\" class=\"wp-image-16679\" style=\"width:614px;height:768px\" srcset=\"https:\/\/italics.art\/wp-content\/uploads\/2022\/04\/Panorama-Monopoli_Locandina_ENG-819x1024.png 819w, https:\/\/italics.art\/wp-content\/uploads\/2022\/04\/Panorama-Monopoli_Locandina_ENG-240x300.png 240w, https:\/\/italics.art\/wp-content\/uploads\/2022\/04\/Panorama-Monopoli_Locandina_ENG-120x150.png 120w, https:\/\/italics.art\/wp-content\/uploads\/2022\/04\/Panorama-Monopoli_Locandina_ENG-768x960.png 768w\" sizes=\"auto, (max-width: 819px) 100vw, 819px\" \/><\/figure>\n<\/div>\n\n\n<div style=\"height:51px\" aria-hidden=\"true\" class=\"wp-block-spacer\"><\/div>\n\n\n\n<div class=\"wp-block-uagb-columns uagb-columns__wrap uagb-columns__background-none uagb-columns__stack-none uagb-columns__valign- uagb-columns__gap-10 align uagb-block-070652c4 uagb-columns__columns-3 uagb-columns__max_width-custom\"><div class=\"uagb-columns__overlay\"><\/div><div class=\"uagb-columns__inner-wrap uagb-columns__columns-3\">\n<div class=\"wp-block-uagb-column uagb-column__wrap uagb-column__background-undefined uagb-block-294b0552\"><div class=\"uagb-column__overlay\"><\/div>\n<p><\/p>\n<\/div>\n\n\n\n<div class=\"wp-block-uagb-column uagb-column__wrap uagb-column__background-undefined uagb-block-994e62ec\"><div class=\"uagb-column__overlay\"><\/div>\n<p class=\"has-text-align-center has-medium-font-size\"><strong>Under the Patronage of<\/strong><\/p>\n\n\n<div class=\"wp-block-image\">\n<figure class=\"aligncenter size-full\"><img loading=\"lazy\" decoding=\"async\" width=\"900\" height=\"417\" src=\"https:\/\/italics.art\/wp-content\/uploads\/2022\/07\/Unesco_nero-1.png\" alt=\"\" class=\"wp-image-17947\" srcset=\"https:\/\/italics.art\/wp-content\/uploads\/2022\/07\/Unesco_nero-1.png 900w, https:\/\/italics.art\/wp-content\/uploads\/2022\/07\/Unesco_nero-1-300x139.png 300w, https:\/\/italics.art\/wp-content\/uploads\/2022\/07\/Unesco_nero-1-150x70.png 150w, https:\/\/italics.art\/wp-content\/uploads\/2022\/07\/Unesco_nero-1-768x356.png 768w\" sizes=\"auto, (max-width: 900px) 100vw, 900px\" \/><\/figure>\n<\/div><\/div>\n\n\n\n<div class=\"wp-block-uagb-column uagb-column__wrap uagb-column__background-undefined uagb-block-ed8d8011\"><div class=\"uagb-column__overlay\"><\/div>\n<p><\/p>\n<\/div>\n<\/div><\/div>\n\n\n\n<div class=\"wp-block-uagb-columns uagb-columns__wrap uagb-columns__background-none uagb-columns__stack-none uagb-columns__valign- uagb-columns__gap-10 align uagb-block-12513e9c uagb-columns__columns-3 uagb-columns__max_width-custom\"><div class=\"uagb-columns__overlay\"><\/div><div class=\"uagb-columns__inner-wrap uagb-columns__columns-3\">\n<div class=\"wp-block-uagb-column uagb-column__wrap uagb-column__background-undefined uagb-block-3c5deb58\"><div class=\"uagb-column__overlay\"><\/div>\n<div style=\"height:20px\" aria-hidden=\"true\" class=\"wp-block-spacer\"><\/div>\n\n\n<div class=\"wp-block-image\">\n<figure class=\"aligncenter size-full\"><img loading=\"lazy\" decoding=\"async\" width=\"771\" height=\"417\" src=\"https:\/\/italics.art\/wp-content\/uploads\/2022\/06\/MIC.png\" alt=\"\" class=\"wp-image-17695\" srcset=\"https:\/\/italics.art\/wp-content\/uploads\/2022\/06\/MIC.png 771w, https:\/\/italics.art\/wp-content\/uploads\/2022\/06\/MIC-300x162.png 300w, https:\/\/italics.art\/wp-content\/uploads\/2022\/06\/MIC-150x81.png 150w, https:\/\/italics.art\/wp-content\/uploads\/2022\/06\/MIC-768x415.png 768w\" sizes=\"auto, (max-width: 771px) 100vw, 771px\" \/><\/figure>\n<\/div>\n\n\n<p><\/p>\n<\/div>\n\n\n\n<div class=\"wp-block-uagb-column uagb-column__wrap uagb-column__background-undefined uagb-block-53ebe951\"><div class=\"uagb-column__overlay\"><\/div><div class=\"wp-block-image\">\n<figure class=\"aligncenter size-full\"><a href=\"https:\/\/www.regione.puglia.it\/\" target=\"_blank\" rel=\"noreferrer noopener\"><img loading=\"lazy\" decoding=\"async\" width=\"967\" height=\"417\" src=\"https:\/\/italics.art\/wp-content\/uploads\/2022\/06\/Regione-Puglia.png\" alt=\"\" class=\"wp-image-17698\" srcset=\"https:\/\/italics.art\/wp-content\/uploads\/2022\/06\/Regione-Puglia.png 967w, https:\/\/italics.art\/wp-content\/uploads\/2022\/06\/Regione-Puglia-300x129.png 300w, https:\/\/italics.art\/wp-content\/uploads\/2022\/06\/Regione-Puglia-150x65.png 150w, https:\/\/italics.art\/wp-content\/uploads\/2022\/06\/Regione-Puglia-768x331.png 768w\" sizes=\"auto, (max-width: 967px) 100vw, 967px\" \/><\/a><\/figure>\n<\/div><\/div>\n\n\n\n<div class=\"wp-block-uagb-column uagb-column__wrap uagb-column__background-undefined uagb-block-42f0fd9a\"><div class=\"uagb-column__overlay\"><\/div>\n<div style=\"height:20px\" aria-hidden=\"true\" class=\"wp-block-spacer\"><\/div>\n\n\n<div class=\"wp-block-image\">\n<figure class=\"aligncenter size-full\"><img loading=\"lazy\" decoding=\"async\" width=\"696\" height=\"417\" src=\"https:\/\/italics.art\/wp-content\/uploads\/2022\/07\/citta\u0300-monopoli_nero-1.png\" alt=\"\" class=\"wp-image-17893\" srcset=\"https:\/\/italics.art\/wp-content\/uploads\/2022\/07\/citta\u0300-monopoli_nero-1.png 696w, https:\/\/italics.art\/wp-content\/uploads\/2022\/07\/citta\u0300-monopoli_nero-1-300x180.png 300w, https:\/\/italics.art\/wp-content\/uploads\/2022\/07\/citta\u0300-monopoli_nero-1-150x90.png 150w\" sizes=\"auto, (max-width: 696px) 100vw, 696px\" \/><\/figure>\n<\/div>\n\n\n<p><\/p>\n<\/div>\n<\/div><\/div>\n\n\n\n<div class=\"wp-block-uagb-columns uagb-columns__wrap uagb-columns__background-none uagb-columns__stack-none uagb-columns__valign- uagb-columns__gap-10 align uagb-block-9c7e5ffc uagb-columns__columns-3 uagb-columns__max_width-theme\"><div class=\"uagb-columns__overlay\"><\/div><div class=\"uagb-columns__inner-wrap uagb-columns__columns-3\">\n<div class=\"wp-block-uagb-column uagb-column__wrap uagb-column__background-undefined uagb-block-0aabfc95\"><div class=\"uagb-column__overlay\"><\/div><\/div>\n\n\n\n<div class=\"wp-block-uagb-column uagb-column__wrap uagb-column__background-undefined uagb-block-8aaa047a\"><div class=\"uagb-column__overlay\"><\/div>\n<p class=\"has-text-align-center has-medium-font-size\"><strong>Main partner<\/strong><\/p>\n\n\n<div class=\"wp-block-image\">\n<figure class=\"aligncenter size-full is-resized\"><a href=\"https:\/\/www.belmond.com\/\" target=\"_blank\" rel=\"noreferrer noopener\"><img loading=\"lazy\" decoding=\"async\" width=\"900\" height=\"417\" src=\"https:\/\/italics.art\/wp-content\/uploads\/2022\/07\/Belmond_nero.png\" alt=\"\" class=\"wp-image-17862\" style=\"width:350px;height:162px\" srcset=\"https:\/\/italics.art\/wp-content\/uploads\/2022\/07\/Belmond_nero.png 900w, https:\/\/italics.art\/wp-content\/uploads\/2022\/07\/Belmond_nero-300x139.png 300w, https:\/\/italics.art\/wp-content\/uploads\/2022\/07\/Belmond_nero-150x70.png 150w, https:\/\/italics.art\/wp-content\/uploads\/2022\/07\/Belmond_nero-768x356.png 768w\" sizes=\"auto, (max-width: 900px) 100vw, 900px\" \/><\/a><\/figure>\n<\/div><\/div>\n\n\n\n<div class=\"wp-block-uagb-column uagb-column__wrap uagb-column__background-undefined uagb-block-8e9b6fc6\"><div class=\"uagb-column__overlay\"><\/div><\/div>\n<\/div><\/div>\n\n\n\n<div class=\"wp-block-uagb-columns uagb-columns__wrap uagb-columns__background-none uagb-columns__stack-none uagb-columns__valign- uagb-columns__gap-10 align uagb-block-8fea9a73 uagb-columns__columns-3 uagb-columns__max_width-theme\"><div class=\"uagb-columns__overlay\"><\/div><div class=\"uagb-columns__inner-wrap uagb-columns__columns-3\">\n<div class=\"wp-block-uagb-column uagb-column__wrap uagb-column__background-undefined uagb-block-f2dc68ee\"><div class=\"uagb-column__overlay\"><\/div><\/div>\n\n\n\n<div class=\"wp-block-uagb-column uagb-column__wrap uagb-column__background-undefined uagb-block-b70acd5d\"><div class=\"uagb-column__overlay\"><\/div>\n<p class=\"has-text-align-center has-medium-font-size\"><strong>Partner<\/strong><\/p>\n\n\n<div class=\"wp-block-image\">\n<figure class=\"aligncenter size-full is-resized\"><a href=\"https:\/\/www.tods.com\/it-it\/home.html\" target=\"_blank\" rel=\"noreferrer noopener\"><img loading=\"lazy\" decoding=\"async\" width=\"763\" height=\"417\" src=\"https:\/\/italics.art\/wp-content\/uploads\/2022\/07\/Tods_nero-1.png\" alt=\"\" class=\"wp-image-18003\" style=\"width:241px;height:131px\" srcset=\"https:\/\/italics.art\/wp-content\/uploads\/2022\/07\/Tods_nero-1.png 763w, https:\/\/italics.art\/wp-content\/uploads\/2022\/07\/Tods_nero-1-300x164.png 300w, https:\/\/italics.art\/wp-content\/uploads\/2022\/07\/Tods_nero-1-150x82.png 150w\" sizes=\"auto, (max-width: 763px) 100vw, 763px\" \/><\/a><\/figure>\n<\/div><\/div>\n\n\n\n<div class=\"wp-block-uagb-column uagb-column__wrap uagb-column__background-undefined uagb-block-4dd961e8\"><div class=\"uagb-column__overlay\"><\/div><\/div>\n<\/div><\/div>\n\n\n\n<p class=\"has-text-align-center has-medium-font-size\"><strong>Technical Sponsors<\/strong><\/p>\n\n\n\n<div class=\"wp-block-uagb-columns uagb-columns__wrap uagb-columns__background-none uagb-columns__stack-none uagb-columns__valign- uagb-columns__gap-10 align uagb-block-892a8427 uagb-columns__columns-5 uagb-columns__max_width-custom\"><div class=\"uagb-columns__overlay\"><\/div><div class=\"uagb-columns__inner-wrap uagb-columns__columns-5\">\n<div class=\"wp-block-uagb-column uagb-column__wrap uagb-column__background-undefined uagb-block-52bb90a6\"><div class=\"uagb-column__overlay\"><\/div><div class=\"wp-block-image\">\n<figure class=\"aligncenter size-full\"><a href=\"https:\/\/artegenerali.com\/\" target=\"_blank\" rel=\"noreferrer noopener\"><img loading=\"lazy\" decoding=\"async\" width=\"571\" height=\"417\" src=\"https:\/\/italics.art\/wp-content\/uploads\/2022\/06\/Arte-Generali.png\" alt=\"\" class=\"wp-image-17705\" srcset=\"https:\/\/italics.art\/wp-content\/uploads\/2022\/06\/Arte-Generali.png 571w, https:\/\/italics.art\/wp-content\/uploads\/2022\/06\/Arte-Generali-300x219.png 300w, https:\/\/italics.art\/wp-content\/uploads\/2022\/06\/Arte-Generali-150x110.png 150w\" sizes=\"auto, (max-width: 571px) 100vw, 571px\" \/><\/a><\/figure>\n<\/div><\/div>\n\n\n\n<div class=\"wp-block-uagb-column uagb-column__wrap uagb-column__background-undefined uagb-block-540673cf\"><div class=\"uagb-column__overlay\"><\/div><div class=\"wp-block-image\">\n<figure class=\"aligncenter size-full\"><a href=\"https:\/\/www.caradonnalogistics.com\/\" target=\"_blank\" rel=\"noreferrer noopener\"><img loading=\"lazy\" decoding=\"async\" width=\"680\" height=\"417\" src=\"https:\/\/italics.art\/wp-content\/uploads\/2022\/07\/caradonna_nero.png\" alt=\"\" class=\"wp-image-17915\" srcset=\"https:\/\/italics.art\/wp-content\/uploads\/2022\/07\/caradonna_nero.png 680w, https:\/\/italics.art\/wp-content\/uploads\/2022\/07\/caradonna_nero-300x184.png 300w, https:\/\/italics.art\/wp-content\/uploads\/2022\/07\/caradonna_nero-150x92.png 150w\" sizes=\"auto, (max-width: 680px) 100vw, 680px\" \/><\/a><\/figure>\n<\/div><\/div>\n\n\n\n<div class=\"wp-block-uagb-column uagb-column__wrap uagb-column__background-undefined uagb-block-7ee016fa\"><div class=\"uagb-column__overlay\"><\/div><div class=\"wp-block-image\">\n<figure class=\"aligncenter size-full\"><a href=\"https:\/\/formaedizioni.it\/en\/\" target=\"_blank\" rel=\"noreferrer noopener\"><img loading=\"lazy\" decoding=\"async\" width=\"642\" height=\"361\" src=\"https:\/\/italics.art\/wp-content\/uploads\/2022\/07\/Forma-edited-1.png\" alt=\"\" class=\"wp-image-17854\" srcset=\"https:\/\/italics.art\/wp-content\/uploads\/2022\/07\/Forma-edited-1.png 642w, https:\/\/italics.art\/wp-content\/uploads\/2022\/07\/Forma-edited-1-300x169.png 300w, https:\/\/italics.art\/wp-content\/uploads\/2022\/07\/Forma-edited-1-150x84.png 150w\" sizes=\"auto, (max-width: 642px) 100vw, 642px\" \/><\/a><\/figure>\n<\/div><\/div>\n\n\n\n<div class=\"wp-block-uagb-column uagb-column__wrap uagb-column__background-undefined uagb-block-91b5420a\"><div class=\"uagb-column__overlay\"><\/div><div class=\"wp-block-image\">\n<figure class=\"aligncenter size-full\"><a href=\"https:\/\/leica-camera.com\/en-GB\" target=\"_blank\" rel=\"noreferrer noopener\"><img loading=\"lazy\" decoding=\"async\" width=\"434\" height=\"244\" src=\"https:\/\/italics.art\/wp-content\/uploads\/2022\/07\/Leica-edited-1.png\" alt=\"\" class=\"wp-image-17847\" srcset=\"https:\/\/italics.art\/wp-content\/uploads\/2022\/07\/Leica-edited-1.png 434w, https:\/\/italics.art\/wp-content\/uploads\/2022\/07\/Leica-edited-1-300x169.png 300w, https:\/\/italics.art\/wp-content\/uploads\/2022\/07\/Leica-edited-1-150x84.png 150w\" sizes=\"auto, (max-width: 434px) 100vw, 434px\" \/><\/a><\/figure>\n<\/div><\/div>\n\n\n\n<div class=\"wp-block-uagb-column uagb-column__wrap uagb-column__background-undefined uagb-block-3cb54a67\"><div class=\"uagb-column__overlay\"><\/div><div class=\"wp-block-image\">\n<figure class=\"aligncenter size-full is-resized\"><a href=\"https:\/\/www.maldarizzi.com\/\" target=\"_blank\" rel=\"noreferrer noopener\"><img loading=\"lazy\" decoding=\"async\" width=\"759\" height=\"417\" src=\"https:\/\/italics.art\/wp-content\/uploads\/2022\/08\/Maldarizzi.png\" alt=\"\" class=\"wp-image-18458\" style=\"width:133px;height:73px\" srcset=\"https:\/\/italics.art\/wp-content\/uploads\/2022\/08\/Maldarizzi.png 759w, https:\/\/italics.art\/wp-content\/uploads\/2022\/08\/Maldarizzi-300x165.png 300w, https:\/\/italics.art\/wp-content\/uploads\/2022\/08\/Maldarizzi-150x82.png 150w\" sizes=\"auto, (max-width: 759px) 100vw, 759px\" \/><\/a><\/figure>\n<\/div><\/div>\n<\/div><\/div>\n\n\n\n<p class=\"has-text-align-center has-medium-font-size\"><strong>Events Technical Sponsor<\/strong><\/p>\n\n\n\n<div class=\"wp-block-uagb-columns uagb-columns__wrap uagb-columns__background-none uagb-columns__stack-none uagb-columns__valign- uagb-columns__gap-10 align uagb-block-89fba58c uagb-columns__columns-3 uagb-columns__max_width-custom\"><div class=\"uagb-columns__overlay\"><\/div><div class=\"uagb-columns__inner-wrap uagb-columns__columns-3\">\n<div class=\"wp-block-uagb-column uagb-column__wrap uagb-column__background-undefined uagb-block-f0003c4f\"><div class=\"uagb-column__overlay\"><\/div><div class=\"wp-block-image\">\n<figure class=\"aligncenter size-full is-resized\"><a href=\"https:\/\/www.masseriatorrecoccaro.com\/it\/home\/\" target=\"_blank\" rel=\"noreferrer noopener\"><img loading=\"lazy\" decoding=\"async\" width=\"671\" height=\"417\" src=\"https:\/\/italics.art\/wp-content\/uploads\/2022\/07\/Masseria-Torre-Coccaro_nero.png\" alt=\"\" class=\"wp-image-17968\" style=\"width:273px;height:169px\" srcset=\"https:\/\/italics.art\/wp-content\/uploads\/2022\/07\/Masseria-Torre-Coccaro_nero.png 671w, https:\/\/italics.art\/wp-content\/uploads\/2022\/07\/Masseria-Torre-Coccaro_nero-300x186.png 300w, https:\/\/italics.art\/wp-content\/uploads\/2022\/07\/Masseria-Torre-Coccaro_nero-150x93.png 150w\" sizes=\"auto, (max-width: 671px) 100vw, 671px\" \/><\/a><\/figure>\n<\/div><\/div>\n\n\n\n<div class=\"wp-block-uagb-column uagb-column__wrap uagb-column__background-undefined uagb-block-c1553076\"><div class=\"uagb-column__overlay\"><\/div><div class=\"wp-block-image\">\n<figure class=\"aligncenter size-full is-resized\"><a href=\"https:\/\/www.pettolecchiacollection.com\/it\/la-residenza\/\" target=\"_blank\" rel=\"noreferrer noopener\"><img loading=\"lazy\" decoding=\"async\" width=\"763\" height=\"417\" src=\"https:\/\/italics.art\/wp-content\/uploads\/2022\/07\/Pettolecchia_nero.png\" alt=\"\" class=\"wp-image-17971\" style=\"width:256px;height:140px\" srcset=\"https:\/\/italics.art\/wp-content\/uploads\/2022\/07\/Pettolecchia_nero.png 763w, https:\/\/italics.art\/wp-content\/uploads\/2022\/07\/Pettolecchia_nero-300x164.png 300w, https:\/\/italics.art\/wp-content\/uploads\/2022\/07\/Pettolecchia_nero-150x82.png 150w\" sizes=\"auto, (max-width: 763px) 100vw, 763px\" \/><\/a><\/figure>\n<\/div><\/div>\n\n\n\n<div class=\"wp-block-uagb-column uagb-column__wrap uagb-column__background-undefined uagb-block-60b4cec9\"><div class=\"uagb-column__overlay\"><\/div><div class=\"wp-block-image\">\n<figure class=\"aligncenter size-full is-resized\"><a href=\"https:\/\/www.ilfagiano.it\/\" target=\"_blank\" rel=\"noreferrer noopener\"><img loading=\"lazy\" decoding=\"async\" width=\"659\" height=\"417\" src=\"https:\/\/italics.art\/wp-content\/uploads\/2022\/07\/il-fagiano_nero.png\" alt=\"\" class=\"wp-image-17996\" style=\"width:195px;height:123px\" srcset=\"https:\/\/italics.art\/wp-content\/uploads\/2022\/07\/il-fagiano_nero.png 659w, https:\/\/italics.art\/wp-content\/uploads\/2022\/07\/il-fagiano_nero-300x190.png 300w, https:\/\/italics.art\/wp-content\/uploads\/2022\/07\/il-fagiano_nero-150x95.png 150w\" sizes=\"auto, (max-width: 659px) 100vw, 659px\" \/><\/a><\/figure>\n<\/div><\/div>\n<\/div><\/div>\n\n\n\n<div class=\"wp-block-uagb-columns uagb-columns__wrap uagb-columns__background-none uagb-columns__stack-mobile uagb-columns__valign- uagb-columns__gap-10 align uagb-block-79a60eb1 uagb-columns__columns-2 uagb-columns__max_width-theme\"><div class=\"uagb-columns__overlay\"><\/div><div class=\"uagb-columns__inner-wrap uagb-columns__columns-2\">\n<div class=\"wp-block-uagb-column uagb-column__wrap uagb-column__background-undefined uagb-block-b9161959\"><div class=\"uagb-column__overlay\"><\/div>\n<p class=\"has-text-align-center has-medium-font-size\"><strong>Public Program in collaboration with<\/strong><\/p>\n\n\n<div class=\"wp-block-image\">\n<figure class=\"aligncenter size-full is-resized\"><a href=\"https:\/\/treccaniarte.com\/\" target=\"_blank\" rel=\"noopener\"><img loading=\"lazy\" decoding=\"async\" width=\"834\" height=\"417\" src=\"https:\/\/italics.art\/wp-content\/uploads\/2022\/07\/Treccani-Arte_nero.png\" alt=\"\" class=\"wp-image-17780\" style=\"width:190px;height:94px\" srcset=\"https:\/\/italics.art\/wp-content\/uploads\/2022\/07\/Treccani-Arte_nero.png 834w, https:\/\/italics.art\/wp-content\/uploads\/2022\/07\/Treccani-Arte_nero-300x150.png 300w, https:\/\/italics.art\/wp-content\/uploads\/2022\/07\/Treccani-Arte_nero-150x75.png 150w, https:\/\/italics.art\/wp-content\/uploads\/2022\/07\/Treccani-Arte_nero-768x384.png 768w\" sizes=\"auto, (max-width: 834px) 100vw, 834px\" \/><\/a><\/figure>\n<\/div><\/div>\n\n\n\n<div class=\"wp-block-uagb-column uagb-column__wrap uagb-column__background-undefined uagb-block-b4dba054\"><div class=\"uagb-column__overlay\"><\/div>\n<p class=\"has-text-align-center has-medium-font-size\"><strong>Media Partner<\/strong><\/p>\n\n\n<div class=\"wp-block-image\">\n<figure class=\"aligncenter size-full is-resized\"><a href=\"https:\/\/www.ilgiornaledellarte.com\/\" target=\"_blank\" rel=\"noopener\"><img loading=\"lazy\" decoding=\"async\" width=\"888\" height=\"417\" src=\"https:\/\/italics.art\/wp-content\/uploads\/2022\/06\/Giornale-dellarte-1.png\" alt=\"\" class=\"wp-image-17727\" style=\"width:270px;height:125px\" srcset=\"https:\/\/italics.art\/wp-content\/uploads\/2022\/06\/Giornale-dellarte-1.png 888w, https:\/\/italics.art\/wp-content\/uploads\/2022\/06\/Giornale-dellarte-1-300x141.png 300w, https:\/\/italics.art\/wp-content\/uploads\/2022\/06\/Giornale-dellarte-1-150x70.png 150w, https:\/\/italics.art\/wp-content\/uploads\/2022\/06\/Giornale-dellarte-1-768x361.png 768w\" sizes=\"auto, (max-width: 888px) 100vw, 888px\" \/><\/a><\/figure>\n<\/div><\/div>\n<\/div><\/div>\n\n\n\n<p class=\"has-text-align-center has-medium-font-size\"><strong>With the Special Participation of<\/strong><\/p>\n\n\n\n<div class=\"wp-block-uagb-columns uagb-columns__wrap uagb-columns__background-none uagb-columns__stack-none uagb-columns__valign- uagb-columns__gap-10 align uagb-block-37566fb7 uagb-columns__columns-2 uagb-columns__max_width-theme\"><div class=\"uagb-columns__overlay\"><\/div><div class=\"uagb-columns__inner-wrap uagb-columns__columns-2\">\n<div class=\"wp-block-uagb-column uagb-column__wrap uagb-column__background-undefined uagb-block-622d8086\"><div class=\"uagb-column__overlay\"><\/div><div class=\"wp-block-image\">\n<figure class=\"aligncenter size-full is-resized\"><a href=\"https:\/\/www.fondazionebonotto.org\/en\" target=\"_blank\" rel=\"noreferrer noopener\"><img loading=\"lazy\" decoding=\"async\" width=\"746\" height=\"417\" src=\"https:\/\/italics.art\/wp-content\/uploads\/2022\/07\/Bonotto_nero.png\" alt=\"\" class=\"wp-image-17924\" style=\"width:207px;height:115px\" srcset=\"https:\/\/italics.art\/wp-content\/uploads\/2022\/07\/Bonotto_nero.png 746w, https:\/\/italics.art\/wp-content\/uploads\/2022\/07\/Bonotto_nero-300x168.png 300w, https:\/\/italics.art\/wp-content\/uploads\/2022\/07\/Bonotto_nero-150x84.png 150w\" sizes=\"auto, (max-width: 746px) 100vw, 746px\" \/><\/a><\/figure>\n<\/div><\/div>\n\n\n\n<div class=\"wp-block-uagb-column uagb-column__wrap uagb-column__background-undefined uagb-block-7b45d5ee\"><div class=\"uagb-column__overlay\"><\/div><div class=\"wp-block-image\">\n<figure class=\"aligncenter size-full is-resized\"><a href=\"https:\/\/www.iissluigirusso.edu.it\/\" target=\"_blank\" rel=\"noreferrer noopener\"><img loading=\"lazy\" decoding=\"async\" width=\"830\" height=\"417\" src=\"https:\/\/italics.art\/wp-content\/uploads\/2022\/06\/Luigi-Russo-1.png\" alt=\"\" class=\"wp-image-17724\" style=\"width:220px;height:110px\" srcset=\"https:\/\/italics.art\/wp-content\/uploads\/2022\/06\/Luigi-Russo-1.png 830w, https:\/\/italics.art\/wp-content\/uploads\/2022\/06\/Luigi-Russo-1-300x151.png 300w, https:\/\/italics.art\/wp-content\/uploads\/2022\/06\/Luigi-Russo-1-150x75.png 150w, https:\/\/italics.art\/wp-content\/uploads\/2022\/06\/Luigi-Russo-1-768x386.png 768w\" sizes=\"auto, (max-width: 830px) 100vw, 830px\" \/><\/a><\/figure>\n<\/div><\/div>\n<\/div><\/div>\n\n\n\n<div class=\"wp-block-uagb-columns uagb-columns__wrap uagb-columns__background-none uagb-columns__stack-mobile uagb-columns__valign- uagb-columns__gap-10 align uagb-block-50da7b6e uagb-columns__columns-2 uagb-columns__max_width-theme\"><div class=\"uagb-columns__overlay\"><\/div><div class=\"uagb-columns__inner-wrap uagb-columns__columns-2\">\n<div class=\"wp-block-uagb-column uagb-column__wrap uagb-column__background-undefined uagb-block-712fa0ab\"><div class=\"uagb-column__overlay\"><\/div>\n<h3 class=\"wp-block-heading\" id=\"block-55bfa4fe-33f7-46d6-87c5-b24c10ee0d15\">Panorama Monopoli Team <\/h3>\n\n\n\n<p><\/p>\n<\/div>\n\n\n\n<div class=\"wp-block-uagb-column uagb-column__wrap uagb-column__background-undefined uagb-block-0a7b2b5a\"><div class=\"uagb-column__overlay\"><\/div>\n<p>A Project by <strong>Italics<\/strong><\/p>\n\n\n\n<p>Curated by <strong>Vincenzo de Bellis<\/strong> <\/p>\n\n\n\n<p>Curatorial Coordination e Production<br><strong>Stefania Scarpini<\/strong><\/p>\n\n\n\n<p>General Coordination<br><strong>ArtsFor_<\/strong><\/p>\n\n\n\n<p>Strategic Consulting<br><strong>Camilla Invernizzi<\/strong><\/p>\n\n\n\n<p>Communication and Editorial Coordination<br><strong><a href=\"mailto:info@alpha-bravo-charlie.com\">Carlotta Poli<\/a><\/strong><\/p>\n\n\n\n<p>Production Coordination<br><strong>Francesca Verga<\/strong><\/p>\n\n\n\n<p>Production<br><strong>Maria Stradoni, Pierfederica Verdegiglio<\/strong><\/p>\n\n\n\n<p>Graphic Design<br><strong>Leftloft<\/strong><\/p>\n\n\n\n<p>External Relations<br><strong>Damiana Leoni<\/strong><br><a href=\"mailto:damiana@damianaleoni.com\">damiana@damianaleoni.com<\/a><\/p>\n\n\n\n<p>Press Office<br><strong>PCM Studio di Paola C. Manfredi<\/strong><br><a href=\"mailto:press@paolamanfredi.com\">press@paolamanfredi.com<\/a><br><br><strong>In collaboration with the&nbsp;Municipality of Monopoli<br><\/strong>Mayor: <strong>Angelo Annese<\/strong><br>Departments of Culture and Tourism:&nbsp;<strong>Rosanna Perricci<\/strong>, <strong>Cristian Iaia<\/strong><br>Event Coordination: <strong>Pietro D\u2019Amico<\/strong>,&nbsp;Manager of Organisational Area I<br>Operating Staff A.O.I: <strong>Antonio Todero<\/strong>, <strong>Giorgio Spada<\/strong>&nbsp;<br>Press&nbsp;Office: <strong>Sandro Scarafino<\/strong><\/p>\n\n\n\n<p>For more info <a href=\"mailto:info@italics.art\">info@italics.art<\/a><\/p>\n<\/div>\n<\/div><\/div>\n\n\n\n<div class=\"wp-block-uagb-columns uagb-columns__wrap uagb-columns__background-none uagb-columns__stack-mobile uagb-columns__valign- uagb-columns__gap-10 align uagb-block-f22c09e9 uagb-columns__columns-2 uagb-columns__max_width-theme\"><div class=\"uagb-columns__overlay\"><\/div><div class=\"uagb-columns__inner-wrap uagb-columns__columns-2\">\n<div class=\"wp-block-uagb-column uagb-column__wrap uagb-column__background-undefined uagb-block-9b9fe7fc\"><div class=\"uagb-column__overlay\"><\/div>\n<p><\/p>\n\n\n\n<h3 class=\"wp-block-heading\"><a href=\"https:\/\/italics.art\/en\/panorama-monopoli-off-puglia-2022\/\" target=\"_blank\" rel=\"noreferrer noopener\">Panorama Off<\/a><\/h3>\n<\/div>\n\n\n\n<div class=\"wp-block-uagb-column uagb-column__wrap uagb-column__background-undefined uagb-block-0b878cf7\"><div class=\"uagb-column__overlay\"><\/div>\n<figure class=\"wp-block-image size-full is-resized\"><a href=\"https:\/\/italics.art\/en\/panorama-monopoli-off-puglia-2022\/\"><img loading=\"lazy\" decoding=\"async\" width=\"850\" height=\"567\" src=\"https:\/\/italics.art\/wp-content\/uploads\/2022\/07\/DSC5063.jpeg\" alt=\"\" class=\"wp-image-18115\" style=\"width:533px;height:356px\" srcset=\"https:\/\/italics.art\/wp-content\/uploads\/2022\/07\/DSC5063.jpeg 850w, https:\/\/italics.art\/wp-content\/uploads\/2022\/07\/DSC5063-300x200.jpeg 300w, https:\/\/italics.art\/wp-content\/uploads\/2022\/07\/DSC5063-150x100.jpeg 150w, https:\/\/italics.art\/wp-content\/uploads\/2022\/07\/DSC5063-768x512.jpeg 768w\" sizes=\"auto, (max-width: 850px) 100vw, 850px\" \/><\/a><\/figure>\n\n\n\n<p class=\"has-medium-font-size\">Places of culture and landscape, exhibitions and events.<\/p>\n\n\n\n<h5 class=\"wp-block-heading has-medium-font-size\"><a href=\"https:\/\/italics.art\/en\/panorama-monopoli-off-puglia-2022\/\" target=\"_blank\" rel=\"noreferrer noopener\">VISIT OUR DEDICATED PAGE<\/a> <\/h5>\n<\/div>\n<\/div><\/div>\n\n\n\n<div class=\"wp-block-uagb-columns uagb-columns__wrap uagb-columns__background-none uagb-columns__stack-mobile uagb-columns__valign- uagb-columns__gap-10 align uagb-block-e2ccaff0 uagb-columns__columns-2 uagb-columns__max_width-theme\"><div class=\"uagb-columns__overlay\"><\/div><div class=\"uagb-columns__inner-wrap uagb-columns__columns-2\">\n<div class=\"wp-block-uagb-column uagb-column__wrap uagb-column__background-undefined uagb-block-618d8b59\"><div class=\"uagb-column__overlay\"><\/div>\n<p><\/p>\n\n\n\n<h3 class=\"wp-block-heading\">Panorama Monopoli presentation in Venice<\/h3>\n<\/div>\n\n\n\n<div class=\"wp-block-uagb-column uagb-column__wrap uagb-column__background-undefined uagb-block-134241c3\"><div class=\"uagb-column__overlay\"><\/div>\n<figure class=\"wp-block-image size-large is-resized\"><img loading=\"lazy\" decoding=\"async\" width=\"1024\" height=\"683\" src=\"https:\/\/italics.art\/wp-content\/uploads\/2022\/04\/21_8803_web_ITALICS_venezia_foto\u00a9MasiarPasquali-1-1024x683.jpg\" alt=\"\" class=\"wp-image-17086\" style=\"width:512px;height:342px\" srcset=\"https:\/\/italics.art\/wp-content\/uploads\/2022\/04\/21_8803_web_ITALICS_venezia_foto\u00a9MasiarPasquali-1-1024x683.jpg 1024w, https:\/\/italics.art\/wp-content\/uploads\/2022\/04\/21_8803_web_ITALICS_venezia_foto\u00a9MasiarPasquali-1-300x200.jpg 300w, https:\/\/italics.art\/wp-content\/uploads\/2022\/04\/21_8803_web_ITALICS_venezia_foto\u00a9MasiarPasquali-1-150x100.jpg 150w, https:\/\/italics.art\/wp-content\/uploads\/2022\/04\/21_8803_web_ITALICS_venezia_foto\u00a9MasiarPasquali-1-768x512.jpg 768w\" sizes=\"auto, (max-width: 1024px) 100vw, 1024px\" \/><figcaption class=\"wp-element-caption\">Isola di San Giorgio, Venice, 2022. Photo: Masiar Pasquali<\/figcaption><\/figure>\n\n\n\n<p class=\"has-medium-font-size\">During the 59th International Art Exhibition, the Venice Biennale, the new edition of Panorama Monopoli was presented in the Abbey of San Giorgio Maggiore.<\/p>\n\n\n\n<h5 class=\"wp-block-heading has-medium-font-size\"><a href=\"https:\/\/italics.art\/en\/panorama-monopoli-presentation-in-venice\/\" target=\"_blank\" rel=\"noreferrer noopener\">VIEW THE PRESENTATION IN VENICE<\/a><\/h5>\n<\/div>\n<\/div><\/div>\n\n\n\n<div class=\"wp-block-uagb-columns uagb-columns__wrap uagb-columns__background-none uagb-columns__stack-mobile uagb-columns__valign- uagb-columns__gap-10 align uagb-block-7e02b577 uagb-columns__columns-2 uagb-columns__max_width-theme\"><div class=\"uagb-columns__overlay\"><\/div><div class=\"uagb-columns__inner-wrap uagb-columns__columns-2\">\n<div class=\"wp-block-uagb-column uagb-column__wrap uagb-column__background-undefined uagb-block-7f176240\"><div class=\"uagb-column__overlay\"><\/div>\n<p><\/p>\n\n\n\n<h3 class=\"wp-block-heading\">Panorama Procida 2021<\/h3>\n<\/div>\n\n\n\n<div class=\"wp-block-uagb-column uagb-column__wrap uagb-column__background-undefined uagb-block-e03f09a9\"><div class=\"uagb-column__overlay\"><\/div>\n<figure class=\"wp-block-image size-large is-resized\"><a href=\"https:\/\/italics.art\/en\/panorama-procida-sept-2021\/\" target=\"_blank\" rel=\"noopener\"><img loading=\"lazy\" decoding=\"async\" width=\"1024\" height=\"655\" src=\"https:\/\/italics.art\/wp-content\/uploads\/2021\/10\/Italics_Panorama_Procida_Isola_00_Photo-Barbara-Rossi-1024x655.jpg\" alt=\"Panorama Procida\" class=\"wp-image-13776\" style=\"width:512px;height:328px\" srcset=\"https:\/\/italics.art\/wp-content\/uploads\/2021\/10\/Italics_Panorama_Procida_Isola_00_Photo-Barbara-Rossi-1024x655.jpg 1024w, https:\/\/italics.art\/wp-content\/uploads\/2021\/10\/Italics_Panorama_Procida_Isola_00_Photo-Barbara-Rossi-300x192.jpg 300w, https:\/\/italics.art\/wp-content\/uploads\/2021\/10\/Italics_Panorama_Procida_Isola_00_Photo-Barbara-Rossi-150x96.jpg 150w, https:\/\/italics.art\/wp-content\/uploads\/2021\/10\/Italics_Panorama_Procida_Isola_00_Photo-Barbara-Rossi-768x491.jpg 768w\" sizes=\"auto, (max-width: 1024px) 100vw, 1024px\" \/><\/a><figcaption class=\"wp-element-caption\">Procida, 2021. Photo: Barbara Rossi<\/figcaption><\/figure>\n\n\n\n<h5 class=\"wp-block-heading has-medium-font-size\"><a href=\"https:\/\/italics.art\/en\/panorama-procida-sept-2021\/\" target=\"_blank\" rel=\"noreferrer noopener\">DISCOVER THE FIRST EDITION OF PANORAMA<\/a><\/h5>\n<\/div>\n<\/div><\/div>\n","protected":false},"excerpt":{"rendered":"<p>The city-wide exhibition curated by Vincenzo de Bellis brought ancient, modern and contemporary art to the town of Monopoli. 12,000 visitors over four days admired the works of 60 artists spread throughout the city in 16 different exhibition venues. The second edition of the widespread exhibition &#8220;Panorama&#8221; was held in Monopoli (Bari) from Thursday, Sept. &hellip;<\/p>\n","protected":false},"author":3,"featured_media":25117,"parent":24959,"menu_order":1,"comment_status":"closed","ping_status":"closed","template":"","meta":{"_acf_changed":false,"_uag_custom_page_level_css":"","footnotes":""},"class_list":["post-16669","page","type-page","status-publish","has-post-thumbnail","hentry"],"acf":[],"yoast_head":"<!-- This site is optimized with the Yoast SEO plugin v27.4 - https:\/\/yoast.com\/product\/yoast-seo-wordpress\/ -->\n<title>Panorama Monopoli | 1 \u2013 4 September 2022 - Italics<\/title>\n<meta name=\"description\" content=\"Panorama Monopoli: a city-wide exhibition curated by Vincenzo de Bellis, 1 \u2013 4 September 2022, Monopoli (Bari), Puglia.\" \/>\n<meta name=\"robots\" content=\"index, follow, max-snippet:-1, max-image-preview:large, max-video-preview:-1\" \/>\n<link rel=\"canonical\" href=\"https:\/\/italics.art\/en\/panorama\/panorama-monopoli\/\" \/>\n<meta property=\"og:locale\" content=\"en_US\" \/>\n<meta property=\"og:type\" content=\"article\" \/>\n<meta property=\"og:title\" content=\"Panorama Monopoli | 1 \u2013 4 September 2022 - Italics\" \/>\n<meta property=\"og:description\" content=\"Panorama Monopoli: a city-wide exhibition curated by Vincenzo de Bellis, 1 \u2013 4 September 2022, Monopoli (Bari), Puglia.\" \/>\n<meta property=\"og:url\" content=\"https:\/\/italics.art\/en\/panorama\/panorama-monopoli\/\" \/>\n<meta property=\"og:site_name\" content=\"Italics\" \/>\n<meta property=\"article:modified_time\" content=\"2024-06-12T19:11:27+00:00\" \/>\n<meta property=\"og:image\" content=\"https:\/\/italics.art\/wp-content\/uploads\/2024\/06\/02-monopoli-Ph.-Cosmo-Laera-11602-e1718219469170-1024x683.jpg\" \/>\n\t<meta property=\"og:image:width\" content=\"1024\" \/>\n\t<meta property=\"og:image:height\" content=\"683\" \/>\n\t<meta property=\"og:image:type\" content=\"image\/jpeg\" \/>\n<meta name=\"twitter:card\" content=\"summary_large_image\" \/>\n<meta name=\"twitter:label1\" content=\"Est. reading time\" \/>\n\t<meta name=\"twitter:data1\" content=\"35 minutes\" \/>\n<script type=\"application\/ld+json\" class=\"yoast-schema-graph\">{\"@context\":\"https:\\\/\\\/schema.org\",\"@graph\":[{\"@type\":\"WebPage\",\"@id\":\"https:\\\/\\\/italics.art\\\/en\\\/panorama\\\/panorama-monopoli\\\/\",\"url\":\"https:\\\/\\\/italics.art\\\/en\\\/panorama\\\/panorama-monopoli\\\/\",\"name\":\"Panorama Monopoli | 1 \u2013 4 September 2022 - Italics\",\"isPartOf\":{\"@id\":\"https:\\\/\\\/italics.art\\\/#website\"},\"primaryImageOfPage\":{\"@id\":\"https:\\\/\\\/italics.art\\\/en\\\/panorama\\\/panorama-monopoli\\\/#primaryimage\"},\"image\":{\"@id\":\"https:\\\/\\\/italics.art\\\/en\\\/panorama\\\/panorama-monopoli\\\/#primaryimage\"},\"thumbnailUrl\":\"https:\\\/\\\/italics.art\\\/wp-content\\\/uploads\\\/2024\\\/06\\\/02-monopoli-Ph.-Cosmo-Laera-11602-e1718219469170.jpg\",\"datePublished\":\"2022-04-12T16:02:15+00:00\",\"dateModified\":\"2024-06-12T19:11:27+00:00\",\"description\":\"Panorama Monopoli: a city-wide exhibition curated by Vincenzo de Bellis, 1 \u2013 4 September 2022, Monopoli (Bari), Puglia.\",\"breadcrumb\":{\"@id\":\"https:\\\/\\\/italics.art\\\/en\\\/panorama\\\/panorama-monopoli\\\/#breadcrumb\"},\"inLanguage\":\"en-US\",\"potentialAction\":[{\"@type\":\"ReadAction\",\"target\":[\"https:\\\/\\\/italics.art\\\/en\\\/panorama\\\/panorama-monopoli\\\/\"]}]},{\"@type\":\"ImageObject\",\"inLanguage\":\"en-US\",\"@id\":\"https:\\\/\\\/italics.art\\\/en\\\/panorama\\\/panorama-monopoli\\\/#primaryimage\",\"url\":\"https:\\\/\\\/italics.art\\\/wp-content\\\/uploads\\\/2024\\\/06\\\/02-monopoli-Ph.-Cosmo-Laera-11602-e1718219469170.jpg\",\"contentUrl\":\"https:\\\/\\\/italics.art\\\/wp-content\\\/uploads\\\/2024\\\/06\\\/02-monopoli-Ph.-Cosmo-Laera-11602-e1718219469170.jpg\",\"width\":2400,\"height\":1600},{\"@type\":\"BreadcrumbList\",\"@id\":\"https:\\\/\\\/italics.art\\\/en\\\/panorama\\\/panorama-monopoli\\\/#breadcrumb\",\"itemListElement\":[{\"@type\":\"ListItem\",\"position\":1,\"name\":\"Home\",\"item\":\"https:\\\/\\\/italics.art\\\/en\\\/\"},{\"@type\":\"ListItem\",\"position\":2,\"name\":\"Panorama\",\"item\":\"https:\\\/\\\/italics.art\\\/en\\\/panorama\\\/\"},{\"@type\":\"ListItem\",\"position\":3,\"name\":\"Panorama Monopoli\"}]},{\"@type\":\"WebSite\",\"@id\":\"https:\\\/\\\/italics.art\\\/#website\",\"url\":\"https:\\\/\\\/italics.art\\\/\",\"name\":\"Italics\",\"description\":\"Art and Landscape\",\"potentialAction\":[{\"@type\":\"SearchAction\",\"target\":{\"@type\":\"EntryPoint\",\"urlTemplate\":\"https:\\\/\\\/italics.art\\\/?s={search_term_string}\"},\"query-input\":{\"@type\":\"PropertyValueSpecification\",\"valueRequired\":true,\"valueName\":\"search_term_string\"}}],\"inLanguage\":\"en-US\"}]}<\/script>\n<!-- \/ Yoast SEO plugin. -->","yoast_head_json":{"title":"Panorama Monopoli | 1 \u2013 4 September 2022 - Italics","description":"Panorama Monopoli: a city-wide exhibition curated by Vincenzo de Bellis, 1 \u2013 4 September 2022, Monopoli (Bari), Puglia.","robots":{"index":"index","follow":"follow","max-snippet":"max-snippet:-1","max-image-preview":"max-image-preview:large","max-video-preview":"max-video-preview:-1"},"canonical":"https:\/\/italics.art\/en\/panorama\/panorama-monopoli\/","og_locale":"en_US","og_type":"article","og_title":"Panorama Monopoli | 1 \u2013 4 September 2022 - Italics","og_description":"Panorama Monopoli: a city-wide exhibition curated by Vincenzo de Bellis, 1 \u2013 4 September 2022, Monopoli (Bari), Puglia.","og_url":"https:\/\/italics.art\/en\/panorama\/panorama-monopoli\/","og_site_name":"Italics","article_modified_time":"2024-06-12T19:11:27+00:00","og_image":[{"width":1024,"height":683,"url":"https:\/\/italics.art\/wp-content\/uploads\/2024\/06\/02-monopoli-Ph.-Cosmo-Laera-11602-e1718219469170-1024x683.jpg","type":"image\/jpeg"}],"twitter_card":"summary_large_image","twitter_misc":{"Est. reading time":"35 minutes"},"schema":{"@context":"https:\/\/schema.org","@graph":[{"@type":"WebPage","@id":"https:\/\/italics.art\/en\/panorama\/panorama-monopoli\/","url":"https:\/\/italics.art\/en\/panorama\/panorama-monopoli\/","name":"Panorama Monopoli | 1 \u2013 4 September 2022 - Italics","isPartOf":{"@id":"https:\/\/italics.art\/#website"},"primaryImageOfPage":{"@id":"https:\/\/italics.art\/en\/panorama\/panorama-monopoli\/#primaryimage"},"image":{"@id":"https:\/\/italics.art\/en\/panorama\/panorama-monopoli\/#primaryimage"},"thumbnailUrl":"https:\/\/italics.art\/wp-content\/uploads\/2024\/06\/02-monopoli-Ph.-Cosmo-Laera-11602-e1718219469170.jpg","datePublished":"2022-04-12T16:02:15+00:00","dateModified":"2024-06-12T19:11:27+00:00","description":"Panorama Monopoli: a city-wide exhibition curated by Vincenzo de Bellis, 1 \u2013 4 September 2022, Monopoli (Bari), Puglia.","breadcrumb":{"@id":"https:\/\/italics.art\/en\/panorama\/panorama-monopoli\/#breadcrumb"},"inLanguage":"en-US","potentialAction":[{"@type":"ReadAction","target":["https:\/\/italics.art\/en\/panorama\/panorama-monopoli\/"]}]},{"@type":"ImageObject","inLanguage":"en-US","@id":"https:\/\/italics.art\/en\/panorama\/panorama-monopoli\/#primaryimage","url":"https:\/\/italics.art\/wp-content\/uploads\/2024\/06\/02-monopoli-Ph.-Cosmo-Laera-11602-e1718219469170.jpg","contentUrl":"https:\/\/italics.art\/wp-content\/uploads\/2024\/06\/02-monopoli-Ph.-Cosmo-Laera-11602-e1718219469170.jpg","width":2400,"height":1600},{"@type":"BreadcrumbList","@id":"https:\/\/italics.art\/en\/panorama\/panorama-monopoli\/#breadcrumb","itemListElement":[{"@type":"ListItem","position":1,"name":"Home","item":"https:\/\/italics.art\/en\/"},{"@type":"ListItem","position":2,"name":"Panorama","item":"https:\/\/italics.art\/en\/panorama\/"},{"@type":"ListItem","position":3,"name":"Panorama Monopoli"}]},{"@type":"WebSite","@id":"https:\/\/italics.art\/#website","url":"https:\/\/italics.art\/","name":"Italics","description":"Art and Landscape","potentialAction":[{"@type":"SearchAction","target":{"@type":"EntryPoint","urlTemplate":"https:\/\/italics.art\/?s={search_term_string}"},"query-input":{"@type":"PropertyValueSpecification","valueRequired":true,"valueName":"search_term_string"}}],"inLanguage":"en-US"}]}},"uagb_featured_image_src":{"full":["https:\/\/italics.art\/wp-content\/uploads\/2024\/06\/02-monopoli-Ph.-Cosmo-Laera-11602-e1718219469170.jpg",2400,1600,false],"thumbnail":["https:\/\/italics.art\/wp-content\/uploads\/2024\/06\/02-monopoli-Ph.-Cosmo-Laera-11602-e1718219469170-150x100.jpg",150,100,true],"medium":["https:\/\/italics.art\/wp-content\/uploads\/2024\/06\/02-monopoli-Ph.-Cosmo-Laera-11602-e1718219469170-300x200.jpg",300,200,true],"medium_large":["https:\/\/italics.art\/wp-content\/uploads\/2024\/06\/02-monopoli-Ph.-Cosmo-Laera-11602-e1718219469170-768x512.jpg",768,512,true],"large":["https:\/\/italics.art\/wp-content\/uploads\/2024\/06\/02-monopoli-Ph.-Cosmo-Laera-11602-e1718219469170-1024x683.jpg",1024,683,true],"1536x1536":["https:\/\/italics.art\/wp-content\/uploads\/2024\/06\/02-monopoli-Ph.-Cosmo-Laera-11602-e1718219469170-1536x1024.jpg",1536,1024,true],"2048x2048":["https:\/\/italics.art\/wp-content\/uploads\/2024\/06\/02-monopoli-Ph.-Cosmo-Laera-11602-e1718219469170-2048x1365.jpg",2048,1365,true]},"uagb_author_info":{"display_name":"Carlotta Poli","author_link":"https:\/\/italics.art\/en\/author\/carlottapoli\/"},"uagb_comment_info":0,"uagb_excerpt":"The city-wide exhibition curated by Vincenzo de Bellis brought ancient, modern and contemporary art to the town of Monopoli. 12,000 visitors over four days admired the works of 60 artists spread throughout the city in 16 different exhibition venues. The second edition of the widespread exhibition &#8220;Panorama&#8221; was held in Monopoli (Bari) from Thursday, Sept.&hellip;","_links":{"self":[{"href":"https:\/\/italics.art\/en\/wp-json\/wp\/v2\/pages\/16669","targetHints":{"allow":["GET"]}}],"collection":[{"href":"https:\/\/italics.art\/en\/wp-json\/wp\/v2\/pages"}],"about":[{"href":"https:\/\/italics.art\/en\/wp-json\/wp\/v2\/types\/page"}],"author":[{"embeddable":true,"href":"https:\/\/italics.art\/en\/wp-json\/wp\/v2\/users\/3"}],"replies":[{"embeddable":true,"href":"https:\/\/italics.art\/en\/wp-json\/wp\/v2\/comments?post=16669"}],"version-history":[{"count":162,"href":"https:\/\/italics.art\/en\/wp-json\/wp\/v2\/pages\/16669\/revisions"}],"predecessor-version":[{"id":25004,"href":"https:\/\/italics.art\/en\/wp-json\/wp\/v2\/pages\/16669\/revisions\/25004"}],"up":[{"embeddable":true,"href":"https:\/\/italics.art\/en\/wp-json\/wp\/v2\/pages\/24959"}],"wp:featuredmedia":[{"embeddable":true,"href":"https:\/\/italics.art\/en\/wp-json\/wp\/v2\/media\/25117"}],"wp:attachment":[{"href":"https:\/\/italics.art\/en\/wp-json\/wp\/v2\/media?parent=16669"}],"curies":[{"name":"wp","href":"https:\/\/api.w.org\/{rel}","templated":true}]}}