{"id":27347,"date":"2025-04-02T20:45:17","date_gmt":"2025-04-02T18:45:17","guid":{"rendered":"https:\/\/italics.art\/panorama\/panorama-pozzuoli\/"},"modified":"2025-10-08T15:20:50","modified_gmt":"2025-10-08T13:20:50","slug":"panorama-pozzuoli","status":"publish","type":"page","link":"https:\/\/italics.art\/en\/panorama\/panorama-pozzuoli\/","title":{"rendered":"Panorama Pozzuoli"},"content":{"rendered":"\n<div class=\"wp-block-columns is-layout-flex wp-container-core-columns-is-layout-9d6595d7 wp-block-columns-is-layout-flex\">\n<div class=\"wp-block-column is-layout-flow wp-block-column-is-layout-flow\" style=\"flex-basis:100%\">\n<figure class=\"wp-block-image size-full\"><img loading=\"lazy\" decoding=\"async\" width=\"4000\" height=\"2250\" src=\"https:\/\/italics.art\/wp-content\/uploads\/2025\/07\/250710-PANIDE3-header_EN_2.jpg\" alt=\"\" class=\"wp-image-27872\" srcset=\"https:\/\/italics.art\/wp-content\/uploads\/2025\/07\/250710-PANIDE3-header_EN_2.jpg 4000w, https:\/\/italics.art\/wp-content\/uploads\/2025\/07\/250710-PANIDE3-header_EN_2-300x169.jpg 300w, https:\/\/italics.art\/wp-content\/uploads\/2025\/07\/250710-PANIDE3-header_EN_2-1024x576.jpg 1024w, https:\/\/italics.art\/wp-content\/uploads\/2025\/07\/250710-PANIDE3-header_EN_2-150x84.jpg 150w, https:\/\/italics.art\/wp-content\/uploads\/2025\/07\/250710-PANIDE3-header_EN_2-768x432.jpg 768w\" sizes=\"auto, (max-width: 4000px) 100vw, 4000px\" \/><\/figure>\n<\/div>\n<\/div>\n\n\n\n<div style=\"height:70px\" aria-hidden=\"true\" class=\"wp-block-spacer\"><\/div>\n\n\n\n<div class=\"wp-block-columns is-layout-flex wp-container-core-columns-is-layout-9d6595d7 wp-block-columns-is-layout-flex\">\n<div class=\"wp-block-column is-layout-flow wp-block-column-is-layout-flow\" style=\"flex-basis:66.66%\">\n<h1 class=\"wp-block-heading\"><strong>PANORAMA POZZUOLI&nbsp;<\/strong><br>10\u201314 September 2025<\/h1>\n\n\n\n<p><\/p>\n\n\n\n<h1 class=\"wp-block-heading\">A city-wide exhibition curated by <strong>Chiara Parisi<\/strong><\/h1>\n\n\n\n<p><\/p>\n\n\n\n<h1 class=\"wp-block-heading\">For the fifth edition of the city-wide exhibition, which has been connecting art, architecture, antiquity and the contemporary with different territories and communities every year since 2021, ITALICS arrived in Pozzuoli<\/h1>\n<\/div>\n\n\n\n<div class=\"wp-block-column is-layout-flow wp-block-column-is-layout-flow\" style=\"flex-basis:33.33%\"><\/div>\n<\/div>\n\n\n\n<div style=\"height:70px\" aria-hidden=\"true\" class=\"wp-block-spacer\"><\/div>\n\n\n\n<figure class=\"wp-block-image size-full\"><img decoding=\"async\" src=\"https:\/\/italics.art\/wp-content\/uploads\/2025\/09\/429A9364-Wilfredo-Prieto-Futuro-incierto-Uncertain-Future-2011-Courtesy-Galleria-Massimo-Minini-1.jpeg\" alt=\"\" class=\"wp-image-28587\"\/><figcaption class=\"wp-element-caption\">Wilfredo Prieto, <em>Futuro incierto \/ Uncertain Future<\/em>, 2011. Courtesy Galleria Massimo Minini<\/figcaption><\/figure>\n\n\n\n<div class=\"wp-block-columns is-layout-flex wp-container-core-columns-is-layout-9d6595d7 wp-block-columns-is-layout-flex\">\n<div class=\"wp-block-column is-layout-flow wp-block-column-is-layout-flow\">\n<figure class=\"wp-block-image size-full\"><img decoding=\"async\" src=\"https:\/\/italics.art\/wp-content\/uploads\/2025\/09\/43A6911-Maurizio-Cattelan-Senza-titolo-2003-Courtesy-The-Rochofsky-Collection-e-Gagosian.jpeg\" alt=\"\" class=\"wp-image-28600\"\/><figcaption class=\"wp-element-caption\">Maurizio Cattelan, <em>Senza titolo<\/em>, 2003. Courtesy The Rachofsky Collection and Gagosian<\/figcaption><\/figure>\n<\/div>\n\n\n\n<div class=\"wp-block-column is-layout-flow wp-block-column-is-layout-flow\">\n<figure class=\"wp-block-image size-full\"><img decoding=\"async\" src=\"https:\/\/italics.art\/wp-content\/uploads\/2025\/09\/429A9244-Carlos-Amorales-Self-Portrait-of-the-Inner-Self-Courtesy-dellartista-e-of-the-artist-and-Galleria-Umberto-Di-Marino.jpeg\" alt=\"\" class=\"wp-image-28563\"\/><figcaption class=\"wp-element-caption\">Carlos Amorales, <em>Self Portrait of the Inner Self 01<\/em>, 2022. Courtesy of the artist and Galleria Umberto Di Marino<\/figcaption><\/figure>\n<\/div>\n<\/div>\n\n\n\n<div class=\"wp-block-columns is-layout-flex wp-container-core-columns-is-layout-9d6595d7 wp-block-columns-is-layout-flex\">\n<div class=\"wp-block-column is-layout-flow wp-block-column-is-layout-flow\"><\/div>\n\n\n\n<div class=\"wp-block-column is-layout-flow wp-block-column-is-layout-flow\">\n<p class=\"has-medium-font-size\"><strong>From 10 to 14 September 2025<\/strong>, <em>Panorama Pozzuoli <\/em>\u2013 the city-wide exhibition conceived by ITALICS \u2013 guided the public through an immersive itinerary intertwining divinities and creation, memory and the urgencies of the present, within a territory where myth, history, and nature have overlapped for millennia. Curated by <strong>Chiara Parisi<\/strong>, director of the Centre Pompidou-Metz, and supported by the <strong>Campania Region<\/strong> and <strong>Scabec<\/strong><em> Panorama<\/em> once again succeeded in weaving a collective narrative that connected symbolic landmarks and previously unseen spaces in the city and the Campi Flegrei (Phlegraean Fields).<\/p>\n\n\n\n<p class=\"has-medium-font-size\">Over its five days of opening, <em>Panorama Pozzuoli <\/em>recorded an extraordinary attendance, with over <strong>14.000 visitors<\/strong> including art enthusiasts, industry experts, Italian and international press, curious onlookers, and an international audience, confirming the strong interest in and the attractiveness of the project.<\/p>\n\n\n\n<blockquote class=\"wp-block-quote is-layout-flow wp-block-quote-is-layout-flow\">\n<p>\u201c<em>Vitality, sophistication, creativity. Panorama Pozzuoli comes to a close as an extraordinary collective experience<\/em> \u2013 further emphasizes curator <strong>Chiara Parisi<\/strong> \u2013 <em>capable of engaging with a vast and powerful territory alongside both emerging and established artists, artworks, local, national, and international press, the art world with its enthusiasts, renowned figures, the inhabitants of Pozzuoli and the entire Neapolitan area, all brought together simultaneously. The energy of Pozzuoli, this wonderful bay where the Mediterranean reveals its most fascinating colours, and of the Campi Flegrei, acted as a sounding board, amplifying every encounter and every word. The city opened itself to all of us with great generosity. More than a conclusion, this marks the beginning of a new horizon: the desire to continue cultivating relationships, imagining, and building future projects together. Thank you, Pozzuoli, for allowing us to discover or rediscover our shared Mediterranean history and the memories you preserve<\/em>.\u201d<\/p>\n<\/blockquote>\n<\/div>\n<\/div>\n\n\n\n<figure class=\"wp-block-image size-full\"><img decoding=\"async\" src=\"https:\/\/italics.art\/wp-content\/uploads\/2025\/09\/429A03007-Anish-Kapoor-Random-Triangle-Mirror-2012-Courtesy-dellartista-e-Galleria-Continua.jpeg\" alt=\"\" class=\"wp-image-28560\"\/><figcaption class=\"wp-element-caption\">Anish Kapoor, <em>Random Triangle Mirror<\/em>, 2012. Courtesy of the artist and Galleria Continua<\/figcaption><\/figure>\n\n\n\n<div class=\"wp-block-columns is-layout-flex wp-container-core-columns-is-layout-9d6595d7 wp-block-columns-is-layout-flex\">\n<div class=\"wp-block-column is-layout-flow wp-block-column-is-layout-flow\">\n<figure class=\"wp-block-image size-full\"><img decoding=\"async\" src=\"https:\/\/italics.art\/wp-content\/uploads\/2025\/09\/429A8729-Emilio-Isgro-Romeo-e-Giulietta-2022-Courtesy-Tornabuoni-Arte.jpeg\" alt=\"\" class=\"wp-image-28572\"\/><figcaption class=\"wp-element-caption\">Emilio Isgr\u00f2, <em>Romeo e Giulietta<\/em>, 2022. Courtesy Tornabuoni Arte<\/figcaption><\/figure>\n<\/div>\n\n\n\n<div class=\"wp-block-column is-layout-flow wp-block-column-is-layout-flow\">\n<figure class=\"wp-block-image size-full\"><img decoding=\"async\" src=\"https:\/\/italics.art\/wp-content\/uploads\/2025\/09\/l-David-Tremlett-Rain-in-Your-Black-Eyes-per-Ezio-2023-2025-Courtesy-dell-artista-e-of-the-artist-and-Lunetta11.jpeg\" alt=\"\" class=\"wp-image-28595\"\/><figcaption class=\"wp-element-caption\">David Tremlett, <em>Rain in Your Black Eyes \u2013 per Ezio<\/em>, 2023-2025. Courtesy of the artist and Lunetta11<\/figcaption><\/figure>\n<\/div>\n<\/div>\n\n\n\n<div class=\"wp-block-columns is-layout-flex wp-container-core-columns-is-layout-9d6595d7 wp-block-columns-is-layout-flex\">\n<div class=\"wp-block-column is-layout-flow wp-block-column-is-layout-flow\"><\/div>\n\n\n\n<div class=\"wp-block-column is-layout-flow wp-block-column-is-layout-flow\">\n<p class=\"has-medium-font-size\"><strong><em>Panorama Pozzuoli<\/em><\/strong> was structured like an uninterrupted <em>promenade <\/em>in a layered landscape: an open-air narrative permeated <strong>by a mythological tension that takes shape in the theme of deification<\/strong>. This was not an abstract concept, but a geological and cultural heritage inscribed in the places themselves. In this place, where volcanoes shape the landscape and bradyseism marks the rhythm, myth became geography and the vision of the divine settled into everyday life.<\/p>\n\n\n\n<p class=\"has-medium-font-size\"><strong>It was a physical and symbolic journey through places<\/strong> where artists and visitors interact with historical and geological layers, ancient divinities and present-day tensions. <strong>The theme of deification<\/strong> was neither nostalgia nor celebration, but a contemporary question: an open question about how the human, the natural and the sacred continue to redefine themselves in the visible space.&nbsp;<\/p>\n\n\n\n<p class=\"has-medium-font-size\">Far from a conventional exhibition approach, <strong><em>Panorama Pozzuoli<\/em><\/strong> was configured as a <strong>collaborative programme and an open evolving ecosystem<\/strong> that connects aesthetic experiences, participatory practices and shared knowledge. In this virtuous intertwining, <strong>the city was not only a backdrop<\/strong>, but an active subject in a narrative that spans languages, generations and affiliations.<\/p>\n<\/div>\n<\/div>\n\n\n\n<figure class=\"wp-block-image size-full\"><img decoding=\"async\" src=\"https:\/\/italics.art\/wp-content\/uploads\/2025\/09\/429A8705-Elmgreen-and-Dragset-60-Minutes-Marble-2024-Courtesy-dellartista-e-MASSIMODECARLO.jpeg\" alt=\"\" class=\"wp-image-28603\"\/><figcaption class=\"wp-element-caption\">Elmgreen and Dragset, <em>60 Minutes (Marble)<\/em>, 2024. Courtesy of the artist and MASSIMODECARLO<\/figcaption><\/figure>\n\n\n\n<div class=\"wp-block-group\"><div class=\"wp-block-group__inner-container is-layout-constrained wp-block-group-is-layout-constrained\">\n<div class=\"wp-block-columns is-layout-flex wp-container-core-columns-is-layout-9d6595d7 wp-block-columns-is-layout-flex\">\n<div class=\"wp-block-column is-layout-flow wp-block-column-is-layout-flow\"><\/div>\n\n\n\n<div class=\"wp-block-column is-layout-flow wp-block-column-is-layout-flow\">\n<p class=\"has-medium-font-size\"><\/p>\n\n\n\n<p class=\"has-medium-font-size\">The <em>promenade <\/em>began at the <strong>Flavian Amphitheatre<\/strong>, one of the largest built during the Roman Empire, a monumental piece of architecture symbolising imperial glory and now a living heritage in the deepest and most romantic sense of the term. It continued with the terraced garden of the <strong>Villa Avellino Public Park<\/strong> and the <strong>Cinema Sofia<\/strong>, a symbol of urban memory named after the famous Italian actress who grew up nearby. The route continued uptown and downtown, among religious and civil spaces: the <strong>Church of San Raffaele Arcangelo<\/strong> with its \u2018Borrominian\u2019 architecture and the exterior of the <strong>Church of Purgatory<\/strong>. After this, the Rione Terra, beating heart of <em>Panorama<\/em>, where the <strong>underground archaeological<\/strong> trail was concentrated, the <strong>Cathedral of San Procolo Martire<\/strong>, built on an ancient Roman temple, the <strong>Church of San Liborio<\/strong> and the <strong>restored historic premises<\/strong> that have come back to life through the displayed works. The exhibition also included the <strong>Archaeological Park of Cumae<\/strong>, a city founded in the 8th century BC and considered one of the oldest colonies of Magna Graecia, that in a short time managed to conquer almost the entire coast of Campania.<\/p>\n<\/div>\n<\/div>\n<\/div><\/div>\n\n\n\n<figure class=\"wp-block-image size-full\"><img decoding=\"async\" src=\"https:\/\/italics.art\/wp-content\/uploads\/2025\/09\/429A9526-William-Kentridge-Sibily-2020-Courtesy-dellartista-e-of-the-artist-and-Galleria-Lia-Rumma.jpeg\" alt=\"\" class=\"wp-image-28606\"\/><figcaption class=\"wp-element-caption\">William Kentridge, <em>Sibyl<\/em>, 2020. Courtesy of the artist and Galleria Lia Rumma<\/figcaption><\/figure>\n\n\n\n<div class=\"wp-block-columns is-layout-flex wp-container-core-columns-is-layout-9d6595d7 wp-block-columns-is-layout-flex\">\n<div class=\"wp-block-column is-layout-flow wp-block-column-is-layout-flow\">\n<figure class=\"wp-block-image size-full\"><img decoding=\"async\" src=\"https:\/\/italics.art\/wp-content\/uploads\/2025\/09\/429A8917-Corneli-Afrodite-di-Capua-2015-Courtesy-dellartista-e-of-the-artist-and-Studio-Trisorio.jpeg\" alt=\"\" class=\"wp-image-28575\"\/><figcaption class=\"wp-element-caption\">Fabrizio Corneli<em>, Afrodite di Capua<\/em>, 2015. Courtesy of the artist and&nbsp;Studio Trisorio<\/figcaption><\/figure>\n<\/div>\n\n\n\n<div class=\"wp-block-column is-layout-flow wp-block-column-is-layout-flow\">\n<figure class=\"wp-block-image size-full\"><img decoding=\"async\" src=\"https:\/\/italics.art\/wp-content\/uploads\/2025\/09\/429A9393-Scultore-del-II-secolo-dC-Courtesy-Carlo-Orsi.jpeg\" alt=\"\" class=\"wp-image-28618\"\/><figcaption class=\"wp-element-caption\">Sculptor of the 2nd century CE, <em>Torso di Silvano<\/em>, 2nd century CE. Courtesy Carlo Orsi<\/figcaption><\/figure>\n<\/div>\n<\/div>\n\n\n\n<div class=\"wp-block-group\"><div class=\"wp-block-group__inner-container is-layout-constrained wp-block-group-is-layout-constrained\">\n<div class=\"wp-block-columns is-layout-flex wp-container-core-columns-is-layout-9d6595d7 wp-block-columns-is-layout-flex\">\n<div class=\"wp-block-column is-layout-flow wp-block-column-is-layout-flow\"><\/div>\n\n\n\n<div class=\"wp-block-column is-layout-flow wp-block-column-is-layout-flow\">\n<p class=\"has-medium-font-size\">All cities have symbols. With <em>Panorama<\/em>, Pozzuoli had a new one for a while, suspended between heaven and earth. It looked up and gazed upon the sea: <strong>Maurizio Cattelan<\/strong>&#8216;s <em>Untitled<\/em>, 2003<em> <\/em>is a child beating a drum \u2013 the sound spreading through space, insistent, hypnotic, almost ritualistic. Created in 2003, the work is one of those in which the tension between innocence and obsession, typical of the artist, becomes more subtle and penetrating.<\/p>\n\n\n\n<p class=\"has-medium-font-size\"><strong>Simone Fattal<\/strong> presented a poignant work on the threshold between the human and the eternal; between the visible and the invisible, <strong>Anish Kapoor<\/strong> interrogated the gaze and the soul;<strong> Ugo Rondinone<\/strong> created a site-specific work linked to the voice of the ruins. And then again, just to name a few, <strong>Carlos Amorales<\/strong>, <strong>William Kentridge<\/strong>, <strong>Gino Marotta<\/strong>, <strong>Mario Merz<\/strong>, <strong>Wilfredo Prieto<\/strong>, <strong>Lawrence Weiner<\/strong> and extraordinary dialogues, such as the one between the Amphitheatre and <strong>Clarissa Baldassarri<\/strong> or the volcano and <strong>Goshka Macuga<\/strong>.<\/p>\n\n\n\n<p class=\"has-medium-font-size\">Younger generations, represented, among others, by <strong>Oliver Beer<\/strong>, <strong>Giusy Pirrotta<\/strong>, <strong>Damir O\u010dko<\/strong> and <strong>Felix Shumba<\/strong>, also found their voice working with archaeology and myth, history and identity. Together with <strong>new productions<\/strong>, the exhibition offered <strong>extraordinary dialogues <\/strong>with masterpieces of ancient and modern art \u2013 from Roman sculptures dating back to the 2nd century CE to paintings by <strong>Luca Giordano<\/strong> and <strong>Luigi Primo<\/strong>, or the works of <strong>Matteo Bottigliero<\/strong>, all active between the 17th and 18th centuries \u2013 that gave strength to a path marked by almost divine presences.<\/p>\n\n\n\n<p class=\"has-medium-font-size\">From <strong>Jannis Kounellis<\/strong>, <strong>Emilio Isgr\u00f2<\/strong>, <strong>Marino Marini<\/strong> and <strong>Gianni Colombo<\/strong>, who have left their mark on Italian and international art, to the iconic projects of <strong>Elmgreen &amp; Dragset<\/strong>, <strong>Simon Starling<\/strong> and <strong>Michael Landy<\/strong>, each presence built a constellation. Artists such as <strong>Sandra V\u00e1squez de la Horra<\/strong>, <strong>Celia Paul<\/strong>, <strong>Sang A Han<\/strong>, <strong>Helena Hladilov\u00e1<\/strong>, <strong>Marie Denis<\/strong>, <strong>Servane Mary<\/strong> and <strong>Rebecca Moccia<\/strong> brought a powerful gaze, while <strong>Simon Dybbroe M\u00f8ller<\/strong>, <strong>David Tremlett<\/strong>, <strong>Fabrizio Corneli<\/strong>, <strong>Kevin Francis Gray<\/strong> and <strong>Walter Moroder<\/strong> amplified the power of gesture and matter. Time was layered between the dialogues with the masters of the 17th century, <strong>Viviano Codazzi and Michelangelo Cerquozzi<\/strong>, <strong>Giovanni Peruzzini<\/strong>, as well as in the poetry of <strong>Maria Grazia Rosin<\/strong> and the visionary cinema of <strong>Yuri Ancarani<\/strong>. <strong>Jan Vercruysse<\/strong> and <strong>Bram Demunter<\/strong> offered an enigmatic and political dimension, capable of opening inner rifts. Each participating artist engaged in a dialogue with their time and its inhabitants, with a clear, conscious, and at times ironic gaze, creating fertile short circuits between past and present.<\/p>\n<\/div>\n<\/div>\n<\/div><\/div>\n\n\n\n<figure class=\"wp-block-image size-full\"><img loading=\"lazy\" decoding=\"async\" width=\"3543\" height=\"2362\" src=\"https:\/\/italics.art\/wp-content\/uploads\/2025\/09\/429A0169Clarissa-Baldassarri-DIncanto-2024-2025-Courtesy-dellartista-e-Gian-Marco-Casini-Gallery.jpeg\" alt=\"\" class=\"wp-image-28590\" srcset=\"https:\/\/italics.art\/wp-content\/uploads\/2025\/09\/429A0169Clarissa-Baldassarri-DIncanto-2024-2025-Courtesy-dellartista-e-Gian-Marco-Casini-Gallery.jpeg 3543w, https:\/\/italics.art\/wp-content\/uploads\/2025\/09\/429A0169Clarissa-Baldassarri-DIncanto-2024-2025-Courtesy-dellartista-e-Gian-Marco-Casini-Gallery-300x200.jpeg 300w, https:\/\/italics.art\/wp-content\/uploads\/2025\/09\/429A0169Clarissa-Baldassarri-DIncanto-2024-2025-Courtesy-dellartista-e-Gian-Marco-Casini-Gallery-1024x683.jpeg 1024w, https:\/\/italics.art\/wp-content\/uploads\/2025\/09\/429A0169Clarissa-Baldassarri-DIncanto-2024-2025-Courtesy-dellartista-e-Gian-Marco-Casini-Gallery-150x100.jpeg 150w, https:\/\/italics.art\/wp-content\/uploads\/2025\/09\/429A0169Clarissa-Baldassarri-DIncanto-2024-2025-Courtesy-dellartista-e-Gian-Marco-Casini-Gallery-768x512.jpeg 768w\" sizes=\"auto, (max-width: 3543px) 100vw, 3543px\" \/><figcaption class=\"wp-element-caption\">Clarissa Baldassarri, <em>D\u2019Incanto<\/em>, 2024-2025. Courtesy of the artist and Gian Marco Casini Gallery<\/figcaption><\/figure>\n\n\n\n<div class=\"wp-block-columns is-layout-flex wp-container-core-columns-is-layout-9d6595d7 wp-block-columns-is-layout-flex\">\n<div class=\"wp-block-column is-layout-flow wp-block-column-is-layout-flow\"><\/div>\n\n\n\n<div class=\"wp-block-column is-layout-flow wp-block-column-is-layout-flow\">\n<p class=\"has-medium-font-size\"><\/p>\n\n\n\n<p class=\"has-medium-font-size\">Among the most eagerly awaited moments of the event, <strong>the<\/strong> <strong>breakfasts with the artists<\/strong> \u2013 organised in collaboration with the <strong>Fondazione Morra Greco, Naples<\/strong> \u2013 offered an informal space for dialogue between the public and the artists in the city&#8217;s bars. At the same time, the project involved schools, associations and local organisations committed to social inclusion, through activities of mediation and programmes designed to raise awareness of contemporary art, without forgetting the people involved in reintegration projects for young offenders from the juvenile detention centres in <strong>Nisida<\/strong> and the women&#8217;s prison in Pozzuoli, run by <strong>Puteoli Sacra<\/strong>.<\/p>\n<\/div>\n<\/div>\n\n\n\n<div class=\"wp-block-columns is-layout-flex wp-container-core-columns-is-layout-9d6595d7 wp-block-columns-is-layout-flex\">\n<div class=\"wp-block-column is-layout-flow wp-block-column-is-layout-flow\"><\/div>\n\n\n\n<div class=\"wp-block-column is-layout-flow wp-block-column-is-layout-flow\">\n<p class=\"has-medium-font-size\">Testifying to the importance of the initiative were also several prominent institutional figures: UNESCO Director-General <strong>Audrey Azoulay<\/strong> and President of the Campania Region <strong>Vincenzo De Luca<\/strong> visited Panorama Pozzuoli, accompanied by <strong>Lorenzo Fiaschi<\/strong> and <strong>Pepi Marchetti Franchi<\/strong>, President and Vice President of ITALICS, curator <strong>Chiara Parisi<\/strong>, Mayor of Pozzuoli <strong>Luigi Manzoni<\/strong>, <strong>Rosanna Romano<\/strong>, Director General for Cultural and Tourism Policies of the Campania Region, and <strong>Fabio Pagano<\/strong>, Director of the Campi Flegrei Archaeological Park.<\/p>\n<\/div>\n<\/div>\n\n\n\n<div style=\"height:10px\" aria-hidden=\"true\" class=\"wp-block-spacer\"><\/div>\n\n\n\n<div class=\"wp-block-columns is-layout-flex wp-container-core-columns-is-layout-9d6595d7 wp-block-columns-is-layout-flex\">\n<div class=\"wp-block-column is-layout-flow wp-block-column-is-layout-flow\" style=\"flex-basis:33.33%\">\n<h2 class=\"wp-block-heading\">The artists:<\/h2>\n<\/div>\n\n\n\n<div class=\"wp-block-column is-layout-flow wp-block-column-is-layout-flow\" style=\"flex-basis:66.66%\">\n<p>Carlos Amorales (Mexico City, 1970); Yuri Ancarani (Ravenna, 1972); Clarissa Baldassarri (Civitanova Marche, 1994); Oliver Beer (Kent, 1985); Matteo Bottigliero o Bottiglieri (attr.) (Castiglione del Genovesi, 1684 \u2013 Naples, 1757); Maurizio Cattelan (Padua, 1960); Viviano Codazzi e Michelangelo Cerquozzi (Bergamo, 1604 \u2013 Rome, 1670; Rome, 1602-1660); Gianni Colombo (Milan, 1937 \u2013 Melzo, 1993); Fabrizio Corneli (Florence, 1958); Louis Cousin, known as Luigi Primo Gentile (Bruxelles or Breynelden, Belgium, 1606 \u2013 Rome, Italy, 1667\/1668); Bram Demunter (Kortrijk, 1993); Marie Denis (Bourg-Saint-And\u00e9ol, 1972); Simon Dybbroe M\u00f8ller (Aarhus, 1976); Elmgreen &amp; Dragset (Michael Elmgreen, Copenhagen, 1961; Ingar Dragset, Trondheim, 1969);<strong> <\/strong>Simone Fattal (Damascus, 1942); Luca Giordano (Naples, 1634-1705); Kevin Francis Gray (Armagh, 1972); Sang A Han (Seoul, 1987); Helena Hladilov\u00e1 (Krom\u011b\u0159\u00ed\u017e, 1983); Emilio Isgr\u00f2 (Barcellona Pozzo di Gotto, 1937); Anish Kapoor (Mumbai, 1954); William Kentridge (Johannesburg, 1955); Jannis Kounellis (Piraeus, 1936 \u2013 Rome, 2017); Michael Landy (London, 1963); Goshka Macuga (Warsaw, 1967); Marino Marini (Pistoia, 1901 \u2013 Viareggio, 1980); Gino Marotta (Campobasso, 1935 \u2013 Rome, 2012); Servane Mary (Dijon, 1972); Mario Merz (Milan, 1925 \u2013 Turin, 2003); Rebecca Moccia (Naples, 1992); Walter Moroder (Val Gardena, 1963); Damir O\u010dko (Zagreb, 1977); Celia Paul (Thiruvananthapuram, 1959); Giovanni Peruzzini (Ancona, 1629 \u2013 Milan, 1694); Giusy Pirrotta (Reggio Calabria, 1982); Wilfredo Prieto (Sancti Sp\u00edritus, 1978); Ugo Rondinone (Brunnen, 1962); Maria Grazia Rosin (Cortina d\u2019Ampezzo, 1958); Sculptor of the 2nd century CE; Felix Shumba (Bulawayo, 1989); Simon Starling (Epsom, 1967); David Tremlett (Dartford, 1945); Sandra V\u00e1squez de la Horra (Vi\u00f1a del Mar, 1967); Jan Vercruysse (Ostenda, 1948 \u2013 Bruges, 2018); Lawrence Weiner (New York, 1942-2021).<\/p>\n<\/div>\n<\/div>\n\n\n\n<figure class=\"wp-block-image size-full\"><img decoding=\"async\" src=\"https:\/\/italics.art\/wp-content\/uploads\/2025\/09\/429A0372-Ugo-Rondinone-the-First-2025-Courtesy-Alfonso-Artiaco-1.jpeg\" alt=\"\" class=\"wp-image-28581\"\/><figcaption class=\"wp-element-caption\">Ugo Rondinone, <em>the first<\/em>, 2025. Courtesy Alfonso Artiaco<\/figcaption><\/figure>\n\n\n\n<div class=\"wp-block-columns is-layout-flex wp-container-core-columns-is-layout-9d6595d7 wp-block-columns-is-layout-flex\">\n<div class=\"wp-block-column is-layout-flow wp-block-column-is-layout-flow\">\n<p>Photography: Danilo Donzelli and Mauro Palumbo<\/p>\n<\/div>\n\n\n\n<div class=\"wp-block-column is-layout-flow wp-block-column-is-layout-flow\"><\/div>\n<\/div>\n\n\n\n<div class=\"wp-block-columns is-layout-flex wp-container-core-columns-is-layout-9d6595d7 wp-block-columns-is-layout-flex\">\n<div class=\"wp-block-column is-layout-flow wp-block-column-is-layout-flow\" style=\"flex-basis:33.33%\">\n<h2 class=\"wp-block-heading\">Participating galleries:<\/h2>\n<\/div>\n\n\n\n<div class=\"wp-block-column is-layout-flow wp-block-column-is-layout-flow\" style=\"flex-basis:66.66%\">\n<p>A arte Invernizzi, Apalazzogallery, Alfonso Artiaco, Botticelli Antichit\u00e0, Galleria Canesso, Car Gallery, Cardi Gallery, Carlo Orsi, Galleria Continua, Thomas Dane Gallery, Galleria Umberto Di Marino, Galleria Tiziana Di Caro, Galleria Doris Ghetta, Galleria d\u2019Arte Frediano Farsetti, Galleria Fonti, Galleria Fumagalli, Gagosian, Giacometti Old Master Paintings, Gian Marco Casini Gallery, Kaufmann Repetto, Galleria Lia Rumma, Lunetta11, Magazzino, Massimo De Carlo, Mazzoleni London-Torino, Francesca Minini, Galleria Massimo Minini, ML Fine Art, Galleria Franco Noero, Galleria Alberta Pane, Giorgio Persano, Porcini, Richard Saltoun Gallery, Robilant+Voena, Thaddaeus Ropac, Secci, SpazioA, Studio Trisorio, Tim Van Laere Gallery, Caterina Tognon Arte Contemporanea, Tornabuoni Arte, Tucci Russo Studio per l\u2019Arte Contemporanea, Victoria Miro Venice, Vistamare, Zero\u2026<\/p>\n<\/div>\n<\/div>\n\n\n\n<figure class=\"wp-block-image size-large\"><img loading=\"lazy\" decoding=\"async\" width=\"1024\" height=\"96\" src=\"https:\/\/italics.art\/wp-content\/uploads\/2025\/06\/white-1-1024x96.jpg\" alt=\"\" class=\"wp-image-27689\" srcset=\"https:\/\/italics.art\/wp-content\/uploads\/2025\/06\/white-1-1024x96.jpg 1024w, https:\/\/italics.art\/wp-content\/uploads\/2025\/06\/white-1-300x28.jpg 300w, https:\/\/italics.art\/wp-content\/uploads\/2025\/06\/white-1-150x14.jpg 150w, https:\/\/italics.art\/wp-content\/uploads\/2025\/06\/white-1-768x72.jpg 768w\" sizes=\"auto, (max-width: 1024px) 100vw, 1024px\" \/><\/figure>\n\n\n\n<div class=\"wp-block-columns is-layout-flex wp-container-core-columns-is-layout-9d6595d7 wp-block-columns-is-layout-flex\">\n<div class=\"wp-block-column is-layout-flow wp-block-column-is-layout-flow\" style=\"flex-basis:66.66%\">\n<div class=\"wp-block-uagb-advanced-heading uagb-block-7c83ed5a\"><h2 class=\"uagb-heading-text\"><em>Panorama Pozzuoli<\/em><br>Downloads<\/h2><\/div>\n<\/div>\n\n\n\n<div class=\"wp-block-column is-layout-flow wp-block-column-is-layout-flow\" style=\"flex-basis:33.33%\">\n<p>Take a look at <em>Panorama Pozzuoli<\/em>&#8216;s <strong><a href=\"https:\/\/italics.art\/wp-content\/uploads\/2025\/10\/Panorama-Pozzuoli-2025-_-Exhibition-Guide.pdf\" target=\"_blank\" rel=\"noreferrer noopener\">Exhibition Guide<\/a><\/strong><\/p>\n\n\n\n<p>Download <em>Panorama Pozzuoli<\/em>&#8216;s <strong><a href=\"https:\/\/italics.art\/wp-content\/uploads\/2025\/10\/Panorama-Pozzuoli-2025-_-Map.pdf\" target=\"_blank\" rel=\"noreferrer noopener\">Map<\/a><\/strong> with the exhibition venues<\/p>\n\n\n\n<p>Check out the <strong><a href=\"https:\/\/italics.art\/wp-content\/uploads\/2025\/10\/Panorama-Pozzuoli-2025-_-Agenda.pdf\" target=\"_blank\" rel=\"noreferrer noopener\">Agenda<\/a><\/strong> for <em>Panorama Pozzuoli<\/em><\/p>\n\n\n\n<p>Explore <a href=\"https:\/\/italics.art\/en\/panorama\/panorama-pozzuoli\/arcipelago-panorama\/\" target=\"_blank\" rel=\"noreferrer noopener\"><strong>Arcipelago Panorama<\/strong><\/a>, places of culture and landscape, exhibitions and events beyond <em>Panorama Pozzuoli<\/em><\/p>\n\n\n\n<p>Leaf through the <strong><a href=\"https:\/\/italics.art\/wp-content\/uploads\/2025\/09\/PANORAMA-POZZUOLI-DIARY_ENG.pdf\" target=\"_blank\" rel=\"noreferrer noopener\">Diary<\/a><\/strong> of <em>Panorama Pozzuoli<\/em><\/p>\n<\/div>\n<\/div>\n\n\n\n<figure class=\"wp-block-image size-large\"><img loading=\"lazy\" decoding=\"async\" width=\"1024\" height=\"96\" src=\"https:\/\/italics.art\/wp-content\/uploads\/2025\/06\/white-1-1024x96.jpg\" alt=\"\" class=\"wp-image-27689\" srcset=\"https:\/\/italics.art\/wp-content\/uploads\/2025\/06\/white-1-1024x96.jpg 1024w, https:\/\/italics.art\/wp-content\/uploads\/2025\/06\/white-1-300x28.jpg 300w, https:\/\/italics.art\/wp-content\/uploads\/2025\/06\/white-1-150x14.jpg 150w, https:\/\/italics.art\/wp-content\/uploads\/2025\/06\/white-1-768x72.jpg 768w\" sizes=\"auto, (max-width: 1024px) 100vw, 1024px\" \/><\/figure>\n\n\n\n<div class=\"wp-block-columns is-layout-flex wp-container-core-columns-is-layout-9d6595d7 wp-block-columns-is-layout-flex\">\n<div class=\"wp-block-column is-layout-flow wp-block-column-is-layout-flow\">\n<h2 class=\"wp-block-heading\">PANORAMA POZZUOLI<br>10-14.09. 2025<\/h2>\n<\/div>\n\n\n\n<div class=\"wp-block-column is-layout-flow wp-block-column-is-layout-flow\"><\/div>\n<\/div>\n\n\n\n<div class=\"wp-block-columns is-layout-flex wp-container-core-columns-is-layout-9d6595d7 wp-block-columns-is-layout-flex\">\n<div class=\"wp-block-column is-layout-flow wp-block-column-is-layout-flow\">\n<p>A project by <strong>ITALICS<\/strong><br>Curated by <strong>Chiara Parisi<\/strong><br>Curatorial Coordination: <strong>Veronica Botta<\/strong><br>General Coordination: <strong>ArtsFor_<\/strong><br>Strategic Advisory: <strong>ArtsFor_, Camilla Invernizzi<\/strong><br>Production Assistants: <strong>Sonia Belfiore, Marco Lauro<\/strong><br>Graphic Design: <strong>Giga Design Studio<\/strong><br>Digital Editor: <strong>Victoria Weston <\/strong>&nbsp;<br>VIP Relations: <strong>Flavia Lo Chiatto<\/strong><br>Press Office: <strong>Lara Facco P&amp;C<\/strong><br>Social Media: <strong>Roberto Bianchi<\/strong><br>Photography<strong>: Luciano Romano<\/strong><br>Photo Reportage: <strong>Danilo Donzelli<\/strong><br>Video: <strong>Palma Production<\/strong><\/p>\n\n\n\n<p><br><br>With the collaboration and support of: <strong>Regione Campania and Scabec<\/strong>, funded via Italy\u2019s Cohesion Funds 21\/27<br>Under the patronage of: <strong>UNESCO<\/strong>, <strong>Ministero&nbsp;della&nbsp;cultura<\/strong>,<strong> City of Pozzuoli<\/strong><br>Main partner: <strong>Banca Ifis<\/strong><br>Sponsors: <strong>Jumeirah Capri Palace<\/strong>,<strong> Valmont<\/strong><br>Venue sponsors: <strong>Poste Italiane<\/strong><br>Technical sponsors: <strong>Forma Edizioni<\/strong>,<strong> NM3<\/strong><br>Media partner: <strong>Il Giornale dell\u2019Arte<\/strong><\/p>\n\n\n\n<p>For information <a href=\"mailto:info@italics.art\">info@italics.art<\/a><\/p>\n<\/div>\n\n\n\n<div class=\"wp-block-column is-layout-flow wp-block-column-is-layout-flow\">\n<p>In collaboration with: <strong>Fondazione Donnaregina per le Arti Contemporanee \u2013 museo Madre<\/strong>, <strong>Fondazione<\/strong> <strong>Morra Greco, Napoli,<\/strong> <strong>Museo e Real Bosco di Capodimonte<\/strong>, <strong>Archeologico dei Campi Flegrei<\/strong>, <strong>Puteoli Sacra<\/strong><\/p>\n\n\n\n<p>With the special participation of: <strong>Aporema<\/strong>, <strong>Dispaccio<\/strong><\/p>\n<\/div>\n<\/div>\n\n\n\n<figure class=\"wp-block-image size-full\"><img loading=\"lazy\" decoding=\"async\" width=\"2500\" height=\"573\" src=\"https:\/\/italics.art\/wp-content\/uploads\/2025\/07\/250725-PANIDE3-newsletter-1.png\" alt=\"\" class=\"wp-image-28033\" srcset=\"https:\/\/italics.art\/wp-content\/uploads\/2025\/07\/250725-PANIDE3-newsletter-1.png 2500w, https:\/\/italics.art\/wp-content\/uploads\/2025\/07\/250725-PANIDE3-newsletter-1-300x69.png 300w, https:\/\/italics.art\/wp-content\/uploads\/2025\/07\/250725-PANIDE3-newsletter-1-1024x235.png 1024w, https:\/\/italics.art\/wp-content\/uploads\/2025\/07\/250725-PANIDE3-newsletter-1-150x34.png 150w, https:\/\/italics.art\/wp-content\/uploads\/2025\/07\/250725-PANIDE3-newsletter-1-768x176.png 768w\" sizes=\"auto, (max-width: 2500px) 100vw, 2500px\" \/><\/figure>\n\n\n\n<figure class=\"wp-block-image size-full\"><img loading=\"lazy\" decoding=\"async\" width=\"2500\" height=\"573\" src=\"https:\/\/italics.art\/wp-content\/uploads\/2025\/08\/250725-PANIDE3-newsletter2.png\" alt=\"\" class=\"wp-image-28195\" srcset=\"https:\/\/italics.art\/wp-content\/uploads\/2025\/08\/250725-PANIDE3-newsletter2.png 2500w, https:\/\/italics.art\/wp-content\/uploads\/2025\/08\/250725-PANIDE3-newsletter2-300x69.png 300w, https:\/\/italics.art\/wp-content\/uploads\/2025\/08\/250725-PANIDE3-newsletter2-1024x235.png 1024w, https:\/\/italics.art\/wp-content\/uploads\/2025\/08\/250725-PANIDE3-newsletter2-150x34.png 150w, https:\/\/italics.art\/wp-content\/uploads\/2025\/08\/250725-PANIDE3-newsletter2-768x176.png 768w\" sizes=\"auto, (max-width: 2500px) 100vw, 2500px\" \/><\/figure>\n\n\n\n<figure class=\"wp-block-image size-full\"><img loading=\"lazy\" decoding=\"async\" width=\"2500\" height=\"573\" src=\"https:\/\/italics.art\/wp-content\/uploads\/2025\/08\/250725-PANIDE3-newsletter3.png\" alt=\"\" class=\"wp-image-28135\" srcset=\"https:\/\/italics.art\/wp-content\/uploads\/2025\/08\/250725-PANIDE3-newsletter3.png 2500w, https:\/\/italics.art\/wp-content\/uploads\/2025\/08\/250725-PANIDE3-newsletter3-300x69.png 300w, https:\/\/italics.art\/wp-content\/uploads\/2025\/08\/250725-PANIDE3-newsletter3-1024x235.png 1024w, https:\/\/italics.art\/wp-content\/uploads\/2025\/08\/250725-PANIDE3-newsletter3-150x34.png 150w, https:\/\/italics.art\/wp-content\/uploads\/2025\/08\/250725-PANIDE3-newsletter3-768x176.png 768w\" sizes=\"auto, (max-width: 2500px) 100vw, 2500px\" \/><\/figure>\n\n\n\n<figure class=\"wp-block-image size-full\"><img loading=\"lazy\" decoding=\"async\" width=\"2500\" height=\"573\" src=\"https:\/\/italics.art\/wp-content\/uploads\/2025\/07\/250725-PANIDE3-newsletter4-1.png\" alt=\"\" class=\"wp-image-28042\" srcset=\"https:\/\/italics.art\/wp-content\/uploads\/2025\/07\/250725-PANIDE3-newsletter4-1.png 2500w, https:\/\/italics.art\/wp-content\/uploads\/2025\/07\/250725-PANIDE3-newsletter4-1-300x69.png 300w, https:\/\/italics.art\/wp-content\/uploads\/2025\/07\/250725-PANIDE3-newsletter4-1-1024x235.png 1024w, https:\/\/italics.art\/wp-content\/uploads\/2025\/07\/250725-PANIDE3-newsletter4-1-150x34.png 150w, https:\/\/italics.art\/wp-content\/uploads\/2025\/07\/250725-PANIDE3-newsletter4-1-768x176.png 768w\" sizes=\"auto, (max-width: 2500px) 100vw, 2500px\" \/><\/figure>\n\n\n\n<figure class=\"wp-block-image size-full\"><img loading=\"lazy\" decoding=\"async\" width=\"2500\" height=\"573\" src=\"https:\/\/italics.art\/wp-content\/uploads\/2025\/07\/250725-PANIDE3-newsletter5-1.png\" alt=\"\" class=\"wp-image-28045\" srcset=\"https:\/\/italics.art\/wp-content\/uploads\/2025\/07\/250725-PANIDE3-newsletter5-1.png 2500w, https:\/\/italics.art\/wp-content\/uploads\/2025\/07\/250725-PANIDE3-newsletter5-1-300x69.png 300w, https:\/\/italics.art\/wp-content\/uploads\/2025\/07\/250725-PANIDE3-newsletter5-1-1024x235.png 1024w, https:\/\/italics.art\/wp-content\/uploads\/2025\/07\/250725-PANIDE3-newsletter5-1-150x34.png 150w, https:\/\/italics.art\/wp-content\/uploads\/2025\/07\/250725-PANIDE3-newsletter5-1-768x176.png 768w\" sizes=\"auto, (max-width: 2500px) 100vw, 2500px\" \/><\/figure>\n\n\n\n<figure class=\"wp-block-image size-full\"><img loading=\"lazy\" decoding=\"async\" width=\"2500\" height=\"573\" src=\"https:\/\/italics.art\/wp-content\/uploads\/2025\/07\/250725-PANIDE3-newsletter6-1.png\" alt=\"\" class=\"wp-image-28048\" srcset=\"https:\/\/italics.art\/wp-content\/uploads\/2025\/07\/250725-PANIDE3-newsletter6-1.png 2500w, https:\/\/italics.art\/wp-content\/uploads\/2025\/07\/250725-PANIDE3-newsletter6-1-300x69.png 300w, https:\/\/italics.art\/wp-content\/uploads\/2025\/07\/250725-PANIDE3-newsletter6-1-1024x235.png 1024w, https:\/\/italics.art\/wp-content\/uploads\/2025\/07\/250725-PANIDE3-newsletter6-1-150x34.png 150w, https:\/\/italics.art\/wp-content\/uploads\/2025\/07\/250725-PANIDE3-newsletter6-1-768x176.png 768w\" sizes=\"auto, (max-width: 2500px) 100vw, 2500px\" \/><\/figure>\n\n\n\n<figure class=\"wp-block-image size-full\"><img loading=\"lazy\" decoding=\"async\" width=\"2500\" height=\"573\" src=\"https:\/\/italics.art\/wp-content\/uploads\/2025\/07\/250725-PANIDE3-newsletter7-1.png\" alt=\"\" class=\"wp-image-28051\" srcset=\"https:\/\/italics.art\/wp-content\/uploads\/2025\/07\/250725-PANIDE3-newsletter7-1.png 2500w, https:\/\/italics.art\/wp-content\/uploads\/2025\/07\/250725-PANIDE3-newsletter7-1-300x69.png 300w, https:\/\/italics.art\/wp-content\/uploads\/2025\/07\/250725-PANIDE3-newsletter7-1-1024x235.png 1024w, https:\/\/italics.art\/wp-content\/uploads\/2025\/07\/250725-PANIDE3-newsletter7-1-150x34.png 150w, https:\/\/italics.art\/wp-content\/uploads\/2025\/07\/250725-PANIDE3-newsletter7-1-768x176.png 768w\" sizes=\"auto, (max-width: 2500px) 100vw, 2500px\" \/><\/figure>\n\n\n\n<figure class=\"wp-block-image size-full\"><img loading=\"lazy\" decoding=\"async\" width=\"2500\" height=\"573\" src=\"https:\/\/italics.art\/wp-content\/uploads\/2025\/07\/250725-PANIDE3-newsletter8-1.png\" alt=\"\" class=\"wp-image-28054\" srcset=\"https:\/\/italics.art\/wp-content\/uploads\/2025\/07\/250725-PANIDE3-newsletter8-1.png 2500w, https:\/\/italics.art\/wp-content\/uploads\/2025\/07\/250725-PANIDE3-newsletter8-1-300x69.png 300w, https:\/\/italics.art\/wp-content\/uploads\/2025\/07\/250725-PANIDE3-newsletter8-1-1024x235.png 1024w, https:\/\/italics.art\/wp-content\/uploads\/2025\/07\/250725-PANIDE3-newsletter8-1-150x34.png 150w, https:\/\/italics.art\/wp-content\/uploads\/2025\/07\/250725-PANIDE3-newsletter8-1-768x176.png 768w\" sizes=\"auto, (max-width: 2500px) 100vw, 2500px\" \/><\/figure>\n\n\n\n<figure class=\"wp-block-image size-full\"><img loading=\"lazy\" decoding=\"async\" width=\"2500\" height=\"573\" src=\"https:\/\/italics.art\/wp-content\/uploads\/2025\/07\/250725-PANIDE3-newsletter9-1.png\" alt=\"\" class=\"wp-image-28057\" srcset=\"https:\/\/italics.art\/wp-content\/uploads\/2025\/07\/250725-PANIDE3-newsletter9-1.png 2500w, https:\/\/italics.art\/wp-content\/uploads\/2025\/07\/250725-PANIDE3-newsletter9-1-300x69.png 300w, https:\/\/italics.art\/wp-content\/uploads\/2025\/07\/250725-PANIDE3-newsletter9-1-1024x235.png 1024w, https:\/\/italics.art\/wp-content\/uploads\/2025\/07\/250725-PANIDE3-newsletter9-1-150x34.png 150w, https:\/\/italics.art\/wp-content\/uploads\/2025\/07\/250725-PANIDE3-newsletter9-1-768x176.png 768w\" sizes=\"auto, (max-width: 2500px) 100vw, 2500px\" \/><\/figure>\n\n\n\n<figure class=\"wp-block-image size-full\"><img loading=\"lazy\" decoding=\"async\" width=\"2500\" height=\"573\" src=\"https:\/\/italics.art\/wp-content\/uploads\/2025\/08\/250725-PANIDE3-newsletter10.png\" alt=\"\" class=\"wp-image-28140\" srcset=\"https:\/\/italics.art\/wp-content\/uploads\/2025\/08\/250725-PANIDE3-newsletter10.png 2500w, https:\/\/italics.art\/wp-content\/uploads\/2025\/08\/250725-PANIDE3-newsletter10-300x69.png 300w, https:\/\/italics.art\/wp-content\/uploads\/2025\/08\/250725-PANIDE3-newsletter10-1024x235.png 1024w, https:\/\/italics.art\/wp-content\/uploads\/2025\/08\/250725-PANIDE3-newsletter10-150x34.png 150w, https:\/\/italics.art\/wp-content\/uploads\/2025\/08\/250725-PANIDE3-newsletter10-768x176.png 768w\" sizes=\"auto, (max-width: 2500px) 100vw, 2500px\" \/><\/figure>\n\n\n\n<p class=\"has-text-align-center\"><\/p>\n\n\n\n<p class=\"has-text-align-center\"><\/p>\n\n\n\n<p class=\"has-text-align-center\"><\/p>\n\n\n\n<p class=\"has-text-align-center\"><\/p>\n\n\n\n<p class=\"has-text-align-center\"><\/p>\n\n\n\n<div class=\"wp-block-columns is-layout-flex wp-container-core-columns-is-layout-9d6595d7 wp-block-columns-is-layout-flex\">\n<div class=\"wp-block-column is-layout-flow wp-block-column-is-layout-flow\"><\/div>\n\n\n\n<div class=\"wp-block-column is-layout-flow wp-block-column-is-layout-flow\"><\/div>\n\n\n\n<div class=\"wp-block-column is-layout-flow wp-block-column-is-layout-flow\"><\/div>\n<\/div>\n\n\n\n<section class=\"wp-block-uagb-columns uagb-columns__wrap uagb-columns__background-none uagb-columns__stack-mobile uagb-columns__valign- uagb-columns__gap-10 align uagb-block-e2a3730a uagb-columns__columns-2 uagb-columns__max_width-theme\"><div class=\"uagb-columns__overlay\"><\/div><div class=\"uagb-columns__inner-wrap uagb-columns__columns-2\">\n<div class=\"wp-block-uagb-column uagb-column__wrap uagb-column__background-undefined uagb-block-51714159\"><div class=\"uagb-column__overlay\"><\/div>\n<h3 class=\"wp-block-heading has-text-align-left\">Follow us<\/h3>\n<\/div>\n\n\n\n<div class=\"wp-block-uagb-column uagb-column__wrap uagb-column__background-undefined uagb-block-14a5b51b\"><div class=\"uagb-column__overlay\"><\/div>\n<p class=\"has-medium-font-size\">Stay updated on Panorama Pozzuoli with the&nbsp;<em>ITALICS<\/em> <a href=\"https:\/\/italics.art\/en\/newsletter\/\" target=\"_blank\" rel=\"noreferrer noopener\">newsletter<\/a><\/p>\n\n\n\n<p class=\"has-medium-font-size\">Follow on Instagram <a href=\"https:\/\/www.instagram.com\/italics.art\/\" target=\"_blank\" rel=\"noreferrer noopener\">@italics.art<\/a> and the hashtag #PanoramaPozzuoli<\/p>\n<\/div>\n<\/div><\/section>\n","protected":false},"excerpt":{"rendered":"<p>PANORAMA POZZUOLI&nbsp;10\u201314 September 2025 A city-wide exhibition curated by Chiara Parisi For the fifth edition of the city-wide exhibition, which has been connecting art, architecture, antiquity and the contemporary with different territories and communities every year since 2021, ITALICS arrived in Pozzuoli From 10 to 14 September 2025, Panorama Pozzuoli \u2013 the city-wide exhibition conceived &hellip;<\/p>\n","protected":false},"author":5,"featured_media":27563,"parent":24959,"menu_order":3,"comment_status":"closed","ping_status":"closed","template":"","meta":{"_acf_changed":false,"_uag_custom_page_level_css":"","footnotes":""},"class_list":["post-27347","page","type-page","status-publish","has-post-thumbnail","hentry"],"acf":[],"yoast_head":"<!-- This site is optimized with the Yoast SEO plugin v27.4 - https:\/\/yoast.com\/product\/yoast-seo-wordpress\/ -->\n<title>Panorama Pozzuoli - Italics<\/title>\n<meta name=\"description\" content=\"Pozzuoli, Campania will host the fifth edition of Panorama\" \/>\n<meta name=\"robots\" content=\"index, follow, max-snippet:-1, max-image-preview:large, max-video-preview:-1\" \/>\n<link rel=\"canonical\" href=\"https:\/\/italics.art\/en\/panorama\/panorama-pozzuoli\/\" \/>\n<meta property=\"og:locale\" content=\"en_US\" \/>\n<meta property=\"og:type\" content=\"article\" \/>\n<meta property=\"og:title\" content=\"Panorama Pozzuoli - Italics\" \/>\n<meta property=\"og:description\" content=\"Pozzuoli, Campania will host the fifth edition of Panorama\" \/>\n<meta property=\"og:url\" content=\"https:\/\/italics.art\/en\/panorama\/panorama-pozzuoli\/\" \/>\n<meta property=\"og:site_name\" content=\"Italics\" \/>\n<meta property=\"article:modified_time\" content=\"2025-10-08T13:20:50+00:00\" \/>\n<meta property=\"og:image\" content=\"https:\/\/italics.art\/wp-content\/uploads\/2025\/05\/4_Pozzuoli_Darsena_ph.Luciano-Romano_2250.jpg\" \/>\n\t<meta property=\"og:image:width\" content=\"2667\" \/>\n\t<meta property=\"og:image:height\" content=\"2000\" \/>\n\t<meta property=\"og:image:type\" content=\"image\/jpeg\" \/>\n<meta name=\"twitter:card\" content=\"summary_large_image\" \/>\n<meta name=\"twitter:label1\" content=\"Est. reading time\" \/>\n\t<meta name=\"twitter:data1\" content=\"16 minutes\" \/>\n<script type=\"application\/ld+json\" class=\"yoast-schema-graph\">{\"@context\":\"https:\\\/\\\/schema.org\",\"@graph\":[{\"@type\":\"WebPage\",\"@id\":\"https:\\\/\\\/italics.art\\\/en\\\/panorama\\\/panorama-pozzuoli\\\/\",\"url\":\"https:\\\/\\\/italics.art\\\/en\\\/panorama\\\/panorama-pozzuoli\\\/\",\"name\":\"Panorama Pozzuoli - Italics\",\"isPartOf\":{\"@id\":\"https:\\\/\\\/italics.art\\\/#website\"},\"primaryImageOfPage\":{\"@id\":\"https:\\\/\\\/italics.art\\\/en\\\/panorama\\\/panorama-pozzuoli\\\/#primaryimage\"},\"image\":{\"@id\":\"https:\\\/\\\/italics.art\\\/en\\\/panorama\\\/panorama-pozzuoli\\\/#primaryimage\"},\"thumbnailUrl\":\"https:\\\/\\\/italics.art\\\/wp-content\\\/uploads\\\/2025\\\/05\\\/4_Pozzuoli_Darsena_ph.Luciano-Romano_2250.jpg\",\"datePublished\":\"2025-04-02T18:45:17+00:00\",\"dateModified\":\"2025-10-08T13:20:50+00:00\",\"description\":\"Pozzuoli, Campania will host the fifth edition of Panorama\",\"breadcrumb\":{\"@id\":\"https:\\\/\\\/italics.art\\\/en\\\/panorama\\\/panorama-pozzuoli\\\/#breadcrumb\"},\"inLanguage\":\"en-US\",\"potentialAction\":[{\"@type\":\"ReadAction\",\"target\":[\"https:\\\/\\\/italics.art\\\/en\\\/panorama\\\/panorama-pozzuoli\\\/\"]}]},{\"@type\":\"ImageObject\",\"inLanguage\":\"en-US\",\"@id\":\"https:\\\/\\\/italics.art\\\/en\\\/panorama\\\/panorama-pozzuoli\\\/#primaryimage\",\"url\":\"https:\\\/\\\/italics.art\\\/wp-content\\\/uploads\\\/2025\\\/05\\\/4_Pozzuoli_Darsena_ph.Luciano-Romano_2250.jpg\",\"contentUrl\":\"https:\\\/\\\/italics.art\\\/wp-content\\\/uploads\\\/2025\\\/05\\\/4_Pozzuoli_Darsena_ph.Luciano-Romano_2250.jpg\",\"width\":2667,\"height\":2000},{\"@type\":\"BreadcrumbList\",\"@id\":\"https:\\\/\\\/italics.art\\\/en\\\/panorama\\\/panorama-pozzuoli\\\/#breadcrumb\",\"itemListElement\":[{\"@type\":\"ListItem\",\"position\":1,\"name\":\"Home\",\"item\":\"https:\\\/\\\/italics.art\\\/en\\\/\"},{\"@type\":\"ListItem\",\"position\":2,\"name\":\"Panorama\",\"item\":\"https:\\\/\\\/italics.art\\\/en\\\/panorama\\\/\"},{\"@type\":\"ListItem\",\"position\":3,\"name\":\"Panorama Pozzuoli\"}]},{\"@type\":\"WebSite\",\"@id\":\"https:\\\/\\\/italics.art\\\/#website\",\"url\":\"https:\\\/\\\/italics.art\\\/\",\"name\":\"Italics\",\"description\":\"Art and Landscape\",\"potentialAction\":[{\"@type\":\"SearchAction\",\"target\":{\"@type\":\"EntryPoint\",\"urlTemplate\":\"https:\\\/\\\/italics.art\\\/?s={search_term_string}\"},\"query-input\":{\"@type\":\"PropertyValueSpecification\",\"valueRequired\":true,\"valueName\":\"search_term_string\"}}],\"inLanguage\":\"en-US\"}]}<\/script>\n<!-- \/ Yoast SEO plugin. -->","yoast_head_json":{"title":"Panorama Pozzuoli - Italics","description":"Pozzuoli, Campania will host the fifth edition of Panorama","robots":{"index":"index","follow":"follow","max-snippet":"max-snippet:-1","max-image-preview":"max-image-preview:large","max-video-preview":"max-video-preview:-1"},"canonical":"https:\/\/italics.art\/en\/panorama\/panorama-pozzuoli\/","og_locale":"en_US","og_type":"article","og_title":"Panorama Pozzuoli - Italics","og_description":"Pozzuoli, Campania will host the fifth edition of Panorama","og_url":"https:\/\/italics.art\/en\/panorama\/panorama-pozzuoli\/","og_site_name":"Italics","article_modified_time":"2025-10-08T13:20:50+00:00","og_image":[{"width":2667,"height":2000,"url":"https:\/\/italics.art\/wp-content\/uploads\/2025\/05\/4_Pozzuoli_Darsena_ph.Luciano-Romano_2250.jpg","type":"image\/jpeg"}],"twitter_card":"summary_large_image","twitter_misc":{"Est. reading time":"16 minutes"},"schema":{"@context":"https:\/\/schema.org","@graph":[{"@type":"WebPage","@id":"https:\/\/italics.art\/en\/panorama\/panorama-pozzuoli\/","url":"https:\/\/italics.art\/en\/panorama\/panorama-pozzuoli\/","name":"Panorama Pozzuoli - Italics","isPartOf":{"@id":"https:\/\/italics.art\/#website"},"primaryImageOfPage":{"@id":"https:\/\/italics.art\/en\/panorama\/panorama-pozzuoli\/#primaryimage"},"image":{"@id":"https:\/\/italics.art\/en\/panorama\/panorama-pozzuoli\/#primaryimage"},"thumbnailUrl":"https:\/\/italics.art\/wp-content\/uploads\/2025\/05\/4_Pozzuoli_Darsena_ph.Luciano-Romano_2250.jpg","datePublished":"2025-04-02T18:45:17+00:00","dateModified":"2025-10-08T13:20:50+00:00","description":"Pozzuoli, Campania will host the fifth edition of Panorama","breadcrumb":{"@id":"https:\/\/italics.art\/en\/panorama\/panorama-pozzuoli\/#breadcrumb"},"inLanguage":"en-US","potentialAction":[{"@type":"ReadAction","target":["https:\/\/italics.art\/en\/panorama\/panorama-pozzuoli\/"]}]},{"@type":"ImageObject","inLanguage":"en-US","@id":"https:\/\/italics.art\/en\/panorama\/panorama-pozzuoli\/#primaryimage","url":"https:\/\/italics.art\/wp-content\/uploads\/2025\/05\/4_Pozzuoli_Darsena_ph.Luciano-Romano_2250.jpg","contentUrl":"https:\/\/italics.art\/wp-content\/uploads\/2025\/05\/4_Pozzuoli_Darsena_ph.Luciano-Romano_2250.jpg","width":2667,"height":2000},{"@type":"BreadcrumbList","@id":"https:\/\/italics.art\/en\/panorama\/panorama-pozzuoli\/#breadcrumb","itemListElement":[{"@type":"ListItem","position":1,"name":"Home","item":"https:\/\/italics.art\/en\/"},{"@type":"ListItem","position":2,"name":"Panorama","item":"https:\/\/italics.art\/en\/panorama\/"},{"@type":"ListItem","position":3,"name":"Panorama Pozzuoli"}]},{"@type":"WebSite","@id":"https:\/\/italics.art\/#website","url":"https:\/\/italics.art\/","name":"Italics","description":"Art and Landscape","potentialAction":[{"@type":"SearchAction","target":{"@type":"EntryPoint","urlTemplate":"https:\/\/italics.art\/?s={search_term_string}"},"query-input":{"@type":"PropertyValueSpecification","valueRequired":true,"valueName":"search_term_string"}}],"inLanguage":"en-US"}]}},"uagb_featured_image_src":{"full":["https:\/\/italics.art\/wp-content\/uploads\/2025\/05\/4_Pozzuoli_Darsena_ph.Luciano-Romano_2250.jpg",2667,2000,false],"thumbnail":["https:\/\/italics.art\/wp-content\/uploads\/2025\/05\/4_Pozzuoli_Darsena_ph.Luciano-Romano_2250-150x112.jpg",150,112,true],"medium":["https:\/\/italics.art\/wp-content\/uploads\/2025\/05\/4_Pozzuoli_Darsena_ph.Luciano-Romano_2250-300x225.jpg",300,225,true],"medium_large":["https:\/\/italics.art\/wp-content\/uploads\/2025\/05\/4_Pozzuoli_Darsena_ph.Luciano-Romano_2250-768x576.jpg",768,576,true],"large":["https:\/\/italics.art\/wp-content\/uploads\/2025\/05\/4_Pozzuoli_Darsena_ph.Luciano-Romano_2250-1024x768.jpg",1024,768,true],"1536x1536":["https:\/\/italics.art\/wp-content\/uploads\/2025\/05\/4_Pozzuoli_Darsena_ph.Luciano-Romano_2250-1536x1152.jpg",1536,1152,true],"2048x2048":["https:\/\/italics.art\/wp-content\/uploads\/2025\/05\/4_Pozzuoli_Darsena_ph.Luciano-Romano_2250-2048x1536.jpg",2048,1536,true]},"uagb_author_info":{"display_name":"Intern Italics","author_link":"https:\/\/italics.art\/en\/author\/internitalics\/"},"uagb_comment_info":0,"uagb_excerpt":"PANORAMA POZZUOLI&nbsp;10\u201314 September 2025 A city-wide exhibition curated by Chiara Parisi For the fifth edition of the city-wide exhibition, which has been connecting art, architecture, antiquity and the contemporary with different territories and communities every year since 2021, ITALICS arrived in Pozzuoli From 10 to 14 September 2025, Panorama Pozzuoli \u2013 the city-wide exhibition conceived&hellip;","_links":{"self":[{"href":"https:\/\/italics.art\/en\/wp-json\/wp\/v2\/pages\/27347","targetHints":{"allow":["GET"]}}],"collection":[{"href":"https:\/\/italics.art\/en\/wp-json\/wp\/v2\/pages"}],"about":[{"href":"https:\/\/italics.art\/en\/wp-json\/wp\/v2\/types\/page"}],"author":[{"embeddable":true,"href":"https:\/\/italics.art\/en\/wp-json\/wp\/v2\/users\/5"}],"replies":[{"embeddable":true,"href":"https:\/\/italics.art\/en\/wp-json\/wp\/v2\/comments?post=27347"}],"version-history":[{"count":76,"href":"https:\/\/italics.art\/en\/wp-json\/wp\/v2\/pages\/27347\/revisions"}],"predecessor-version":[{"id":28671,"href":"https:\/\/italics.art\/en\/wp-json\/wp\/v2\/pages\/27347\/revisions\/28671"}],"up":[{"embeddable":true,"href":"https:\/\/italics.art\/en\/wp-json\/wp\/v2\/pages\/24959"}],"wp:featuredmedia":[{"embeddable":true,"href":"https:\/\/italics.art\/en\/wp-json\/wp\/v2\/media\/27563"}],"wp:attachment":[{"href":"https:\/\/italics.art\/en\/wp-json\/wp\/v2\/media?parent=27347"}],"curies":[{"name":"wp","href":"https:\/\/api.w.org\/{rel}","templated":true}]}}