{"id":713,"date":"2020-08-31T12:05:29","date_gmt":"2020-08-31T10:05:29","guid":{"rendered":"https:\/\/italics.art\/gallery\/galleria-raffaella-cortese\/"},"modified":"2024-04-18T14:03:59","modified_gmt":"2024-04-18T12:03:59","slug":"galleria-raffaella-cortese","status":"publish","type":"gallery","link":"https:\/\/italics.art\/zh-hans\/gallery\/galleria-raffaella-cortese\/","title":{"rendered":"Raffaella Cortese\u7f8e\u672f\u9986"},"content":{"rendered":"\n<p>Raffaella Cortese\u7f8e\u672f\u9986\u4e8e1995\u5e74\u5728\u7c73\u5170Citt\u00e0 Studi\u533a\u7684via E. Farneti\u00a0\u8857\u4e0a\u5f00\u8bbe\u4e86\u7b2c\u4e00\u4e2a\u5c55\u89c8\u7a7a\u95f4\uff0c\u51e0\u5e74\u540e\u8fc1\u81f3\u00a0Via A. Stradella 7\u53f7\uff0c\u76ee\u524d\u4ecd\u662f\u5176\u4e3b\u8981\u529e\u4e8b\u5904\uff0c\u5728\u540c\u4e00\u6761\u8857\u4e0a\u5206\u522b\u662f1\u53f7\u548c4\u53f7\uff0c\u8fd8\u6709\u53e6\u5916\u4e24\u4e2a\u5c55\u89c8\u7a7a\u95f4\u3002<\/p>\n\n\n\n<p>\u8fd9\u79cd\u7279\u6b8a\u7684\u7a7a\u95f4\u5212\u5206\u4e0d\u4ec5\u8ba9\u827a\u672f\u5bb6\u5728\u601d\u8003\u5c55\u89c8\u548c\u5448\u73b0\u4f5c\u54c1\u65f6\u4e0e\u4e0d\u540c\u7684\u8bed\u5883\u8fdb\u884c\u4e92\u52a8\uff0c\u540c\u65f6\u4e5f\u662f\u4fc3\u8fdb\u4e0d\u540c\u4e16\u4ee3\u3001\u4e0d\u540c\u6765\u6e90\u7684\u827a\u672f\u5bb6\u4e4b\u95f4\u5bf9\u8bdd\u548c\u6bd4\u8f83\u7684\u72ec\u7279\u673a\u4f1a\u3002\u4e0d\u4ec5\u5982\u6b64\uff0c\u7f8e\u672f\u9986\u8fd9\u79cd\u5e7f\u6cdb\u7684\u7a7a\u95f4\u4e5f\u662f\u53c2\u89c2\u4e0e\u6240\u5728\u57ce\u5e02\u5bc6\u5207\u76f8\u5173\u7684\u827a\u672f\u7684\u57fa\u7840\uff1a\u4ece\u4e00\u4e2a\u5c55\u5385\u7a7f\u8fc7\u8857\u9053\u5230\u53e6\u4e00\u4e2a\u5c55\u5385\uff0c\u9047\u89c1\u4e86\u7c73\u5170\u53ca\u5176\u8def\u4eba\u3002\u4e3a\u6b64\u8fd9\u5c31\u662f\u4e3a\u4ec0\u4e48\u4ed6\u7684\u5ea7\u53f3\u94ed\u4ecd\u7136\u662f\uff1a\u00a0<em>still a place\uff08\u4f9d\u7136\u662f\u4e2a\u5730\u65b9\uff09<\/em>\uff0c\u56e0\u4e3a\u8fd9\u4e2a\u5730\u65b9\u5851\u9020\u4e86\u827a\u672f\u5bb6\u7684\u53d1\u73b0\u548c\u4e16\u754c\uff1a\u4f5c\u54c1\u5728\u8fd9\u91cc\u88ab\u8d4b\u4e88\u4e86\u72ec\u7279\u7684\u5149\u73af\uff0c\u56e0\u4e3a\u4e0e\u4e00\u4e2a\u8fdc\u79bb\u767d\u8272\u7a7a\u95f4\u53ef\u91cd\u590d\u903b\u8f91\u7684\u7a7a\u95f4\u6709\u7740\u5bc6\u5207\u7684\u5173\u8054\u3002<\/p>\n\n\n\n<figure class=\"wp-block-image size-large\"><img loading=\"lazy\" decoding=\"async\" width=\"2500\" height=\"1667\" src=\"https:\/\/italics.art\/wp-content\/uploads\/2020\/09\/Maiolino_Galleria_Cortese_\u00a9_Lorenzo_Palmieri_013.jpg\" alt=\"\" class=\"wp-image-3459\" srcset=\"https:\/\/italics.art\/wp-content\/uploads\/2020\/09\/Maiolino_Galleria_Cortese_\u00a9_Lorenzo_Palmieri_013.jpg 2500w, https:\/\/italics.art\/wp-content\/uploads\/2020\/09\/Maiolino_Galleria_Cortese_\u00a9_Lorenzo_Palmieri_013-300x200.jpg 300w, https:\/\/italics.art\/wp-content\/uploads\/2020\/09\/Maiolino_Galleria_Cortese_\u00a9_Lorenzo_Palmieri_013-1024x683.jpg 1024w, https:\/\/italics.art\/wp-content\/uploads\/2020\/09\/Maiolino_Galleria_Cortese_\u00a9_Lorenzo_Palmieri_013-150x100.jpg 150w, https:\/\/italics.art\/wp-content\/uploads\/2020\/09\/Maiolino_Galleria_Cortese_\u00a9_Lorenzo_Palmieri_013-768x512.jpg 768w\" sizes=\"auto, (max-width: 2500px) 100vw, 2500px\" \/><figcaption class=\"wp-element-caption\">Anna Maria Maiolino, <em>In atto<\/em>, 2015, performance, Galleria Raffaella Cortese, via A. Stradella 1, Milan. Photo: Lorenzo Palmieri<\/figcaption><\/figure>\n\n\n\n<p>1995\u00a0\u5e74\u5c55\u51fa\u7684\u7b2c\u4e00\u4f4d\u827a\u672f\u5bb6\u662f\u00a0Franco Vimercati\uff1a\u4ece\u90a3\u65f6\u8d77\uff0c\u6444\u5f71\u5c31\u6c47\u96c6\u4e86\u5404\u79cd\u827a\u672f\u5bb6\u7684\u5404\u7c7b\u7814\u7a76\uff0c\u4ece\u00a0Roni Horn\u00a0\u5230\u00a0Zoe Leonard\uff0c\u518d\u5230\u00a0Jitka Hanzlov\u00e1\u3002\u62c9\u6590\u62c9\u5bf9\u5973\u6027\u827a\u672f\u7684\u504f\u7231\u8ba9\u5979\u66f4\u503e\u5fc3\u4e8eBarbara Bloom\u3001Kiki Smith\u3001Kimsooja\u3001Martha Rosler\u3001Helen Mirra\u3001Allyson Strafella\u3001Silvia B\u00e4chli\u3001Nazgol Ansarinia\u548cMonica Bonvicini\u7684\u4f5c\u54c1\u3002\u5927\u80c6\u7684\u5e02\u573a\u9009\u62e9\u662f\u53e6\u4e00\u4e2a\u4e0d\u53d8\u7684\u56e0\u7d20\uff1a\u884c\u4e3a\u827a\u672f\u5bf9\u4e8e\u00a0Marcello Maloberti\u3001Anna Maria Maiolino\u3001Ana Mendieta\u3001Joan Jonas\u00a0\u548c\u00a0Simone Forti\u00a0\u81f3\u5173\u91cd\u8981\uff1b\u800cT.J. Wilcox, Yael Bartana\u3001Michael Fliri\u3001William E. Jones\u00a0\u548cAlejandro Cesarco\u5219\u4fa7\u91cd\u4e8e\u89c6\u9891\u827a\u672f\u3002\u7f8e\u672f\u9986\u8fd8\u4e3a\u5f53\u4ee3\u96d5\u5851\u548c\u7ed8\u753b\u7684\u4e00\u4e9b\u4e3b\u8981\u827a\u672f\u5bb6\u63d0\u4f9b\u4e86\u7a7a\u95f4\u548c\u673a\u9047\uff1aJessica Stockholder\u3001Miros\u0142aw Balka\u3001Karla Black\u3001Francesco Arena\u3001Mathilde Rosier\u00a0\u548c\u00a0Edi Hila\u3002\u4e09\u5341\u4f4d\u827a\u672f\u5bb6\uff0c\u4e09\u5341\u6b21\u575a\u5b9e\u7684\u5408\u4f5c\u5efa\u7acb\u5728\u4e8c\u5341\u4e94\u5e74\u7684\u5949\u732e\u548c\u4e0d\u53ef\u653e\u5f03\u7684\u81ea\u7531\u4e4b\u4e0a\u3002<\/p>\n","protected":false},"excerpt":{"rendered":"<p>Raffaella Cortese\u7f8e\u672f\u9986\u4e8e1995\u5e74\u5728\u7c73\u5170Citt\u00e0 Studi\u533a\u7684via E. Farnet &hellip;<\/p>\n","protected":false},"author":1,"featured_media":24437,"template":"","categories":[111],"class_list":["post-713","gallery","type-gallery","status-publish","has-post-thumbnail","hentry","category-111"],"acf":[],"yoast_head":"<!-- This site is optimized with the Yoast SEO plugin v27.4 - https:\/\/yoast.com\/product\/yoast-seo-wordpress\/ -->\n<title>Raffaella Cortese\u7f8e\u672f\u9986 - Italics<\/title>\n<meta name=\"robots\" content=\"index, follow, max-snippet:-1, max-image-preview:large, max-video-preview:-1\" \/>\n<link rel=\"canonical\" href=\"https:\/\/italics.art\/zh-hans\/gallery\/galleria-raffaella-cortese\/\" \/>\n<meta property=\"og:locale\" content=\"zh_CN\" \/>\n<meta property=\"og:type\" content=\"article\" \/>\n<meta property=\"og:title\" content=\"Raffaella Cortese\u7f8e\u672f\u9986 - Italics\" \/>\n<meta property=\"og:description\" content=\"Raffaella Cortese\u7f8e\u672f\u9986\u4e8e1995\u5e74\u5728\u7c73\u5170Citt\u00e0 Studi\u533a\u7684via E. Farnet &hellip;\" \/>\n<meta property=\"og:url\" content=\"https:\/\/italics.art\/zh-hans\/gallery\/galleria-raffaella-cortese\/\" \/>\n<meta property=\"og:site_name\" content=\"Italics\" \/>\n<meta property=\"article:modified_time\" content=\"2024-04-18T12:03:59+00:00\" \/>\n<meta property=\"og:image\" content=\"https:\/\/italics.art\/wp-content\/uploads\/2020\/08\/GRC_AMM_Spazio_1_Ph_Lorenzo_Palmieri_006-2_web.jpg\" \/>\n\t<meta property=\"og:image:width\" content=\"1920\" \/>\n\t<meta property=\"og:image:height\" content=\"1280\" \/>\n\t<meta property=\"og:image:type\" content=\"image\/jpeg\" \/>\n<meta name=\"twitter:card\" content=\"summary_large_image\" \/>\n<meta name=\"twitter:label1\" content=\"\u9884\u8ba1\u9605\u8bfb\u65f6\u95f4\" \/>\n\t<meta name=\"twitter:data1\" content=\"1 \u5206\" \/>\n<script type=\"application\/ld+json\" class=\"yoast-schema-graph\">{\"@context\":\"https:\\\/\\\/schema.org\",\"@graph\":[{\"@type\":\"WebPage\",\"@id\":\"https:\\\/\\\/italics.art\\\/zh-hans\\\/gallery\\\/galleria-raffaella-cortese\\\/\",\"url\":\"https:\\\/\\\/italics.art\\\/zh-hans\\\/gallery\\\/galleria-raffaella-cortese\\\/\",\"name\":\"Raffaella Cortese\u7f8e\u672f\u9986 - Italics\",\"isPartOf\":{\"@id\":\"https:\\\/\\\/italics.art\\\/#website\"},\"primaryImageOfPage\":{\"@id\":\"https:\\\/\\\/italics.art\\\/zh-hans\\\/gallery\\\/galleria-raffaella-cortese\\\/#primaryimage\"},\"image\":{\"@id\":\"https:\\\/\\\/italics.art\\\/zh-hans\\\/gallery\\\/galleria-raffaella-cortese\\\/#primaryimage\"},\"thumbnailUrl\":\"https:\\\/\\\/italics.art\\\/wp-content\\\/uploads\\\/2020\\\/08\\\/GRC_AMM_Spazio_1_Ph_Lorenzo_Palmieri_006-2_web.jpg\",\"datePublished\":\"2020-08-31T10:05:29+00:00\",\"dateModified\":\"2024-04-18T12:03:59+00:00\",\"breadcrumb\":{\"@id\":\"https:\\\/\\\/italics.art\\\/zh-hans\\\/gallery\\\/galleria-raffaella-cortese\\\/#breadcrumb\"},\"inLanguage\":\"zh-Hans\",\"potentialAction\":[{\"@type\":\"ReadAction\",\"target\":[\"https:\\\/\\\/italics.art\\\/zh-hans\\\/gallery\\\/galleria-raffaella-cortese\\\/\"]}]},{\"@type\":\"ImageObject\",\"inLanguage\":\"zh-Hans\",\"@id\":\"https:\\\/\\\/italics.art\\\/zh-hans\\\/gallery\\\/galleria-raffaella-cortese\\\/#primaryimage\",\"url\":\"https:\\\/\\\/italics.art\\\/wp-content\\\/uploads\\\/2020\\\/08\\\/GRC_AMM_Spazio_1_Ph_Lorenzo_Palmieri_006-2_web.jpg\",\"contentUrl\":\"https:\\\/\\\/italics.art\\\/wp-content\\\/uploads\\\/2020\\\/08\\\/GRC_AMM_Spazio_1_Ph_Lorenzo_Palmieri_006-2_web.jpg\",\"width\":1920,\"height\":1280,\"caption\":\"Anna Maria Maiolino, A\u00e7\u00f5es Mat\u00e9ricas, 2023, installation view, Galleria Raffaella Cortese, via A. Stradella 1. Photo: Lorenzo Palmieri.\"},{\"@type\":\"BreadcrumbList\",\"@id\":\"https:\\\/\\\/italics.art\\\/zh-hans\\\/gallery\\\/galleria-raffaella-cortese\\\/#breadcrumb\",\"itemListElement\":[{\"@type\":\"ListItem\",\"position\":1,\"name\":\"Home\",\"item\":\"https:\\\/\\\/italics.art\\\/zh-hans\\\/\"},{\"@type\":\"ListItem\",\"position\":2,\"name\":\"Raffaella Cortese\u7f8e\u672f\u9986\"}]},{\"@type\":\"WebSite\",\"@id\":\"https:\\\/\\\/italics.art\\\/#website\",\"url\":\"https:\\\/\\\/italics.art\\\/\",\"name\":\"Italics\",\"description\":\"Art and Landscape\",\"potentialAction\":[{\"@type\":\"SearchAction\",\"target\":{\"@type\":\"EntryPoint\",\"urlTemplate\":\"https:\\\/\\\/italics.art\\\/?s={search_term_string}\"},\"query-input\":{\"@type\":\"PropertyValueSpecification\",\"valueRequired\":true,\"valueName\":\"search_term_string\"}}],\"inLanguage\":\"zh-Hans\"}]}<\/script>\n<!-- \/ Yoast SEO plugin. -->","yoast_head_json":{"title":"Raffaella Cortese\u7f8e\u672f\u9986 - Italics","robots":{"index":"index","follow":"follow","max-snippet":"max-snippet:-1","max-image-preview":"max-image-preview:large","max-video-preview":"max-video-preview:-1"},"canonical":"https:\/\/italics.art\/zh-hans\/gallery\/galleria-raffaella-cortese\/","og_locale":"zh_CN","og_type":"article","og_title":"Raffaella Cortese\u7f8e\u672f\u9986 - Italics","og_description":"Raffaella Cortese\u7f8e\u672f\u9986\u4e8e1995\u5e74\u5728\u7c73\u5170Citt\u00e0 Studi\u533a\u7684via E. Farnet &hellip;","og_url":"https:\/\/italics.art\/zh-hans\/gallery\/galleria-raffaella-cortese\/","og_site_name":"Italics","article_modified_time":"2024-04-18T12:03:59+00:00","og_image":[{"width":1920,"height":1280,"url":"https:\/\/italics.art\/wp-content\/uploads\/2020\/08\/GRC_AMM_Spazio_1_Ph_Lorenzo_Palmieri_006-2_web.jpg","type":"image\/jpeg"}],"twitter_card":"summary_large_image","twitter_misc":{"\u9884\u8ba1\u9605\u8bfb\u65f6\u95f4":"1 \u5206"},"schema":{"@context":"https:\/\/schema.org","@graph":[{"@type":"WebPage","@id":"https:\/\/italics.art\/zh-hans\/gallery\/galleria-raffaella-cortese\/","url":"https:\/\/italics.art\/zh-hans\/gallery\/galleria-raffaella-cortese\/","name":"Raffaella Cortese\u7f8e\u672f\u9986 - Italics","isPartOf":{"@id":"https:\/\/italics.art\/#website"},"primaryImageOfPage":{"@id":"https:\/\/italics.art\/zh-hans\/gallery\/galleria-raffaella-cortese\/#primaryimage"},"image":{"@id":"https:\/\/italics.art\/zh-hans\/gallery\/galleria-raffaella-cortese\/#primaryimage"},"thumbnailUrl":"https:\/\/italics.art\/wp-content\/uploads\/2020\/08\/GRC_AMM_Spazio_1_Ph_Lorenzo_Palmieri_006-2_web.jpg","datePublished":"2020-08-31T10:05:29+00:00","dateModified":"2024-04-18T12:03:59+00:00","breadcrumb":{"@id":"https:\/\/italics.art\/zh-hans\/gallery\/galleria-raffaella-cortese\/#breadcrumb"},"inLanguage":"zh-Hans","potentialAction":[{"@type":"ReadAction","target":["https:\/\/italics.art\/zh-hans\/gallery\/galleria-raffaella-cortese\/"]}]},{"@type":"ImageObject","inLanguage":"zh-Hans","@id":"https:\/\/italics.art\/zh-hans\/gallery\/galleria-raffaella-cortese\/#primaryimage","url":"https:\/\/italics.art\/wp-content\/uploads\/2020\/08\/GRC_AMM_Spazio_1_Ph_Lorenzo_Palmieri_006-2_web.jpg","contentUrl":"https:\/\/italics.art\/wp-content\/uploads\/2020\/08\/GRC_AMM_Spazio_1_Ph_Lorenzo_Palmieri_006-2_web.jpg","width":1920,"height":1280,"caption":"Anna Maria Maiolino, A\u00e7\u00f5es Mat\u00e9ricas, 2023, installation view, Galleria Raffaella Cortese, via A. Stradella 1. Photo: Lorenzo Palmieri."},{"@type":"BreadcrumbList","@id":"https:\/\/italics.art\/zh-hans\/gallery\/galleria-raffaella-cortese\/#breadcrumb","itemListElement":[{"@type":"ListItem","position":1,"name":"Home","item":"https:\/\/italics.art\/zh-hans\/"},{"@type":"ListItem","position":2,"name":"Raffaella Cortese\u7f8e\u672f\u9986"}]},{"@type":"WebSite","@id":"https:\/\/italics.art\/#website","url":"https:\/\/italics.art\/","name":"Italics","description":"Art and Landscape","potentialAction":[{"@type":"SearchAction","target":{"@type":"EntryPoint","urlTemplate":"https:\/\/italics.art\/?s={search_term_string}"},"query-input":{"@type":"PropertyValueSpecification","valueRequired":true,"valueName":"search_term_string"}}],"inLanguage":"zh-Hans"}]}},"uagb_featured_image_src":{"full":["https:\/\/italics.art\/wp-content\/uploads\/2020\/08\/GRC_AMM_Spazio_1_Ph_Lorenzo_Palmieri_006-2_web.jpg",1920,1280,false],"thumbnail":["https:\/\/italics.art\/wp-content\/uploads\/2020\/08\/GRC_AMM_Spazio_1_Ph_Lorenzo_Palmieri_006-2_web-150x100.jpg",150,100,true],"medium":["https:\/\/italics.art\/wp-content\/uploads\/2020\/08\/GRC_AMM_Spazio_1_Ph_Lorenzo_Palmieri_006-2_web-300x200.jpg",300,200,true],"medium_large":["https:\/\/italics.art\/wp-content\/uploads\/2020\/08\/GRC_AMM_Spazio_1_Ph_Lorenzo_Palmieri_006-2_web-768x512.jpg",768,512,true],"large":["https:\/\/italics.art\/wp-content\/uploads\/2020\/08\/GRC_AMM_Spazio_1_Ph_Lorenzo_Palmieri_006-2_web-1024x683.jpg",1024,683,true],"1536x1536":["https:\/\/italics.art\/wp-content\/uploads\/2020\/08\/GRC_AMM_Spazio_1_Ph_Lorenzo_Palmieri_006-2_web-1536x1024.jpg",1536,1024,true],"2048x2048":["https:\/\/italics.art\/wp-content\/uploads\/2020\/08\/GRC_AMM_Spazio_1_Ph_Lorenzo_Palmieri_006-2_web.jpg",1920,1280,false]},"uagb_author_info":{"display_name":"minervaAdmin","author_link":"https:\/\/italics.art\/zh-hans\/author\/minervaadmin\/"},"uagb_comment_info":0,"uagb_excerpt":"Raffaella Cortese\u7f8e\u672f\u9986\u4e8e1995\u5e74\u5728\u7c73\u5170Citt\u00e0 Studi\u533a\u7684via E. Farnet&hellip;","_links":{"self":[{"href":"https:\/\/italics.art\/zh-hans\/wp-json\/wp\/v2\/gallery\/713","targetHints":{"allow":["GET"]}}],"collection":[{"href":"https:\/\/italics.art\/zh-hans\/wp-json\/wp\/v2\/gallery"}],"about":[{"href":"https:\/\/italics.art\/zh-hans\/wp-json\/wp\/v2\/types\/gallery"}],"author":[{"embeddable":true,"href":"https:\/\/italics.art\/zh-hans\/wp-json\/wp\/v2\/users\/1"}],"version-history":[{"count":6,"href":"https:\/\/italics.art\/zh-hans\/wp-json\/wp\/v2\/gallery\/713\/revisions"}],"predecessor-version":[{"id":22528,"href":"https:\/\/italics.art\/zh-hans\/wp-json\/wp\/v2\/gallery\/713\/revisions\/22528"}],"wp:featuredmedia":[{"embeddable":true,"href":"https:\/\/italics.art\/zh-hans\/wp-json\/wp\/v2\/media\/24437"}],"wp:attachment":[{"href":"https:\/\/italics.art\/zh-hans\/wp-json\/wp\/v2\/media?parent=713"}],"wp:term":[{"taxonomy":"category","embeddable":true,"href":"https:\/\/italics.art\/zh-hans\/wp-json\/wp\/v2\/categories?post=713"}],"curies":[{"name":"wp","href":"https:\/\/api.w.org\/{rel}","templated":true}]}}