{"id":14352,"date":"2021-10-22T15:32:12","date_gmt":"2021-10-22T13:32:12","guid":{"rendered":"https:\/\/italics.art\/?page_id=14352"},"modified":"2024-06-07T12:41:26","modified_gmt":"2024-06-07T10:41:26","slug":"panorama-procida","status":"publish","type":"page","link":"https:\/\/italics.art\/zh-hans\/panorama\/panorama-procida\/","title":{"rendered":"Panorama Procida"},"content":{"rendered":"\n<div class=\"wp-block-uagb-columns uagb-columns__wrap uagb-columns__stack-mobile uagb-columns__valign- uagb-columns__gap-10 align uagb-block-aa85af84 uagb-columns__columns-2 uagb-columns__max_width-custom mb-4 mb-md-5\"><div class=\"uagb-columns__overlay\"><\/div><div class=\"uagb-columns__inner-wrap uagb-columns__columns-2\">\n<div class=\"wp-block-uagb-column uagb-column__wrap uagb-column__background-undefined uagb-block-8d2032ec offset-md-1\"><div class=\"uagb-column__overlay\"><\/div>\n<h4 class=\"wp-block-heading\"><em>ITALICS<\/em>\u827a\u672f\u9879\u76ee<\/h4>\n\n\n\n<p><\/p>\n\n\n\n<h2 class=\"wp-block-heading has-huge-font-size\">PANORAMA\u591a\u573a\u5730\u5c55\u89c8 \u7b56\u5c55\u4eba\uff1a <\/h2>\n\n\n\n<h2 class=\"wp-block-heading has-huge-font-size\">\u6587\u7434\u4f50\u00b7\u8d1d\u5229\u65af\uff08Vincenzo de Bellis\uff09<\/h2>\n\n\n\n<h2 class=\"wp-block-heading has-huge-font-size\">2021\u5e749\u67082-5\u65e5 \u666e\u7f57\u5947\u8fbe\uff08Procida\uff09<\/h2>\n\n\n\n<h2 class=\"wp-block-heading has-huge-font-size\"><\/h2>\n\n\n\n<p><\/p>\n<\/div>\n\n\n\n<div class=\"wp-block-uagb-column uagb-column__wrap uagb-column__background-undefined uagb-block-edfff187\"><div class=\"uagb-column__overlay\"><\/div><div class=\"wp-block-image mt-0\">\n<figure class=\"alignleft size-large\"><img loading=\"lazy\" decoding=\"async\" width=\"1024\" height=\"767\" src=\"https:\/\/italics.art\/wp-content\/uploads\/2021\/09\/Procida-dallalto-copia-1024x767.jpg\" alt=\"\" class=\"wp-image-13530\" srcset=\"https:\/\/italics.art\/wp-content\/uploads\/2021\/09\/Procida-dallalto-copia-1024x767.jpg 1024w, https:\/\/italics.art\/wp-content\/uploads\/2021\/09\/Procida-dallalto-copia-300x225.jpg 300w, https:\/\/italics.art\/wp-content\/uploads\/2021\/09\/Procida-dallalto-copia-150x112.jpg 150w, https:\/\/italics.art\/wp-content\/uploads\/2021\/09\/Procida-dallalto-copia-768x575.jpg 768w\" sizes=\"auto, (max-width: 1024px) 100vw, 1024px\" \/><\/figure>\n<\/div><\/div>\n<\/div><\/div>\n\n\n\n<div class=\"wp-block-uagb-columns uagb-columns__wrap uagb-columns__stack-mobile uagb-columns__valign- uagb-columns__gap-10 align uagb-block-2608ff3d uagb-columns__columns-1 uagb-columns__max_width-custom mb-4 mb-md-5\"><div class=\"uagb-columns__overlay\"><\/div><div class=\"uagb-columns__inner-wrap uagb-columns__columns-1\">\n<div class=\"wp-block-uagb-column uagb-column__wrap uagb-column__background-undefined uagb-block-e57822c7 offset-1 offset-md-5\"><div class=\"uagb-column__overlay\"><\/div>\n<p class=\"has-medium-font-size\"><em>ITALICS<\/em> \u9686\u91cd\u63a8\u51fa\u5176\u9996\u4e2a\u827a\u672f\u9879\u76ee\uff1a<em>PANORAMA<\/em>\uff0c\u8fd9\u662f\u4e00\u4e2a\u4ece2021\u5e749\u67082\u65e5\u661f\u671f\u56db\u81f35\u65e5\u661f\u671f\u65e5 \u5728\u666e\u7f57\u5947\u8fbe\u5c9b\uff08\u90a3\u4e0d\u52d2\u65af\uff09\u4e3e\u529e\u7684\u591a\u573a\u5730\u5c55\u89c8\uff0c\u7531\u660e\u5c3c\u82cf\u8fbe\u5dde\u6c83\u514b\u827a\u672f\u4e2d\u5fc3\uff08Walker Art Center\uff09\u526f\u603b\u76d1\u517c\u7b56\u5c55\u4eba\u6587\u7434\u4f50\u00b7\u8d1d\u5229\u65af\u7b56\u5212\u3002 <\/p>\n<\/div>\n<\/div><\/div>\n\n\n<div class=\"wp-block-image\">\n<figure class=\"aligncenter size-large is-resized\"><img loading=\"lazy\" decoding=\"async\" width=\"768\" height=\"1024\" src=\"https:\/\/italics.art\/wp-content\/uploads\/2021\/10\/Italics_036-edited-768x1024.jpg\" alt=\"\" class=\"wp-image-13921\" style=\"width:576px;height:768px\" srcset=\"https:\/\/italics.art\/wp-content\/uploads\/2021\/10\/Italics_036-edited-768x1024.jpg 768w, https:\/\/italics.art\/wp-content\/uploads\/2021\/10\/Italics_036-edited-225x300.jpg 225w, https:\/\/italics.art\/wp-content\/uploads\/2021\/10\/Italics_036-edited-113x150.jpg 113w\" sizes=\"auto, (max-width: 768px) 100vw, 768px\" \/><figcaption class=\"wp-element-caption\">Daniel Buren, Around an exhibition, work in situ for Italics, Procida, Italics d\u2019Oro 2021\n<\/figcaption><\/figure>\n<\/div>\n\n\n<div class=\"wp-block-uagb-columns uagb-columns__wrap uagb-columns__stack-mobile uagb-columns__valign- uagb-columns__gap-10 align uagb-block-d1f794df uagb-columns__columns-1 uagb-columns__max_width-custom mb-4 mb-md-5\"><div class=\"uagb-columns__overlay\"><\/div><div class=\"uagb-columns__inner-wrap uagb-columns__columns-1\">\n<div class=\"wp-block-uagb-column uagb-column__wrap uagb-column__background-undefined uagb-block-7f639b21 offset-1 offset-md-5\"><div class=\"uagb-column__overlay\"><\/div>\n<p class=\"has-medium-font-size\">PANORAMA | Procida\u662f\u8fd9\u4e00\u6b21\u5c55\u89c8\u4f1a\u9762\u7684\u9996\u4e2a\u7248\u672c\uff0c\u540e\u7eed\u7684\u5c55\u89c8\u4e5f\u5c06\u4f1a\u91c7\u7528\u540c\u6837\u7684\u540d\u79f0\uff0c\u8fd9\u662f <em>ITALICS<\/em> \u9080\u8bf7\u516c\u4f17\u79ef\u6781\u53c2\u4e0e\u7684\u5e74\u5ea6\u5c55\u89c8\uff0c\u65e8\u5728\u5c55\u793a\u610f\u5927\u5229\u98ce\u666f\u4e2d\u4e00\u4e9b\u6700\u8ff7\u4eba\u5730\u533a\u7684\u6545\u4e8b\uff0c\u4ece 2020\u5e74\u5f00\u59cb\uff0c\u5c31\u5df2\u7ecf\u5728\u8fd9\u4e2a\u5e73\u53f0\u7684\u9875\u9762\u4e2d\u5f00\u521b\u4e86\u4e0e\u771f\u5b9e\u4e16\u754c\u975e\u51e1\u65c5\u7a0b\u5e73\u884c\u7684\u7f8e\u5999\u827a\u672f\u4e4b\u65c5\u3002 <em>.<\/em><\/p>\n<\/div>\n<\/div><\/div>\n\n\n\n<div class=\"wp-block-columns is-layout-flex wp-container-core-columns-is-layout-9d6595d7 wp-block-columns-is-layout-flex\">\n<div class=\"wp-block-column is-layout-flow wp-block-column-is-layout-flow\">\n<figure class=\"wp-block-image size-large\"><img loading=\"lazy\" decoding=\"async\" width=\"684\" height=\"1024\" src=\"https:\/\/italics.art\/wp-content\/uploads\/2021\/09\/Italics_100-684x1024.jpg\" alt=\"\" class=\"wp-image-13586\" srcset=\"https:\/\/italics.art\/wp-content\/uploads\/2021\/09\/Italics_100-684x1024.jpg 684w, https:\/\/italics.art\/wp-content\/uploads\/2021\/09\/Italics_100-200x300.jpg 200w, https:\/\/italics.art\/wp-content\/uploads\/2021\/09\/Italics_100-100x150.jpg 100w, https:\/\/italics.art\/wp-content\/uploads\/2021\/09\/Italics_100-768x1151.jpg 768w\" sizes=\"auto, (max-width: 684px) 100vw, 684px\" \/><figcaption class=\"wp-element-caption\">Nicola Samor\u00ec, Artaud, 2021. Courtesy the artist and Monitor Rome &#8211; Lisbon &#8211; Pereto <\/figcaption><\/figure>\n<\/div>\n\n\n\n<div class=\"wp-block-column is-layout-flow wp-block-column-is-layout-flow\">\n<figure class=\"wp-block-image size-large\"><img loading=\"lazy\" decoding=\"async\" width=\"683\" height=\"1024\" src=\"https:\/\/italics.art\/wp-content\/uploads\/2021\/09\/Italics_065-683x1024.jpg\" alt=\"\" class=\"wp-image-13577\" srcset=\"https:\/\/italics.art\/wp-content\/uploads\/2021\/09\/Italics_065-683x1024.jpg 683w, https:\/\/italics.art\/wp-content\/uploads\/2021\/09\/Italics_065-200x300.jpg 200w, https:\/\/italics.art\/wp-content\/uploads\/2021\/09\/Italics_065-100x150.jpg 100w, https:\/\/italics.art\/wp-content\/uploads\/2021\/09\/Italics_065-768x1151.jpg 768w\" sizes=\"auto, (max-width: 683px) 100vw, 683px\" \/><figcaption class=\"wp-element-caption\">Domenico Antonio Mancini, Untitled, 2021. Courtesy the artist and Galleria Lia Rumma Milan &#8211; Naples <\/figcaption><\/figure>\n<\/div>\n<\/div>\n\n\n\n<div class=\"wp-block-columns is-layout-flex wp-container-core-columns-is-layout-9d6595d7 wp-block-columns-is-layout-flex\">\n<div class=\"wp-block-column is-layout-flow wp-block-column-is-layout-flow\">\n<figure class=\"wp-block-image size-large\"><img loading=\"lazy\" decoding=\"async\" width=\"1024\" height=\"683\" src=\"https:\/\/italics.art\/wp-content\/uploads\/2021\/10\/Italics_070-1024x683.jpg\" alt=\"\" class=\"wp-image-13624\" srcset=\"https:\/\/italics.art\/wp-content\/uploads\/2021\/10\/Italics_070-1024x683.jpg 1024w, https:\/\/italics.art\/wp-content\/uploads\/2021\/10\/Italics_070-300x200.jpg 300w, https:\/\/italics.art\/wp-content\/uploads\/2021\/10\/Italics_070-150x100.jpg 150w, https:\/\/italics.art\/wp-content\/uploads\/2021\/10\/Italics_070-768x513.jpg 768w\" sizes=\"auto, (max-width: 1024px) 100vw, 1024px\" \/><figcaption class=\"wp-element-caption\">Rosa Barba, La vista ci permette di apprezzare la distanza, 2017. Courtesy the artist and Vistamare\/Vistamarestudio, Pescara &#8211; Milan <\/figcaption><\/figure>\n<\/div>\n\n\n\n<div class=\"wp-block-column is-layout-flow wp-block-column-is-layout-flow\">\n<figure class=\"wp-block-image size-large\"><img loading=\"lazy\" decoding=\"async\" width=\"1024\" height=\"683\" src=\"https:\/\/italics.art\/wp-content\/uploads\/2021\/09\/Italics_128-1024x683.jpg\" alt=\"\" class=\"wp-image-13598\" srcset=\"https:\/\/italics.art\/wp-content\/uploads\/2021\/09\/Italics_128-1024x683.jpg 1024w, https:\/\/italics.art\/wp-content\/uploads\/2021\/09\/Italics_128-300x200.jpg 300w, https:\/\/italics.art\/wp-content\/uploads\/2021\/09\/Italics_128-150x100.jpg 150w, https:\/\/italics.art\/wp-content\/uploads\/2021\/09\/Italics_128-768x513.jpg 768w\" sizes=\"auto, (max-width: 1024px) 100vw, 1024px\" \/><figcaption class=\"wp-element-caption\">Francesco Pedraglio, +393452350470, 2021. Courtesy Norma Mangione Gallery, Turin <\/figcaption><\/figure>\n<\/div>\n<\/div>\n\n\n\n<div class=\"wp-block-columns is-layout-flex wp-container-core-columns-is-layout-9d6595d7 wp-block-columns-is-layout-flex\">\n<div class=\"wp-block-column is-layout-flow wp-block-column-is-layout-flow\">\n<figure class=\"wp-block-image size-full\"><img loading=\"lazy\" decoding=\"async\" width=\"2560\" height=\"1922\" src=\"https:\/\/italics.art\/wp-content\/uploads\/2021\/10\/DSC_5542-edited-1-scaled.jpg\" alt=\"\" class=\"wp-image-13848\" srcset=\"https:\/\/italics.art\/wp-content\/uploads\/2021\/10\/DSC_5542-edited-1-scaled.jpg 2560w, https:\/\/italics.art\/wp-content\/uploads\/2021\/10\/DSC_5542-edited-1-300x225.jpg 300w, https:\/\/italics.art\/wp-content\/uploads\/2021\/10\/DSC_5542-edited-1-1024x769.jpg 1024w, https:\/\/italics.art\/wp-content\/uploads\/2021\/10\/DSC_5542-edited-1-150x113.jpg 150w, https:\/\/italics.art\/wp-content\/uploads\/2021\/10\/DSC_5542-edited-1-768x577.jpg 768w\" sizes=\"auto, (max-width: 2560px) 100vw, 2560px\" \/><figcaption class=\"wp-element-caption\">Fredrik V\u00e6rslev, USA, 2021. Courtesy Gi\u00f3 Marconi, Milan <\/figcaption><\/figure>\n<\/div>\n\n\n\n<div class=\"wp-block-column is-layout-flow wp-block-column-is-layout-flow\">\n<figure class=\"wp-block-image size-full\"><img loading=\"lazy\" decoding=\"async\" width=\"2560\" height=\"1925\" src=\"https:\/\/italics.art\/wp-content\/uploads\/2021\/10\/Italics_108-edited-scaled.jpg\" alt=\"\" class=\"wp-image-13842\" srcset=\"https:\/\/italics.art\/wp-content\/uploads\/2021\/10\/Italics_108-edited-scaled.jpg 2560w, https:\/\/italics.art\/wp-content\/uploads\/2021\/10\/Italics_108-edited-300x226.jpg 300w, https:\/\/italics.art\/wp-content\/uploads\/2021\/10\/Italics_108-edited-1024x770.jpg 1024w, https:\/\/italics.art\/wp-content\/uploads\/2021\/10\/Italics_108-edited-150x113.jpg 150w, https:\/\/italics.art\/wp-content\/uploads\/2021\/10\/Italics_108-edited-768x578.jpg 768w\" sizes=\"auto, (max-width: 2560px) 100vw, 2560px\" \/><figcaption class=\"wp-element-caption\">Paolo Icaro, Spazio Scolpito, Q, 1967. Courtesy the artist and P420, Bologna <\/figcaption><\/figure>\n<\/div>\n<\/div>\n\n\n\n<div class=\"wp-block-columns is-layout-flex wp-container-core-columns-is-layout-9d6595d7 wp-block-columns-is-layout-flex\">\n<div class=\"wp-block-column is-layout-flow wp-block-column-is-layout-flow\">\n<figure class=\"wp-block-image size-full\"><img loading=\"lazy\" decoding=\"async\" width=\"1709\" height=\"2560\" src=\"https:\/\/italics.art\/wp-content\/uploads\/2021\/09\/Italics_124-scaled.jpg\" alt=\"\" class=\"wp-image-13589\" srcset=\"https:\/\/italics.art\/wp-content\/uploads\/2021\/09\/Italics_124-scaled.jpg 1709w, https:\/\/italics.art\/wp-content\/uploads\/2021\/09\/Italics_124-200x300.jpg 200w, https:\/\/italics.art\/wp-content\/uploads\/2021\/09\/Italics_124-683x1024.jpg 683w, https:\/\/italics.art\/wp-content\/uploads\/2021\/09\/Italics_124-100x150.jpg 100w, https:\/\/italics.art\/wp-content\/uploads\/2021\/09\/Italics_124-768x1151.jpg 768w\" sizes=\"auto, (max-width: 1709px) 100vw, 1709px\" \/><figcaption class=\"wp-element-caption\">Noah Barker, Signal and Pirate Play. an indeterminate duration of boat based broadcast, 2021. Courtesy Fanta MLN, Milan  <\/figcaption><\/figure>\n<\/div>\n\n\n\n<div class=\"wp-block-column is-layout-flow wp-block-column-is-layout-flow\">\n<figure class=\"wp-block-image size-full\"><img loading=\"lazy\" decoding=\"async\" width=\"1705\" height=\"2560\" src=\"https:\/\/italics.art\/wp-content\/uploads\/2021\/10\/DSC_2845-edited-scaled.jpg\" alt=\"\" class=\"wp-image-13851\" srcset=\"https:\/\/italics.art\/wp-content\/uploads\/2021\/10\/DSC_2845-edited-scaled.jpg 1705w, https:\/\/italics.art\/wp-content\/uploads\/2021\/10\/DSC_2845-edited-200x300.jpg 200w, https:\/\/italics.art\/wp-content\/uploads\/2021\/10\/DSC_2845-edited-682x1024.jpg 682w, https:\/\/italics.art\/wp-content\/uploads\/2021\/10\/DSC_2845-edited-100x150.jpg 100w, https:\/\/italics.art\/wp-content\/uploads\/2021\/10\/DSC_2845-edited-768x1153.jpg 768w, https:\/\/italics.art\/wp-content\/uploads\/2021\/10\/DSC_2845-edited-1023x1536.jpg 1023w\" sizes=\"auto, (max-width: 1705px) 100vw, 1705px\" \/><figcaption class=\"wp-element-caption\">Francesco Simeti, Curling, arching, breaking, 2021. Courtesy the artist and Francesca Minini, Milan <\/figcaption><\/figure>\n<\/div>\n<\/div>\n\n\n\n<div class=\"wp-block-uagb-columns uagb-columns__wrap uagb-columns__stack-mobile uagb-columns__valign- uagb-columns__gap-10 align uagb-block-67ae93d9 uagb-columns__columns-1 uagb-columns__max_width-custom mb-4 mb-md-5\"><div class=\"uagb-columns__overlay\"><\/div><div class=\"uagb-columns__inner-wrap uagb-columns__columns-1\">\n<div class=\"wp-block-uagb-column uagb-column__wrap uagb-column__background-undefined uagb-block-1d89f081 offset-1 offset-md-5\"><div class=\"uagb-column__overlay\"><\/div>\n<p class=\"has-medium-font-size\">\u591a\u573a\u5730\u5c55\u89c8PANORAMA | Procida \u2013\u4e0e2022\u5e74\u610f\u5927\u5229\u6587\u5316\u9996\u90fd\u666e\u7f57\u5947\u8fbe\u7684\u603b\u76d1\u5965\u53e4\u65af\u5e1d\u8bfa\u00b7\u91cc \u5854\u8bfa\uff08Agostino Riitano\uff09\u8fdb\u884c\u5bf9\u8bdd\u4ea4\u6d41\uff0c\u8fd9\u662f\u4e00\u4e2a\u63a2\u7d22\u5c9b\u5c7f\u7f8e\u666f\u7684\u65c5\u7a0b\uff0c\u827a\u672f\u4e0e\u81ea\u7136\u76f8\u7ed3\u5408 \uff0c\u5171\u540c\u52fe\u52d2\u51fa\u4e00\u4e2a\u5305\u542b\u591a\u7ef4\u5ea6\u4f53\u9a8c\u7684\u65b0\u666f\u89c2\u3002 <\/p>\n<\/div>\n<\/div><\/div>\n\n\n\n<div class=\"wp-block-columns is-layout-flex wp-container-core-columns-is-layout-9d6595d7 wp-block-columns-is-layout-flex\">\n<div class=\"wp-block-column is-layout-flow wp-block-column-is-layout-flow\">\n<figure class=\"wp-block-image size-full\"><img loading=\"lazy\" decoding=\"async\" width=\"2560\" height=\"1917\" src=\"https:\/\/italics.art\/wp-content\/uploads\/2021\/10\/Italics_135-1-edited-scaled.jpg\" alt=\"Darius Mik\u0161ys\" class=\"wp-image-13830\" srcset=\"https:\/\/italics.art\/wp-content\/uploads\/2021\/10\/Italics_135-1-edited-scaled.jpg 2560w, https:\/\/italics.art\/wp-content\/uploads\/2021\/10\/Italics_135-1-edited-300x225.jpg 300w, https:\/\/italics.art\/wp-content\/uploads\/2021\/10\/Italics_135-1-edited-1024x767.jpg 1024w, https:\/\/italics.art\/wp-content\/uploads\/2021\/10\/Italics_135-1-edited-150x112.jpg 150w, https:\/\/italics.art\/wp-content\/uploads\/2021\/10\/Italics_135-1-edited-768x575.jpg 768w\" sizes=\"auto, (max-width: 2560px) 100vw, 2560px\" \/><figcaption class=\"wp-element-caption\">Darius Mik\u0161ys, Shower Curtain Standard, 2012, printed in 2021. Courtesy the artist and Ermes Ermes, Rome &#8211; Vienna <\/figcaption><\/figure>\n<\/div>\n\n\n\n<div class=\"wp-block-column is-layout-flow wp-block-column-is-layout-flow\">\n<figure class=\"wp-block-image size-full\"><img loading=\"lazy\" decoding=\"async\" width=\"2560\" height=\"1923\" src=\"https:\/\/italics.art\/wp-content\/uploads\/2021\/10\/Italics_084-edited-1-scaled.jpg\" alt=\"Chen Zhen\" class=\"wp-image-13833\" srcset=\"https:\/\/italics.art\/wp-content\/uploads\/2021\/10\/Italics_084-edited-1-scaled.jpg 2560w, https:\/\/italics.art\/wp-content\/uploads\/2021\/10\/Italics_084-edited-1-300x225.jpg 300w, https:\/\/italics.art\/wp-content\/uploads\/2021\/10\/Italics_084-edited-1-1024x769.jpg 1024w, https:\/\/italics.art\/wp-content\/uploads\/2021\/10\/Italics_084-edited-1-150x113.jpg 150w, https:\/\/italics.art\/wp-content\/uploads\/2021\/10\/Italics_084-edited-1-768x577.jpg 768w\" sizes=\"auto, (max-width: 2560px) 100vw, 2560px\" \/><figcaption class=\"wp-element-caption\">Chen Zhen, Back to Fullness, Face to Emptiness, 1997-2009. Courtesy GALLERIA CONTINUA \u00a9 ADAGP, Paris  <\/figcaption><\/figure>\n<\/div>\n<\/div>\n\n\n\n<div class=\"wp-block-columns is-layout-flex wp-container-core-columns-is-layout-9d6595d7 wp-block-columns-is-layout-flex\">\n<div class=\"wp-block-column is-layout-flow wp-block-column-is-layout-flow\">\n<figure class=\"wp-block-image size-full\"><img loading=\"lazy\" decoding=\"async\" width=\"1921\" height=\"2560\" src=\"https:\/\/italics.art\/wp-content\/uploads\/2021\/10\/Italics_119-edited-scaled.jpg\" alt=\"Damon Zucconi\" class=\"wp-image-13836\" srcset=\"https:\/\/italics.art\/wp-content\/uploads\/2021\/10\/Italics_119-edited-scaled.jpg 1921w, https:\/\/italics.art\/wp-content\/uploads\/2021\/10\/Italics_119-edited-225x300.jpg 225w, https:\/\/italics.art\/wp-content\/uploads\/2021\/10\/Italics_119-edited-768x1023.jpg 768w, https:\/\/italics.art\/wp-content\/uploads\/2021\/10\/Italics_119-edited-113x150.jpg 113w\" sizes=\"auto, (max-width: 1921px) 100vw, 1921px\" \/><figcaption class=\"wp-element-caption\">Damon Zucconi, SPIRITUAL DOOR, 2016. Courtesy the artist and VEDA, Florence <\/figcaption><\/figure>\n<\/div>\n\n\n\n<div class=\"wp-block-column is-layout-flow wp-block-column-is-layout-flow\">\n<figure class=\"wp-block-image size-full\"><img loading=\"lazy\" decoding=\"async\" width=\"1920\" height=\"2560\" src=\"https:\/\/italics.art\/wp-content\/uploads\/2021\/10\/Italics_096-edited-scaled.jpg\" alt=\"Mario Garc\u00eda Torres\" class=\"wp-image-13839\" srcset=\"https:\/\/italics.art\/wp-content\/uploads\/2021\/10\/Italics_096-edited-scaled.jpg 1920w, https:\/\/italics.art\/wp-content\/uploads\/2021\/10\/Italics_096-edited-225x300.jpg 225w, https:\/\/italics.art\/wp-content\/uploads\/2021\/10\/Italics_096-edited-768x1024.jpg 768w, https:\/\/italics.art\/wp-content\/uploads\/2021\/10\/Italics_096-edited-112x150.jpg 112w\" sizes=\"auto, (max-width: 1920px) 100vw, 1920px\" \/><figcaption class=\"wp-element-caption\">Mario Garc\u00eda Torres, The Sun Makes Me Blind, 2021. Courtesy Galleria Franco Noero, Turin <\/figcaption><\/figure>\n<\/div>\n<\/div>\n\n\n\n<div class=\"wp-block-columns is-layout-flex wp-container-core-columns-is-layout-9d6595d7 wp-block-columns-is-layout-flex\">\n<div class=\"wp-block-column is-layout-flow wp-block-column-is-layout-flow\">\n<figure class=\"wp-block-image size-large\"><img loading=\"lazy\" decoding=\"async\" width=\"1024\" height=\"683\" src=\"https:\/\/italics.art\/wp-content\/uploads\/2021\/09\/Italics_066-1024x683.jpg\" alt=\"Daniele Milvio\" class=\"wp-image-13550\" srcset=\"https:\/\/italics.art\/wp-content\/uploads\/2021\/09\/Italics_066-1024x683.jpg 1024w, https:\/\/italics.art\/wp-content\/uploads\/2021\/09\/Italics_066-300x200.jpg 300w, https:\/\/italics.art\/wp-content\/uploads\/2021\/09\/Italics_066-150x100.jpg 150w, https:\/\/italics.art\/wp-content\/uploads\/2021\/09\/Italics_066-768x512.jpg 768w\" sizes=\"auto, (max-width: 1024px) 100vw, 1024px\" \/><figcaption class=\"wp-element-caption\">Daniele Milvio, It could be worse, I could be Sting, 2021. Courtesy the artist and Galleria Federico Vavassori, Milan <\/figcaption><\/figure>\n<\/div>\n\n\n\n<div class=\"wp-block-column is-layout-flow wp-block-column-is-layout-flow\">\n<figure class=\"wp-block-image size-large\"><img loading=\"lazy\" decoding=\"async\" width=\"1024\" height=\"683\" src=\"https:\/\/italics.art\/wp-content\/uploads\/2021\/09\/Italics_118-1024x683.jpg\" alt=\"\" class=\"wp-image-13562\" srcset=\"https:\/\/italics.art\/wp-content\/uploads\/2021\/09\/Italics_118-1024x683.jpg 1024w, https:\/\/italics.art\/wp-content\/uploads\/2021\/09\/Italics_118-300x200.jpg 300w, https:\/\/italics.art\/wp-content\/uploads\/2021\/09\/Italics_118-150x100.jpg 150w, https:\/\/italics.art\/wp-content\/uploads\/2021\/09\/Italics_118-768x513.jpg 768w\" sizes=\"auto, (max-width: 1024px) 100vw, 1024px\" \/><figcaption class=\"wp-element-caption\">ALEK O., If there is a last summer morning, 2009. Courtesy the artist and Frutta, Rome <\/figcaption><\/figure>\n<\/div>\n<\/div>\n\n\n\n<div class=\"wp-block-uagb-columns uagb-columns__wrap uagb-columns__stack-mobile uagb-columns__valign- uagb-columns__gap-10 align uagb-block-a5daa65f uagb-columns__columns-1 uagb-columns__max_width-custom mb-4 mb-md-5\"><div class=\"uagb-columns__overlay\"><\/div><div class=\"uagb-columns__inner-wrap uagb-columns__columns-1\">\n<div class=\"wp-block-uagb-column uagb-column__wrap uagb-column__background-undefined uagb-block-00efc296 offset-1 offset-md-5\"><div class=\"uagb-column__overlay\"><\/div>\n<p class=\"has-medium-font-size\">\u8fd9\u4e00\u96c6\u4f53\u76db\u4e8b\u89c1\u8bc1\u4e86\u516c\u4f17\u3001\u673a\u6784\u548c\u5e02\u6c11\u5353\u8d8a\u7684\u540c\u6b65\u53c2\u4e0e\uff1b\u9ad8\u6da8\u7684\u5a92\u4f53\u70ed\u5ea6\u548c\u4f17\u591a\u7684\u793e\u4ea4\u5206\u4eab\u4e5f \u8bc1\u5b9e\u4e86\u5176\u9a84\u4eba\u7684\u7855\u679c\u3002<\/p>\n<\/div>\n<\/div><\/div>\n\n\n<div class=\"wp-block-image\">\n<figure class=\"aligncenter size-large is-resized\"><img loading=\"lazy\" decoding=\"async\" width=\"683\" height=\"1024\" src=\"https:\/\/italics.art\/wp-content\/uploads\/2021\/09\/Buren_Italics_28_Photo-\u00a9-Barbara-Rossi-1-683x1024.jpg\" alt=\"\" class=\"wp-image-13402\" style=\"width:512px;height:768px\" srcset=\"https:\/\/italics.art\/wp-content\/uploads\/2021\/09\/Buren_Italics_28_Photo-\u00a9-Barbara-Rossi-1-683x1024.jpg 683w, https:\/\/italics.art\/wp-content\/uploads\/2021\/09\/Buren_Italics_28_Photo-\u00a9-Barbara-Rossi-1-200x300.jpg 200w, https:\/\/italics.art\/wp-content\/uploads\/2021\/09\/Buren_Italics_28_Photo-\u00a9-Barbara-Rossi-1-100x150.jpg 100w, https:\/\/italics.art\/wp-content\/uploads\/2021\/09\/Buren_Italics_28_Photo-\u00a9-Barbara-Rossi-1-768x1151.jpg 768w\" sizes=\"auto, (max-width: 683px) 100vw, 683px\" \/><figcaption class=\"wp-element-caption\">Daniel Buren, Around an exhibition, work in situ for Italics, Procida, Italics d\u2019Oro 2021<\/figcaption><\/figure>\n<\/div>\n\n\n<div class=\"wp-block-columns is-layout-flex wp-container-core-columns-is-layout-9d6595d7 wp-block-columns-is-layout-flex\">\n<div class=\"wp-block-column is-layout-flow wp-block-column-is-layout-flow\">\n<h3 class=\"wp-block-heading\"><br>\u5c55\u89c8\u7684\u65c5\u7a0b\u8de8\u8d8a\u53e4\u4ee3\u548c\u5f53\u4ee3\uff0c\u6db5\u76d6\u4e86\u4e94\u4e2a\u4e16\u7eaa\u7684\u827a\u672f\u53f2\uff0c\u7279\u522b\u5173\u6ce8\u610f\u5927\u5229\u7684\u4f5c\u54c1\uff0c\u5176\u4e2d\u7684\u91cd\u4e2d \u4e4b\u91cd\u662f\u5728\u4ee5\u90a3\u4e0d\u52d2\u65af\u4e3a\u80cc\u666f\u7684\u521b\u4f5c\uff0c\u6c47\u96c6\u4e86\u827a\u672f\u5bb6\u4eec\u7684\u4e94\u5341\u591a\u4ef6\u7cbe\u7f8e\u4f5c\u54c1\u3002<\/h3>\n<\/div>\n\n\n\n<div class=\"wp-block-column is-layout-flow wp-block-column-is-layout-flow\">\n<p class=\"has-normal-font-size\"><meta charset=\"utf-8\">Marisa Albanese (Napoli, Italia, 1947\u20132021), Giovanni Anselmo (Borgofranco d\u2019Ivrea, Italia, 1934), Salvatore Arancio (Catania, Italia, 1974), Gianni Asdrubali (Tuscania, Italia, 1955), Rosa Barba (Agrigento, Italia, 1972), Noah Barker (California, USA, 1991), Per Barclay (Oslo, Norvegia, 1955), Robert Barry (New York, USA, 1936), Elisabetta Benassi (Roma, Italia, 1966), Walead Beshty (Londra, GB, 1976), Daniel Buren (Boulogne-Billancourt, Francia, 1938), Giulia Cenci (Cortona, Italia, 1988), Chen Zhen (Shanghai, Cina 1955 \u2013 Parigi, Francia, 2000), Antonio Della Guardia (Salerno, Italia, 1990), Fortunato Depero (Fondo, Italia, 1892 \u2013 Rovereto, Italia, 1960), Patrizio Di Massimo (Jesi, Italia, 1983), Flavio Favelli (Firenze, Italia, 1967), Luca Francesconi (Mantova, Italia, 1979), Lucio Fontana (Rosario di Santa F\u00e9, Argentina, 1899 &#8211; Comabbio, Italia, 1968), Mario Garc\u00eda Torres (Monclova, Messico, 1975), Igor Grubi\u0107 (Zagabria, Croazia, 1969), Christian Holstad (Anaheim, USA, 1972), Paolo Icaro (Torino, Italia, 1936), Massimo Listri (Firenze, Italia, 1953), Nate Lowman (Las Vegas, USA, 1979), Ibrahim Mahama (Tamale, Ghana, 1987), Marcello Maloberti (Casalpusterlengo, Italia, 1966),<\/p>\n<\/div>\n\n\n\n<div class=\"wp-block-column is-layout-flow wp-block-column-is-layout-flow\">\n<p class=\"has-normal-font-size\">Domenico Antonio Mancini (Napoli, Italia, 1980), Darius Mik\u0161ys (Kaunas, Lituania, 1969), Daniele Milvio (Genova, Italia, 1988), Alek O. (Buenos Aires, Argentina, 1981), Luigi Ontani (Grizzana Morandi, Italia, 1943), Adrian Paci (Scutari, Albania, 1969), Mimmo Paladino (Paduli, Italia, 1948), Giulio Paolini (Genova, Italia, 1940), Francesco Pedraglio (Como, Italia, 1981), Giuseppe Penone (Garessio, Italia, 1947), Giulia Piscitelli (Napoli, Italia, 1965), Nicola Samor\u00ec (Forl\u00ec, Italia, 1977), Tom\u00e1s Saraceno (San Miguel de Tucum\u00e1n, Argentina, 1973), Alberto Savinio (Atene, Grecia, 1891 \u2013 Roma, Italia, 1952), Marinella Senatore (Cava de\u2019 Tirreni, Italia, 1977), Francesco Simeti (Palermo, Italia, 1968), Sissi (Bologna, Italia, 1977), Filippo Tagliolini (Fogliano di Cascia, Italia, 1745 \u2013 Napoli, Italia, 1809), Fredrik V\u00e6rslev (Moss, Norvegia, 1979), Andy Warhol (Pittsburgh, USA, 1928 \u2013 New York, USA, 1987), Heimo Zobernig (Mauthen, Austria, 1958), Damon Zucconi (Bethpage, USA, 1985), scuola italiana del tardo XVIII secolo e un\u2019opera di Matthias Stomer (1600, Amersfoort, Paesi Bassi \u2013 1650, Sicilia), proveniente dalle collezioni del Museo e Real Bosco di Capodimonte.<\/p>\n<\/div>\n<\/div>\n\n\n\n<div class=\"wp-block-columns is-layout-flex wp-container-core-columns-is-layout-9d6595d7 wp-block-columns-is-layout-flex\">\n<div class=\"wp-block-column is-layout-flow wp-block-column-is-layout-flow\">\n<figure class=\"wp-block-image size-full\"><img loading=\"lazy\" decoding=\"async\" width=\"2560\" height=\"1437\" src=\"https:\/\/italics.art\/wp-content\/uploads\/2021\/10\/DSC_3366-edited-scaled.jpg\" alt=\"\" class=\"wp-image-13857\" srcset=\"https:\/\/italics.art\/wp-content\/uploads\/2021\/10\/DSC_3366-edited-scaled.jpg 2560w, https:\/\/italics.art\/wp-content\/uploads\/2021\/10\/DSC_3366-edited-300x168.jpg 300w, https:\/\/italics.art\/wp-content\/uploads\/2021\/10\/DSC_3366-edited-1024x575.jpg 1024w, https:\/\/italics.art\/wp-content\/uploads\/2021\/10\/DSC_3366-edited-150x84.jpg 150w, https:\/\/italics.art\/wp-content\/uploads\/2021\/10\/DSC_3366-edited-768x431.jpg 768w\" sizes=\"auto, (max-width: 2560px) 100vw, 2560px\" \/><figcaption class=\"wp-element-caption\">Antonio Della Guardia, Per un prossimo reale, 2021. Courtesy Galleria Tiziana Di Caro <\/figcaption><\/figure>\n<\/div>\n\n\n\n<div class=\"wp-block-column is-layout-flow wp-block-column-is-layout-flow\">\n<figure class=\"wp-block-image size-full\"><img loading=\"lazy\" decoding=\"async\" width=\"2560\" height=\"1438\" src=\"https:\/\/italics.art\/wp-content\/uploads\/2021\/10\/Italics_140-edited-scaled.jpg\" alt=\"\" class=\"wp-image-13854\" srcset=\"https:\/\/italics.art\/wp-content\/uploads\/2021\/10\/Italics_140-edited-scaled.jpg 2560w, https:\/\/italics.art\/wp-content\/uploads\/2021\/10\/Italics_140-edited-300x169.jpg 300w, https:\/\/italics.art\/wp-content\/uploads\/2021\/10\/Italics_140-edited-1024x575.jpg 1024w, https:\/\/italics.art\/wp-content\/uploads\/2021\/10\/Italics_140-edited-150x84.jpg 150w, https:\/\/italics.art\/wp-content\/uploads\/2021\/10\/Italics_140-edited-768x431.jpg 768w\" sizes=\"auto, (max-width: 2560px) 100vw, 2560px\" \/><figcaption class=\"wp-element-caption\">Luca Francesconi, Senza Titolo, 2020. Courtesy Galleria Umberto di Marino, Naples<\/figcaption><\/figure>\n<\/div>\n<\/div>\n\n\n\n<div class=\"wp-block-columns is-layout-flex wp-container-core-columns-is-layout-9d6595d7 wp-block-columns-is-layout-flex\">\n<div class=\"wp-block-column is-layout-flow wp-block-column-is-layout-flow\">\n<figure class=\"wp-block-image size-full\"><img loading=\"lazy\" decoding=\"async\" width=\"2560\" height=\"1921\" src=\"https:\/\/italics.art\/wp-content\/uploads\/2021\/10\/Italics_086-edited-scaled.jpg\" alt=\"\" class=\"wp-image-13863\" srcset=\"https:\/\/italics.art\/wp-content\/uploads\/2021\/10\/Italics_086-edited-scaled.jpg 2560w, https:\/\/italics.art\/wp-content\/uploads\/2021\/10\/Italics_086-edited-300x225.jpg 300w, https:\/\/italics.art\/wp-content\/uploads\/2021\/10\/Italics_086-edited-1024x768.jpg 1024w, https:\/\/italics.art\/wp-content\/uploads\/2021\/10\/Italics_086-edited-150x113.jpg 150w, https:\/\/italics.art\/wp-content\/uploads\/2021\/10\/Italics_086-edited-768x576.jpg 768w\" sizes=\"auto, (max-width: 2560px) 100vw, 2560px\" \/><figcaption class=\"wp-element-caption\">Marinella Senatore, Remember the first time you saw your name, 2020. Courtesy Mazzoleni, Turin &#8211; London <\/figcaption><\/figure>\n<\/div>\n\n\n\n<div class=\"wp-block-column is-layout-flow wp-block-column-is-layout-flow\">\n<figure class=\"wp-block-image size-full\"><img loading=\"lazy\" decoding=\"async\" width=\"2560\" height=\"1917\" src=\"https:\/\/italics.art\/wp-content\/uploads\/2021\/10\/Italics_116-edited-scaled.jpg\" alt=\"\" class=\"wp-image-13860\" srcset=\"https:\/\/italics.art\/wp-content\/uploads\/2021\/10\/Italics_116-edited-scaled.jpg 2560w, https:\/\/italics.art\/wp-content\/uploads\/2021\/10\/Italics_116-edited-300x225.jpg 300w, https:\/\/italics.art\/wp-content\/uploads\/2021\/10\/Italics_116-edited-1024x767.jpg 1024w, https:\/\/italics.art\/wp-content\/uploads\/2021\/10\/Italics_116-edited-150x112.jpg 150w, https:\/\/italics.art\/wp-content\/uploads\/2021\/10\/Italics_116-edited-768x575.jpg 768w\" sizes=\"auto, (max-width: 2560px) 100vw, 2560px\" \/><figcaption class=\"wp-element-caption\">Giulia Cenci, pissing figures, 2020. Courtesy SpazioA, Pistoia <\/figcaption><\/figure>\n<\/div>\n<\/div>\n\n\n\n<div class=\"wp-block-columns is-layout-flex wp-container-core-columns-is-layout-9d6595d7 wp-block-columns-is-layout-flex\">\n<div class=\"wp-block-column is-layout-flow wp-block-column-is-layout-flow\">\n<figure class=\"wp-block-image size-large\"><img loading=\"lazy\" decoding=\"async\" width=\"1024\" height=\"683\" src=\"https:\/\/italics.art\/wp-content\/uploads\/2021\/10\/Italics_090-1024x683.jpg\" alt=\"\" class=\"wp-image-13676\" srcset=\"https:\/\/italics.art\/wp-content\/uploads\/2021\/10\/Italics_090-1024x683.jpg 1024w, https:\/\/italics.art\/wp-content\/uploads\/2021\/10\/Italics_090-300x200.jpg 300w, https:\/\/italics.art\/wp-content\/uploads\/2021\/10\/Italics_090-150x100.jpg 150w, https:\/\/italics.art\/wp-content\/uploads\/2021\/10\/Italics_090-768x512.jpg 768w\" sizes=\"auto, (max-width: 1024px) 100vw, 1024px\" \/><figcaption class=\"wp-element-caption\">Christian Holstad, Consider Yourself as a Guest (Cornucopia), 2019. Courtesy Victoria Miro Venice <\/figcaption><\/figure>\n<\/div>\n\n\n\n<div class=\"wp-block-column is-layout-flow wp-block-column-is-layout-flow\">\n<figure class=\"wp-block-image size-large\"><img loading=\"lazy\" decoding=\"async\" width=\"1024\" height=\"683\" src=\"https:\/\/italics.art\/wp-content\/uploads\/2021\/10\/DSC_3892-1-1024x683.jpg\" alt=\"\" class=\"wp-image-13673\" srcset=\"https:\/\/italics.art\/wp-content\/uploads\/2021\/10\/DSC_3892-1-1024x683.jpg 1024w, https:\/\/italics.art\/wp-content\/uploads\/2021\/10\/DSC_3892-1-300x200.jpg 300w, https:\/\/italics.art\/wp-content\/uploads\/2021\/10\/DSC_3892-1-150x100.jpg 150w, https:\/\/italics.art\/wp-content\/uploads\/2021\/10\/DSC_3892-1-768x513.jpg 768w\" sizes=\"auto, (max-width: 1024px) 100vw, 1024px\" \/><figcaption class=\"wp-element-caption\">Igor Grubic\u0301, How to&#8230; , 2021. Courtesy Laveronica Arte Contemporanea, Modica<\/figcaption><\/figure>\n<\/div>\n<\/div>\n\n\n<div class=\"wp-block-image\">\n<figure class=\"aligncenter size-large is-resized\"><img loading=\"lazy\" decoding=\"async\" width=\"684\" height=\"1024\" src=\"https:\/\/italics.art\/wp-content\/uploads\/2021\/10\/Italics_117-684x1024.jpg\" alt=\"\" class=\"wp-image-13689\" style=\"width:513px;height:768px\" srcset=\"https:\/\/italics.art\/wp-content\/uploads\/2021\/10\/Italics_117-684x1024.jpg 684w, https:\/\/italics.art\/wp-content\/uploads\/2021\/10\/Italics_117-200x300.jpg 200w, https:\/\/italics.art\/wp-content\/uploads\/2021\/10\/Italics_117-100x150.jpg 100w, https:\/\/italics.art\/wp-content\/uploads\/2021\/10\/Italics_117-768x1150.jpg 768w\" sizes=\"auto, (max-width: 684px) 100vw, 684px\" \/><figcaption class=\"wp-element-caption\">Marisa Albanese, Combattente, 2013. Courtesy Studio Trisorio, Naples<\/figcaption><\/figure>\n<\/div>\n\n\n<div class=\"wp-block-columns is-layout-flex wp-container-core-columns-is-layout-9d6595d7 wp-block-columns-is-layout-flex\">\n<div class=\"wp-block-column is-layout-flow wp-block-column-is-layout-flow\">\n<figure class=\"wp-block-image size-full\"><img loading=\"lazy\" decoding=\"async\" width=\"1707\" height=\"2560\" src=\"https:\/\/italics.art\/wp-content\/uploads\/2021\/10\/Italics_133-edited-scaled.jpg\" alt=\"\" class=\"wp-image-13866\" srcset=\"https:\/\/italics.art\/wp-content\/uploads\/2021\/10\/Italics_133-edited-scaled.jpg 1707w, https:\/\/italics.art\/wp-content\/uploads\/2021\/10\/Italics_133-edited-200x300.jpg 200w, https:\/\/italics.art\/wp-content\/uploads\/2021\/10\/Italics_133-edited-683x1024.jpg 683w, https:\/\/italics.art\/wp-content\/uploads\/2021\/10\/Italics_133-edited-100x150.jpg 100w, https:\/\/italics.art\/wp-content\/uploads\/2021\/10\/Italics_133-edited-768x1152.jpg 768w, https:\/\/italics.art\/wp-content\/uploads\/2021\/10\/Italics_133-edited-1024x1536.jpg 1024w\" sizes=\"auto, (max-width: 1707px) 100vw, 1707px\" \/><figcaption class=\"wp-element-caption\">Nate Lowman, White Outdoor Sculpture, 2015. Courtesy MASSIMODECARLO <\/figcaption><\/figure>\n<\/div>\n\n\n\n<div class=\"wp-block-column is-layout-flow wp-block-column-is-layout-flow\">\n<figure class=\"wp-block-image size-full\"><img loading=\"lazy\" decoding=\"async\" width=\"1709\" height=\"2560\" src=\"https:\/\/italics.art\/wp-content\/uploads\/2021\/10\/Italics_Panorama_Procida_Opere_Paladino_01_Photo-Barbara-Rossi-scaled.jpg\" alt=\"\" class=\"wp-image-13751\" srcset=\"https:\/\/italics.art\/wp-content\/uploads\/2021\/10\/Italics_Panorama_Procida_Opere_Paladino_01_Photo-Barbara-Rossi-scaled.jpg 1709w, https:\/\/italics.art\/wp-content\/uploads\/2021\/10\/Italics_Panorama_Procida_Opere_Paladino_01_Photo-Barbara-Rossi-200x300.jpg 200w, https:\/\/italics.art\/wp-content\/uploads\/2021\/10\/Italics_Panorama_Procida_Opere_Paladino_01_Photo-Barbara-Rossi-683x1024.jpg 683w, https:\/\/italics.art\/wp-content\/uploads\/2021\/10\/Italics_Panorama_Procida_Opere_Paladino_01_Photo-Barbara-Rossi-100x150.jpg 100w, https:\/\/italics.art\/wp-content\/uploads\/2021\/10\/Italics_Panorama_Procida_Opere_Paladino_01_Photo-Barbara-Rossi-768x1151.jpg 768w\" sizes=\"auto, (max-width: 1709px) 100vw, 1709px\" \/><figcaption class=\"wp-element-caption\">Mimmo Paladino, Untitled, 2016. Courtesy Cardi Gallery, Milan &#8211; London <\/figcaption><\/figure>\n<\/div>\n<\/div>\n\n\n\n<div class=\"wp-block-columns is-layout-flex wp-container-core-columns-is-layout-9d6595d7 wp-block-columns-is-layout-flex\">\n<div class=\"wp-block-column is-layout-flow wp-block-column-is-layout-flow\">\n<figure class=\"wp-block-image size-full\"><img loading=\"lazy\" decoding=\"async\" width=\"2560\" height=\"1598\" src=\"https:\/\/italics.art\/wp-content\/uploads\/2021\/10\/DSC_4356-edited-scaled.jpg\" alt=\"\" class=\"wp-image-13869\" srcset=\"https:\/\/italics.art\/wp-content\/uploads\/2021\/10\/DSC_4356-edited-scaled.jpg 2560w, https:\/\/italics.art\/wp-content\/uploads\/2021\/10\/DSC_4356-edited-300x187.jpg 300w, https:\/\/italics.art\/wp-content\/uploads\/2021\/10\/DSC_4356-edited-1024x639.jpg 1024w, https:\/\/italics.art\/wp-content\/uploads\/2021\/10\/DSC_4356-edited-150x94.jpg 150w, https:\/\/italics.art\/wp-content\/uploads\/2021\/10\/DSC_4356-edited-768x479.jpg 768w\" sizes=\"auto, (max-width: 2560px) 100vw, 2560px\" \/><figcaption class=\"wp-element-caption\">Ibrahim Mahama, KOFI KUMBUNGU, 2017. Courtesy Apalazzogallery, Brescia <\/figcaption><\/figure>\n<\/div>\n\n\n\n<div class=\"wp-block-column is-layout-flow wp-block-column-is-layout-flow\">\n<figure class=\"wp-block-image size-full\"><img loading=\"lazy\" decoding=\"async\" width=\"2560\" height=\"1594\" src=\"https:\/\/italics.art\/wp-content\/uploads\/2021\/10\/Italics_044-edited-5-scaled.jpg\" alt=\"\" class=\"wp-image-13931\" srcset=\"https:\/\/italics.art\/wp-content\/uploads\/2021\/10\/Italics_044-edited-5-scaled.jpg 2560w, https:\/\/italics.art\/wp-content\/uploads\/2021\/10\/Italics_044-edited-5-300x187.jpg 300w, https:\/\/italics.art\/wp-content\/uploads\/2021\/10\/Italics_044-edited-5-1024x638.jpg 1024w, https:\/\/italics.art\/wp-content\/uploads\/2021\/10\/Italics_044-edited-5-150x93.jpg 150w, https:\/\/italics.art\/wp-content\/uploads\/2021\/10\/Italics_044-edited-5-768x478.jpg 768w\" sizes=\"auto, (max-width: 2560px) 100vw, 2560px\" \/><figcaption class=\"wp-element-caption\">Giuseppe Penone, Equivalenze, 2016. Courtesy Gagosian <\/figcaption><\/figure>\n<\/div>\n<\/div>\n\n\n\n<div class=\"wp-block-uagb-columns uagb-columns__wrap uagb-columns__stack-mobile uagb-columns__valign- uagb-columns__gap-10 align uagb-block-2b02e7d4 uagb-columns__columns-1 uagb-columns__max_width-custom mb-4 mb-md-5\"><div class=\"uagb-columns__overlay\"><\/div><div class=\"uagb-columns__inner-wrap uagb-columns__columns-1\">\n<div class=\"wp-block-uagb-column uagb-column__wrap uagb-column__background-undefined uagb-block-343b1402 offset-1 offset-md-5\"><div class=\"uagb-column__overlay\"><\/div>\n<p class=\"has-medium-font-size\">\u5c55\u89c8\u8bb2\u8ff0\u4e86\u8868\u5f81\u4e86\u5404\u4e2a\u65f6\u4ee3\u521b\u9020\u529b\u7684\u98ce\u683c\u3001\u6750\u6599\u3001\u7ec4\u5408\u89e3\u51b3\u65b9\u6848\u4ee5\u53ca\u5f62\u6001\u8be0\u91ca\u7684\u4e30\u5bcc\u591a\u6837\u6027\u3002 \u5c55\u89c8\u8def\u7ebf\u904d\u5e03\u5168\u5c9b\uff0c\u4ece\u5927\u6d0b\u6e2f\uff08Porto Marina Grande\uff09\u4e00\u76f4\u5230\u7a46\u62c9\u5854\uff08Terra Murata\uff09\uff0c\u5305 \u62ec\u4e00\u4e9b\u5177\u6709\u5f3a\u70c8\u6a21\u4eff\u6027\u7684\u4f5c\u54c1\uff0c\u6e17\u900f\u5230\u81ea\u7136\u548c\u4eba\u6587\u666f\u89c2\u808c\u7406\u4e4b\u4e2d\uff0c\u53e6\u4e00\u4e9b\u4f5c\u54c1\u5219\u9700\u8981\u6e38\u5ba2\u7684\u76f4 \u63a5\u53c2\u4e0e\uff0c\u628a\u4ed6\u4eec\u4f20\u9001\u5230\u4e00\u4e2a\u610f\u60f3\u4e0d\u5230\u7684\u7a7a\u95f4\u7ef4\u5ea6\uff0c\u53e6\u5916\u8fd8\u6709\u4e24\u4e2a\u4ee5\u201c\u5c55\u89c8\u4e2d\u7684\u5c55\u89c8\u201d\u5f62\u5f0f\u5448\u73b0 \u7684\u7279\u522b\u9879\u76ee\u3002 <\/p>\n<\/div>\n<\/div><\/div>\n\n\n\n<div class=\"wp-block-columns is-layout-flex wp-container-core-columns-is-layout-9d6595d7 wp-block-columns-is-layout-flex\">\n<div class=\"wp-block-column is-layout-flow wp-block-column-is-layout-flow\">\n<figure class=\"wp-block-image size-large\"><img loading=\"lazy\" decoding=\"async\" width=\"2560\" height=\"1602\" src=\"https:\/\/italics.art\/wp-content\/uploads\/2021\/10\/Italics_075-1-edited-2-scaled.jpg\" alt=\"\" class=\"wp-image-13950\" srcset=\"https:\/\/italics.art\/wp-content\/uploads\/2021\/10\/Italics_075-1-edited-2-scaled.jpg 2560w, https:\/\/italics.art\/wp-content\/uploads\/2021\/10\/Italics_075-1-edited-2-300x188.jpg 300w, https:\/\/italics.art\/wp-content\/uploads\/2021\/10\/Italics_075-1-edited-2-1024x641.jpg 1024w, https:\/\/italics.art\/wp-content\/uploads\/2021\/10\/Italics_075-1-edited-2-150x94.jpg 150w, https:\/\/italics.art\/wp-content\/uploads\/2021\/10\/Italics_075-1-edited-2-768x481.jpg 768w\" sizes=\"auto, (max-width: 2560px) 100vw, 2560px\" \/><figcaption class=\"wp-element-caption\">Alberto Savinio, Il Balcone, 1937 ca., Courtesy Bottegantica, Milan<\/figcaption><\/figure>\n<\/div>\n\n\n\n<div class=\"wp-block-column is-layout-flow wp-block-column-is-layout-flow\">\n<figure class=\"wp-block-image size-large\"><img loading=\"lazy\" decoding=\"async\" width=\"2560\" height=\"1598\" src=\"https:\/\/italics.art\/wp-content\/uploads\/2021\/10\/Italics_074-edited-1-scaled.jpg\" alt=\"\" class=\"wp-image-13947\" srcset=\"https:\/\/italics.art\/wp-content\/uploads\/2021\/10\/Italics_074-edited-1-scaled.jpg 2560w, https:\/\/italics.art\/wp-content\/uploads\/2021\/10\/Italics_074-edited-1-300x187.jpg 300w, https:\/\/italics.art\/wp-content\/uploads\/2021\/10\/Italics_074-edited-1-1024x639.jpg 1024w, https:\/\/italics.art\/wp-content\/uploads\/2021\/10\/Italics_074-edited-1-150x94.jpg 150w, https:\/\/italics.art\/wp-content\/uploads\/2021\/10\/Italics_074-edited-1-768x479.jpg 768w\" sizes=\"auto, (max-width: 2560px) 100vw, 2560px\" \/><figcaption class=\"wp-element-caption\">Walead Beshty FedEx\u00ae Kraft Box \u00a9 (&#8230;) Priority Overnight, Naples-Procida, trk#774617678257, August 25-30, 2021, 2008. Courtesy Thomas Dane Gallery, London &#8211; Naples; and Massimo Listri, Villa de Clario, Livardi, 2021. Courtesy Giacometti Old Master Paintings, Rome &#8211; Naples<\/figcaption><\/figure>\n<\/div>\n<\/div>\n\n\n\n<div class=\"wp-block-columns is-layout-flex wp-container-core-columns-is-layout-9d6595d7 wp-block-columns-is-layout-flex\">\n<div class=\"wp-block-column is-layout-flow wp-block-column-is-layout-flow\">\n<figure class=\"wp-block-image size-full\"><img loading=\"lazy\" decoding=\"async\" width=\"1921\" height=\"2560\" src=\"https:\/\/italics.art\/wp-content\/uploads\/2021\/10\/Italics_073-edited-scaled.jpg\" alt=\"\" class=\"wp-image-13894\" srcset=\"https:\/\/italics.art\/wp-content\/uploads\/2021\/10\/Italics_073-edited-scaled.jpg 1921w, https:\/\/italics.art\/wp-content\/uploads\/2021\/10\/Italics_073-edited-225x300.jpg 225w, https:\/\/italics.art\/wp-content\/uploads\/2021\/10\/Italics_073-edited-769x1024.jpg 769w, https:\/\/italics.art\/wp-content\/uploads\/2021\/10\/Italics_073-edited-113x150.jpg 113w, https:\/\/italics.art\/wp-content\/uploads\/2021\/10\/Italics_073-edited-768x1023.jpg 768w\" sizes=\"auto, (max-width: 1921px) 100vw, 1921px\" \/><figcaption class=\"wp-element-caption\">Filippo Tagliolini, Berenice, 1790 ca. and Democrito or Aristotele, 1790 ca. Courtesy Alessandra Di Castro, Rome\n <\/figcaption><\/figure>\n<\/div>\n\n\n\n<div class=\"wp-block-column is-layout-flow wp-block-column-is-layout-flow\">\n<figure class=\"wp-block-image size-full\"><img loading=\"lazy\" decoding=\"async\" width=\"1919\" height=\"2560\" src=\"https:\/\/italics.art\/wp-content\/uploads\/2021\/10\/Italics_072-edited-scaled.jpg\" alt=\"\" class=\"wp-image-13897\" srcset=\"https:\/\/italics.art\/wp-content\/uploads\/2021\/10\/Italics_072-edited-scaled.jpg 1919w, https:\/\/italics.art\/wp-content\/uploads\/2021\/10\/Italics_072-edited-225x300.jpg 225w, https:\/\/italics.art\/wp-content\/uploads\/2021\/10\/Italics_072-edited-768x1025.jpg 768w, https:\/\/italics.art\/wp-content\/uploads\/2021\/10\/Italics_072-edited-112x150.jpg 112w\" sizes=\"auto, (max-width: 1919px) 100vw, 1919px\" \/><figcaption class=\"wp-element-caption\">Fortunato Depero, Tarantella, 1918. Courtesy ML Fine Art, Milan <\/figcaption><\/figure>\n<\/div>\n<\/div>\n\n\n<div class=\"wp-block-image\">\n<figure class=\"aligncenter size-large is-resized\"><img loading=\"lazy\" decoding=\"async\" width=\"1024\" height=\"657\" src=\"https:\/\/italics.art\/wp-content\/uploads\/2021\/10\/Italics_071-1024x657.jpg\" alt=\"\" class=\"wp-image-13698\" style=\"width:768px;height:493px\" srcset=\"https:\/\/italics.art\/wp-content\/uploads\/2021\/10\/Italics_071-1024x657.jpg 1024w, https:\/\/italics.art\/wp-content\/uploads\/2021\/10\/Italics_071-300x193.jpg 300w, https:\/\/italics.art\/wp-content\/uploads\/2021\/10\/Italics_071-150x96.jpg 150w, https:\/\/italics.art\/wp-content\/uploads\/2021\/10\/Italics_071-768x493.jpg 768w\" sizes=\"auto, (max-width: 1024px) 100vw, 1024px\" \/><figcaption class=\"wp-element-caption\">Giulia Piscitelli, Ritratti, 2021. Courtesy Galleria Fonti, Naples <\/figcaption><\/figure>\n<\/div>\n\n\n<div class=\"wp-block-uagb-columns uagb-columns__wrap uagb-columns__stack-mobile uagb-columns__valign- uagb-columns__gap-10 align uagb-block-95420228 uagb-columns__columns-1 uagb-columns__max_width-custom mb-4 mb-md-5\"><div class=\"uagb-columns__overlay\"><\/div><div class=\"uagb-columns__inner-wrap uagb-columns__columns-1\">\n<div class=\"wp-block-uagb-column uagb-column__wrap uagb-column__background-undefined uagb-block-9bff8895 offset-1 offset-md-5\"><div class=\"uagb-column__overlay\"><\/div>\n<p class=\"has-medium-font-size\">\u4e00\u4ef6\u6765\u81ea\u5361\u6ce2\u8fea\u8499\u7279\u7f8e\u672f\u9986\uff08Real Bosco di Capodimonte\uff09\u7684\u7cbe\u7f8e\u4f5c\u54c1&#8212;\u5362\u9f50\u6b27\u00b7\u4e30\u5854\u7eb3\uff08Lucio Fontana\uff09\u7684<meta charset=\"utf-8\"> <em>\u300aLa fine di Dio (\u4e0a\u5e1d\u7684\u7ec8\u7ed3\uff0c1963)\u300b <\/em> \u4e0e\u7a7a\u95f4\u7684\u6982\u5ff5\u8fdb\u884c\u4e86\u524d\u6240\u672a\u6709\u7684\u5bf9\u8bdd\u3002<br>Italics d\u2019Oro\u5f00\u521b\u4e86\u4e00\u4e2a\u5168\u65b0\u7684\u5c55\u89c8\u4f20\u7edf\uff0c\u6bcf\u4e00\u5c4a\u7684PANORAMA\u5c55\u89c8\u90fd\u4f1a\u5411\u4e00\u4f4d\u5730\u533a\u827a\u672f\u5bb6\u81f4\u656c\uff0c\u800c\u8fd9\u4e00\u7279\u5b9a\u5730\u533a\u5c06\u4f1a\u65f6\u5e38\u4e3e\u884c\u591a\u573a\u5730\u5c55\u89c8\u3002Italics d\u2019Oro \u7684\u7b2c\u4e00\u4f4d\u4e3b\u89d2\u662f\u65e6\u5c3c\u5c14\u00b7\u5e03\u7f55\uff08Daniel Buren\uff09\u3002 <\/p>\n<\/div>\n<\/div><\/div>\n\n\n\n<div class=\"wp-block-columns is-layout-flex wp-container-core-columns-is-layout-9d6595d7 wp-block-columns-is-layout-flex\">\n<div class=\"wp-block-column is-layout-flow wp-block-column-is-layout-flow\">\n<figure class=\"wp-block-image size-full\"><img loading=\"lazy\" decoding=\"async\" width=\"1705\" height=\"2560\" src=\"https:\/\/italics.art\/wp-content\/uploads\/2021\/10\/Italics_043-edited-scaled.jpg\" alt=\"\" class=\"wp-image-13904\" srcset=\"https:\/\/italics.art\/wp-content\/uploads\/2021\/10\/Italics_043-edited-scaled.jpg 1705w, https:\/\/italics.art\/wp-content\/uploads\/2021\/10\/Italics_043-edited-200x300.jpg 200w, https:\/\/italics.art\/wp-content\/uploads\/2021\/10\/Italics_043-edited-682x1024.jpg 682w, https:\/\/italics.art\/wp-content\/uploads\/2021\/10\/Italics_043-edited-100x150.jpg 100w, https:\/\/italics.art\/wp-content\/uploads\/2021\/10\/Italics_043-edited-768x1153.jpg 768w, https:\/\/italics.art\/wp-content\/uploads\/2021\/10\/Italics_043-edited-1023x1536.jpg 1023w\" sizes=\"auto, (max-width: 1705px) 100vw, 1705px\" \/><figcaption class=\"wp-element-caption\">Lucio Fontana, Concetto spaziale, La fine di Dio, 1963. Courtesy Tornabuoni Arte.  <\/figcaption><\/figure>\n<\/div>\n\n\n\n<div class=\"wp-block-column is-layout-flow wp-block-column-is-layout-flow\">\n<figure class=\"wp-block-image size-full\"><img loading=\"lazy\" decoding=\"async\" width=\"1706\" height=\"2560\" src=\"https:\/\/italics.art\/wp-content\/uploads\/2021\/10\/Italics_039-edited-scaled.jpg\" alt=\"\" class=\"wp-image-13907\" srcset=\"https:\/\/italics.art\/wp-content\/uploads\/2021\/10\/Italics_039-edited-scaled.jpg 1706w, https:\/\/italics.art\/wp-content\/uploads\/2021\/10\/Italics_039-edited-200x300.jpg 200w, https:\/\/italics.art\/wp-content\/uploads\/2021\/10\/Italics_039-edited-682x1024.jpg 682w, https:\/\/italics.art\/wp-content\/uploads\/2021\/10\/Italics_039-edited-100x150.jpg 100w, https:\/\/italics.art\/wp-content\/uploads\/2021\/10\/Italics_039-edited-768x1153.jpg 768w, https:\/\/italics.art\/wp-content\/uploads\/2021\/10\/Italics_039-edited-1023x1536.jpg 1023w\" sizes=\"auto, (max-width: 1706px) 100vw, 1706px\" \/><figcaption class=\"wp-element-caption\">Matthias Stomer, Adorazione dei pastori, 1640 ca. Courtesy Museo e Real Bosco di Capodimonte, Naples; and Giulio Paolini, Il cielo e dintorni, 1988. Courtesy Alfonso Artiaco, Naples<\/figcaption><\/figure>\n<\/div>\n<\/div>\n\n\n\n<div class=\"wp-block-uagb-columns uagb-columns__wrap uagb-columns__stack-mobile uagb-columns__valign- uagb-columns__gap-10 align uagb-block-636ab1e7 uagb-columns__columns-1 uagb-columns__max_width-custom mb-4 mb-md-5\"><div class=\"uagb-columns__overlay\"><\/div><div class=\"uagb-columns__inner-wrap uagb-columns__columns-1\">\n<div class=\"wp-block-uagb-column uagb-column__wrap uagb-column__background-undefined uagb-block-eaac98fb offset-1 offset-md-5\"><div class=\"uagb-column__overlay\"><\/div>\n<p class=\"has-medium-font-size\">\u5e02\u7acb\u535a\u7269\u9986\u6c47\u96c6\u4e86\u4e00\u7ec4\u8de8\u8d8a18\u4e16\u7eaa\u5230\u4eca\u5929\u7684\u4f5c\u54c1\uff0c\u8bb2\u8ff0\u90a3\u4e0d\u52d2\u65af\u53ca\u5176\u5c9b\u5c7f\u7684\u8f76\u4e8b\u3002\u66fe\u7ecf\u5728\u963f\u74e6\u7f57\u65af\u5bab\uff08Palazzo d\u2019Avalos\uff09\u5185\u7684\u5e9f\u65e7\u76d1\u72f1\uff0c\u5982\u4eca\u5728\u5c55\u89c8\u4e00\u4e9b\u547c\u5e94\u675f\u7f1a\u548c\u5b64\u7acb\u4e3b\u9898\u7684\u4f5c\u54c1<em>\u3002<\/em>\u73af\u7ed5\u5723\u7c73\u6b47\u5c14\u963f\u5c14\u574e\u6770\u4fee\u9053\u9662\uff08Abbazia di San Michele Arcangelo\uff09\u5468\u56f4\u4e5f\u5c55\u793a\u4e86\u5177\u6709\u795e\u79d8\u6216\u7cbe\u795e\u5c42\u9762\u6027\u8d28\u7684\u4f5c\u54c1\u3002\u666e\u7f57\u5947\u8fbe\u7684\u4e09\u4e2a\u8457\u540d\u9732\u53f0\u5750\u843d\u5728\u8fd9\u4e2a\u533a\u57df\u7684\u4e0d\u540c\u4f4d\u7f6e\uff0c\u53ef\u6b23\u8d4f\u5230\u5730\u4e2d\u6d77\u7684\u58ee\u4e3d\u666f\u8272\uff0c\u4e5f\u66fe\u4e3e\u529e\u8fc7\u91cd\u8981\u7684\u96d5\u5851\u88c5\u7f6e\u3002\u6700\u540e\uff0c\u8fd8\u5c06\u5c55\u51fa\u5927\u91cf\u7279\u5b9a\u573a\u57df\u827a\u672f\u88c5\u7f6e\uff0c\u5de7\u5999\u81ea\u7136\u5730\u878d\u5165\u90fd\u5e02\u80cc\u666f\uff0c\u8fd8\u6709\u4e00\u4e9b\u77ed\u671f\u7684\u88c5\u7f6e\u827a\u672f\uff0c\u5927\u90e8\u5206\u4f5c\u54c1\u7531\u5e74\u8f7b\u827a\u672f\u5bb6\u521b\u4f5c\u5b8c\u6210\uff0c\u4ed6\u4eec\u901a\u8fc7\u5229\u7528\u58f0\u97f3\u3001\u65e0\u7ebf\u7535\u4f20\u8f93\u3001\u6570\u5b57\u7ef4\u5ea6\u3001\u53d9\u8ff0\u4ee5\u53ca\u6700\u91cd\u8981\u7684\u53c2\u4e0e\u6765\u5c1d\u8bd5\u591a\u79cd\u8868\u8fbe\u65b9\u5f0f\u3002\u8fd8\u6709\u4e94\u4f4d\u827a\u672f\u5bb6\u7684\u884c\u4e3a\u827a\u672f\u4e5f\u5c5e\u4e8e\u8fd9\u4e00\u8303\u7574\uff0c\u4ed6\u4eec\u5206\u522b\u662f\uff1a\u7f57\u4f2f\u7279\u00b7\u5df4\u91cc\uff08Robert Barry\uff09\u4f0a\u4e3d\u838e\u767d\u00b7\u8d1d\u7eb3\u897f\uff08Elisabetta Benassi\uff09\u3001\u4f0a\u6208\u5c14\u00b7\u683c\u9c81\u6bd4\u5947\uff08Igor Grubi\u0107\uff09\u3001\u9a6c\u5c14\u5207\u6d1b\u00b7\u9a6c\u6d1b\u8d1d\u8482\uff08Marcello Maloberti\uff09\u548c\u4e9a\u5fb7\u91cc\u5b89\u00b7\u5e15\u5947\uff08Adrian Paci\uff09\u3002      <\/p>\n<\/div>\n<\/div><\/div>\n\n\n\n<div class=\"wp-block-columns is-layout-flex wp-container-core-columns-is-layout-9d6595d7 wp-block-columns-is-layout-flex\">\n<div class=\"wp-block-column is-layout-flow wp-block-column-is-layout-flow\">\n<figure class=\"wp-block-image size-large\"><img loading=\"lazy\" decoding=\"async\" width=\"683\" height=\"1024\" src=\"https:\/\/italics.art\/wp-content\/uploads\/2021\/10\/Italics_048-683x1024.jpg\" alt=\"\" class=\"wp-image-13631\" srcset=\"https:\/\/italics.art\/wp-content\/uploads\/2021\/10\/Italics_048-683x1024.jpg 683w, https:\/\/italics.art\/wp-content\/uploads\/2021\/10\/Italics_048-200x300.jpg 200w, https:\/\/italics.art\/wp-content\/uploads\/2021\/10\/Italics_048-100x150.jpg 100w, https:\/\/italics.art\/wp-content\/uploads\/2021\/10\/Italics_048-768x1151.jpg 768w\" sizes=\"auto, (max-width: 683px) 100vw, 683px\" \/><figcaption class=\"wp-element-caption\">Marcello Maloberti, MARTELLATE \u2013 MALINCUORE, 2021, Performance site-specific. Courtesy the artist and Galleria Raffaella Cortese, Milan.  <\/figcaption><\/figure>\n<\/div>\n\n\n\n<div class=\"wp-block-column is-layout-flow wp-block-column-is-layout-flow\">\n<figure class=\"wp-block-image size-large\"><img loading=\"lazy\" decoding=\"async\" width=\"683\" height=\"1024\" src=\"https:\/\/italics.art\/wp-content\/uploads\/2021\/10\/Italics_020-683x1024.jpg\" alt=\"\" class=\"wp-image-13634\" srcset=\"https:\/\/italics.art\/wp-content\/uploads\/2021\/10\/Italics_020-683x1024.jpg 683w, https:\/\/italics.art\/wp-content\/uploads\/2021\/10\/Italics_020-200x300.jpg 200w, https:\/\/italics.art\/wp-content\/uploads\/2021\/10\/Italics_020-100x150.jpg 100w, https:\/\/italics.art\/wp-content\/uploads\/2021\/10\/Italics_020-768x1151.jpg 768w\" sizes=\"auto, (max-width: 683px) 100vw, 683px\" \/><figcaption class=\"wp-element-caption\">Robert Barry, Inert Gas Series\/Argon\/at 5 pm on September 2nd 2021 14 liters of Argon were returned to the atmosphere, 2021. Performance site-specific. Courtesy the artist and Galleria Massimo Minini, Brescia<\/figcaption><\/figure>\n<\/div>\n<\/div>\n\n\n\n<div class=\"wp-block-columns is-layout-flex wp-container-core-columns-is-layout-9d6595d7 wp-block-columns-is-layout-flex\">\n<div class=\"wp-block-column is-layout-flow wp-block-column-is-layout-flow\">\n<figure class=\"wp-block-image size-large\"><img loading=\"lazy\" decoding=\"async\" width=\"2560\" height=\"1704\" src=\"https:\/\/italics.art\/wp-content\/uploads\/2021\/10\/Italics_138-edited-2-scaled.jpg\" alt=\"\" class=\"wp-image-13796\" srcset=\"https:\/\/italics.art\/wp-content\/uploads\/2021\/10\/Italics_138-edited-2-scaled.jpg 2560w, https:\/\/italics.art\/wp-content\/uploads\/2021\/10\/Italics_138-edited-2-300x200.jpg 300w, https:\/\/italics.art\/wp-content\/uploads\/2021\/10\/Italics_138-edited-2-1024x682.jpg 1024w, https:\/\/italics.art\/wp-content\/uploads\/2021\/10\/Italics_138-edited-2-150x100.jpg 150w, https:\/\/italics.art\/wp-content\/uploads\/2021\/10\/Italics_138-edited-2-768x511.jpg 768w\" sizes=\"auto, (max-width: 2560px) 100vw, 2560px\" \/><figcaption class=\"wp-element-caption\">Patrizio di Massimo, Caro Mondo, 2021. <meta charset=\"utf-8\">Performance site-specific. Courtesy the artist and T293, Rome<\/figcaption><\/figure>\n<\/div>\n\n\n\n<div class=\"wp-block-column is-layout-flow wp-block-column-is-layout-flow\">\n<figure class=\"wp-block-image size-large\"><img loading=\"lazy\" decoding=\"async\" width=\"1024\" height=\"683\" src=\"https:\/\/italics.art\/wp-content\/uploads\/2021\/10\/Italics_080-1024x683.jpg\" alt=\"\" class=\"wp-image-13649\" srcset=\"https:\/\/italics.art\/wp-content\/uploads\/2021\/10\/Italics_080-1024x683.jpg 1024w, https:\/\/italics.art\/wp-content\/uploads\/2021\/10\/Italics_080-300x200.jpg 300w, https:\/\/italics.art\/wp-content\/uploads\/2021\/10\/Italics_080-150x100.jpg 150w, https:\/\/italics.art\/wp-content\/uploads\/2021\/10\/Italics_080-768x513.jpg 768w\" sizes=\"auto, (max-width: 1024px) 100vw, 1024px\" \/><figcaption class=\"wp-element-caption\">Adrian Paci, One and Twenty-Four Chairs, 2021. Performance. Courtesy kaufmann repetto, Milan &#8211; New York  <\/figcaption><\/figure>\n<\/div>\n<\/div>\n\n\n\n<div class=\"wp-block-columns is-layout-flex wp-container-core-columns-is-layout-9d6595d7 wp-block-columns-is-layout-flex\">\n<div class=\"wp-block-column is-layout-flow wp-block-column-is-layout-flow\">\n<figure class=\"wp-block-image size-large\"><img loading=\"lazy\" decoding=\"async\" width=\"1024\" height=\"683\" src=\"https:\/\/italics.art\/wp-content\/uploads\/2021\/10\/Italics_094-1024x683.jpg\" alt=\"\" class=\"wp-image-13652\" srcset=\"https:\/\/italics.art\/wp-content\/uploads\/2021\/10\/Italics_094-1024x683.jpg 1024w, https:\/\/italics.art\/wp-content\/uploads\/2021\/10\/Italics_094-300x200.jpg 300w, https:\/\/italics.art\/wp-content\/uploads\/2021\/10\/Italics_094-150x100.jpg 150w, https:\/\/italics.art\/wp-content\/uploads\/2021\/10\/Italics_094-768x513.jpg 768w\" sizes=\"auto, (max-width: 1024px) 100vw, 1024px\" \/><figcaption class=\"wp-element-caption\">Igor Grubi\u0107, Little Quote Lesson, 2021. Performance. Courtesy Laveronica Arte Contemporanea, Modica<\/figcaption><\/figure>\n<\/div>\n\n\n\n<div class=\"wp-block-column is-layout-flow wp-block-column-is-layout-flow\">\n<figure class=\"wp-block-image size-large\"><img loading=\"lazy\" decoding=\"async\" width=\"1024\" height=\"683\" src=\"https:\/\/italics.art\/wp-content\/uploads\/2021\/10\/Italics_061-1024x683.jpg\" alt=\"\" class=\"wp-image-13643\" srcset=\"https:\/\/italics.art\/wp-content\/uploads\/2021\/10\/Italics_061-1024x683.jpg 1024w, https:\/\/italics.art\/wp-content\/uploads\/2021\/10\/Italics_061-300x200.jpg 300w, https:\/\/italics.art\/wp-content\/uploads\/2021\/10\/Italics_061-150x100.jpg 150w, https:\/\/italics.art\/wp-content\/uploads\/2021\/10\/Italics_061-768x513.jpg 768w\" sizes=\"auto, (max-width: 1024px) 100vw, 1024px\" \/><figcaption class=\"wp-element-caption\">Elisabetta Benassi, Ordine e Disordine, 2015-2021, Performance. Courtesy of the artist and Magazzino, Rome <\/figcaption><\/figure>\n<\/div>\n<\/div>\n\n\n\n<div class=\"wp-block-uagb-columns uagb-columns__wrap uagb-columns__stack-mobile uagb-columns__valign- uagb-columns__gap-10 align uagb-block-a5a3dfc6 uagb-columns__columns-1 uagb-columns__max_width-custom mb-4 mb-md-5\"><div class=\"uagb-columns__overlay\"><\/div><div class=\"uagb-columns__inner-wrap uagb-columns__columns-1\">\n<div class=\"wp-block-uagb-column uagb-column__wrap uagb-column__background-undefined uagb-block-4790e141 offset-1 offset-md-5\"><div class=\"uagb-column__overlay\"><\/div>\n<p class=\"has-medium-font-size\">\u5c55\u89c8\u671f\u95f4\u4e5f\u4e0d\u4e4f\u5171\u540c\u53cd\u601d\u7684\u65f6\u523b\uff0c\u8457\u540d\u7684\u5730\u8d28\u5b66\u5bb6\u5f17\u5170\u79d1\u00b7\u6cd5\u91cc\u5185\u5229\uff08Franco Farinelli\uff09\u4e0e\u5728\u8bbe\u8ba1\u3001\u5efa\u7b51\u548c\u89c6\u89c9\u827a\u672f\u9886\u57df\u4ece\u4e8b\u5404\u79cd\u5a92\u4f53\u5de5\u4f5c\u7684\u4f5c\u5bb6\u5b89\u5fb7\u91cc\u4e9a\u00b7\u963f\u7eb3\u65af\u5854\u897f\u5965\uff08Andrea Anastasio\uff09\u8fdb\u884c\u5bf9\u8bdd\uff0c\u4e8e9\u67083\u65e5\u661f\u671f\u4e94\u5728Terrazza di Terra Murata\u4e3e\u884c\u4e00\u573a\u5411\u516c\u4f17\u5f00\u653e\u7684\u7814\u8ba8\u4f1a\uff0c\u9898\u76ee\u4e3a\u300a<em>Arte e Territorio<\/em>. <em>Spunti per una vera integrazione<\/em>\uff08\u827a\u672f\u4e0e\u9886\u571f\u3002\u771f\u6b63\u878d\u5408\u7684\u5951\u673a\uff09\u300b\uff0c\u7814\u8ba8\u4f1a\u7531\u7b56\u5c55\u4eba\u6587\u7434\u4f50\u00b7\u8d1d\u5229\u65af\u4ee5\u53ca2022\u5e74\u610f\u5927\u5229\u6587\u5316\u9996\u90fd&#8211;\u666e\u7f57\u5947\u8fbe\u7684\u603b\u76d1\u5965\u53e4\u65af\u5e1d\u8bfa\u00b7\u91cc\u5854\u8bfa\u5171\u540c\u4f4f\u6301\u3002 <\/p>\n<\/div>\n<\/div><\/div>\n\n\n\n<div class=\"wp-block-columns is-layout-flex wp-container-core-columns-is-layout-9d6595d7 wp-block-columns-is-layout-flex\">\n<div class=\"wp-block-column is-layout-flow wp-block-column-is-layout-flow\">\n<figure class=\"wp-block-image size-full\"><img loading=\"lazy\" decoding=\"async\" width=\"1706\" height=\"2560\" src=\"https:\/\/italics.art\/wp-content\/uploads\/2021\/10\/Italics_091-edited-1-scaled.jpg\" alt=\"\" class=\"wp-image-13913\" srcset=\"https:\/\/italics.art\/wp-content\/uploads\/2021\/10\/Italics_091-edited-1-scaled.jpg 1706w, https:\/\/italics.art\/wp-content\/uploads\/2021\/10\/Italics_091-edited-1-200x300.jpg 200w, https:\/\/italics.art\/wp-content\/uploads\/2021\/10\/Italics_091-edited-1-682x1024.jpg 682w, https:\/\/italics.art\/wp-content\/uploads\/2021\/10\/Italics_091-edited-1-100x150.jpg 100w, https:\/\/italics.art\/wp-content\/uploads\/2021\/10\/Italics_091-edited-1-768x1153.jpg 768w, https:\/\/italics.art\/wp-content\/uploads\/2021\/10\/Italics_091-edited-1-1023x1536.jpg 1023w\" sizes=\"auto, (max-width: 1706px) 100vw, 1706px\" \/><figcaption class=\"wp-element-caption\">Tempietto Palazzo Costagliola, Venere della Grotticella, from the original by Giambologna, Italian school, late 18th Century, Courtesy Galleria Carlo Orsi, in dialogue with Giovanni Anselmo, Oltremare verso est nord-est, 1979\/2021, Courtesy the artist and Tucci Russo Studio per l\u2019Arte Contemporanea, Torre Pellice &#8211; Turin\n<\/figcaption><\/figure>\n<\/div>\n\n\n\n<div class=\"wp-block-column is-layout-flow wp-block-column-is-layout-flow\">\n<figure class=\"wp-block-image size-full\"><img loading=\"lazy\" decoding=\"async\" width=\"1706\" height=\"2560\" src=\"https:\/\/italics.art\/wp-content\/uploads\/2021\/10\/Italics_056-edited-scaled.jpg\" alt=\"\" class=\"wp-image-13916\" srcset=\"https:\/\/italics.art\/wp-content\/uploads\/2021\/10\/Italics_056-edited-scaled.jpg 1706w, https:\/\/italics.art\/wp-content\/uploads\/2021\/10\/Italics_056-edited-200x300.jpg 200w, https:\/\/italics.art\/wp-content\/uploads\/2021\/10\/Italics_056-edited-682x1024.jpg 682w, https:\/\/italics.art\/wp-content\/uploads\/2021\/10\/Italics_056-edited-100x150.jpg 100w, https:\/\/italics.art\/wp-content\/uploads\/2021\/10\/Italics_056-edited-768x1153.jpg 768w, https:\/\/italics.art\/wp-content\/uploads\/2021\/10\/Italics_056-edited-1023x1536.jpg 1023w\" sizes=\"auto, (max-width: 1706px) 100vw, 1706px\" \/><figcaption class=\"wp-element-caption\">Tom\u00e1s Saraceno, GJ 1132 c\/M+M, 2018. Courtesy the artist and pinksummer, Genoa <\/figcaption><\/figure>\n<\/div>\n<\/div>\n\n\n<div class=\"wp-block-image\">\n<figure class=\"aligncenter size-large is-resized\"><img loading=\"lazy\" decoding=\"async\" width=\"1024\" height=\"683\" src=\"https:\/\/italics.art\/wp-content\/uploads\/2021\/10\/Italics_058-1024x683.jpg\" alt=\"\" class=\"wp-image-13755\" style=\"width:768px;height:512px\" srcset=\"https:\/\/italics.art\/wp-content\/uploads\/2021\/10\/Italics_058-1024x683.jpg 1024w, https:\/\/italics.art\/wp-content\/uploads\/2021\/10\/Italics_058-300x200.jpg 300w, https:\/\/italics.art\/wp-content\/uploads\/2021\/10\/Italics_058-150x100.jpg 150w, https:\/\/italics.art\/wp-content\/uploads\/2021\/10\/Italics_058-768x513.jpg 768w\" sizes=\"auto, (max-width: 1024px) 100vw, 1024px\" \/><figcaption class=\"wp-element-caption\">Elisabetta Benassi, Mouchoirs, 2014-2021. Courtesy Magazzino, Rome <\/figcaption><\/figure>\n<\/div>\n\n\n<div class=\"wp-block-columns is-layout-flex wp-container-core-columns-is-layout-9d6595d7 wp-block-columns-is-layout-flex\">\n<div class=\"wp-block-column is-layout-flow wp-block-column-is-layout-flow\">\n<figure class=\"wp-block-image size-full\"><img loading=\"lazy\" decoding=\"async\" width=\"2560\" height=\"1925\" src=\"https:\/\/italics.art\/wp-content\/uploads\/2021\/10\/Italics_102-edited-scaled.jpg\" alt=\"\" class=\"wp-image-13786\" srcset=\"https:\/\/italics.art\/wp-content\/uploads\/2021\/10\/Italics_102-edited-scaled.jpg 2560w, https:\/\/italics.art\/wp-content\/uploads\/2021\/10\/Italics_102-edited-300x226.jpg 300w, https:\/\/italics.art\/wp-content\/uploads\/2021\/10\/Italics_102-edited-1024x770.jpg 1024w, https:\/\/italics.art\/wp-content\/uploads\/2021\/10\/Italics_102-edited-150x113.jpg 150w, https:\/\/italics.art\/wp-content\/uploads\/2021\/10\/Italics_102-edited-768x577.jpg 768w\" sizes=\"auto, (max-width: 2560px) 100vw, 2560px\" \/><figcaption class=\"wp-element-caption\">Villa Sofia: Gianni Asdrubali, Stenkanibale, 2021, Courtesy A arte Invernizzi, Milan, and Flavio Favelli, Silver Plated, 2021, Courtesy Studio SALES di Norberto Ruggeri, rome<\/figcaption><\/figure>\n<\/div>\n\n\n\n<div class=\"wp-block-column is-layout-flow wp-block-column-is-layout-flow\">\n<figure class=\"wp-block-image size-full\"><img loading=\"lazy\" decoding=\"async\" width=\"2560\" height=\"1917\" src=\"https:\/\/italics.art\/wp-content\/uploads\/2021\/10\/Italics_105-scaled.jpg\" alt=\"\" class=\"wp-image-13764\" srcset=\"https:\/\/italics.art\/wp-content\/uploads\/2021\/10\/Italics_105-scaled.jpg 2560w, https:\/\/italics.art\/wp-content\/uploads\/2021\/10\/Italics_105-300x225.jpg 300w, https:\/\/italics.art\/wp-content\/uploads\/2021\/10\/Italics_105-1024x767.jpg 1024w, https:\/\/italics.art\/wp-content\/uploads\/2021\/10\/Italics_105-150x112.jpg 150w, https:\/\/italics.art\/wp-content\/uploads\/2021\/10\/Italics_105-768x575.jpg 768w\" sizes=\"auto, (max-width: 2560px) 100vw, 2560px\" \/><figcaption class=\"wp-element-caption\">Sissi, Vasi Madre (from &#8220;Motivi Ossei&#8221; series), 2018. Courtesy Galleria d\u2019Arte Maggiore g.a.m., Bologna &#8211; Milan &#8211; Paris<\/figcaption><\/figure>\n<\/div>\n<\/div>\n\n\n\n<div class=\"wp-block-columns is-layout-flex wp-container-core-columns-is-layout-9d6595d7 wp-block-columns-is-layout-flex\">\n<div class=\"wp-block-column is-layout-flow wp-block-column-is-layout-flow\">\n<figure class=\"wp-block-image size-large\"><img loading=\"lazy\" decoding=\"async\" width=\"683\" height=\"1024\" src=\"https:\/\/italics.art\/wp-content\/uploads\/2021\/10\/Italics_111-683x1024.jpg\" alt=\"\" class=\"wp-image-13742\" srcset=\"https:\/\/italics.art\/wp-content\/uploads\/2021\/10\/Italics_111-683x1024.jpg 683w, https:\/\/italics.art\/wp-content\/uploads\/2021\/10\/Italics_111-200x300.jpg 200w, https:\/\/italics.art\/wp-content\/uploads\/2021\/10\/Italics_111-100x150.jpg 100w, https:\/\/italics.art\/wp-content\/uploads\/2021\/10\/Italics_111-768x1151.jpg 768w\" sizes=\"auto, (max-width: 683px) 100vw, 683px\" \/><figcaption class=\"wp-element-caption\">Heimo Zobernig, Untitled, 2012. Courtesy Caterina Tognon Arte Contemporanea, Venice <\/figcaption><\/figure>\n<\/div>\n\n\n\n<div class=\"wp-block-column is-layout-flow wp-block-column-is-layout-flow\">\n<figure class=\"wp-block-image size-large\"><img loading=\"lazy\" decoding=\"async\" width=\"683\" height=\"1024\" src=\"https:\/\/italics.art\/wp-content\/uploads\/2021\/10\/Italics_113-683x1024.jpg\" alt=\"\" class=\"wp-image-13745\" srcset=\"https:\/\/italics.art\/wp-content\/uploads\/2021\/10\/Italics_113-683x1024.jpg 683w, https:\/\/italics.art\/wp-content\/uploads\/2021\/10\/Italics_113-200x300.jpg 200w, https:\/\/italics.art\/wp-content\/uploads\/2021\/10\/Italics_113-100x150.jpg 100w, https:\/\/italics.art\/wp-content\/uploads\/2021\/10\/Italics_113-768x1151.jpg 768w\" sizes=\"auto, (max-width: 683px) 100vw, 683px\" \/><figcaption class=\"wp-element-caption\">Luigi Ontani, DantElegia, 1998. Courtesy Galleria dello Scudo, Verona <\/figcaption><\/figure>\n<\/div>\n<\/div>\n\n\n<div class=\"wp-block-image\">\n<figure class=\"aligncenter size-large is-resized\"><img loading=\"lazy\" decoding=\"async\" width=\"1024\" height=\"724\" src=\"https:\/\/italics.art\/wp-content\/uploads\/2021\/10\/Italics_026-1024x724.jpg\" alt=\"\" class=\"wp-image-13758\" style=\"width:768px;height:543px\" srcset=\"https:\/\/italics.art\/wp-content\/uploads\/2021\/10\/Italics_026-1024x724.jpg 1024w, https:\/\/italics.art\/wp-content\/uploads\/2021\/10\/Italics_026-300x212.jpg 300w, https:\/\/italics.art\/wp-content\/uploads\/2021\/10\/Italics_026-150x106.jpg 150w, https:\/\/italics.art\/wp-content\/uploads\/2021\/10\/Italics_026-768x543.jpg 768w\" sizes=\"auto, (max-width: 1024px) 100vw, 1024px\" \/><figcaption class=\"wp-element-caption\">Per Barclay, Lofoten 5, 2010. Courtesy Giorgio Persano, Turin <\/figcaption><\/figure>\n<\/div>\n\n\n<div class=\"wp-block-columns is-layout-flex wp-container-core-columns-is-layout-9d6595d7 wp-block-columns-is-layout-flex\">\n<div class=\"wp-block-column is-layout-flow wp-block-column-is-layout-flow\">\n<figure class=\"wp-block-image size-full\"><img loading=\"lazy\" decoding=\"async\" width=\"1705\" height=\"2560\" src=\"https:\/\/italics.art\/wp-content\/uploads\/2021\/10\/Italics_143-edited-scaled.jpg\" alt=\"\" class=\"wp-image-13802\" srcset=\"https:\/\/italics.art\/wp-content\/uploads\/2021\/10\/Italics_143-edited-scaled.jpg 1705w, https:\/\/italics.art\/wp-content\/uploads\/2021\/10\/Italics_143-edited-200x300.jpg 200w, https:\/\/italics.art\/wp-content\/uploads\/2021\/10\/Italics_143-edited-682x1024.jpg 682w, https:\/\/italics.art\/wp-content\/uploads\/2021\/10\/Italics_143-edited-100x150.jpg 100w, https:\/\/italics.art\/wp-content\/uploads\/2021\/10\/Italics_143-edited-768x1153.jpg 768w, https:\/\/italics.art\/wp-content\/uploads\/2021\/10\/Italics_143-edited-1023x1536.jpg 1023w\" sizes=\"auto, (max-width: 1705px) 100vw, 1705px\" \/><figcaption class=\"wp-element-caption\">Salvatore Arancio, A Soft Land No Longer Distant, 2017. Courtesy Schiavo Zoppelli Gallery, Milan <\/figcaption><\/figure>\n<\/div>\n\n\n\n<div class=\"wp-block-column is-layout-flow wp-block-column-is-layout-flow\">\n<figure class=\"wp-block-image size-full\"><img loading=\"lazy\" decoding=\"async\" width=\"1707\" height=\"2560\" src=\"https:\/\/italics.art\/wp-content\/uploads\/2021\/10\/Italics_076-edited-scaled.jpg\" alt=\"\" class=\"wp-image-13799\" srcset=\"https:\/\/italics.art\/wp-content\/uploads\/2021\/10\/Italics_076-edited-scaled.jpg 1707w, https:\/\/italics.art\/wp-content\/uploads\/2021\/10\/Italics_076-edited-200x300.jpg 200w, https:\/\/italics.art\/wp-content\/uploads\/2021\/10\/Italics_076-edited-683x1024.jpg 683w, https:\/\/italics.art\/wp-content\/uploads\/2021\/10\/Italics_076-edited-100x150.jpg 100w, https:\/\/italics.art\/wp-content\/uploads\/2021\/10\/Italics_076-edited-768x1152.jpg 768w, https:\/\/italics.art\/wp-content\/uploads\/2021\/10\/Italics_076-edited-1024x1536.jpg 1024w\" sizes=\"auto, (max-width: 1707px) 100vw, 1707px\" \/><figcaption class=\"wp-element-caption\">Andy Warhol, polariods, &#8217;70-&#8217;80. Courtesy Tommaso Calabro Galleria d\u2019Arte, Milan <\/figcaption><\/figure>\n<\/div>\n<\/div>\n\n\n\n<div class=\"wp-block-uagb-columns uagb-columns__wrap uagb-columns__stack-mobile uagb-columns__valign- uagb-columns__gap-10 align uagb-block-f67a4c74 uagb-columns__columns-1 uagb-columns__max_width-custom mb-4 mb-md-5\"><div class=\"uagb-columns__overlay\"><\/div><div class=\"uagb-columns__inner-wrap uagb-columns__columns-1\">\n<div class=\"wp-block-uagb-column uagb-column__wrap uagb-column__background-undefined uagb-block-34825a05 offset-1 offset-md-5\"><div class=\"uagb-column__overlay\"><\/div>\n<p class=\"has-medium-font-size\">PANORAMA | Procida \u5b8c\u5168\u5f70\u663e\u4e86\u9898\u76ee\u4e3a\u300a\u827a\u672f\u4e0e\u666f\u89c2\uff08Art and Landscape\uff09\u300b\u7684<em>ITALICS<\/em> \u9879\u76ee\u7684\u539f\u59cb\u521b\u4f5c\u51c6\u5219\uff1a\u53ef\u80fd\u6027\uff0c\u4e5f\u5c31\u662f\u8bf4\u5728\u8d85\u8d8a\u4efb\u4f55\u65f6\u95f4\u6216\u5a92\u4f53\u5206\u7c7b\u7684\u57fa\u7840\u4e0a\uff0c\u901a\u8fc7\u827a\u672f\u53ca\u5176\u5728\u6e38\u5ba2\u4e0e\u9886\u571f\u4e4b\u95f4\u5efa\u7acb\u7684\u5173\u7cfb\uff0c\u6765\u8be0\u91ca\u4eba\u7c7b\u6570\u4e16\u7eaa\u7684\u666f\u89c2\u53ca\u5176\u5206\u5316\u7684\u5386\u53f2\u6545\u4e8b\u3002\u901a\u8fc7<em>PANORAMA<\/em>\u5c55\u89c8, <em>ITALICS<\/em> \u5c06\u4f1a\u6bcf\u5e74\u91cd\u7533\u5176\u627f\u8bfa\uff0c\u900f\u8fc7\u610f\u5927\u5229\u7f8e\u672f\u9986\u4e3b\u7684\u89c6\u89d2\uff0c\u4ee5\u6df1\u523b\u7684\u89c1\u89e3\u63a8\u5e7f\u610f\u5927\u5229\u4e4b\u7f8e\u3002   <\/p>\n<\/div>\n<\/div><\/div>\n\n\n<div class=\"wp-block-image\">\n<figure class=\"aligncenter size-large is-resized\"><img loading=\"lazy\" decoding=\"async\" width=\"690\" height=\"1024\" src=\"https:\/\/italics.art\/wp-content\/uploads\/2021\/09\/Buren_Italics_031_Photo-\u00a9-Barbara-Rossi-690x1024.jpg\" alt=\"\" class=\"wp-image-13382\" style=\"width:345px;height:512px\" srcset=\"https:\/\/italics.art\/wp-content\/uploads\/2021\/09\/Buren_Italics_031_Photo-\u00a9-Barbara-Rossi-690x1024.jpg 690w, https:\/\/italics.art\/wp-content\/uploads\/2021\/09\/Buren_Italics_031_Photo-\u00a9-Barbara-Rossi-202x300.jpg 202w, https:\/\/italics.art\/wp-content\/uploads\/2021\/09\/Buren_Italics_031_Photo-\u00a9-Barbara-Rossi-101x150.jpg 101w, https:\/\/italics.art\/wp-content\/uploads\/2021\/09\/Buren_Italics_031_Photo-\u00a9-Barbara-Rossi-768x1140.jpg 768w\" sizes=\"auto, (max-width: 690px) 100vw, 690px\" \/><figcaption class=\"wp-element-caption\">Photo \u00a9 Barbara Rossi<\/figcaption><\/figure>\n<\/div>\n\n\n<div class=\"wp-block-uagb-columns uagb-columns__wrap uagb-columns__stack-mobile uagb-columns__valign- uagb-columns__gap-10 align uagb-block-3ff9e47a uagb-columns__columns-1 uagb-columns__max_width-custom mb-4 mb-md-5\"><div class=\"uagb-columns__overlay\"><\/div><div class=\"uagb-columns__inner-wrap uagb-columns__columns-1\">\n<div class=\"wp-block-uagb-column uagb-column__wrap uagb-column__background-undefined uagb-block-b8cb7997 offset-1 offset-md-5\"><div class=\"uagb-column__overlay\"><\/div>\n<p class=\"has-medium-font-size\"><em>ITALICS<\/em> \u81f3\u8bda\u9080\u8bf7\u827a\u672f\u7231\u597d\u8005\u3001\u4e13\u4e1a\u4eba\u58eb\u548c\u90a3\u4e9b\u60f3\u8981\u4f53\u9a8c\u524d\u6240\u672a\u6709\u201c\u5168\u666f\u201d\u7684\u516c\u4f17\u53c2\u4e0e\u660e\u5e74\u7684\u5c55\u89c8\uff0c\u53d1\u73b0\u63a2\u7d22\u610f\u5927\u5229\u7f8e\u666f\u7684\u65b0\u65c5\u7a0b\u3002<\/p>\n\n\n\n<p class=\"has-medium-font-size\">PANORAMA | Procida \u7684\u6210\u529f\u5f97\u76ca\u4e8e\u8be5\u9879\u76ee\u7684\u5408\u4f5c\u4f19\u4f34Intesa Sanpaolo\u94f6\u884c\uff0c\u4ee5\u53ca\u611f\u8c22Tod&#8217;s\u627f\u8bfa\u7ee7\u7eed\u652f\u6301\u5e74\u8f7b\u7684\u5f53\u4ee3\u521b\u9020\u529b\u3002<br>\u611f\u8c22\u574e\u5e15\u5c3c\u4e9a\u5927\u533a\u3001\u5510\u7eb3\u96f7\u5409\u7eb3\u5f53\u4ee3\u827a\u672f\u57fa\u91d1\u4f1a-\u6bcd\u4eb2\u535a\u7269\u9986\uff08Fondazione Donnaregina per le arti contemporanee \u2013 museo Madre\uff09\u9f0e\u529b\u652f\u6301\u8fd9\u4e00\u6b21\u5c55\u89c8\uff0c\u611f\u8c22\u4e0e\u5361\u6ce2\u8fea\u8499\u7279\u7f8e\u672f\u9986\u643a\u624b\u5408\u4f5c\uff0c\u5e76\u611f\u8c22\u666e\u7f57\u5947\u8fbe\u5e02\u653f\u5e9c\u548c \u201cVerso Procida 2022\u201d\u7684\u8d5e\u52a9\u3002<br>\u6211\u4eec\u8877\u5fc3\u611f\u8c22Forma Edizioni\u51fa\u7248\u5c55\u89c8\u6307\u5357\u548c\u5a92\u4f53\u5408\u4f5c\u4f19\u4f34Il Giornale dell\u2019Arte\u3002<\/p>\n<\/div>\n<\/div><\/div>\n\n\n<div class=\"wp-block-image\">\n<figure class=\"aligncenter size-full\"><img loading=\"lazy\" decoding=\"async\" width=\"2560\" height=\"1440\" src=\"https:\/\/italics.art\/wp-content\/uploads\/2021\/10\/Italics_Panorama_Procida_Isola_00_Photo-Barbara-Rossi-edited-scaled.jpg\" alt=\"\" class=\"wp-image-13778\" srcset=\"https:\/\/italics.art\/wp-content\/uploads\/2021\/10\/Italics_Panorama_Procida_Isola_00_Photo-Barbara-Rossi-edited-scaled.jpg 2560w, https:\/\/italics.art\/wp-content\/uploads\/2021\/10\/Italics_Panorama_Procida_Isola_00_Photo-Barbara-Rossi-edited-300x169.jpg 300w, https:\/\/italics.art\/wp-content\/uploads\/2021\/10\/Italics_Panorama_Procida_Isola_00_Photo-Barbara-Rossi-edited-1024x576.jpg 1024w, https:\/\/italics.art\/wp-content\/uploads\/2021\/10\/Italics_Panorama_Procida_Isola_00_Photo-Barbara-Rossi-edited-150x84.jpg 150w, https:\/\/italics.art\/wp-content\/uploads\/2021\/10\/Italics_Panorama_Procida_Isola_00_Photo-Barbara-Rossi-edited-768x432.jpg 768w\" sizes=\"auto, (max-width: 2560px) 100vw, 2560px\" \/><\/figure>\n<\/div>\n\n\n<div class=\"wp-block-uagb-columns uagb-columns__wrap uagb-columns__stack-mobile uagb-columns__valign- uagb-columns__gap-10 align uagb-columns__reverse-mobile uagb-block-9e88b47b uagb-columns__columns-2 uagb-columns__max_width-theme\"><div class=\"uagb-columns__overlay\"><\/div><div class=\"uagb-columns__inner-wrap uagb-columns__columns-2\">\n<div class=\"wp-block-uagb-column uagb-column__wrap uagb-column__background-undefined uagb-block-b22b7028\"><div class=\"uagb-column__overlay\"><\/div>\n<h3 class=\"wp-block-heading\" id=\"block-55bfa4fe-33f7-46d6-87c5-b24c10ee0d15\">\u753b\u5eca<\/h3>\n<\/div>\n\n\n\n<div class=\"wp-block-uagb-column uagb-column__wrap uagb-column__background-undefined uagb-block-a28b9737\"><div class=\"uagb-column__overlay\"><\/div>\n<p>A arte Invernizzi, Apalazzogallery, Alfonso Artiaco, Bottegantica, Cardi Gallery, Carlo Orsi, Galleria Continua, Galleria Raffaella Cortese, Thomas Dane Gallery, Massimo De Carlo, Galleria Tiziana Di Caro, Alessandra Di Castro, Galleria Umberto Di Marino, Ermes Ermes, Fanta-MLN, Galleria Fonti, Frutta, Gagosian, Galleria dello Scudo, Giacometti Old Master Paintings, kaufmann repetto, Laveronica Arte Contemporanea, Galleria Lia Rumma, Magazzino, Galleria d\u2019Arte Maggiore g.a.m., Gi\u00f3 Marconi, Mazzoleni, Galleria Massimo Minini, Francesca Minini, ML Fine Art, Monitor, Galleria Franco Noero, Norma Mangione Gallery, P420, Giorgio Persano, Pinksummer, Schiavo Zoppelli Gallery, SpazioA, Studio Sales di Norberto Ruggeri, Studio Trisorio, T293, Caterina Tognon Arte Contemporanea, Tommaso Calabro Galleria d\u2019Arte, Tornabuoni Arte, Tucci Russo Studio per l\u2019Arte Contemporanea, Federico Vavassori, Veda, Victoria Miro Venice, Vistamare|Vistamarestudio.<\/p>\n<\/div>\n<\/div><\/div>\n\n\n<div class=\"wp-block-image\">\n<figure class=\"aligncenter size-full is-resized\"><img loading=\"lazy\" decoding=\"async\" width=\"2481\" height=\"609\" src=\"https:\/\/italics.art\/wp-content\/uploads\/2021\/08\/00-Striscia-loghi-def_Tavola-disegno-1-copy-2.png\" alt=\"\" class=\"wp-image-13031\" style=\"width:1241px;height:305px\" srcset=\"https:\/\/italics.art\/wp-content\/uploads\/2021\/08\/00-Striscia-loghi-def_Tavola-disegno-1-copy-2.png 2481w, https:\/\/italics.art\/wp-content\/uploads\/2021\/08\/00-Striscia-loghi-def_Tavola-disegno-1-copy-2-300x74.png 300w, https:\/\/italics.art\/wp-content\/uploads\/2021\/08\/00-Striscia-loghi-def_Tavola-disegno-1-copy-2-1024x251.png 1024w, https:\/\/italics.art\/wp-content\/uploads\/2021\/08\/00-Striscia-loghi-def_Tavola-disegno-1-copy-2-150x37.png 150w, https:\/\/italics.art\/wp-content\/uploads\/2021\/08\/00-Striscia-loghi-def_Tavola-disegno-1-copy-2-768x189.png 768w\" sizes=\"auto, (max-width: 2481px) 100vw, 2481px\" \/><\/figure>\n<\/div>\n\n<div class=\"wp-block-image\">\n<figure class=\"aligncenter size-large is-resized\"><img loading=\"lazy\" decoding=\"async\" width=\"1024\" height=\"1024\" src=\"https:\/\/italics.art\/wp-content\/uploads\/2021\/07\/IMG_1843-1024x1024.jpg\" alt=\"Panorama Procida\" class=\"wp-image-12687\" style=\"width:512px;height:512px\" srcset=\"https:\/\/italics.art\/wp-content\/uploads\/2021\/07\/IMG_1843-1024x1024.jpg 1024w, https:\/\/italics.art\/wp-content\/uploads\/2021\/07\/IMG_1843-300x300.jpg 300w, https:\/\/italics.art\/wp-content\/uploads\/2021\/07\/IMG_1843-150x150.jpg 150w, https:\/\/italics.art\/wp-content\/uploads\/2021\/07\/IMG_1843-768x768.jpg 768w\" sizes=\"auto, (max-width: 1024px) 100vw, 1024px\" \/><\/figure>\n<\/div>\n\n\n<div style=\"height:26px\" aria-hidden=\"true\" class=\"wp-block-spacer\"><\/div>\n\n\n\n<div style=\"height:20px\" aria-hidden=\"true\" class=\"wp-block-spacer\"><\/div>\n\n\n\n<p><\/p>\n","protected":false},"excerpt":{"rendered":"<p>ITALICS\u827a\u672f\u9879\u76ee PANORAMA\u591a\u573a\u5730\u5c55\u89c8 \u7b56\u5c55\u4eba\uff1a \u6587\u7434\u4f50\u00b7\u8d1d\u5229\u65af\uff08Vincenzo de Bell &hellip;<\/p>\n","protected":false},"author":3,"featured_media":25113,"parent":24961,"menu_order":0,"comment_status":"closed","ping_status":"closed","template":"page-templates\/full-width.php","meta":{"_acf_changed":false,"_uag_custom_page_level_css":"","footnotes":""},"class_list":["post-14352","page","type-page","status-publish","has-post-thumbnail","hentry"],"acf":[],"yoast_head":"<!-- This site is optimized with the Yoast SEO plugin v27.4 - https:\/\/yoast.com\/product\/yoast-seo-wordpress\/ -->\n<title>Panorama Procida 2021\u5e749\u67082-5\u65e5\u666e\u7f57\u5947\u8fbe - Italics Art and Landscape<\/title>\n<meta name=\"description\" content=\"PANORAMA\u591a\u573a\u5730\u5c55\u89c8\u7b56\u5c55\u4eba\uff1a\u6587\u7434\u4f50\u00b7\u8d1d\u5229\u65af\uff08Vincenzo de Bellis\uff092021\u5e749\u67082-5\u65e5\u666e\u7f57\u5947\u8fbe\uff08Procida\uff09\" \/>\n<meta name=\"robots\" content=\"index, follow, max-snippet:-1, max-image-preview:large, max-video-preview:-1\" \/>\n<link rel=\"canonical\" href=\"https:\/\/italics.art\/zh-hans\/panorama\/panorama-procida\/\" \/>\n<meta property=\"og:locale\" content=\"zh_CN\" \/>\n<meta property=\"og:type\" content=\"article\" \/>\n<meta property=\"og:title\" content=\"Panorama Procida 2021\u5e749\u67082-5\u65e5\u666e\u7f57\u5947\u8fbe - Italics Art and Landscape\" \/>\n<meta property=\"og:description\" content=\"PANORAMA\u591a\u573a\u5730\u5c55\u89c8\u7b56\u5c55\u4eba\uff1a\u6587\u7434\u4f50\u00b7\u8d1d\u5229\u65af\uff08Vincenzo de Bellis\uff092021\u5e749\u67082-5\u65e5\u666e\u7f57\u5947\u8fbe\uff08Procida\uff09\" \/>\n<meta property=\"og:url\" content=\"https:\/\/italics.art\/zh-hans\/panorama\/panorama-procida\/\" \/>\n<meta property=\"og:site_name\" content=\"Italics\" \/>\n<meta property=\"article:modified_time\" content=\"2024-06-07T10:41:26+00:00\" \/>\n<meta property=\"og:image\" content=\"https:\/\/italics.art\/wp-content\/uploads\/2021\/09\/Procida-dallalto-copia-1024x767.jpg\" \/>\n<meta name=\"twitter:card\" content=\"summary_large_image\" \/>\n<meta name=\"twitter:label1\" content=\"\u9884\u8ba1\u9605\u8bfb\u65f6\u95f4\" \/>\n\t<meta name=\"twitter:data1\" content=\"18 \u5206\" \/>\n<script type=\"application\/ld+json\" class=\"yoast-schema-graph\">{\"@context\":\"https:\\\/\\\/schema.org\",\"@graph\":[{\"@type\":\"WebPage\",\"@id\":\"https:\\\/\\\/italics.art\\\/zh-hans\\\/panorama-procida\\\/\",\"url\":\"https:\\\/\\\/italics.art\\\/zh-hans\\\/panorama-procida\\\/\",\"name\":\"Panorama Procida 2021\u5e749\u67082-5\u65e5\u666e\u7f57\u5947\u8fbe - Italics Art and Landscape\",\"isPartOf\":{\"@id\":\"https:\\\/\\\/italics.art\\\/#website\"},\"primaryImageOfPage\":{\"@id\":\"https:\\\/\\\/italics.art\\\/zh-hans\\\/panorama-procida\\\/#primaryimage\"},\"image\":{\"@id\":\"https:\\\/\\\/italics.art\\\/zh-hans\\\/panorama-procida\\\/#primaryimage\"},\"thumbnailUrl\":\"https:\\\/\\\/italics.art\\\/wp-content\\\/uploads\\\/2024\\\/06\\\/01-procida-Italics_Panorama_Procida_Opere_Chen-Zhen_Photo-Barbara-Rossi.jpg\",\"datePublished\":\"2021-10-22T13:32:12+00:00\",\"dateModified\":\"2024-06-07T10:41:26+00:00\",\"description\":\"PANORAMA\u591a\u573a\u5730\u5c55\u89c8\u7b56\u5c55\u4eba\uff1a\u6587\u7434\u4f50\u00b7\u8d1d\u5229\u65af\uff08Vincenzo de Bellis\uff092021\u5e749\u67082-5\u65e5\u666e\u7f57\u5947\u8fbe\uff08Procida\uff09\",\"breadcrumb\":{\"@id\":\"https:\\\/\\\/italics.art\\\/zh-hans\\\/panorama-procida\\\/#breadcrumb\"},\"inLanguage\":\"zh-Hans\",\"potentialAction\":[{\"@type\":\"ReadAction\",\"target\":[\"https:\\\/\\\/italics.art\\\/zh-hans\\\/panorama-procida\\\/\"]}]},{\"@type\":\"ImageObject\",\"inLanguage\":\"zh-Hans\",\"@id\":\"https:\\\/\\\/italics.art\\\/zh-hans\\\/panorama-procida\\\/#primaryimage\",\"url\":\"https:\\\/\\\/italics.art\\\/wp-content\\\/uploads\\\/2024\\\/06\\\/01-procida-Italics_Panorama_Procida_Opere_Chen-Zhen_Photo-Barbara-Rossi.jpg\",\"contentUrl\":\"https:\\\/\\\/italics.art\\\/wp-content\\\/uploads\\\/2024\\\/06\\\/01-procida-Italics_Panorama_Procida_Opere_Chen-Zhen_Photo-Barbara-Rossi.jpg\",\"width\":2400,\"height\":1690},{\"@type\":\"BreadcrumbList\",\"@id\":\"https:\\\/\\\/italics.art\\\/zh-hans\\\/panorama-procida\\\/#breadcrumb\",\"itemListElement\":[{\"@type\":\"ListItem\",\"position\":1,\"name\":\"Home\",\"item\":\"https:\\\/\\\/italics.art\\\/zh-hans\\\/\"},{\"@type\":\"ListItem\",\"position\":2,\"name\":\"Panorama Procida\"}]},{\"@type\":\"WebSite\",\"@id\":\"https:\\\/\\\/italics.art\\\/#website\",\"url\":\"https:\\\/\\\/italics.art\\\/\",\"name\":\"Italics\",\"description\":\"Art and Landscape\",\"potentialAction\":[{\"@type\":\"SearchAction\",\"target\":{\"@type\":\"EntryPoint\",\"urlTemplate\":\"https:\\\/\\\/italics.art\\\/?s={search_term_string}\"},\"query-input\":{\"@type\":\"PropertyValueSpecification\",\"valueRequired\":true,\"valueName\":\"search_term_string\"}}],\"inLanguage\":\"zh-Hans\"}]}<\/script>\n<!-- \/ Yoast SEO plugin. -->","yoast_head_json":{"title":"Panorama Procida 2021\u5e749\u67082-5\u65e5\u666e\u7f57\u5947\u8fbe - Italics Art and Landscape","description":"PANORAMA\u591a\u573a\u5730\u5c55\u89c8\u7b56\u5c55\u4eba\uff1a\u6587\u7434\u4f50\u00b7\u8d1d\u5229\u65af\uff08Vincenzo de Bellis\uff092021\u5e749\u67082-5\u65e5\u666e\u7f57\u5947\u8fbe\uff08Procida\uff09","robots":{"index":"index","follow":"follow","max-snippet":"max-snippet:-1","max-image-preview":"max-image-preview:large","max-video-preview":"max-video-preview:-1"},"canonical":"https:\/\/italics.art\/zh-hans\/panorama\/panorama-procida\/","og_locale":"zh_CN","og_type":"article","og_title":"Panorama Procida 2021\u5e749\u67082-5\u65e5\u666e\u7f57\u5947\u8fbe - Italics Art and Landscape","og_description":"PANORAMA\u591a\u573a\u5730\u5c55\u89c8\u7b56\u5c55\u4eba\uff1a\u6587\u7434\u4f50\u00b7\u8d1d\u5229\u65af\uff08Vincenzo de Bellis\uff092021\u5e749\u67082-5\u65e5\u666e\u7f57\u5947\u8fbe\uff08Procida\uff09","og_url":"https:\/\/italics.art\/zh-hans\/panorama\/panorama-procida\/","og_site_name":"Italics","article_modified_time":"2024-06-07T10:41:26+00:00","og_image":[{"url":"https:\/\/italics.art\/wp-content\/uploads\/2021\/09\/Procida-dallalto-copia-1024x767.jpg","type":"","width":"","height":""}],"twitter_card":"summary_large_image","twitter_misc":{"\u9884\u8ba1\u9605\u8bfb\u65f6\u95f4":"18 \u5206"},"schema":{"@context":"https:\/\/schema.org","@graph":[{"@type":"WebPage","@id":"https:\/\/italics.art\/zh-hans\/panorama-procida\/","url":"https:\/\/italics.art\/zh-hans\/panorama-procida\/","name":"Panorama Procida 2021\u5e749\u67082-5\u65e5\u666e\u7f57\u5947\u8fbe - Italics Art and Landscape","isPartOf":{"@id":"https:\/\/italics.art\/#website"},"primaryImageOfPage":{"@id":"https:\/\/italics.art\/zh-hans\/panorama-procida\/#primaryimage"},"image":{"@id":"https:\/\/italics.art\/zh-hans\/panorama-procida\/#primaryimage"},"thumbnailUrl":"https:\/\/italics.art\/wp-content\/uploads\/2024\/06\/01-procida-Italics_Panorama_Procida_Opere_Chen-Zhen_Photo-Barbara-Rossi.jpg","datePublished":"2021-10-22T13:32:12+00:00","dateModified":"2024-06-07T10:41:26+00:00","description":"PANORAMA\u591a\u573a\u5730\u5c55\u89c8\u7b56\u5c55\u4eba\uff1a\u6587\u7434\u4f50\u00b7\u8d1d\u5229\u65af\uff08Vincenzo de Bellis\uff092021\u5e749\u67082-5\u65e5\u666e\u7f57\u5947\u8fbe\uff08Procida\uff09","breadcrumb":{"@id":"https:\/\/italics.art\/zh-hans\/panorama-procida\/#breadcrumb"},"inLanguage":"zh-Hans","potentialAction":[{"@type":"ReadAction","target":["https:\/\/italics.art\/zh-hans\/panorama-procida\/"]}]},{"@type":"ImageObject","inLanguage":"zh-Hans","@id":"https:\/\/italics.art\/zh-hans\/panorama-procida\/#primaryimage","url":"https:\/\/italics.art\/wp-content\/uploads\/2024\/06\/01-procida-Italics_Panorama_Procida_Opere_Chen-Zhen_Photo-Barbara-Rossi.jpg","contentUrl":"https:\/\/italics.art\/wp-content\/uploads\/2024\/06\/01-procida-Italics_Panorama_Procida_Opere_Chen-Zhen_Photo-Barbara-Rossi.jpg","width":2400,"height":1690},{"@type":"BreadcrumbList","@id":"https:\/\/italics.art\/zh-hans\/panorama-procida\/#breadcrumb","itemListElement":[{"@type":"ListItem","position":1,"name":"Home","item":"https:\/\/italics.art\/zh-hans\/"},{"@type":"ListItem","position":2,"name":"Panorama Procida"}]},{"@type":"WebSite","@id":"https:\/\/italics.art\/#website","url":"https:\/\/italics.art\/","name":"Italics","description":"Art and Landscape","potentialAction":[{"@type":"SearchAction","target":{"@type":"EntryPoint","urlTemplate":"https:\/\/italics.art\/?s={search_term_string}"},"query-input":{"@type":"PropertyValueSpecification","valueRequired":true,"valueName":"search_term_string"}}],"inLanguage":"zh-Hans"}]}},"uagb_featured_image_src":{"full":["https:\/\/italics.art\/wp-content\/uploads\/2024\/06\/01-procida-Italics_Panorama_Procida_Opere_Chen-Zhen_Photo-Barbara-Rossi.jpg",2400,1690,false],"thumbnail":["https:\/\/italics.art\/wp-content\/uploads\/2024\/06\/01-procida-Italics_Panorama_Procida_Opere_Chen-Zhen_Photo-Barbara-Rossi-150x106.jpg",150,106,true],"medium":["https:\/\/italics.art\/wp-content\/uploads\/2024\/06\/01-procida-Italics_Panorama_Procida_Opere_Chen-Zhen_Photo-Barbara-Rossi-300x211.jpg",300,211,true],"medium_large":["https:\/\/italics.art\/wp-content\/uploads\/2024\/06\/01-procida-Italics_Panorama_Procida_Opere_Chen-Zhen_Photo-Barbara-Rossi-768x541.jpg",768,541,true],"large":["https:\/\/italics.art\/wp-content\/uploads\/2024\/06\/01-procida-Italics_Panorama_Procida_Opere_Chen-Zhen_Photo-Barbara-Rossi-1024x721.jpg",1024,721,true],"1536x1536":["https:\/\/italics.art\/wp-content\/uploads\/2024\/06\/01-procida-Italics_Panorama_Procida_Opere_Chen-Zhen_Photo-Barbara-Rossi-1536x1082.jpg",1536,1082,true],"2048x2048":["https:\/\/italics.art\/wp-content\/uploads\/2024\/06\/01-procida-Italics_Panorama_Procida_Opere_Chen-Zhen_Photo-Barbara-Rossi-2048x1442.jpg",2048,1442,true]},"uagb_author_info":{"display_name":"Carlotta Poli","author_link":"https:\/\/italics.art\/zh-hans\/author\/carlottapoli\/"},"uagb_comment_info":0,"uagb_excerpt":"ITALICS\u827a\u672f\u9879\u76ee PANORAMA\u591a\u573a\u5730\u5c55\u89c8 \u7b56\u5c55\u4eba\uff1a \u6587\u7434\u4f50\u00b7\u8d1d\u5229\u65af\uff08Vincenzo de Bell&hellip;","_links":{"self":[{"href":"https:\/\/italics.art\/zh-hans\/wp-json\/wp\/v2\/pages\/14352","targetHints":{"allow":["GET"]}}],"collection":[{"href":"https:\/\/italics.art\/zh-hans\/wp-json\/wp\/v2\/pages"}],"about":[{"href":"https:\/\/italics.art\/zh-hans\/wp-json\/wp\/v2\/types\/page"}],"author":[{"embeddable":true,"href":"https:\/\/italics.art\/zh-hans\/wp-json\/wp\/v2\/users\/3"}],"replies":[{"embeddable":true,"href":"https:\/\/italics.art\/zh-hans\/wp-json\/wp\/v2\/comments?post=14352"}],"version-history":[{"count":4,"href":"https:\/\/italics.art\/zh-hans\/wp-json\/wp\/v2\/pages\/14352\/revisions"}],"predecessor-version":[{"id":25010,"href":"https:\/\/italics.art\/zh-hans\/wp-json\/wp\/v2\/pages\/14352\/revisions\/25010"}],"up":[{"embeddable":true,"href":"https:\/\/italics.art\/zh-hans\/wp-json\/wp\/v2\/pages\/24961"}],"wp:featuredmedia":[{"embeddable":true,"href":"https:\/\/italics.art\/zh-hans\/wp-json\/wp\/v2\/media\/25113"}],"wp:attachment":[{"href":"https:\/\/italics.art\/zh-hans\/wp-json\/wp\/v2\/media?parent=14352"}],"curies":[{"name":"wp","href":"https:\/\/api.w.org\/{rel}","templated":true}]}}