{"id":15140,"date":"2022-02-07T15:30:00","date_gmt":"2022-02-07T14:30:00","guid":{"rendered":"https:\/\/italics.art\/?post_type=tip&#038;p=15140"},"modified":"2022-01-20T13:21:03","modified_gmt":"2022-01-20T12:21:03","slug":"gio-ponti-in-citta-studi","status":"publish","type":"tip","link":"https:\/\/italics.art\/zh-hans\/tip\/gio-ponti-in-citta-studi\/","title":{"rendered":"Gio Ponti in Citt\u00e0 Studi"},"content":{"rendered":"\n<p>\u8ddd\u79bb\u6211\u7f8e\u672f\u9986\u51e0\u6b65\u4e4b\u9065\uff0c\u5728\u7c73\u5170Citt\u00e0 Studi \u8857\u533a\u6d8c\u73b0\u4e86\u975e\u5e38\u591a\u73b0\u4ee3\u4e3b\u4e49\u7684\u5efa\u7b51\u3002\u5230\u8fd9\u4e2a\u8857\u533a\u53c2\u89c2\u53ef\u8c13\u662f\u4e00\u6bb5\u56de\u987e\u610f\u5927\u5229\u7ecf\u6d4e\u7e41\u8363\u65f6\u671f\u9b54\u529b\u7684\u63a2\u9669\uff0c\u4e5f\u662f\u63a2\u7d22\u7b2c\u4e8c\u6b21\u4e16\u754c\u5927\u6218\u6240\u9020\u6210\u707e\u96be\u7684\u5951\u673a\uff0c\u770b\u770b\u6218\u4e89\u5728\u7c73\u5170\u7559\u4e0b\u5343\u75ae\u767e\u5b54\u7684\u4f24\u75a4\uff0c\u521b\u9020\u4e86\u4e00\u4e2a\u65b0\u7684\u57ce\u5e02\u7a7a\u95f4\uff0c\u8ba9\u73b0\u4ee3\u5efa\u7b51\u80fd\u591f\u5728\u5176\u4e2d\u5927\u653e\u5f02\u5f69\u3002\u6f2b\u6b65\u56db\u5468\u80fd\u770b\u5230\u4f17\u591a\u5efa\u7b51\u5178\u8303\uff0c\u5982\u7ef4\u79d1\u00b7\u9a6c\u5409\u65af\u7279\u96f7\u8482\uff08Vico Magistretti\uff09\u7684\u751f\u7269\u5b66\u5927\u5b66\u5c55\u9986\uff0c\u6216\u8005\u662f\u4e54\u4e39\u52aa\u00b7\u798f\u5c14\u8482\uff08Giordano Forti\uff09\u3001\u5409\u5965\u00b7\u5e9e\u8fea\uff08Gio Ponti\uff09\u548c\u76ae\u8036\u7f57\u00b7\u95e8\u5362\u76ae\uff08Piero Portaluppi\uff09\u7684\u5efa\u7b51\uff0c\u4ee5\u53ca\u6731\u585e\u4f69\u00b7\u5409\u5c3c\u683c\u5c14\uff08Giuseppe Chinigher\uff09\u7684\u5723\u5e87\u62a4\u5341\u4e16\u5802\uff08Chiesa di San Pio X\uff09  <\/p>\n\n\n\n<p>\u8fd9\u4e2a\u5730\u533a\u5df2\u7ecf\u6709\u4e00\u7cfb\u5217\u76f8\u5f53\u6709\u8da3\u7684\u65b0\u5efa\u7b51\uff0c\u4ece1900\u5e74\u4ee3\u521d\u5f00\u59cb\uff0c\u968f\u7740\u7c73\u5170\u7406\u5de5\u5927\u5b66\u5b66\u672f\u6d3b\u52a8\u7684\u5f00\u5c55\uff0c\u8be5\u5730\u533a\u56e0\u76ae\u8036\u7f57\u00b7\u95e8\u5362\u76ae\u6253\u9020\u7684Casa Corbellini-Wassermann\u6545\u5c45\u800c\u53d8\u5f97\u6d3b\u8dc3\u8d77\u6765\uff0c\u8fd9\u4e2a\u5730\u65b9\u540e\u6765\u6210\u4e3a\u6211\u7684\u7f8e\u672f\u9986\u7684\u6240\u5728\u5730\u3002\u5728\u66f4\u65e9\u768420\u5e74\u4ee3\uff0c\u5de5\u7a0b\u5e08\u83ab\u5229\u7eb3\u5229\uff08Molinari\uff09\u548c\u8fbe\u8bfa\u7d22\uff08Danusso\uff09\u4ee5\u53ca\u5efa\u7b51\u5e08\u5c3c\u514b\u529b\uff08Nicoli\uff09\u521b\u9020\u4e86\u5f53\u65f6\u6700\u5947\u7279\u7684\u5efa\u7b51\u4e4b\u4e00\uff0c \u5177\u6709\u82cf\u8054\u98ce\u683c\u4ee5\u53ca\u56ed\u9876\u548c\u5c16\u5854\uff0c\u4ee5\u81f3\u4e8e\u7acb\u5373\u88ab\u5178\u578b\u7c73\u5170\u5f0f\u7684\u8fdc\u89c1\u5353\u8bc6\u547d\u540d\u4e3a\u201c\u514b\u91cc\u59c6\u6797\u5bab\u201d\u3002<\/p>\n\n\n\n<div class=\"wp-block-image\"><figure class=\"aligncenter size-full is-resized\"><img loading=\"lazy\" decoding=\"async\" src=\"https:\/\/italics.art\/wp-content\/uploads\/2021\/12\/1567159514841.jpeg\" alt=\"\" class=\"wp-image-14804\" width=\"500\" height=\"332\" srcset=\"https:\/\/italics.art\/wp-content\/uploads\/2021\/12\/1567159514841.jpeg 1000w, https:\/\/italics.art\/wp-content\/uploads\/2021\/12\/1567159514841-300x199.jpeg 300w, https:\/\/italics.art\/wp-content\/uploads\/2021\/12\/1567159514841-150x99.jpeg 150w, https:\/\/italics.art\/wp-content\/uploads\/2021\/12\/1567159514841-768x509.jpeg 768w\" sizes=\"auto, (max-width: 500px) 100vw, 500px\" \/><figcaption>Istituto Giuliana Ronzoni, Via G. Colombo 81, Citt\u00e0 Studi, Milan<\/figcaption><\/figure><\/div>\n\n\n\n<p>\u8be5\u8857\u533a\u53e6\u4e00\u4e2a\u65e0\u53ef\u4e89\u8bae\u7684\u7470\u5b9d\u4e4b\u4e00\u662f\u5723\u8def\u52a0\u5802\uff08<a href=\"https:\/\/www.lombardiabeniculturali.it\/architetture900\/schede\/p4010-00249\/\" target=\"_blank\" rel=\"noreferrer noopener\">chiesa di San Luca Evangelista<\/a>\uff09\uff0c\u7531 \u5409\u5965\u00b7\u5e9e\u8482\u57281950\u5e74\u4ee3\u7684\u4e0b\u534a\u53f6\u8bbe\u8ba1\u3002 \u901a\u8fc7\u4e00\u4e2a\u77ed\u697c\u68af\u53ef\u4ee5\u901a\u5f80\u4e09\u4e2a\u4e0d\u540c\u7684\u5927\u95e8\uff0c\u5927\u95e8\u5219\u671d\u5411\u7070\u8272\u7684\u7c97\u9676\u6b63\u9762\uff0c\u8fd9\u5bf9\u4e8e\u795e\u5723\u5efa\u7b51\u6765\u8bf4\u662f\u975e\u5178\u578b\u7684\u3002\u5efa\u7b51\u7ed3\u6784\u7684\u7075\u611f\u6765\u81ea\u5c0f\u6728\u5c4b\u7684\u539f\u59cb\u5f62\u6001\uff0c\u662f\u5bf9\u5b97\u6559\u672c\u5143\u7684\u56de\u5f52\uff0c\u4e5f\u662f\u7b80\u5355\u548c\u4e25\u8c28\u7684\u8c61\u5f81\uff0c\u6b63\u5982\u5e9e\u8482\u6240\u8bf4\uff1a\u201c\u5efa\u9020\u4e00\u5ea7\u6559\u5802\u6709\u70b9\u50cf\u91cd\u5efa\u5b97\u6559\uff0c\u5c06\u5176\u6062\u590d\u5230\u539f\u672c\u7684\u6837\u5b50\u201d\u3002\u5728\u5185\u90e8\uff0c\u67f1\u5b50\u4e0e\u6a2a\u6881\u7684\u7ed3\u6784\u7ed8\u5236\u51fa\u4e00\u79cd\u51e0\u4f55\u7ed3\u6784\uff0c\u81ea\u7136\u5149\u900f\u8fc7\u6c34\u6ce5\u73bb\u7483\u5d4c\u82b1\u8fdb\u5165\u5176\u4e2d\uff0c\u6c14\u6c1b\u5f3a\u70c8\u800c\u51dd\u91cd\u3002\u5982\u679c\u5728\u8fd9\u4e2a\u5730\u533a\u6f2b\u6b65\u5bfb\u627e\u73b0\u4ee3\u4e3b\u4e49\u5efa\u7b51\u8bed\u8a00\uff0c\u5409\u5965\u00b7\u5e9e\u8482\u7684\u6559\u5802\u7edd\u5bf9\u662f\u884c\u7a0b\u7684\u9ad8\u6f6e\u3002   <\/p>\n\n\n\n<div class=\"wp-block-image\"><figure class=\"aligncenter size-full is-resized\"><img loading=\"lazy\" decoding=\"async\" src=\"https:\/\/italics.art\/wp-content\/uploads\/2021\/12\/Milano_chiesa_San_Luca_Evangelista_facciata.jpeg\" alt=\"Gio Ponti in Citt\u00e0 Studi\" class=\"wp-image-14807\" width=\"768\" height=\"576\" srcset=\"https:\/\/italics.art\/wp-content\/uploads\/2021\/12\/Milano_chiesa_San_Luca_Evangelista_facciata.jpeg 1024w, https:\/\/italics.art\/wp-content\/uploads\/2021\/12\/Milano_chiesa_San_Luca_Evangelista_facciata-300x225.jpeg 300w, https:\/\/italics.art\/wp-content\/uploads\/2021\/12\/Milano_chiesa_San_Luca_Evangelista_facciata-150x113.jpeg 150w, https:\/\/italics.art\/wp-content\/uploads\/2021\/12\/Milano_chiesa_San_Luca_Evangelista_facciata-768x576.jpeg 768w\" sizes=\"auto, (max-width: 768px) 100vw, 768px\" \/><figcaption>Church of S. Luca Evangelista<strong>, <\/strong>Via A. M. Amp\u00e8re, Citt\u00e0 Studi, Milan<\/figcaption><\/figure><\/div>\n","protected":false},"excerpt":{"rendered":"<p>\u8ddd\u79bb\u6211\u7f8e\u672f\u9986\u51e0\u6b65\u4e4b\u9065\uff0c\u5728\u7c73\u5170Citt\u00e0 Studi \u8857\u533a\u6d8c\u73b0\u4e86\u975e\u5e38\u591a\u73b0\u4ee3\u4e3b\u4e49\u7684\u5efa\u7b51\u3002\u5230\u8fd9\u4e2a\u8857\u533a\u53c2\u89c2\u53ef\u8c13\u662f\u4e00\u6bb5\u56de &hellip;<\/p>\n","protected":false},"author":3,"featured_media":14810,"template":"","categories":[202],"tags":[175,387,204,305],"class_list":["post-15140","tip","type-tip","status-publish","has-post-thumbnail","hentry","category-202","tag-175","tag-387","tag-204","tag-305","gallerist-massimo-de-carlo-zh-hans"],"acf":[],"yoast_head":"<!-- This site is optimized with the Yoast SEO plugin v27.4 - https:\/\/yoast.com\/product\/yoast-seo-wordpress\/ -->\n<title>Gio Ponti in Citt\u00e0 Studi - Italics Art and Landscape<\/title>\n<meta name=\"description\" content=\"Gio Ponti in Citt\u00e0 Studi: la chiesa di San Luca Evangelista, della seconda met\u00e0 degli anni \u201950 \u00e8 uno dei gioielli indiscussi della zona.\" \/>\n<meta name=\"robots\" content=\"index, follow, max-snippet:-1, max-image-preview:large, max-video-preview:-1\" \/>\n<link rel=\"canonical\" href=\"https:\/\/italics.art\/zh-hans\/tip\/gio-ponti-in-citta-studi\/\" \/>\n<meta property=\"og:locale\" content=\"zh_CN\" \/>\n<meta property=\"og:type\" content=\"article\" \/>\n<meta property=\"og:title\" content=\"Gio Ponti in Citt\u00e0 Studi - Italics Art and Landscape\" \/>\n<meta property=\"og:description\" content=\"Gio Ponti in Citt\u00e0 Studi: la chiesa di San Luca Evangelista, della seconda met\u00e0 degli anni \u201950 \u00e8 uno dei gioielli indiscussi della zona.\" \/>\n<meta property=\"og:url\" content=\"https:\/\/italics.art\/zh-hans\/tip\/gio-ponti-in-citta-studi\/\" \/>\n<meta property=\"og:site_name\" content=\"Italics\" \/>\n<meta property=\"og:image\" content=\"https:\/\/italics.art\/wp-content\/uploads\/2021\/12\/chiesa-via-ampere-gio-ponti-milano-milanoin-06.jpeg\" \/>\n\t<meta property=\"og:image:width\" content=\"700\" \/>\n\t<meta property=\"og:image:height\" content=\"525\" \/>\n\t<meta property=\"og:image:type\" content=\"image\/jpeg\" \/>\n<meta name=\"twitter:card\" content=\"summary_large_image\" \/>\n<meta name=\"twitter:label1\" content=\"\u9884\u8ba1\u9605\u8bfb\u65f6\u95f4\" \/>\n\t<meta name=\"twitter:data1\" content=\"1 \u5206\" \/>\n<script type=\"application\/ld+json\" class=\"yoast-schema-graph\">{\"@context\":\"https:\\\/\\\/schema.org\",\"@graph\":[{\"@type\":\"WebPage\",\"@id\":\"https:\\\/\\\/italics.art\\\/tip\\\/gio-ponti-in-citta-studi\\\/\",\"url\":\"https:\\\/\\\/italics.art\\\/tip\\\/gio-ponti-in-citta-studi\\\/\",\"name\":\"Gio Ponti in Citt\u00e0 Studi - Italics Art and Landscape\",\"isPartOf\":{\"@id\":\"https:\\\/\\\/italics.art\\\/#website\"},\"primaryImageOfPage\":{\"@id\":\"https:\\\/\\\/italics.art\\\/tip\\\/gio-ponti-in-citta-studi\\\/#primaryimage\"},\"image\":{\"@id\":\"https:\\\/\\\/italics.art\\\/tip\\\/gio-ponti-in-citta-studi\\\/#primaryimage\"},\"thumbnailUrl\":\"https:\\\/\\\/italics.art\\\/wp-content\\\/uploads\\\/2021\\\/12\\\/chiesa-via-ampere-gio-ponti-milano-milanoin-06.jpeg\",\"datePublished\":\"2022-02-07T14:30:00+00:00\",\"description\":\"Gio Ponti in Citt\u00e0 Studi: la chiesa di San Luca Evangelista, della seconda met\u00e0 degli anni \u201950 \u00e8 uno dei gioielli indiscussi della zona.\",\"breadcrumb\":{\"@id\":\"https:\\\/\\\/italics.art\\\/tip\\\/gio-ponti-in-citta-studi\\\/#breadcrumb\"},\"inLanguage\":\"zh-Hans\",\"potentialAction\":[{\"@type\":\"ReadAction\",\"target\":[\"https:\\\/\\\/italics.art\\\/tip\\\/gio-ponti-in-citta-studi\\\/\"]}]},{\"@type\":\"ImageObject\",\"inLanguage\":\"zh-Hans\",\"@id\":\"https:\\\/\\\/italics.art\\\/tip\\\/gio-ponti-in-citta-studi\\\/#primaryimage\",\"url\":\"https:\\\/\\\/italics.art\\\/wp-content\\\/uploads\\\/2021\\\/12\\\/chiesa-via-ampere-gio-ponti-milano-milanoin-06.jpeg\",\"contentUrl\":\"https:\\\/\\\/italics.art\\\/wp-content\\\/uploads\\\/2021\\\/12\\\/chiesa-via-ampere-gio-ponti-milano-milanoin-06.jpeg\",\"width\":700,\"height\":525,\"caption\":\"Church of S. Luca Evangelista, Via A. M. Amp\u00e8re, Citt\u00e0 Studi, Milan\"},{\"@type\":\"BreadcrumbList\",\"@id\":\"https:\\\/\\\/italics.art\\\/tip\\\/gio-ponti-in-citta-studi\\\/#breadcrumb\",\"itemListElement\":[{\"@type\":\"ListItem\",\"position\":1,\"name\":\"Home\",\"item\":\"https:\\\/\\\/italics.art\\\/zh-hans\\\/\"},{\"@type\":\"ListItem\",\"position\":2,\"name\":\"Gio Ponti in Citt\u00e0 Studi\"}]},{\"@type\":\"WebSite\",\"@id\":\"https:\\\/\\\/italics.art\\\/#website\",\"url\":\"https:\\\/\\\/italics.art\\\/\",\"name\":\"Italics\",\"description\":\"Art and Landscape\",\"potentialAction\":[{\"@type\":\"SearchAction\",\"target\":{\"@type\":\"EntryPoint\",\"urlTemplate\":\"https:\\\/\\\/italics.art\\\/?s={search_term_string}\"},\"query-input\":{\"@type\":\"PropertyValueSpecification\",\"valueRequired\":true,\"valueName\":\"search_term_string\"}}],\"inLanguage\":\"zh-Hans\"}]}<\/script>\n<!-- \/ Yoast SEO plugin. -->","yoast_head_json":{"title":"Gio Ponti in Citt\u00e0 Studi - Italics Art and Landscape","description":"Gio Ponti in Citt\u00e0 Studi: la chiesa di San Luca Evangelista, della seconda met\u00e0 degli anni \u201950 \u00e8 uno dei gioielli indiscussi della zona.","robots":{"index":"index","follow":"follow","max-snippet":"max-snippet:-1","max-image-preview":"max-image-preview:large","max-video-preview":"max-video-preview:-1"},"canonical":"https:\/\/italics.art\/zh-hans\/tip\/gio-ponti-in-citta-studi\/","og_locale":"zh_CN","og_type":"article","og_title":"Gio Ponti in Citt\u00e0 Studi - Italics Art and Landscape","og_description":"Gio Ponti in Citt\u00e0 Studi: la chiesa di San Luca Evangelista, della seconda met\u00e0 degli anni \u201950 \u00e8 uno dei gioielli indiscussi della zona.","og_url":"https:\/\/italics.art\/zh-hans\/tip\/gio-ponti-in-citta-studi\/","og_site_name":"Italics","og_image":[{"width":700,"height":525,"url":"https:\/\/italics.art\/wp-content\/uploads\/2021\/12\/chiesa-via-ampere-gio-ponti-milano-milanoin-06.jpeg","type":"image\/jpeg"}],"twitter_card":"summary_large_image","twitter_misc":{"\u9884\u8ba1\u9605\u8bfb\u65f6\u95f4":"1 \u5206"},"schema":{"@context":"https:\/\/schema.org","@graph":[{"@type":"WebPage","@id":"https:\/\/italics.art\/tip\/gio-ponti-in-citta-studi\/","url":"https:\/\/italics.art\/tip\/gio-ponti-in-citta-studi\/","name":"Gio Ponti in Citt\u00e0 Studi - Italics Art and Landscape","isPartOf":{"@id":"https:\/\/italics.art\/#website"},"primaryImageOfPage":{"@id":"https:\/\/italics.art\/tip\/gio-ponti-in-citta-studi\/#primaryimage"},"image":{"@id":"https:\/\/italics.art\/tip\/gio-ponti-in-citta-studi\/#primaryimage"},"thumbnailUrl":"https:\/\/italics.art\/wp-content\/uploads\/2021\/12\/chiesa-via-ampere-gio-ponti-milano-milanoin-06.jpeg","datePublished":"2022-02-07T14:30:00+00:00","description":"Gio Ponti in Citt\u00e0 Studi: la chiesa di San Luca Evangelista, della seconda met\u00e0 degli anni \u201950 \u00e8 uno dei gioielli indiscussi della zona.","breadcrumb":{"@id":"https:\/\/italics.art\/tip\/gio-ponti-in-citta-studi\/#breadcrumb"},"inLanguage":"zh-Hans","potentialAction":[{"@type":"ReadAction","target":["https:\/\/italics.art\/tip\/gio-ponti-in-citta-studi\/"]}]},{"@type":"ImageObject","inLanguage":"zh-Hans","@id":"https:\/\/italics.art\/tip\/gio-ponti-in-citta-studi\/#primaryimage","url":"https:\/\/italics.art\/wp-content\/uploads\/2021\/12\/chiesa-via-ampere-gio-ponti-milano-milanoin-06.jpeg","contentUrl":"https:\/\/italics.art\/wp-content\/uploads\/2021\/12\/chiesa-via-ampere-gio-ponti-milano-milanoin-06.jpeg","width":700,"height":525,"caption":"Church of S. Luca Evangelista, Via A. M. Amp\u00e8re, Citt\u00e0 Studi, Milan"},{"@type":"BreadcrumbList","@id":"https:\/\/italics.art\/tip\/gio-ponti-in-citta-studi\/#breadcrumb","itemListElement":[{"@type":"ListItem","position":1,"name":"Home","item":"https:\/\/italics.art\/zh-hans\/"},{"@type":"ListItem","position":2,"name":"Gio Ponti in Citt\u00e0 Studi"}]},{"@type":"WebSite","@id":"https:\/\/italics.art\/#website","url":"https:\/\/italics.art\/","name":"Italics","description":"Art and Landscape","potentialAction":[{"@type":"SearchAction","target":{"@type":"EntryPoint","urlTemplate":"https:\/\/italics.art\/?s={search_term_string}"},"query-input":{"@type":"PropertyValueSpecification","valueRequired":true,"valueName":"search_term_string"}}],"inLanguage":"zh-Hans"}]}},"uagb_featured_image_src":{"full":["https:\/\/italics.art\/wp-content\/uploads\/2021\/12\/chiesa-via-ampere-gio-ponti-milano-milanoin-06.jpeg",700,525,false],"thumbnail":["https:\/\/italics.art\/wp-content\/uploads\/2021\/12\/chiesa-via-ampere-gio-ponti-milano-milanoin-06-150x113.jpeg",150,113,true],"medium":["https:\/\/italics.art\/wp-content\/uploads\/2021\/12\/chiesa-via-ampere-gio-ponti-milano-milanoin-06-300x225.jpeg",300,225,true],"medium_large":["https:\/\/italics.art\/wp-content\/uploads\/2021\/12\/chiesa-via-ampere-gio-ponti-milano-milanoin-06.jpeg",700,525,false],"large":["https:\/\/italics.art\/wp-content\/uploads\/2021\/12\/chiesa-via-ampere-gio-ponti-milano-milanoin-06.jpeg",700,525,false],"1536x1536":["https:\/\/italics.art\/wp-content\/uploads\/2021\/12\/chiesa-via-ampere-gio-ponti-milano-milanoin-06.jpeg",700,525,false],"2048x2048":["https:\/\/italics.art\/wp-content\/uploads\/2021\/12\/chiesa-via-ampere-gio-ponti-milano-milanoin-06.jpeg",700,525,false]},"uagb_author_info":{"display_name":"Carlotta Poli","author_link":"https:\/\/italics.art\/zh-hans\/author\/carlottapoli\/"},"uagb_comment_info":0,"uagb_excerpt":"\u8ddd\u79bb\u6211\u7f8e\u672f\u9986\u51e0\u6b65\u4e4b\u9065\uff0c\u5728\u7c73\u5170Citt\u00e0 Studi \u8857\u533a\u6d8c\u73b0\u4e86\u975e\u5e38\u591a\u73b0\u4ee3\u4e3b\u4e49\u7684\u5efa\u7b51\u3002\u5230\u8fd9\u4e2a\u8857\u533a\u53c2\u89c2\u53ef\u8c13\u662f\u4e00\u6bb5\u56de&hellip;","_links":{"self":[{"href":"https:\/\/italics.art\/zh-hans\/wp-json\/wp\/v2\/tip\/15140","targetHints":{"allow":["GET"]}}],"collection":[{"href":"https:\/\/italics.art\/zh-hans\/wp-json\/wp\/v2\/tip"}],"about":[{"href":"https:\/\/italics.art\/zh-hans\/wp-json\/wp\/v2\/types\/tip"}],"author":[{"embeddable":true,"href":"https:\/\/italics.art\/zh-hans\/wp-json\/wp\/v2\/users\/3"}],"version-history":[{"count":5,"href":"https:\/\/italics.art\/zh-hans\/wp-json\/wp\/v2\/tip\/15140\/revisions"}],"predecessor-version":[{"id":15300,"href":"https:\/\/italics.art\/zh-hans\/wp-json\/wp\/v2\/tip\/15140\/revisions\/15300"}],"wp:featuredmedia":[{"embeddable":true,"href":"https:\/\/italics.art\/zh-hans\/wp-json\/wp\/v2\/media\/14810"}],"wp:attachment":[{"href":"https:\/\/italics.art\/zh-hans\/wp-json\/wp\/v2\/media?parent=15140"}],"wp:term":[{"taxonomy":"category","embeddable":true,"href":"https:\/\/italics.art\/zh-hans\/wp-json\/wp\/v2\/categories?post=15140"},{"taxonomy":"post_tag","embeddable":true,"href":"https:\/\/italics.art\/zh-hans\/wp-json\/wp\/v2\/tags?post=15140"}],"curies":[{"name":"wp","href":"https:\/\/api.w.org\/{rel}","templated":true}]}}